{"id":21165,"date":"2023-08-31T12:06:04","date_gmt":"2023-08-31T10:06:04","guid":{"rendered":"https:\/\/dataeconomycongress.pl\/speakers-of-2nd-data-economy-congress\/"},"modified":"2023-08-31T12:06:04","modified_gmt":"2023-08-31T10:06:04","slug":"speakers-of-2nd-data-economy-congress","status":"publish","type":"page","link":"https:\/\/bezpieczenstwopolskie.pl\/en\/speakers-of-2nd-data-economy-congress\/","title":{"rendered":"Speakers of 2nd Data Economy Congress"},"content":{"rendered":"<div id=\"pl-21165\"  class=\"panel-layout\" ><div id=\"pg-21165-0\"  class=\"panel-grid panel-no-style\" ><div id=\"pgc-21165-0-0\"  class=\"panel-grid-cell\" ><div id=\"panel-21165-0-0-0\" class=\"so-panel widget widget_text panel-first-child panel-last-child\" data-index=\"0\" >\t\t\t<div class=\"textwidget\"><div class=\"adv-3 all-rada\"><div class=\"prelegents\">\n        <div class='prelegents__box' data-box-id='19627'  id='19627'>\n        <div class='prelegents__wrapper'>\n    <div class='prelegents__content'><div class='prelegents__boximg'>\n        \n        \n     \n        <div data-toggle='modal' id='19627' data-target='#19627' ><img class='prelegents__img' src='https:\/\/bezpieczenstwopolskie.pl\/wp-content\/uploads\/2024\/01\/Mariusz-Cholewa-2-1.jpg' alt='dr Mariusz Cholewa' \/> <\/div>\n        \n      \n\t\t<\/div> <div class='prelegents__socials'><div class='prelegents__social'>\n\t\t  <a href='https:\/\/www.linkedin.com\/in\/mariusz-cholewa-70b820\/' rel='nofollow'><img class='prelegents__icon' alt='in' src='\/wp-content\/plugins\/prelegenci\/linkedin-new.png'><\/a><\/div><\/div><div class='prelegents__texts'><p class='prelegents__name'>dr Mariusz Cholewa<\/p><p class='prelegents__work'>Co-Chairman of the Founding Board \/ CEO BIK & President ACCIS<\/p>         \n                \n\t\t \t<\/div> \t  \t \n    <\/div>\n<\/div><div class='prelegents__modal modal fade' data-modal-id='19627' id='19627' role='dialog'>\n <button type='button' id='closeBtn' class='close-modal' data-dismiss='modal'>&times;<\/button>\n <div class='prelegents__modal-dialog'>\n    \n       \n      <div class='prelegents__modal-body'>\n         \n        <div class='prelegents__modal-content'>\n        <div class='prelegents__modal-note'><div class='prelegents__modal-boximg'><img class='prelegents__modal-img' src='https:\/\/bezpieczenstwopolskie.pl\/wp-content\/uploads\/2024\/01\/Mariusz-Cholewa-2-1.jpg' alt='' \/><\/div><div class='prelegents__texts'><p class='prelegents__name'>dr Mariusz Cholewa<\/p><p class='prelegents__work'>Co-Chairman of the Founding Board \/ CEO BIK & President ACCIS <\/p><\/div><\/div>\n\t\t\n\t\t<div class='prelegents__note'><\/div>\n\t\t \n         \n      <\/div><\/div>\n       \n  <\/div><\/div><\/div>\n        <div class='prelegents__box' data-box-id='19699'  id='19699'>\n        <div class='prelegents__wrapper'>\n    <div class='prelegents__content'><div class='prelegents__boximg'>\n        \n        \n     \n        <div data-toggle='modal' id='19699' data-target='#19699' > <img class='prelegents__img' src='\/wp-content\/plugins\/prelegenci\/avatar.jpg' alt='avatar' \/> <\/div>\n        \n      \n\t\t<\/div> <div class='prelegents__socials'><div class='linkedind-lost'><\/div><\/div><div class='prelegents__texts'><p class='prelegents__name'>prof. dr hab. Witold Abramowicz<\/p><p class='prelegents__work'>Professor at the Pozna\u0144 University of Economics<\/p>         \n                \n\t\t \t<\/div> \t  \t \n    <\/div>\n<\/div><div class='prelegents__modal modal fade' data-modal-id='19699' id='19699' role='dialog'>\n <button type='button' id='closeBtn' class='close-modal' data-dismiss='modal'>&times;<\/button>\n <div class='prelegents__modal-dialog'>\n    \n       \n      <div class='prelegents__modal-body'>\n         \n        <div class='prelegents__modal-content'>\n        <div class='prelegents__modal-note'><div class='prelegents__modal-boximg'><img class='prelegents__modal-img' src='\/wp-content\/plugins\/prelegenci\/avatar.jpg' alt='avatar' \/><\/div><div class='prelegents__texts'><p class='prelegents__name'>prof. dr hab. Witold Abramowicz<\/p><p class='prelegents__work'>Professor at the Pozna\u0144 University of Economics <\/p><\/div><\/div>\n\t\t\n\t\t<div class='prelegents__note'><\/div>\n\t\t \n         \n      <\/div><\/div>\n       \n  <\/div><\/div><\/div>\n        <div class='prelegents__box' data-box-id='19658'  id='19658'>\n        <div class='prelegents__wrapper'>\n    <div class='prelegents__content'><div class='prelegents__boximg'>\n        \n        \n     \n        <div data-toggle='modal' id='19658' data-target='#19658' ><img class='prelegents__img' src='https:\/\/bezpieczenstwopolskie.pl\/wp-content\/uploads\/2023\/03\/Emil-Andryszczyk.jpg' alt='Emil Andryszczyk' \/> <\/div>\n        \n      \n\t\t<\/div> <div class='prelegents__socials'><div class='linkedind-lost'><\/div><\/div><div class='prelegents__texts'><p class='prelegents__name'>Emil Andryszczyk<\/p><p class='prelegents__work'>Head of the Production Digitalisation Office, ORLEN<\/p>         \n                \n\t\t \t<\/div> \t  \t \n    <\/div>\n<\/div><div class='prelegents__modal modal fade' data-modal-id='19658' id='19658' role='dialog'>\n <button type='button' id='closeBtn' class='close-modal' data-dismiss='modal'>&times;<\/button>\n <div class='prelegents__modal-dialog'>\n    \n       \n      <div class='prelegents__modal-body'>\n         \n        <div class='prelegents__modal-content'>\n        <div class='prelegents__modal-note'><div class='prelegents__modal-boximg'><img class='prelegents__modal-img' src='https:\/\/bezpieczenstwopolskie.pl\/wp-content\/uploads\/2023\/03\/Emil-Andryszczyk.jpg' alt='' \/><\/div><div class='prelegents__texts'><p class='prelegents__name'>Emil Andryszczyk<\/p><p class='prelegents__work'>Head of the Production Digitalisation Office, ORLEN <\/p><\/div><\/div>\n\t\t\n\t\t<div class='prelegents__note'><p>Leader, manager and architect with over 20 years of experience in digital transformation in financial and manufacturing organizations.<\/p>\n<p>He has extensive professional experience in performing the functions of:<\/p>\n<p>\u2022 CIO of the bank,<br \/>\n\u2022 director of business strategy areas,<br \/>\n\u2022 program and project portfolio management,<br \/>\n\u2022 digitization of processes.<\/p>\n<p>He gained the above experience in oil &amp; gas companies, as well as in the consulting, banking and central government industries.<br \/>\nCurrently, he is responsible for the digitization of refinery and petrochemical production in one of the largest companies in Europe.<\/p>\n<p>Emil Andryszczyk is a promoter of an organized approach to the transformation of organizations based on:<\/p>\n<p>\u2022 business process automation &#8211; BPA,<br \/>\n\u2022 intelligent IT tools and employee competences.<\/p>\n<p>He believes that through the use of modern technologies, data platforms, AI and ML, companies face a unique opportunity to create value and competitive advantage based on data.<\/p>\n<\/div>\n\t\t \n         \n      <\/div><\/div>\n       \n  <\/div><\/div><\/div>\n        <div class='prelegents__box' data-box-id='19725'  id='19725'>\n        <div class='prelegents__wrapper'>\n    <div class='prelegents__content'><div class='prelegents__boximg'>\n        \n        \n     \n        <div data-toggle='modal' id='19725' data-target='#19725' ><img class='prelegents__img' src='https:\/\/bezpieczenstwopolskie.pl\/wp-content\/uploads\/2023\/10\/aleksandra-auletyner.png' alt='dr Aleksandra Auleytner' \/> <\/div>\n        \n      \n\t\t<\/div> <div class='prelegents__socials'><div class='linkedind-lost'><\/div><\/div><div class='prelegents__texts'><p class='prelegents__name'>dr Aleksandra Auleytner<\/p><p class='prelegents__work'>Partner, Head of IP&TMT Practice, DZP law firm<\/p>         \n                \n\t\t \t<\/div> \t  \t \n    <\/div>\n<\/div><div class='prelegents__modal modal fade' data-modal-id='19725' id='19725' role='dialog'>\n <button type='button' id='closeBtn' class='close-modal' data-dismiss='modal'>&times;<\/button>\n <div class='prelegents__modal-dialog'>\n    \n       \n      <div class='prelegents__modal-body'>\n         \n        <div class='prelegents__modal-content'>\n        <div class='prelegents__modal-note'><div class='prelegents__modal-boximg'><img class='prelegents__modal-img' src='https:\/\/bezpieczenstwopolskie.pl\/wp-content\/uploads\/2023\/10\/aleksandra-auletyner.png' alt='' \/><\/div><div class='prelegents__texts'><p class='prelegents__name'>dr Aleksandra Auleytner<\/p><p class='prelegents__work'>Partner, Head of IP&TMT Practice, DZP law firm <\/p><\/div><\/div>\n\t\t\n\t\t<div class='prelegents__note'><p>Expert in intangible rights, copyright law, industrial property law, and new technologies and e-commerce law.<br \/>\nAdvises technology sector companies, especially on implementation, maintenance and other agreements typical of the IT sector, advertising agencies, TV stations, food and clothing manufacturers, and e-shop operators.<br \/>\nAuthor of a number of scientific publications in the field of copyright and EU law.She has been awarded repeatedly in legal rankings by Chambers Europe, Legal 500, World Trademark Review, and IP Stars.<\/p>\n<\/div>\n\t\t \n         \n      <\/div><\/div>\n       \n  <\/div><\/div><\/div>\n        <div class='prelegents__box' data-box-id='19686'  id='19686'>\n        <div class='prelegents__wrapper'>\n    <div class='prelegents__content'><div class='prelegents__boximg'>\n        \n        \n     \n        <div data-toggle='modal' id='19686' data-target='#19686' ><img class='prelegents__img' src='https:\/\/bezpieczenstwopolskie.pl\/wp-content\/uploads\/2023\/08\/bazan-300x-300.png' alt='Mateusz Bazan' \/> <\/div>\n        \n      \n\t\t<\/div> <div class='prelegents__socials'><div class='linkedind-lost'><\/div><\/div><div class='prelegents__texts'><p class='prelegents__name'>Mateusz Bazan<\/p><p class='prelegents__work'>CEO\/Founder, EBIS<\/p>         \n                \n\t\t \t<\/div> \t  \t \n    <\/div>\n<\/div><div class='prelegents__modal modal fade' data-modal-id='19686' id='19686' role='dialog'>\n <button type='button' id='closeBtn' class='close-modal' data-dismiss='modal'>&times;<\/button>\n <div class='prelegents__modal-dialog'>\n    \n       \n      <div class='prelegents__modal-body'>\n         \n        <div class='prelegents__modal-content'>\n        <div class='prelegents__modal-note'><div class='prelegents__modal-boximg'><img class='prelegents__modal-img' src='https:\/\/bezpieczenstwopolskie.pl\/wp-content\/uploads\/2023\/08\/bazan-300x-300.png' alt='' \/><\/div><div class='prelegents__texts'><p class='prelegents__name'>Mateusz Bazan<\/p><p class='prelegents__work'>CEO\/Founder, EBIS <\/p><\/div><\/div>\n\t\t\n\t\t<div class='prelegents__note'><p>CEO and founder of EBIS, one of the few technology companies operating on the Microsoft Data Stack, successfully implementing Microsoft Power BI for the past 10 years since its inception in the Business Intelligence market.<\/p>\n<p>Twice recognized by Microsoft as one of the top 45 FastTrack Recognized Solution Architects worldwide. A data enthusiast who enjoys solving complex problems related to BI architecture. Highly esteemed for projects that develop data sets and corporate-level reports while fostering innovation through self-service BI capabilities and data analysis support in Excel.<\/p>\n<p>He has led numerous BI implementations with SQL Server and Azure solutions, focusing on the potential for developing the systems created. Having been deeply involved with Power BI since its release, Mateusz advocates for adopting a data-driven business culture.<\/p>\n<p>Passionate about technology and golf. Looking for new sports and technological challenges.<\/p>\n<\/div>\n\t\t \n         \n      <\/div><\/div>\n       \n  <\/div><\/div><\/div>\n        <div class='prelegents__box' data-box-id='19712'  id='19712'>\n        <div class='prelegents__wrapper'>\n    <div class='prelegents__content'><div class='prelegents__boximg'>\n        \n        \n     \n        <div data-toggle='modal' id='19712' data-target='#19712' ><img class='prelegents__img' src='https:\/\/bezpieczenstwopolskie.pl\/wp-content\/uploads\/2023\/10\/bednarek300x300.png' alt='Rafa\u0142 Bednarek' \/> <\/div>\n        \n      \n\t\t<\/div> <div class='prelegents__socials'><div class='linkedind-lost'><\/div><\/div><div class='prelegents__texts'><p class='prelegents__name'>Rafa\u0142 Bednarek<\/p><p class='prelegents__work'>Vice President of the Management Board, BIK<\/p>         \n                \n\t\t \t<\/div> \t  \t \n    <\/div>\n<\/div><div class='prelegents__modal modal fade' data-modal-id='19712' id='19712' role='dialog'>\n <button type='button' id='closeBtn' class='close-modal' data-dismiss='modal'>&times;<\/button>\n <div class='prelegents__modal-dialog'>\n    \n       \n      <div class='prelegents__modal-body'>\n         \n        <div class='prelegents__modal-content'>\n        <div class='prelegents__modal-note'><div class='prelegents__modal-boximg'><img class='prelegents__modal-img' src='https:\/\/bezpieczenstwopolskie.pl\/wp-content\/uploads\/2023\/10\/bednarek300x300.png' alt='' \/><\/div><div class='prelegents__texts'><p class='prelegents__name'>Rafa\u0142 Bednarek<\/p><p class='prelegents__work'>Vice President of the Management Board, BIK <\/p><\/div><\/div>\n\t\t\n\t\t<div class='prelegents__note'><\/div>\n\t\t \n         \n      <\/div><\/div>\n       \n  <\/div><\/div><\/div>\n        <div class='prelegents__box' data-box-id='19690'  id='19690'>\n        <div class='prelegents__wrapper'>\n    <div class='prelegents__content'><div class='prelegents__boximg'>\n        \n        \n     \n        <div data-toggle='modal' id='19690' data-target='#19690' ><img class='prelegents__img' src='https:\/\/bezpieczenstwopolskie.pl\/wp-content\/uploads\/2023\/09\/biegun300x300.jpg' alt='Piotr Biegun' \/> <\/div>\n        \n      \n\t\t<\/div> <div class='prelegents__socials'><div class='linkedind-lost'><\/div><\/div><div class='prelegents__texts'><p class='prelegents__name'>Piotr Biegun<\/p><p class='prelegents__work'>Chief Operating Officer, Algolytics Technologies<\/p>         \n                \n\t\t \t<\/div> \t  \t \n    <\/div>\n<\/div><div class='prelegents__modal modal fade' data-modal-id='19690' id='19690' role='dialog'>\n <button type='button' id='closeBtn' class='close-modal' data-dismiss='modal'>&times;<\/button>\n <div class='prelegents__modal-dialog'>\n    \n       \n      <div class='prelegents__modal-body'>\n         \n        <div class='prelegents__modal-content'>\n        <div class='prelegents__modal-note'><div class='prelegents__modal-boximg'><img class='prelegents__modal-img' src='https:\/\/bezpieczenstwopolskie.pl\/wp-content\/uploads\/2023\/09\/biegun300x300.jpg' alt='' \/><\/div><div class='prelegents__texts'><p class='prelegents__name'>Piotr Biegun<\/p><p class='prelegents__work'>Chief Operating Officer, Algolytics Technologies <\/p><\/div><\/div>\n\t\t\n\t\t<div class='prelegents__note'><\/div>\n\t\t \n         \n      <\/div><\/div>\n       \n  <\/div><\/div><\/div>\n        <div class='prelegents__box' data-box-id='19700'  id='19700'>\n        <div class='prelegents__wrapper'>\n    <div class='prelegents__content'><div class='prelegents__boximg'>\n        \n        \n     \n        <div data-toggle='modal' id='19700' data-target='#19700' ><img class='prelegents__img' src='https:\/\/bezpieczenstwopolskie.pl\/wp-content\/uploads\/2023\/09\/bratkowska-300x300-1.png' alt='Renata Bratkowska' \/> <\/div>\n        \n      \n\t\t<\/div> <div class='prelegents__socials'><div class='linkedind-lost'><\/div><\/div><div class='prelegents__texts'><p class='prelegents__name'>Renata Bratkowska<\/p><p class='prelegents__work'>Chief Data Officer, Grupa NEUCA<\/p>         \n                \n\t\t \t<\/div> \t  \t \n    <\/div>\n<\/div><div class='prelegents__modal modal fade' data-modal-id='19700' id='19700' role='dialog'>\n <button type='button' id='closeBtn' class='close-modal' data-dismiss='modal'>&times;<\/button>\n <div class='prelegents__modal-dialog'>\n    \n       \n      <div class='prelegents__modal-body'>\n         \n        <div class='prelegents__modal-content'>\n        <div class='prelegents__modal-note'><div class='prelegents__modal-boximg'><img class='prelegents__modal-img' src='https:\/\/bezpieczenstwopolskie.pl\/wp-content\/uploads\/2023\/09\/bratkowska-300x300-1.png' alt='' \/><\/div><div class='prelegents__texts'><p class='prelegents__name'>Renata Bratkowska<\/p><p class='prelegents__work'>Chief Data Officer, Grupa NEUCA <\/p><\/div><\/div>\n\t\t\n\t\t<div class='prelegents__note'><\/div>\n\t\t \n         \n      <\/div><\/div>\n       \n  <\/div><\/div><\/div>\n        <div class='prelegents__box' data-box-id='19713'  id='19713'>\n        <div class='prelegents__wrapper'>\n    <div class='prelegents__content'><div class='prelegents__boximg'>\n        \n        \n     \n        <div data-toggle='modal' id='19713' data-target='#19713' ><img class='prelegents__img' src='https:\/\/bezpieczenstwopolskie.pl\/wp-content\/uploads\/2023\/10\/Bryla300x300.png' alt='Ryszard Bry\u0142a' \/> <\/div>\n        \n      \n\t\t<\/div> <div class='prelegents__socials'><div class='linkedind-lost'><\/div><\/div><div class='prelegents__texts'><p class='prelegents__name'>Ryszard Bry\u0142a<\/p><p class='prelegents__work'>Deputy Director of the ICT Office, PKP Intercity<\/p>         \n                \n\t\t \t<\/div> \t  \t \n    <\/div>\n<\/div><div class='prelegents__modal modal fade' data-modal-id='19713' id='19713' role='dialog'>\n <button type='button' id='closeBtn' class='close-modal' data-dismiss='modal'>&times;<\/button>\n <div class='prelegents__modal-dialog'>\n    \n       \n      <div class='prelegents__modal-body'>\n         \n        <div class='prelegents__modal-content'>\n        <div class='prelegents__modal-note'><div class='prelegents__modal-boximg'><img class='prelegents__modal-img' src='https:\/\/bezpieczenstwopolskie.pl\/wp-content\/uploads\/2023\/10\/Bryla300x300.png' alt='' \/><\/div><div class='prelegents__texts'><p class='prelegents__name'>Ryszard Bry\u0142a<\/p><p class='prelegents__work'>Deputy Director of the ICT Office, PKP Intercity <\/p><\/div><\/div>\n\t\t\n\t\t<div class='prelegents__note'><\/div>\n\t\t \n         \n      <\/div><\/div>\n       \n  <\/div><\/div><\/div>\n        <div class='prelegents__box' data-box-id='19641'  id='19641'>\n        <div class='prelegents__wrapper'>\n    <div class='prelegents__content'><div class='prelegents__boximg'>\n        \n        \n     \n        <div data-toggle='modal' id='19641' data-target='#19641' ><img class='prelegents__img' src='https:\/\/bezpieczenstwopolskie.pl\/wp-content\/uploads\/2023\/03\/Marek-Chlebicki.jpg' alt='Marek Chlebicki' \/> <\/div>\n        \n      \n\t\t<\/div> <div class='prelegents__socials'><div class='prelegents__social'>\n\t\t  <a href='https:\/\/www.linkedin.com\/in\/marek-chlebicki-748a8b26\/' rel='nofollow'><img class='prelegents__icon' alt='in' src='\/wp-content\/plugins\/prelegenci\/linkedin-new.png'><\/a><\/div><\/div><div class='prelegents__texts'><p class='prelegents__name'>Marek Chlebicki<\/p><p class='prelegents__work'>Partner PwC CEE Technology Risk Assurance<\/p>         \n                \n\t\t \t<\/div> \t  \t \n    <\/div>\n<\/div><div class='prelegents__modal modal fade' data-modal-id='19641' id='19641' role='dialog'>\n <button type='button' id='closeBtn' class='close-modal' data-dismiss='modal'>&times;<\/button>\n <div class='prelegents__modal-dialog'>\n    \n       \n      <div class='prelegents__modal-body'>\n         \n        <div class='prelegents__modal-content'>\n        <div class='prelegents__modal-note'><div class='prelegents__modal-boximg'><img class='prelegents__modal-img' src='https:\/\/bezpieczenstwopolskie.pl\/wp-content\/uploads\/2023\/03\/Marek-Chlebicki.jpg' alt='' \/><\/div><div class='prelegents__texts'><p class='prelegents__name'>Marek Chlebicki<\/p><p class='prelegents__work'>Partner PwC CEE Technology Risk Assurance <\/p><\/div><\/div>\n\t\t\n\t\t<div class='prelegents__note'><\/div>\n\t\t \n         \n      <\/div><\/div>\n       \n  <\/div><\/div><\/div>\n        <div class='prelegents__box' data-box-id='19609'  id='19609'>\n        <div class='prelegents__wrapper'>\n    <div class='prelegents__content'><div class='prelegents__boximg'>\n        \n        \n     \n        <div data-toggle='modal' id='19609' data-target='#19609' ><img class='prelegents__img' src='https:\/\/bezpieczenstwopolskie.pl\/wp-content\/uploads\/2023\/02\/Marcin-Choinski.jpg' alt='Marcin Choi\u0144ski' \/> <\/div>\n        \n      \n\t\t<\/div> <div class='prelegents__socials'><div class='prelegents__social'>\n\t\t  <a href='https:\/\/www.linkedin.com\/in\/marcinchoinski\/' rel='nofollow'><img class='prelegents__icon' alt='in' src='\/wp-content\/plugins\/prelegenci\/linkedin-new.png'><\/a><\/div>  <div class='prelegents__social'><a href='https:\/\/twitter.com\/marcinchoinski'  rel='nofollow'><img class='prelegents__icon' alt='TW'src='\/wp-content\/plugins\/prelegenci\/twitter-new.png'><\/a><\/div><\/div><div class='prelegents__texts'><p class='prelegents__name'>Marcin Choi\u0144ski<\/p><p class='prelegents__work'>AI and Data Director, TVN Warner Bros Discovery<\/p>         \n                \n\t\t \t<\/div> \t  \t \n    <\/div>\n<\/div><div class='prelegents__modal modal fade' data-modal-id='19609' id='19609' role='dialog'>\n <button type='button' id='closeBtn' class='close-modal' data-dismiss='modal'>&times;<\/button>\n <div class='prelegents__modal-dialog'>\n    \n       \n      <div class='prelegents__modal-body'>\n         \n        <div class='prelegents__modal-content'>\n        <div class='prelegents__modal-note'><div class='prelegents__modal-boximg'><img class='prelegents__modal-img' src='https:\/\/bezpieczenstwopolskie.pl\/wp-content\/uploads\/2023\/02\/Marcin-Choinski.jpg' alt='' \/><\/div><div class='prelegents__texts'><p class='prelegents__name'>Marcin Choi\u0144ski<\/p><p class='prelegents__work'>AI and Data Director, TVN Warner Bros Discovery <\/p><\/div><\/div>\n\t\t\n\t\t<div class='prelegents__note'><\/div>\n\t\t \n         \n      <\/div><\/div>\n       \n  <\/div><\/div><\/div>\n        <div class='prelegents__box' data-box-id='19714'  id='19714'>\n        <div class='prelegents__wrapper'>\n    <div class='prelegents__content'><div class='prelegents__boximg'>\n        \n        \n     \n        <div data-toggle='modal' id='19714' data-target='#19714' ><img class='prelegents__img' src='https:\/\/bezpieczenstwopolskie.pl\/wp-content\/uploads\/2023\/10\/chudeusz300x300-1.png' alt='Marcin Chudeusz' \/> <\/div>\n        \n      \n\t\t<\/div> <div class='prelegents__socials'><div class='prelegents__social'>\n\t\t  <a href='https:\/\/www.linkedin.com\/company\/dextai\/' rel='nofollow'><img class='prelegents__icon' alt='in' src='\/wp-content\/plugins\/prelegenci\/linkedin-new.png'><\/a><\/div><\/div><div class='prelegents__texts'><p class='prelegents__name'>Marcin Chudeusz<\/p><p class='prelegents__work'>Co-Founder\/CEO, DEXT.AI<\/p>         \n                \n\t\t \t<\/div> \t  \t \n    <\/div>\n<\/div><div class='prelegents__modal modal fade' data-modal-id='19714' id='19714' role='dialog'>\n <button type='button' id='closeBtn' class='close-modal' data-dismiss='modal'>&times;<\/button>\n <div class='prelegents__modal-dialog'>\n    \n       \n      <div class='prelegents__modal-body'>\n         \n        <div class='prelegents__modal-content'>\n        <div class='prelegents__modal-note'><div class='prelegents__modal-boximg'><img class='prelegents__modal-img' src='https:\/\/bezpieczenstwopolskie.pl\/wp-content\/uploads\/2023\/10\/chudeusz300x300-1.png' alt='' \/><\/div><div class='prelegents__texts'><p class='prelegents__name'>Marcin Chudeusz<\/p><p class='prelegents__work'>Co-Founder\/CEO, DEXT.AI <\/p><\/div><\/div>\n\t\t\n\t\t<div class='prelegents__note'><p>Marcin Chudeusz is the CEO and Co-Founder of DEXT.AI, a Vienna-based company established in 2020, focused on developing AI-powered software for data warehousing. Prior to founding DEXT.AI, Marcin worked as a Data Warehouse Consultant in projects across Poland, Germany, the UK, and Austria. His academic credentials include a degree in Computer Science from the Technical University of Warsaw, complemented by studies in Business Informatics at the University of Applied Science in Vienna.<\/p>\n<\/div>\n\t\t \n         \n      <\/div><\/div>\n       \n  <\/div><\/div><\/div>\n        <div class='prelegents__box' data-box-id='19622'  id='19622'>\n        <div class='prelegents__wrapper'>\n    <div class='prelegents__content'><div class='prelegents__boximg'>\n        \n        \n     \n        <div data-toggle='modal' id='19622' data-target='#19622' ><img class='prelegents__img' src='https:\/\/bezpieczenstwopolskie.pl\/wp-content\/uploads\/2023\/03\/Mariusz-Chudy.jpg' alt='Mariusz Chudy' \/> <\/div>\n        \n      \n\t\t<\/div> <div class='prelegents__socials'><div class='prelegents__social'>\n\t\t  <a href='https:\/\/www.linkedin.com\/in\/mchudy\/' rel='nofollow'><img class='prelegents__icon' alt='in' src='\/wp-content\/plugins\/prelegenci\/linkedin-new.png'><\/a><\/div><\/div><div class='prelegents__texts'><p class='prelegents__name'>Mariusz Chudy<\/p><p class='prelegents__work'>Partner, CEE Cloud & Digital Leader, PwC Polska<\/p>         \n                \n\t\t \t<\/div> \t  \t \n    <\/div>\n<\/div><div class='prelegents__modal modal fade' data-modal-id='19622' id='19622' role='dialog'>\n <button type='button' id='closeBtn' class='close-modal' data-dismiss='modal'>&times;<\/button>\n <div class='prelegents__modal-dialog'>\n    \n       \n      <div class='prelegents__modal-body'>\n         \n        <div class='prelegents__modal-content'>\n        <div class='prelegents__modal-note'><div class='prelegents__modal-boximg'><img class='prelegents__modal-img' src='https:\/\/bezpieczenstwopolskie.pl\/wp-content\/uploads\/2023\/03\/Mariusz-Chudy.jpg' alt='' \/><\/div><div class='prelegents__texts'><p class='prelegents__name'>Mariusz Chudy<\/p><p class='prelegents__work'>Partner, CEE Cloud & Digital Leader, PwC Polska <\/p><\/div><\/div>\n\t\t\n\t\t<div class='prelegents__note'><\/div>\n\t\t \n         \n      <\/div><\/div>\n       \n  <\/div><\/div><\/div>\n        <div class='prelegents__box' data-box-id='19642'  id='19642'>\n        <div class='prelegents__wrapper'>\n    <div class='prelegents__content'><div class='prelegents__boximg'>\n        \n        \n     \n        <div data-toggle='modal' id='19642' data-target='#19642' ><img class='prelegents__img' src='https:\/\/bezpieczenstwopolskie.pl\/wp-content\/uploads\/2023\/03\/Andrzej-Czechowski.jpg' alt='Andrzej Czechowski' \/> <\/div>\n        \n      \n\t\t<\/div> <div class='prelegents__socials'><div class='linkedind-lost'><\/div><\/div><div class='prelegents__texts'><p class='prelegents__name'>Andrzej Czechowski<\/p><p class='prelegents__work'>Chief Data Officer - Business Intelligence Head, Samsung  Electronics Polska<\/p>         \n                \n\t\t \t<\/div> \t  \t \n    <\/div>\n<\/div><div class='prelegents__modal modal fade' data-modal-id='19642' id='19642' role='dialog'>\n <button type='button' id='closeBtn' class='close-modal' data-dismiss='modal'>&times;<\/button>\n <div class='prelegents__modal-dialog'>\n    \n       \n      <div class='prelegents__modal-body'>\n         \n        <div class='prelegents__modal-content'>\n        <div class='prelegents__modal-note'><div class='prelegents__modal-boximg'><img class='prelegents__modal-img' src='https:\/\/bezpieczenstwopolskie.pl\/wp-content\/uploads\/2023\/03\/Andrzej-Czechowski.jpg' alt='' \/><\/div><div class='prelegents__texts'><p class='prelegents__name'>Andrzej Czechowski<\/p><p class='prelegents__work'>Chief Data Officer - Business Intelligence Head, Samsung  Electronics Polska <\/p><\/div><\/div>\n\t\t\n\t\t<div class='prelegents__note'><\/div>\n\t\t \n         \n      <\/div><\/div>\n       \n  <\/div><\/div><\/div>\n        <div class='prelegents__box' data-box-id='19715'  id='19715'>\n        <div class='prelegents__wrapper'>\n    <div class='prelegents__content'><div class='prelegents__boximg'>\n        \n        \n     \n        <div data-toggle='modal' id='19715' data-target='#19715' ><img class='prelegents__img' src='https:\/\/bezpieczenstwopolskie.pl\/wp-content\/uploads\/2023\/10\/joanna-czekaj300x300-1.png' alt='Joanna Czekaj' \/> <\/div>\n        \n      \n\t\t<\/div> <div class='prelegents__socials'><div class='linkedind-lost'><\/div><\/div><div class='prelegents__texts'><p class='prelegents__name'>Joanna Czekaj<\/p><p class='prelegents__work'>Managing Director, Sales Tube<\/p>         \n                \n\t\t \t<\/div> \t  \t \n    <\/div>\n<\/div><div class='prelegents__modal modal fade' data-modal-id='19715' id='19715' role='dialog'>\n <button type='button' id='closeBtn' class='close-modal' data-dismiss='modal'>&times;<\/button>\n <div class='prelegents__modal-dialog'>\n    \n       \n      <div class='prelegents__modal-body'>\n         \n        <div class='prelegents__modal-content'>\n        <div class='prelegents__modal-note'><div class='prelegents__modal-boximg'><img class='prelegents__modal-img' src='https:\/\/bezpieczenstwopolskie.pl\/wp-content\/uploads\/2023\/10\/joanna-czekaj300x300-1.png' alt='' \/><\/div><div class='prelegents__texts'><p class='prelegents__name'>Joanna Czekaj<\/p><p class='prelegents__work'>Managing Director, Sales Tube <\/p><\/div><\/div>\n\t\t\n\t\t<div class='prelegents__note'><\/div>\n\t\t \n         \n      <\/div><\/div>\n       \n  <\/div><\/div><\/div>\n        <div class='prelegents__box' data-box-id='19691'  id='19691'>\n        <div class='prelegents__wrapper'>\n    <div class='prelegents__content'><div class='prelegents__boximg'>\n        \n        \n     \n        <div data-toggle='modal' id='19691' data-target='#19691' ><img class='prelegents__img' src='https:\/\/bezpieczenstwopolskie.pl\/wp-content\/uploads\/2023\/09\/dragan-300x300-1.jpg' alt='prof. Andrzej Dragan' \/> <\/div>\n        \n      \n\t\t<\/div> <div class='prelegents__socials'><div class='linkedind-lost'><\/div><\/div><div class='prelegents__texts'><p class='prelegents__name'>prof. Andrzej Dragan<\/p><p class='prelegents__work'>Uniwersytet Warszawski oraz National  University of Singapore<\/p>         \n                \n\t\t \t<\/div> \t  \t \n    <\/div>\n<\/div><div class='prelegents__modal modal fade' data-modal-id='19691' id='19691' role='dialog'>\n <button type='button' id='closeBtn' class='close-modal' data-dismiss='modal'>&times;<\/button>\n <div class='prelegents__modal-dialog'>\n    \n       \n      <div class='prelegents__modal-body'>\n         \n        <div class='prelegents__modal-content'>\n        <div class='prelegents__modal-note'><div class='prelegents__modal-boximg'><img class='prelegents__modal-img' src='https:\/\/bezpieczenstwopolskie.pl\/wp-content\/uploads\/2023\/09\/dragan-300x300-1.jpg' alt='' \/><\/div><div class='prelegents__texts'><p class='prelegents__name'>prof. Andrzej Dragan<\/p><p class='prelegents__work'>Uniwersytet Warszawski oraz National  University of Singapore <\/p><\/div><\/div>\n\t\t\n\t\t<div class='prelegents__note'><\/div>\n\t\t \n         \n      <\/div><\/div>\n       \n  <\/div><\/div><\/div>\n        <div class='prelegents__box' data-box-id='19619'  id='19619'>\n        <div class='prelegents__wrapper'>\n    <div class='prelegents__content'><div class='prelegents__boximg'>\n        \n        \n     \n        <div data-toggle='modal' id='19619' data-target='#19619' ><img class='prelegents__img' src='https:\/\/bezpieczenstwopolskie.pl\/wp-content\/uploads\/2023\/03\/A.-Drobiecki.jpg' alt='Artur Drobiecki' \/> <\/div>\n        \n      \n\t\t<\/div> <div class='prelegents__socials'><div class='linkedind-lost'><\/div><\/div><div class='prelegents__texts'><p class='prelegents__name'>Artur Drobiecki<\/p><p class='prelegents__work'>VP of Sales, Limitless Technologies<\/p>         \n                \n\t\t \t<\/div> \t  \t \n    <\/div>\n<\/div><div class='prelegents__modal modal fade' data-modal-id='19619' id='19619' role='dialog'>\n <button type='button' id='closeBtn' class='close-modal' data-dismiss='modal'>&times;<\/button>\n <div class='prelegents__modal-dialog'>\n    \n       \n      <div class='prelegents__modal-body'>\n         \n        <div class='prelegents__modal-content'>\n        <div class='prelegents__modal-note'><div class='prelegents__modal-boximg'><img class='prelegents__modal-img' src='https:\/\/bezpieczenstwopolskie.pl\/wp-content\/uploads\/2023\/03\/A.-Drobiecki.jpg' alt='' \/><\/div><div class='prelegents__texts'><p class='prelegents__name'>Artur Drobiecki<\/p><p class='prelegents__work'>VP of Sales, Limitless Technologies <\/p><\/div><\/div>\n\t\t\n\t\t<div class='prelegents__note'><\/div>\n\t\t \n         \n      <\/div><\/div>\n       \n  <\/div><\/div><\/div>\n        <div class='prelegents__box' data-box-id='19716'  id='19716'>\n        <div class='prelegents__wrapper'>\n    <div class='prelegents__content'><div class='prelegents__boximg'>\n        \n        \n     \n        <div data-toggle='modal' id='19716' data-target='#19716' ><img class='prelegents__img' src='https:\/\/bezpieczenstwopolskie.pl\/wp-content\/uploads\/2023\/10\/gawda300x-300.png' alt='Konrad Gawda' \/> <\/div>\n        \n      \n\t\t<\/div> <div class='prelegents__socials'><div class='linkedind-lost'><\/div><\/div><div class='prelegents__texts'><p class='prelegents__name'>Konrad Gawda<\/p><p class='prelegents__work'>Cloud Evangelist, Orange<\/p>         \n                \n\t\t \t<\/div> \t  \t \n    <\/div>\n<\/div><div class='prelegents__modal modal fade' data-modal-id='19716' id='19716' role='dialog'>\n <button type='button' id='closeBtn' class='close-modal' data-dismiss='modal'>&times;<\/button>\n <div class='prelegents__modal-dialog'>\n    \n       \n      <div class='prelegents__modal-body'>\n         \n        <div class='prelegents__modal-content'>\n        <div class='prelegents__modal-note'><div class='prelegents__modal-boximg'><img class='prelegents__modal-img' src='https:\/\/bezpieczenstwopolskie.pl\/wp-content\/uploads\/2023\/10\/gawda300x-300.png' alt='' \/><\/div><div class='prelegents__texts'><p class='prelegents__name'>Konrad Gawda<\/p><p class='prelegents__work'>Cloud Evangelist, Orange <\/p><\/div><\/div>\n\t\t\n\t\t<div class='prelegents__note'><\/div>\n\t\t \n         \n      <\/div><\/div>\n       \n  <\/div><\/div><\/div>\n        <div class='prelegents__box' data-box-id='19701'  id='19701'>\n        <div class='prelegents__wrapper'>\n    <div class='prelegents__content'><div class='prelegents__boximg'>\n        \n        \n     \n        <div data-toggle='modal' id='19701' data-target='#19701' ><img class='prelegents__img' src='https:\/\/bezpieczenstwopolskie.pl\/wp-content\/uploads\/2023\/09\/glowacki-300x300-1.png' alt='Tomasz G\u0142owacki' \/> <\/div>\n        \n      \n\t\t<\/div> <div class='prelegents__socials'><div class='linkedind-lost'><\/div><\/div><div class='prelegents__texts'><p class='prelegents__name'>Tomasz G\u0142owacki<\/p><p class='prelegents__work'>Head of Data Science, \u017babka Polska<\/p>         \n                \n\t\t \t<\/div> \t  \t \n    <\/div>\n<\/div><div class='prelegents__modal modal fade' data-modal-id='19701' id='19701' role='dialog'>\n <button type='button' id='closeBtn' class='close-modal' data-dismiss='modal'>&times;<\/button>\n <div class='prelegents__modal-dialog'>\n    \n       \n      <div class='prelegents__modal-body'>\n         \n        <div class='prelegents__modal-content'>\n        <div class='prelegents__modal-note'><div class='prelegents__modal-boximg'><img class='prelegents__modal-img' src='https:\/\/bezpieczenstwopolskie.pl\/wp-content\/uploads\/2023\/09\/glowacki-300x300-1.png' alt='' \/><\/div><div class='prelegents__texts'><p class='prelegents__name'>Tomasz G\u0142owacki<\/p><p class='prelegents__work'>Head of Data Science, \u017babka Polska <\/p><\/div><\/div>\n\t\t\n\t\t<div class='prelegents__note'><\/div>\n\t\t \n         \n      <\/div><\/div>\n       \n  <\/div><\/div><\/div>\n        <div class='prelegents__box' data-box-id='19692'  id='19692'>\n        <div class='prelegents__wrapper'>\n    <div class='prelegents__content'><div class='prelegents__boximg'>\n        \n        \n     \n        <div data-toggle='modal' id='19692' data-target='#19692' ><img class='prelegents__img' src='https:\/\/bezpieczenstwopolskie.pl\/wp-content\/uploads\/2023\/09\/golko-300x-300.jpg' alt='Bernard Go\u0142ko' \/> <\/div>\n        \n      \n\t\t<\/div> <div class='prelegents__socials'><div class='linkedind-lost'><\/div><\/div><div class='prelegents__texts'><p class='prelegents__name'>Bernard Go\u0142ko<\/p><p class='prelegents__work'>General Manager & Management Board Member, Solution One Investment Fund<\/p>         \n                \n\t\t \t<\/div> \t  \t \n    <\/div>\n<\/div><div class='prelegents__modal modal fade' data-modal-id='19692' id='19692' role='dialog'>\n <button type='button' id='closeBtn' class='close-modal' data-dismiss='modal'>&times;<\/button>\n <div class='prelegents__modal-dialog'>\n    \n       \n      <div class='prelegents__modal-body'>\n         \n        <div class='prelegents__modal-content'>\n        <div class='prelegents__modal-note'><div class='prelegents__modal-boximg'><img class='prelegents__modal-img' src='https:\/\/bezpieczenstwopolskie.pl\/wp-content\/uploads\/2023\/09\/golko-300x-300.jpg' alt='' \/><\/div><div class='prelegents__texts'><p class='prelegents__name'>Bernard Go\u0142ko<\/p><p class='prelegents__work'>General Manager & Management Board Member, Solution One Investment Fund <\/p><\/div><\/div>\n\t\t\n\t\t<div class='prelegents__note'><\/div>\n\t\t \n         \n      <\/div><\/div>\n       \n  <\/div><\/div><\/div>\n        <div class='prelegents__box' data-box-id='19717'  id='19717'>\n        <div class='prelegents__wrapper'>\n    <div class='prelegents__content'><div class='prelegents__boximg'>\n        \n        \n     \n        <div data-toggle='modal' id='19717' data-target='#19717' ><img class='prelegents__img' src='https:\/\/bezpieczenstwopolskie.pl\/wp-content\/uploads\/2023\/10\/jakub-gornik300x300.png' alt='Jakub G\u00f3rnik' \/> <\/div>\n        \n      \n\t\t<\/div> <div class='prelegents__socials'><div class='linkedind-lost'><\/div><\/div><div class='prelegents__texts'><p class='prelegents__name'>Jakub G\u00f3rnik<\/p><p class='prelegents__work'>Associate Partner, Deloitte Digital CE<\/p>         \n                \n\t\t \t<\/div> \t  \t \n    <\/div>\n<\/div><div class='prelegents__modal modal fade' data-modal-id='19717' id='19717' role='dialog'>\n <button type='button' id='closeBtn' class='close-modal' data-dismiss='modal'>&times;<\/button>\n <div class='prelegents__modal-dialog'>\n    \n       \n      <div class='prelegents__modal-body'>\n         \n        <div class='prelegents__modal-content'>\n        <div class='prelegents__modal-note'><div class='prelegents__modal-boximg'><img class='prelegents__modal-img' src='https:\/\/bezpieczenstwopolskie.pl\/wp-content\/uploads\/2023\/10\/jakub-gornik300x300.png' alt='' \/><\/div><div class='prelegents__texts'><p class='prelegents__name'>Jakub G\u00f3rnik<\/p><p class='prelegents__work'>Associate Partner, Deloitte Digital CE <\/p><\/div><\/div>\n\t\t\n\t\t<div class='prelegents__note'><\/div>\n\t\t \n         \n      <\/div><\/div>\n       \n  <\/div><\/div><\/div>\n        <div class='prelegents__box' data-box-id='19687'  id='19687'>\n        <div class='prelegents__wrapper'>\n    <div class='prelegents__content'><div class='prelegents__boximg'>\n        \n        \n     \n        <div data-toggle='modal' id='19687' data-target='#19687' ><img class='prelegents__img' src='https:\/\/bezpieczenstwopolskie.pl\/wp-content\/uploads\/2023\/08\/jaminski.png' alt='Tomasz Jami\u0144ski' \/> <\/div>\n        \n      \n\t\t<\/div> <div class='prelegents__socials'><div class='linkedind-lost'><\/div><\/div><div class='prelegents__texts'><p class='prelegents__name'>Tomasz Jami\u0144ski<\/p><p class='prelegents__work'>Head of Data Science, Grupa OLX<\/p>         \n                \n\t\t \t<\/div> \t  \t \n    <\/div>\n<\/div><div class='prelegents__modal modal fade' data-modal-id='19687' id='19687' role='dialog'>\n <button type='button' id='closeBtn' class='close-modal' data-dismiss='modal'>&times;<\/button>\n <div class='prelegents__modal-dialog'>\n    \n       \n      <div class='prelegents__modal-body'>\n         \n        <div class='prelegents__modal-content'>\n        <div class='prelegents__modal-note'><div class='prelegents__modal-boximg'><img class='prelegents__modal-img' src='https:\/\/bezpieczenstwopolskie.pl\/wp-content\/uploads\/2023\/08\/jaminski.png' alt='' \/><\/div><div class='prelegents__texts'><p class='prelegents__name'>Tomasz Jami\u0144ski<\/p><p class='prelegents__work'>Head of Data Science, Grupa OLX <\/p><\/div><\/div>\n\t\t\n\t\t<div class='prelegents__note'><\/div>\n\t\t \n         \n      <\/div><\/div>\n       \n  <\/div><\/div><\/div>\n        <div class='prelegents__box' data-box-id='19693'  id='19693'>\n        <div class='prelegents__wrapper'>\n    <div class='prelegents__content'><div class='prelegents__boximg'>\n        \n        \n     \n        <div data-toggle='modal' id='19693' data-target='#19693' ><img class='prelegents__img' src='https:\/\/bezpieczenstwopolskie.pl\/wp-content\/uploads\/2023\/09\/jarosz300x300.png' alt='Beata \tJarosz' \/> <\/div>\n        \n      \n\t\t<\/div> <div class='prelegents__socials'><div class='linkedind-lost'><\/div><\/div><div class='prelegents__texts'><p class='prelegents__name'>Beata \tJarosz<\/p><p class='prelegents__work'>CEO, Future Collars, Inicjatorka Woman in IT<\/p>         \n                \n\t\t \t<\/div> \t  \t \n    <\/div>\n<\/div><div class='prelegents__modal modal fade' data-modal-id='19693' id='19693' role='dialog'>\n <button type='button' id='closeBtn' class='close-modal' data-dismiss='modal'>&times;<\/button>\n <div class='prelegents__modal-dialog'>\n    \n       \n      <div class='prelegents__modal-body'>\n         \n        <div class='prelegents__modal-content'>\n        <div class='prelegents__modal-note'><div class='prelegents__modal-boximg'><img class='prelegents__modal-img' src='https:\/\/bezpieczenstwopolskie.pl\/wp-content\/uploads\/2023\/09\/jarosz300x300.png' alt='' \/><\/div><div class='prelegents__texts'><p class='prelegents__name'>Beata \tJarosz<\/p><p class='prelegents__work'>CEO, Future Collars, Inicjatorka Woman in IT <\/p><\/div><\/div>\n\t\t\n\t\t<div class='prelegents__note'><\/div>\n\t\t \n         \n      <\/div><\/div>\n       \n  <\/div><\/div><\/div>\n        <div class='prelegents__box' data-box-id='19623'  id='19623'>\n        <div class='prelegents__wrapper'>\n    <div class='prelegents__content'><div class='prelegents__boximg'>\n        \n        \n     \n        <div data-toggle='modal' id='19623' data-target='#19623' ><img class='prelegents__img' src='https:\/\/bezpieczenstwopolskie.pl\/wp-content\/uploads\/2023\/03\/Karol-Jaroszewski.jpg' alt='Karol Jaroszewski' \/> <\/div>\n        \n      \n\t\t<\/div> <div class='prelegents__socials'><div class='prelegents__social'>\n\t\t  <a href='https:\/\/www.linkedin.com\/in\/karol-jaroszewski-25a6334\/' rel='nofollow'><img class='prelegents__icon' alt='in' src='\/wp-content\/plugins\/prelegenci\/linkedin-new.png'><\/a><\/div><\/div><div class='prelegents__texts'><p class='prelegents__name'>Karol Jaroszewski<\/p><p class='prelegents__work'>Head of Data Science Lab, CEE, VISA<\/p>         \n                \n\t\t \t<\/div> \t  \t \n    <\/div>\n<\/div><div class='prelegents__modal modal fade' data-modal-id='19623' id='19623' role='dialog'>\n <button type='button' id='closeBtn' class='close-modal' data-dismiss='modal'>&times;<\/button>\n <div class='prelegents__modal-dialog'>\n    \n       \n      <div class='prelegents__modal-body'>\n         \n        <div class='prelegents__modal-content'>\n        <div class='prelegents__modal-note'><div class='prelegents__modal-boximg'><img class='prelegents__modal-img' src='https:\/\/bezpieczenstwopolskie.pl\/wp-content\/uploads\/2023\/03\/Karol-Jaroszewski.jpg' alt='' \/><\/div><div class='prelegents__texts'><p class='prelegents__name'>Karol Jaroszewski<\/p><p class='prelegents__work'>Head of Data Science Lab, CEE, VISA <\/p><\/div><\/div>\n\t\t\n\t\t<div class='prelegents__note'><p>Karol joined Visa nearly 6 years ago. He is the co-founder of the Visa Data Science Lab in Central and Eastern Europe. Karol has over 12 years\u2019 experience of the banking sector. He specialises in the use of data to build and implement new solutions and support business decisions in both the banking and payment industries. He promotes advanced data usage techniques, especially in model building, propensity testing and forecasting.<br \/>\nKarol is a data enthusiast who graduated from the Warsaw School of Economics with a degree in Quantitative Methods in Economics and Information Systems.<\/p>\n<\/div>\n\t\t \n         \n      <\/div><\/div>\n       \n  <\/div><\/div><\/div>\n        <div class='prelegents__box' data-box-id='19694'  id='19694'>\n        <div class='prelegents__wrapper'>\n    <div class='prelegents__content'><div class='prelegents__boximg'>\n        \n        \n     \n        <div data-toggle='modal' id='19694' data-target='#19694' ><img class='prelegents__img' src='https:\/\/bezpieczenstwopolskie.pl\/wp-content\/uploads\/2023\/09\/balcerzak-300x300-1.jpg' alt='dr Anna \tKalinowska-Balcerzak' \/> <\/div>\n        \n      \n\t\t<\/div> <div class='prelegents__socials'><div class='linkedind-lost'><\/div><\/div><div class='prelegents__texts'><p class='prelegents__name'>dr Anna \tKalinowska-Balcerzak<\/p><p class='prelegents__work'>Co-Founder & CEO, BITECH ThinkTank<\/p>         \n                \n\t\t \t<\/div> \t  \t \n    <\/div>\n<\/div><div class='prelegents__modal modal fade' data-modal-id='19694' id='19694' role='dialog'>\n <button type='button' id='closeBtn' class='close-modal' data-dismiss='modal'>&times;<\/button>\n <div class='prelegents__modal-dialog'>\n    \n       \n      <div class='prelegents__modal-body'>\n         \n        <div class='prelegents__modal-content'>\n        <div class='prelegents__modal-note'><div class='prelegents__modal-boximg'><img class='prelegents__modal-img' src='https:\/\/bezpieczenstwopolskie.pl\/wp-content\/uploads\/2023\/09\/balcerzak-300x300-1.jpg' alt='' \/><\/div><div class='prelegents__texts'><p class='prelegents__name'>dr Anna \tKalinowska-Balcerzak<\/p><p class='prelegents__work'>Co-Founder & CEO, BITECH ThinkTank <\/p><\/div><\/div>\n\t\t\n\t\t<div class='prelegents__note'><\/div>\n\t\t \n         \n      <\/div><\/div>\n       \n  <\/div><\/div><\/div>\n        <div class='prelegents__box' data-box-id='19726'  id='19726'>\n        <div class='prelegents__wrapper'>\n    <div class='prelegents__content'><div class='prelegents__boximg'>\n        \n        \n     \n        <div data-toggle='modal' id='19726' data-target='#19726' > <img class='prelegents__img' src='\/wp-content\/plugins\/prelegenci\/avatar.jpg' alt='avatar' \/> <\/div>\n        \n      \n\t\t<\/div> <div class='prelegents__socials'><div class='linkedind-lost'><\/div><\/div><div class='prelegents__texts'><p class='prelegents__name'>Rados\u0142aw Kami\u0144\u015bki<\/p><p class='prelegents__work'>General Counsel, Allianz<\/p>         \n                \n\t\t \t<\/div> \t  \t \n    <\/div>\n<\/div><div class='prelegents__modal modal fade' data-modal-id='19726' id='19726' role='dialog'>\n <button type='button' id='closeBtn' class='close-modal' data-dismiss='modal'>&times;<\/button>\n <div class='prelegents__modal-dialog'>\n    \n       \n      <div class='prelegents__modal-body'>\n         \n        <div class='prelegents__modal-content'>\n        <div class='prelegents__modal-note'><div class='prelegents__modal-boximg'><img class='prelegents__modal-img' src='\/wp-content\/plugins\/prelegenci\/avatar.jpg' alt='avatar' \/><\/div><div class='prelegents__texts'><p class='prelegents__name'>Rados\u0142aw Kami\u0144\u015bki<\/p><p class='prelegents__work'>General Counsel, Allianz <\/p><\/div><\/div>\n\t\t\n\t\t<div class='prelegents__note'><\/div>\n\t\t \n         \n      <\/div><\/div>\n       \n  <\/div><\/div><\/div>\n        <div class='prelegents__box' data-box-id='19702'  id='19702'>\n        <div class='prelegents__wrapper'>\n    <div class='prelegents__content'><div class='prelegents__boximg'>\n        \n        \n     \n        <div data-toggle='modal' id='19702' data-target='#19702' ><img class='prelegents__img' src='https:\/\/bezpieczenstwopolskie.pl\/wp-content\/uploads\/2023\/09\/kanownik-300x300-1.png' alt='Micha\u0142 Kanownik' \/> <\/div>\n        \n      \n\t\t<\/div> <div class='prelegents__socials'><div class='linkedind-lost'><\/div><\/div><div class='prelegents__texts'><p class='prelegents__name'>Micha\u0142 Kanownik<\/p><p class='prelegents__work'>Prezes Zarz\u0105du, Zwi\u0105zek Cyfrowa Polska<\/p>         \n                \n\t\t \t<\/div> \t  \t \n    <\/div>\n<\/div><div class='prelegents__modal modal fade' data-modal-id='19702' id='19702' role='dialog'>\n <button type='button' id='closeBtn' class='close-modal' data-dismiss='modal'>&times;<\/button>\n <div class='prelegents__modal-dialog'>\n    \n       \n      <div class='prelegents__modal-body'>\n         \n        <div class='prelegents__modal-content'>\n        <div class='prelegents__modal-note'><div class='prelegents__modal-boximg'><img class='prelegents__modal-img' src='https:\/\/bezpieczenstwopolskie.pl\/wp-content\/uploads\/2023\/09\/kanownik-300x300-1.png' alt='' \/><\/div><div class='prelegents__texts'><p class='prelegents__name'>Micha\u0142 Kanownik<\/p><p class='prelegents__work'>Prezes Zarz\u0105du, Zwi\u0105zek Cyfrowa Polska <\/p><\/div><\/div>\n\t\t\n\t\t<div class='prelegents__note'><p>President of Digital Poland Association, the initiator of CEE Digital Coalition<\/p>\n<p>As the President of Digital Poland Association, he has been representing the largest manufacturers and distributors of electrical and electronic equipment in Poland for 19 years. Connected with Digital Europe, an organization of Europe&#8217;s largest association of the ICT sector, where three times held the position of Board Member. Chosen by the Minister of Digital Affairs of Poland to take a seat in the ministry\u2019s Council for Digitization. The initiator of the CEE Digital Coalition \u2013 the digital industry coalition from Central and Eastern Europe. <\/p>\n<\/div>\n\t\t \n         \n      <\/div><\/div>\n       \n  <\/div><\/div><\/div>\n        <div class='prelegents__box' data-box-id='19582'  id='19582'>\n        <div class='prelegents__wrapper'>\n    <div class='prelegents__content'><div class='prelegents__boximg'>\n        \n        \n     \n        <div data-toggle='modal' id='19582' data-target='#19582' ><img class='prelegents__img' src='https:\/\/bezpieczenstwopolskie.pl\/wp-content\/uploads\/2022\/12\/klosowski300x300.png' alt='Eryk\tK\u0142ossowski' \/> <\/div>\n        \n      \n\t\t<\/div> <div class='prelegents__socials'><div class='prelegents__social'>\n\t\t  <a href='https:\/\/www.linkedin.com\/in\/eryk-k%C5%82ossowski-18b910262\/' rel='nofollow'><img class='prelegents__icon' alt='in' src='\/wp-content\/plugins\/prelegenci\/linkedin-new.png'><\/a><\/div><\/div><div class='prelegents__texts'><p class='prelegents__name'>Eryk\tK\u0142ossowski<\/p><p class='prelegents__work'>Expert for the power energy sector, CEO & President of PSE between 2015-2023<\/p>         \n                \n\t\t \t<\/div> \t  \t \n    <\/div>\n<\/div><div class='prelegents__modal modal fade' data-modal-id='19582' id='19582' role='dialog'>\n <button type='button' id='closeBtn' class='close-modal' data-dismiss='modal'>&times;<\/button>\n <div class='prelegents__modal-dialog'>\n    \n       \n      <div class='prelegents__modal-body'>\n         \n        <div class='prelegents__modal-content'>\n        <div class='prelegents__modal-note'><div class='prelegents__modal-boximg'><img class='prelegents__modal-img' src='https:\/\/bezpieczenstwopolskie.pl\/wp-content\/uploads\/2022\/12\/klosowski300x300.png' alt='' \/><\/div><div class='prelegents__texts'><p class='prelegents__name'>Eryk\tK\u0142ossowski<\/p><p class='prelegents__work'>Expert for the power energy sector, CEO & President of PSE between 2015-2023 <\/p><\/div><\/div>\n\t\t\n\t\t<div class='prelegents__note'><p>The Executive Director of Renegia Capital, a developer of electric energy storage systems, renewable sources, and micro-grids. From 2015 to 2023, he served as the President of the Management Board of Polskie Sieci Elektroenergetyczne S.A. He has over 20 years of experience in the energy and transportation infrastructure industry.<\/p>\n<\/div>\n\t\t \n         \n      <\/div><\/div>\n       \n  <\/div><\/div><\/div>\n        <div class='prelegents__box' data-box-id='19616'  id='19616'>\n        <div class='prelegents__wrapper'>\n    <div class='prelegents__content'><div class='prelegents__boximg'>\n        \n        \n     \n        <div data-toggle='modal' id='19616' data-target='#19616' ><img class='prelegents__img' src='https:\/\/bezpieczenstwopolskie.pl\/wp-content\/uploads\/2023\/02\/koch300x300.png' alt='Przemys\u0142aw Koch' \/> <\/div>\n        \n      \n\t\t<\/div> <div class='prelegents__socials'><div class='linkedind-lost'><\/div><\/div><div class='prelegents__texts'><p class='prelegents__name'>Przemys\u0142aw Koch<\/p><p class='prelegents__work'>Member of the Management Board, VeloBank<\/p>         \n                \n\t\t \t<\/div> \t  \t \n    <\/div>\n<\/div><div class='prelegents__modal modal fade' data-modal-id='19616' id='19616' role='dialog'>\n <button type='button' id='closeBtn' class='close-modal' data-dismiss='modal'>&times;<\/button>\n <div class='prelegents__modal-dialog'>\n    \n       \n      <div class='prelegents__modal-body'>\n         \n        <div class='prelegents__modal-content'>\n        <div class='prelegents__modal-note'><div class='prelegents__modal-boximg'><img class='prelegents__modal-img' src='https:\/\/bezpieczenstwopolskie.pl\/wp-content\/uploads\/2023\/02\/koch300x300.png' alt='' \/><\/div><div class='prelegents__texts'><p class='prelegents__name'>Przemys\u0142aw Koch<\/p><p class='prelegents__work'>Member of the Management Board, VeloBank <\/p><\/div><\/div>\n\t\t\n\t\t<div class='prelegents__note'><\/div>\n\t\t \n         \n      <\/div><\/div>\n       \n  <\/div><\/div><\/div>\n        <div class='prelegents__box' data-box-id='19688'  id='19688'>\n        <div class='prelegents__wrapper'>\n    <div class='prelegents__content'><div class='prelegents__boximg'>\n        \n        \n     \n        <div data-toggle='modal' id='19688' data-target='#19688' ><img class='prelegents__img' src='https:\/\/bezpieczenstwopolskie.pl\/wp-content\/uploads\/2023\/08\/ligia.png' alt='Ligia Kornowska' \/> <\/div>\n        \n      \n\t\t<\/div> <div class='prelegents__socials'><div class='linkedind-lost'><\/div><\/div><div class='prelegents__texts'><p class='prelegents__name'>Ligia Kornowska<\/p><p class='prelegents__work'>Chairperson of the Board, Data Lake<\/p>         \n                \n\t\t \t<\/div> \t  \t \n    <\/div>\n<\/div><div class='prelegents__modal modal fade' data-modal-id='19688' id='19688' role='dialog'>\n <button type='button' id='closeBtn' class='close-modal' data-dismiss='modal'>&times;<\/button>\n <div class='prelegents__modal-dialog'>\n    \n       \n      <div class='prelegents__modal-body'>\n         \n        <div class='prelegents__modal-content'>\n        <div class='prelegents__modal-note'><div class='prelegents__modal-boximg'><img class='prelegents__modal-img' src='https:\/\/bezpieczenstwopolskie.pl\/wp-content\/uploads\/2023\/08\/ligia.png' alt='' \/><\/div><div class='prelegents__texts'><p class='prelegents__name'>Ligia Kornowska<\/p><p class='prelegents__work'>Chairperson of the Board, Data Lake <\/p><\/div><\/div>\n\t\t\n\t\t<div class='prelegents__note'><p>Medical Doctor. Managing Director of the Polish Hospital Federation, the largest hos-pital organization in Poland. Leader of \u201eAI Coalition in Healthcare\u201d for Poland. Co-founder and Chair of the Board in Data Lake and Donate your Data Foundation. Listed among \u201e100 most influential people in Polish healthcare\u201d for the last 4 years, laureate of &#8220;25 under 25\u201d and \u201e30 under 30\u201d Forbes list. Held managerial positions in leading polish medical startups. Speaker and moderator at the most important conferences related to the healthcare sector.<\/p>\n<\/div>\n\t\t \n         \n      <\/div><\/div>\n       \n  <\/div><\/div><\/div>\n        <div class='prelegents__box' data-box-id='19705'  id='19705'>\n        <div class='prelegents__wrapper'>\n    <div class='prelegents__content'><div class='prelegents__boximg'>\n        \n        \n     \n        <div data-toggle='modal' id='19705' data-target='#19705' ><img class='prelegents__img' src='https:\/\/bezpieczenstwopolskie.pl\/wp-content\/uploads\/2024\/01\/kosmala-300x300-1-1.png' alt='Ewa Kosmala' \/> <\/div>\n        \n      \n\t\t<\/div> <div class='prelegents__socials'><div class='linkedind-lost'><\/div><\/div><div class='prelegents__texts'><p class='prelegents__name'>Ewa Kosmala<\/p><p class='prelegents__work'>Global Sustainability Director, Selena FM<\/p>         \n                \n\t\t \t<\/div> \t  \t \n    <\/div>\n<\/div><div class='prelegents__modal modal fade' data-modal-id='19705' id='19705' role='dialog'>\n <button type='button' id='closeBtn' class='close-modal' data-dismiss='modal'>&times;<\/button>\n <div class='prelegents__modal-dialog'>\n    \n       \n      <div class='prelegents__modal-body'>\n         \n        <div class='prelegents__modal-content'>\n        <div class='prelegents__modal-note'><div class='prelegents__modal-boximg'><img class='prelegents__modal-img' src='https:\/\/bezpieczenstwopolskie.pl\/wp-content\/uploads\/2024\/01\/kosmala-300x300-1-1.png' alt='' \/><\/div><div class='prelegents__texts'><p class='prelegents__name'>Ewa Kosmala<\/p><p class='prelegents__work'>Global Sustainability Director, Selena FM <\/p><\/div><\/div>\n\t\t\n\t\t<div class='prelegents__note'><\/div>\n\t\t \n         \n      <\/div><\/div>\n       \n  <\/div><\/div><\/div>\n        <div class='prelegents__box' data-box-id='19704'  id='19704'>\n        <div class='prelegents__wrapper'>\n    <div class='prelegents__content'><div class='prelegents__boximg'>\n        \n        \n     \n        <div data-toggle='modal' id='19704' data-target='#19704' ><img class='prelegents__img' src='https:\/\/bezpieczenstwopolskie.pl\/wp-content\/uploads\/2024\/01\/joanna-kowal300x300.png' alt='Joanna Kowal' \/> <\/div>\n        \n      \n\t\t<\/div> <div class='prelegents__socials'><div class='linkedind-lost'><\/div><\/div><div class='prelegents__texts'><p class='prelegents__name'>Joanna Kowal<\/p><p class='prelegents__work'>Data Science Manager, Allegro Pay<\/p>         \n                \n\t\t \t<\/div> \t  \t \n    <\/div>\n<\/div><div class='prelegents__modal modal fade' data-modal-id='19704' id='19704' role='dialog'>\n <button type='button' id='closeBtn' class='close-modal' data-dismiss='modal'>&times;<\/button>\n <div class='prelegents__modal-dialog'>\n    \n       \n      <div class='prelegents__modal-body'>\n         \n        <div class='prelegents__modal-content'>\n        <div class='prelegents__modal-note'><div class='prelegents__modal-boximg'><img class='prelegents__modal-img' src='https:\/\/bezpieczenstwopolskie.pl\/wp-content\/uploads\/2024\/01\/joanna-kowal300x300.png' alt='' \/><\/div><div class='prelegents__texts'><p class='prelegents__name'>Joanna Kowal<\/p><p class='prelegents__work'>Data Science Manager, Allegro Pay <\/p><\/div><\/div>\n\t\t\n\t\t<div class='prelegents__note'><\/div>\n\t\t \n         \n      <\/div><\/div>\n       \n  <\/div><\/div><\/div>\n        <div class='prelegents__box' data-box-id='19718'  id='19718'>\n        <div class='prelegents__wrapper'>\n    <div class='prelegents__content'><div class='prelegents__boximg'>\n        \n        \n     \n        <div data-toggle='modal' id='19718' data-target='#19718' ><img class='prelegents__img' src='https:\/\/bezpieczenstwopolskie.pl\/wp-content\/uploads\/2023\/10\/krawczyk300x300.png' alt='Mateusz Krawczyk' \/> <\/div>\n        \n      \n\t\t<\/div> <div class='prelegents__socials'><div class='linkedind-lost'><\/div><\/div><div class='prelegents__texts'><p class='prelegents__name'>Mateusz Krawczyk<\/p><p class='prelegents__work'>Product Lead, Data&AI, InPost<\/p>         \n                \n\t\t \t<\/div> \t  \t \n    <\/div>\n<\/div><div class='prelegents__modal modal fade' data-modal-id='19718' id='19718' role='dialog'>\n <button type='button' id='closeBtn' class='close-modal' data-dismiss='modal'>&times;<\/button>\n <div class='prelegents__modal-dialog'>\n    \n       \n      <div class='prelegents__modal-body'>\n         \n        <div class='prelegents__modal-content'>\n        <div class='prelegents__modal-note'><div class='prelegents__modal-boximg'><img class='prelegents__modal-img' src='https:\/\/bezpieczenstwopolskie.pl\/wp-content\/uploads\/2023\/10\/krawczyk300x300.png' alt='' \/><\/div><div class='prelegents__texts'><p class='prelegents__name'>Mateusz Krawczyk<\/p><p class='prelegents__work'>Product Lead, Data&AI, InPost <\/p><\/div><\/div>\n\t\t\n\t\t<div class='prelegents__note'><\/div>\n\t\t \n         \n      <\/div><\/div>\n       \n  <\/div><\/div><\/div>\n        <div class='prelegents__box' data-box-id='19583'  id='19583'>\n        <div class='prelegents__wrapper'>\n    <div class='prelegents__content'><div class='prelegents__boximg'>\n        \n        \n     \n        <div data-toggle='modal' id='19583' data-target='#19583' ><img class='prelegents__img' src='https:\/\/bezpieczenstwopolskie.pl\/wp-content\/uploads\/2024\/01\/Jaroslaw-Krolewski-1.jpg' alt='Jaros\u0142aw Kr\u00f3lewski' \/> <\/div>\n        \n      \n\t\t<\/div> <div class='prelegents__socials'><div class='prelegents__social'>\n\t\t  <a href='https:\/\/www.linkedin.com\/in\/jaroslawkrolewski\/' rel='nofollow'><img class='prelegents__icon' alt='in' src='\/wp-content\/plugins\/prelegenci\/linkedin-new.png'><\/a><\/div><\/div><div class='prelegents__texts'><p class='prelegents__name'>Jaros\u0142aw Kr\u00f3lewski<\/p><p class='prelegents__work'>CEO\/Founder, Synerise<\/p>         \n                \n\t\t \t<\/div> \t  \t \n    <\/div>\n<\/div><div class='prelegents__modal modal fade' data-modal-id='19583' id='19583' role='dialog'>\n <button type='button' id='closeBtn' class='close-modal' data-dismiss='modal'>&times;<\/button>\n <div class='prelegents__modal-dialog'>\n    \n       \n      <div class='prelegents__modal-body'>\n         \n        <div class='prelegents__modal-content'>\n        <div class='prelegents__modal-note'><div class='prelegents__modal-boximg'><img class='prelegents__modal-img' src='https:\/\/bezpieczenstwopolskie.pl\/wp-content\/uploads\/2024\/01\/Jaroslaw-Krolewski-1.jpg' alt='' \/><\/div><div class='prelegents__texts'><p class='prelegents__name'>Jaros\u0142aw Kr\u00f3lewski<\/p><p class='prelegents__work'>CEO\/Founder, Synerise <\/p><\/div><\/div>\n\t\t\n\t\t<div class='prelegents__note'><p>CEO of Synerise &#8211; AI &#038; BigData Company &#8211; 17th fastest growing technology company in Europe according to Financial Times in 2022. Lecturer &#038; Researcher at AGH University of Science&#038;Technology. Entrepreneur, Philanthropist, and Investor. CEO and co-owner of Wisla Krakow Football Club \u2013 one of the oldest and most titled Polish Football Club \u2013 founded in 1906. During his professional career, he used to work for\/with Fortune 500 companies and got numerous prestigious national and international awards with the Synerise Team, including, among other things: Laureate of Deloitte Technology Fast 50 &#8211; 2021,2022 Edition; Winner @ ACM RecSys Twitter Challenge 2021, 2nd place; Winner @ ACM KDD Cup, OGB-LSC 2021, 3rd place; Winner @ ACM WSDM Booking.com Data Challenge 2021, 2nd place; Winner @ SIGIR eCom Rakuten Data Challenge 2020, 1st place; Title of one of the 30 most promising technology entrepreneurs in the world according to Ernst and Young 2018; Special Award in EY Entrepreneur of the Year Contest 2018; AGH University of Science of Technology 100th anniversary Award 2018; Digital Shaper Award 2018, Polish President Startup Award; Poland AI Person of The Year 2019; CEE x-Tech Awards 2019 &#8211; AI Innovation of the Year; EU Leading Innovator by Google, Res Publica and the Financial Times; Microsoft Partner of the Year 2017,2018,2019. <\/p>\n<p>Since 2010 he has been a lecturer and researcher at the AGH University of Science and Technology (two faculties) in Krakow, where he co-founded (at the age of 23) award-winning courses and full-time program studies of his authorship from scratch, including; Social Informatics, E-Economy (the most innovative system of study in Poland in 2012 according to the Ministry of Science and Higher Education) and Digital Marketing. He is an ambassador of the AGH brand and a mentor in the Gov Polish Development Fund network. He graduated from two fields of study (computer science and sociology) and is currently working on an interdisciplinary Ph.D. He has participated in many conferences and is a guest lecturer at Polish and foreign universities. Together with partners, he rolled out Ph.D. Data Science Studies in Poznan. He is also the author of publications, including bestsellers, inter alia published as part of the PWN Scientific Publishers. He is the founder and creator of the AI School Program and Academy for schools and kindergartens rolled out in 2019 in Poland.\u202fCo-author of the first, the fastest, and the most significant crowdfunding action in the CEE region.<\/p>\n<\/div>\n\t\t \n         \n      <\/div><\/div>\n       \n  <\/div><\/div><\/div>\n        <div class='prelegents__box' data-box-id='19645'  id='19645'>\n        <div class='prelegents__wrapper'>\n    <div class='prelegents__content'><div class='prelegents__boximg'>\n        \n        \n     \n        <div data-toggle='modal' id='19645' data-target='#19645' ><img class='prelegents__img' src='https:\/\/bezpieczenstwopolskie.pl\/wp-content\/uploads\/2024\/01\/Jaroslaw-Kwiecien-1.jpg' alt='Jaros\u0142aw Kwiecie\u0144' \/> <\/div>\n        \n      \n\t\t<\/div> <div class='prelegents__socials'><div class='linkedind-lost'><\/div><\/div><div class='prelegents__texts'><p class='prelegents__name'>Jaros\u0142aw Kwiecie\u0144<\/p><p class='prelegents__work'>Head of Technology Division CIO\/CTO, Citi Handlowy<\/p>         \n                \n\t\t \t<\/div> \t  \t \n    <\/div>\n<\/div><div class='prelegents__modal modal fade' data-modal-id='19645' id='19645' role='dialog'>\n <button type='button' id='closeBtn' class='close-modal' data-dismiss='modal'>&times;<\/button>\n <div class='prelegents__modal-dialog'>\n    \n       \n      <div class='prelegents__modal-body'>\n         \n        <div class='prelegents__modal-content'>\n        <div class='prelegents__modal-note'><div class='prelegents__modal-boximg'><img class='prelegents__modal-img' src='https:\/\/bezpieczenstwopolskie.pl\/wp-content\/uploads\/2024\/01\/Jaroslaw-Kwiecien-1.jpg' alt='' \/><\/div><div class='prelegents__texts'><p class='prelegents__name'>Jaros\u0142aw Kwiecie\u0144<\/p><p class='prelegents__work'>Head of Technology Division CIO\/CTO, Citi Handlowy <\/p><\/div><\/div>\n\t\t\n\t\t<div class='prelegents__note'><\/div>\n\t\t \n         \n      <\/div><\/div>\n       \n  <\/div><\/div><\/div>\n        <div class='prelegents__box' data-box-id='19685'  id='19685'>\n        <div class='prelegents__wrapper'>\n    <div class='prelegents__content'><div class='prelegents__boximg'>\n        \n        \n     \n        <div data-toggle='modal' id='19685' data-target='#19685' ><img class='prelegents__img' src='https:\/\/bezpieczenstwopolskie.pl\/wp-content\/uploads\/2024\/01\/dariusz-kwiecinski-300x-300-1.png' alt='Dariusz Kwieci\u0144ski' \/> <\/div>\n        \n      \n\t\t<\/div> <div class='prelegents__socials'><div class='linkedind-lost'><\/div><\/div><div class='prelegents__texts'><p class='prelegents__name'>Dariusz Kwieci\u0144ski<\/p><p class='prelegents__work'>CEO, Fujitsu Technology Solutions<\/p>         \n                \n\t\t \t<\/div> \t  \t \n    <\/div>\n<\/div><div class='prelegents__modal modal fade' data-modal-id='19685' id='19685' role='dialog'>\n <button type='button' id='closeBtn' class='close-modal' data-dismiss='modal'>&times;<\/button>\n <div class='prelegents__modal-dialog'>\n    \n       \n      <div class='prelegents__modal-body'>\n         \n        <div class='prelegents__modal-content'>\n        <div class='prelegents__modal-note'><div class='prelegents__modal-boximg'><img class='prelegents__modal-img' src='https:\/\/bezpieczenstwopolskie.pl\/wp-content\/uploads\/2024\/01\/dariusz-kwiecinski-300x-300-1.png' alt='' \/><\/div><div class='prelegents__texts'><p class='prelegents__name'>Dariusz Kwieci\u0144ski<\/p><p class='prelegents__work'>CEO, Fujitsu Technology Solutions <\/p><\/div><\/div>\n\t\t\n\t\t<div class='prelegents__note'><p>Business leader and digital transformation expert.<\/p>\n<p>Since joining Fujitsu in 2006, he has held various managerial positions, including: Service Director, Head of Services and Country Head of Sales in Poland. In 2017, he became Head of Eastern Europe, managing the Fujitsu business in Poland, the Czech Republic, Slovakia and Hungary. He is a graduate of the Warsaw University of Technology.<\/p>\n<\/div>\n\t\t \n         \n      <\/div><\/div>\n       \n  <\/div><\/div><\/div>\n        <div class='prelegents__box' data-box-id='19727'  id='19727'>\n        <div class='prelegents__wrapper'>\n    <div class='prelegents__content'><div class='prelegents__boximg'>\n        \n        \n     \n        <div data-toggle='modal' id='19727' data-target='#19727' ><img class='prelegents__img' src='https:\/\/bezpieczenstwopolskie.pl\/wp-content\/uploads\/2023\/10\/lebiedz300x300.png' alt='Marcin Lebied\u017a' \/> <\/div>\n        \n      \n\t\t<\/div> <div class='prelegents__socials'><div class='linkedind-lost'><\/div><\/div><div class='prelegents__texts'><p class='prelegents__name'>Marcin Lebied\u017a<\/p><p class='prelegents__work'>Team Manager zespo\u0142u Data Science, Allegro<\/p>         \n                \n\t\t \t<\/div> \t  \t \n    <\/div>\n<\/div><div class='prelegents__modal modal fade' data-modal-id='19727' id='19727' role='dialog'>\n <button type='button' id='closeBtn' class='close-modal' data-dismiss='modal'>&times;<\/button>\n <div class='prelegents__modal-dialog'>\n    \n       \n      <div class='prelegents__modal-body'>\n         \n        <div class='prelegents__modal-content'>\n        <div class='prelegents__modal-note'><div class='prelegents__modal-boximg'><img class='prelegents__modal-img' src='https:\/\/bezpieczenstwopolskie.pl\/wp-content\/uploads\/2023\/10\/lebiedz300x300.png' alt='' \/><\/div><div class='prelegents__texts'><p class='prelegents__name'>Marcin Lebied\u017a<\/p><p class='prelegents__work'>Team Manager zespo\u0142u Data Science, Allegro <\/p><\/div><\/div>\n\t\t\n\t\t<div class='prelegents__note'><\/div>\n\t\t \n         \n      <\/div><\/div>\n       \n  <\/div><\/div><\/div>\n        <div class='prelegents__box' data-box-id='19703'  id='19703'>\n        <div class='prelegents__wrapper'>\n    <div class='prelegents__content'><div class='prelegents__boximg'>\n        \n        \n     \n        <div data-toggle='modal' id='19703' data-target='#19703' ><img class='prelegents__img' src='https:\/\/bezpieczenstwopolskie.pl\/wp-content\/uploads\/2023\/09\/lesniewska300x300.png' alt='Bo\u017cena Le\u015bniewska' \/> <\/div>\n        \n      \n\t\t<\/div> <div class='prelegents__socials'><div class='linkedind-lost'><\/div><\/div><div class='prelegents__texts'><p class='prelegents__name'>Bo\u017cena Le\u015bniewska<\/p><p class='prelegents__work'>Wiceprezes zarz\u0105du ds. Rynku Biznesowego, Orange Polska<\/p>         \n                \n\t\t \t<\/div> \t  \t \n    <\/div>\n<\/div><div class='prelegents__modal modal fade' data-modal-id='19703' id='19703' role='dialog'>\n <button type='button' id='closeBtn' class='close-modal' data-dismiss='modal'>&times;<\/button>\n <div class='prelegents__modal-dialog'>\n    \n       \n      <div class='prelegents__modal-body'>\n         \n        <div class='prelegents__modal-content'>\n        <div class='prelegents__modal-note'><div class='prelegents__modal-boximg'><img class='prelegents__modal-img' src='https:\/\/bezpieczenstwopolskie.pl\/wp-content\/uploads\/2023\/09\/lesniewska300x300.png' alt='' \/><\/div><div class='prelegents__texts'><p class='prelegents__name'>Bo\u017cena Le\u015bniewska<\/p><p class='prelegents__work'>Wiceprezes zarz\u0105du ds. Rynku Biznesowego, Orange Polska <\/p><\/div><\/div>\n\t\t\n\t\t<div class='prelegents__note'><p>Bo\u017cena Le\u015bniewska has over 20 years of experience in management for the technology sector. Currently, as the Vice-President of the Management Board in Orange Polska, she is responsible for Business Market and companies Integrated Solutions and BlueSoft. She is a member of the Responsible Leadership Council, THINKTANK Strategic Board, Orange Foundation, international association Women in Leadership and association LiderShe. Bo\u017cena Le\u015bniewska is also an engaged mentor, helping others in achieving their goals and co-author of Europe\u2019s first studies designed for women \u2013 Women Leadership Academy (Akademia Przyw\u00f3dztwa Kobiet) at Ko\u017ami\u0144ski University. She was recognized by the Institute of Innovative Economy as one of ten most influential women in Polish technology sector. In 2020 she has received the top prize in category Big Companies in \u201c100 Most Powerful Businesswomen\u201d contest organized by Puls Biznesu. She has been recognized in \u201eStrong Women in IT 2021 \u2013 Global Edition\u201d report as one of women bringing change and innovation to the IT industry. She has been also featured in prestigious Forbes\u2019 \u201c100 Women of the Year 2021\u201d list.<\/p>\n<\/div>\n\t\t \n         \n      <\/div><\/div>\n       \n  <\/div><\/div><\/div>\n        <div class='prelegents__box' data-box-id='19697'  id='19697'>\n        <div class='prelegents__wrapper'>\n    <div class='prelegents__content'><div class='prelegents__boximg'>\n        \n        \n     \n        <div data-toggle='modal' id='19697' data-target='#19697' ><img class='prelegents__img' src='https:\/\/bezpieczenstwopolskie.pl\/wp-content\/uploads\/2024\/01\/lepkowska300x300-1.png' alt='Ilona \u0141epkowska' \/> <\/div>\n        \n      \n\t\t<\/div> <div class='prelegents__socials'><div class='linkedind-lost'><\/div><\/div><div class='prelegents__texts'><p class='prelegents__name'>Ilona \u0141epkowska<\/p><p class='prelegents__work'>Przewodnicz\u0105ca Zarz\u0105du, Gildia Scenarzyst\u00f3w Polskich<\/p>         \n                \n\t\t \t<\/div> \t  \t \n    <\/div>\n<\/div><div class='prelegents__modal modal fade' data-modal-id='19697' id='19697' role='dialog'>\n <button type='button' id='closeBtn' class='close-modal' data-dismiss='modal'>&times;<\/button>\n <div class='prelegents__modal-dialog'>\n    \n       \n      <div class='prelegents__modal-body'>\n         \n        <div class='prelegents__modal-content'>\n        <div class='prelegents__modal-note'><div class='prelegents__modal-boximg'><img class='prelegents__modal-img' src='https:\/\/bezpieczenstwopolskie.pl\/wp-content\/uploads\/2024\/01\/lepkowska300x300-1.png' alt='' \/><\/div><div class='prelegents__texts'><p class='prelegents__name'>Ilona \u0141epkowska<\/p><p class='prelegents__work'>Przewodnicz\u0105ca Zarz\u0105du, Gildia Scenarzyst\u00f3w Polskich <\/p><\/div><\/div>\n\t\t\n\t\t<div class='prelegents__note'><\/div>\n\t\t \n         \n      <\/div><\/div>\n       \n  <\/div><\/div><\/div>\n        <div class='prelegents__box' data-box-id='19638'  id='19638'>\n        <div class='prelegents__wrapper'>\n    <div class='prelegents__content'><div class='prelegents__boximg'>\n        \n        \n     \n        <div data-toggle='modal' id='19638' data-target='#19638' ><img class='prelegents__img' src='https:\/\/bezpieczenstwopolskie.pl\/wp-content\/uploads\/2024\/01\/Lukasz-Michalczyk-1.jpg' alt='\u0141ukasz Michalczyk' \/> <\/div>\n        \n      \n\t\t<\/div> <div class='prelegents__socials'><div class='linkedind-lost'><\/div><\/div><div class='prelegents__texts'><p class='prelegents__name'>\u0141ukasz Michalczyk<\/p><p class='prelegents__work'> Chief Data Officer, Director of Data & Advanced Analytics Center, Link4<\/p>         \n                \n\t\t \t<\/div> \t  \t \n    <\/div>\n<\/div><div class='prelegents__modal modal fade' data-modal-id='19638' id='19638' role='dialog'>\n <button type='button' id='closeBtn' class='close-modal' data-dismiss='modal'>&times;<\/button>\n <div class='prelegents__modal-dialog'>\n    \n       \n      <div class='prelegents__modal-body'>\n         \n        <div class='prelegents__modal-content'>\n        <div class='prelegents__modal-note'><div class='prelegents__modal-boximg'><img class='prelegents__modal-img' src='https:\/\/bezpieczenstwopolskie.pl\/wp-content\/uploads\/2024\/01\/Lukasz-Michalczyk-1.jpg' alt='' \/><\/div><div class='prelegents__texts'><p class='prelegents__name'>\u0141ukasz Michalczyk<\/p><p class='prelegents__work'> Chief Data Officer, Director of Data & Advanced Analytics Center, Link4 <\/p><\/div><\/div>\n\t\t\n\t\t<div class='prelegents__note'><\/div>\n\t\t \n         \n      <\/div><\/div>\n       \n  <\/div><\/div><\/div>\n        <div class='prelegents__box' data-box-id='19719'  id='19719'>\n        <div class='prelegents__wrapper'>\n    <div class='prelegents__content'><div class='prelegents__boximg'>\n        \n        \n     \n        <div data-toggle='modal' id='19719' data-target='#19719' ><img class='prelegents__img' src='https:\/\/bezpieczenstwopolskie.pl\/wp-content\/uploads\/2023\/10\/michalowski300x300.png' alt='Piotr Micha\u0142owski' \/> <\/div>\n        \n      \n\t\t<\/div> <div class='prelegents__socials'><div class='linkedind-lost'><\/div><\/div><div class='prelegents__texts'><p class='prelegents__name'>Piotr Micha\u0142owski<\/p><p class='prelegents__work'>Agile coach, Data&AI, InPost<\/p>         \n                \n\t\t \t<\/div> \t  \t \n    <\/div>\n<\/div><div class='prelegents__modal modal fade' data-modal-id='19719' id='19719' role='dialog'>\n <button type='button' id='closeBtn' class='close-modal' data-dismiss='modal'>&times;<\/button>\n <div class='prelegents__modal-dialog'>\n    \n       \n      <div class='prelegents__modal-body'>\n         \n        <div class='prelegents__modal-content'>\n        <div class='prelegents__modal-note'><div class='prelegents__modal-boximg'><img class='prelegents__modal-img' src='https:\/\/bezpieczenstwopolskie.pl\/wp-content\/uploads\/2023\/10\/michalowski300x300.png' alt='' \/><\/div><div class='prelegents__texts'><p class='prelegents__name'>Piotr Micha\u0142owski<\/p><p class='prelegents__work'>Agile coach, Data&AI, InPost <\/p><\/div><\/div>\n\t\t\n\t\t<div class='prelegents__note'><p>Currently at InPost, I am responsible for implementing agile methods and co-leading the stream related to Generative AI. My experience encompasses roles as an agile coach, manager, consultant, and analyst, in various industries like FMCG, banking, insurance, pharmaceuticals, etc. What I excel at and (reportedly) do well, is building motivated teams that &#8220;deliver,&#8221; improving work methods, building communities, and implementing innovations.<\/p>\n<\/div>\n\t\t \n         \n      <\/div><\/div>\n       \n  <\/div><\/div><\/div>\n        <div class='prelegents__box' data-box-id='19646'  id='19646'>\n        <div class='prelegents__wrapper'>\n    <div class='prelegents__content'><div class='prelegents__boximg'>\n        \n        \n     \n        <div data-toggle='modal' id='19646' data-target='#19646' ><img class='prelegents__img' src='https:\/\/bezpieczenstwopolskie.pl\/wp-content\/uploads\/2024\/01\/andrzej-miron-1.jpg' alt='Andrzej Miron' \/> <\/div>\n        \n      \n\t\t<\/div> <div class='prelegents__socials'><div class='linkedind-lost'><\/div><\/div><div class='prelegents__texts'><p class='prelegents__name'>Andrzej Miron<\/p><p class='prelegents__work'>Board Member for Technology & CIO, Nationale-Nederlanden<\/p>         \n                \n\t\t \t<\/div> \t  \t \n    <\/div>\n<\/div><div class='prelegents__modal modal fade' data-modal-id='19646' id='19646' role='dialog'>\n <button type='button' id='closeBtn' class='close-modal' data-dismiss='modal'>&times;<\/button>\n <div class='prelegents__modal-dialog'>\n    \n       \n      <div class='prelegents__modal-body'>\n         \n        <div class='prelegents__modal-content'>\n        <div class='prelegents__modal-note'><div class='prelegents__modal-boximg'><img class='prelegents__modal-img' src='https:\/\/bezpieczenstwopolskie.pl\/wp-content\/uploads\/2024\/01\/andrzej-miron-1.jpg' alt='' \/><\/div><div class='prelegents__texts'><p class='prelegents__name'>Andrzej Miron<\/p><p class='prelegents__work'>Board Member for Technology & CIO, Nationale-Nederlanden <\/p><\/div><\/div>\n\t\t\n\t\t<div class='prelegents__note'><\/div>\n\t\t \n         \n      <\/div><\/div>\n       \n  <\/div><\/div><\/div>\n        <div class='prelegents__box' data-box-id='19649'  id='19649'>\n        <div class='prelegents__wrapper'>\n    <div class='prelegents__content'><div class='prelegents__boximg'>\n        \n        \n     \n        <div data-toggle='modal' id='19649' data-target='#19649' ><img class='prelegents__img' src='https:\/\/bezpieczenstwopolskie.pl\/wp-content\/uploads\/2024\/01\/Tomasz-Nitsch-1.jpg' alt='Tomasz Nitsch' \/> <\/div>\n        \n      \n\t\t<\/div> <div class='prelegents__socials'><div class='prelegents__social'>\n\t\t  <a href='https:\/\/www.linkedin.com\/in\/tomasz-nitsch\/' rel='nofollow'><img class='prelegents__icon' alt='in' src='\/wp-content\/plugins\/prelegenci\/linkedin-new.png'><\/a><\/div><\/div><div class='prelegents__texts'><p class='prelegents__name'>Tomasz Nitsch<\/p><p class='prelegents__work'>Chief Data Officer, Millennium Bank, President of DAMA Poland Chapter<\/p>         \n                \n\t\t \t<\/div> \t  \t \n    <\/div>\n<\/div><div class='prelegents__modal modal fade' data-modal-id='19649' id='19649' role='dialog'>\n <button type='button' id='closeBtn' class='close-modal' data-dismiss='modal'>&times;<\/button>\n <div class='prelegents__modal-dialog'>\n    \n       \n      <div class='prelegents__modal-body'>\n         \n        <div class='prelegents__modal-content'>\n        <div class='prelegents__modal-note'><div class='prelegents__modal-boximg'><img class='prelegents__modal-img' src='https:\/\/bezpieczenstwopolskie.pl\/wp-content\/uploads\/2024\/01\/Tomasz-Nitsch-1.jpg' alt='' \/><\/div><div class='prelegents__texts'><p class='prelegents__name'>Tomasz Nitsch<\/p><p class='prelegents__work'>Chief Data Officer, Millennium Bank, President of DAMA Poland Chapter <\/p><\/div><\/div>\n\t\t\n\t\t<div class='prelegents__note'><\/div>\n\t\t \n         \n      <\/div><\/div>\n       \n  <\/div><\/div><\/div>\n        <div class='prelegents__box' data-box-id='19720'  id='19720'>\n        <div class='prelegents__wrapper'>\n    <div class='prelegents__content'><div class='prelegents__boximg'>\n        \n        \n     \n        <div data-toggle='modal' id='19720' data-target='#19720' ><img class='prelegents__img' src='https:\/\/bezpieczenstwopolskie.pl\/wp-content\/uploads\/2023\/10\/noran-300x300-1.png' alt='Marta Noran' \/> <\/div>\n        \n      \n\t\t<\/div> <div class='prelegents__socials'><div class='linkedind-lost'><\/div><\/div><div class='prelegents__texts'><p class='prelegents__name'>Marta Noran<\/p><p class='prelegents__work'>ESG & Sustainability Expert<\/p>         \n                \n\t\t \t<\/div> \t  \t \n    <\/div>\n<\/div><div class='prelegents__modal modal fade' data-modal-id='19720' id='19720' role='dialog'>\n <button type='button' id='closeBtn' class='close-modal' data-dismiss='modal'>&times;<\/button>\n <div class='prelegents__modal-dialog'>\n    \n       \n      <div class='prelegents__modal-body'>\n         \n        <div class='prelegents__modal-content'>\n        <div class='prelegents__modal-note'><div class='prelegents__modal-boximg'><img class='prelegents__modal-img' src='https:\/\/bezpieczenstwopolskie.pl\/wp-content\/uploads\/2023\/10\/noran-300x300-1.png' alt='' \/><\/div><div class='prelegents__texts'><p class='prelegents__name'>Marta Noran<\/p><p class='prelegents__work'>ESG & Sustainability Expert <\/p><\/div><\/div>\n\t\t\n\t\t<div class='prelegents__note'><\/div>\n\t\t \n         \n      <\/div><\/div>\n       \n  <\/div><\/div><\/div>\n        <div class='prelegents__box' data-box-id='19721'  id='19721'>\n        <div class='prelegents__wrapper'>\n    <div class='prelegents__content'><div class='prelegents__boximg'>\n        \n        \n     \n        <div data-toggle='modal' id='19721' data-target='#19721' ><img class='prelegents__img' src='https:\/\/bezpieczenstwopolskie.pl\/wp-content\/uploads\/2023\/10\/pasek300x300.png' alt='Albert Pasek' \/> <\/div>\n        \n      \n\t\t<\/div> <div class='prelegents__socials'><div class='linkedind-lost'><\/div><\/div><div class='prelegents__texts'><p class='prelegents__name'>Albert Pasek<\/p><p class='prelegents__work'>Dyrektor Departamentu Informatyki, Totalizator Sportowy<\/p>         \n                \n\t\t \t<\/div> \t  \t \n    <\/div>\n<\/div><div class='prelegents__modal modal fade' data-modal-id='19721' id='19721' role='dialog'>\n <button type='button' id='closeBtn' class='close-modal' data-dismiss='modal'>&times;<\/button>\n <div class='prelegents__modal-dialog'>\n    \n       \n      <div class='prelegents__modal-body'>\n         \n        <div class='prelegents__modal-content'>\n        <div class='prelegents__modal-note'><div class='prelegents__modal-boximg'><img class='prelegents__modal-img' src='https:\/\/bezpieczenstwopolskie.pl\/wp-content\/uploads\/2023\/10\/pasek300x300.png' alt='' \/><\/div><div class='prelegents__texts'><p class='prelegents__name'>Albert Pasek<\/p><p class='prelegents__work'>Dyrektor Departamentu Informatyki, Totalizator Sportowy <\/p><\/div><\/div>\n\t\t\n\t\t<div class='prelegents__note'><p>Director of IT Department in Totalizator Sportowy. Graduated from Faculty of Management at the University of Warsaw and from The George Washington University. Has over 20 years of IT experience in a variety of sectors. Managed many complex projects, including transformation and consolidation ones. Winner of Polish Project Excellence Award oraz Digital Excellence.<\/p>\n<\/div>\n\t\t \n         \n      <\/div><\/div>\n       \n  <\/div><\/div><\/div>\n        <div class='prelegents__box' data-box-id='19587'  id='19587'>\n        <div class='prelegents__wrapper'>\n    <div class='prelegents__content'><div class='prelegents__boximg'>\n        \n        \n     \n        <div data-toggle='modal' id='19587' data-target='#19587' ><img class='prelegents__img' src='https:\/\/bezpieczenstwopolskie.pl\/wp-content\/uploads\/2022\/12\/pieprznynew-300x300-1.png' alt='Micha\u0142 Pieprzny' \/> <\/div>\n        \n      \n\t\t<\/div> <div class='prelegents__socials'><div class='prelegents__social'>\n\t\t  <a href='https:\/\/www.linkedin.com\/in\/michal-pieprzny\/' rel='nofollow'><img class='prelegents__icon' alt='in' src='\/wp-content\/plugins\/prelegenci\/linkedin-new.png'><\/a><\/div><\/div><div class='prelegents__texts'><p class='prelegents__name'>Micha\u0142 Pieprzny<\/p><p class='prelegents__work'>Partner, Consulting Market Leader, Deloitte<\/p>         \n                \n\t\t \t<\/div> \t  \t \n    <\/div>\n<\/div><div class='prelegents__modal modal fade' data-modal-id='19587' id='19587' role='dialog'>\n <button type='button' id='closeBtn' class='close-modal' data-dismiss='modal'>&times;<\/button>\n <div class='prelegents__modal-dialog'>\n    \n       \n      <div class='prelegents__modal-body'>\n         \n        <div class='prelegents__modal-content'>\n        <div class='prelegents__modal-note'><div class='prelegents__modal-boximg'><img class='prelegents__modal-img' src='https:\/\/bezpieczenstwopolskie.pl\/wp-content\/uploads\/2022\/12\/pieprznynew-300x300-1.png' alt='' \/><\/div><div class='prelegents__texts'><p class='prelegents__name'>Micha\u0142 Pieprzny<\/p><p class='prelegents__work'>Partner, Consulting Market Leader, Deloitte <\/p><\/div><\/div>\n\t\t\n\t\t<div class='prelegents__note'><\/div>\n\t\t \n         \n      <\/div><\/div>\n       \n  <\/div><\/div><\/div>\n        <div class='prelegents__box' data-box-id='19682'  id='19682'>\n        <div class='prelegents__wrapper'>\n    <div class='prelegents__content'><div class='prelegents__boximg'>\n        \n        \n     \n        <div data-toggle='modal' id='19682' data-target='#19682' ><img class='prelegents__img' src='https:\/\/bezpieczenstwopolskie.pl\/wp-content\/uploads\/2024\/01\/me-1.jpg' alt='Piotr Pietrzyk' \/> <\/div>\n        \n      \n\t\t<\/div> <div class='prelegents__socials'><div class='prelegents__social'>\n\t\t  <a href='https:\/\/www.linkedin.com\/in\/pietpio\/' rel='nofollow'><img class='prelegents__icon' alt='in' src='\/wp-content\/plugins\/prelegenci\/linkedin-new.png'><\/a><\/div><\/div><div class='prelegents__texts'><p class='prelegents__name'>Piotr Pietrzyk<\/p><p class='prelegents__work'>Head of Data Governance, Luminor Group<\/p>         \n                \n\t\t \t<\/div> \t  \t \n    <\/div>\n<\/div><div class='prelegents__modal modal fade' data-modal-id='19682' id='19682' role='dialog'>\n <button type='button' id='closeBtn' class='close-modal' data-dismiss='modal'>&times;<\/button>\n <div class='prelegents__modal-dialog'>\n    \n       \n      <div class='prelegents__modal-body'>\n         \n        <div class='prelegents__modal-content'>\n        <div class='prelegents__modal-note'><div class='prelegents__modal-boximg'><img class='prelegents__modal-img' src='https:\/\/bezpieczenstwopolskie.pl\/wp-content\/uploads\/2024\/01\/me-1.jpg' alt='' \/><\/div><div class='prelegents__texts'><p class='prelegents__name'>Piotr Pietrzyk<\/p><p class='prelegents__work'>Head of Data Governance, Luminor Group <\/p><\/div><\/div>\n\t\t\n\t\t<div class='prelegents__note'><p>The visioner with technical mastery of Data Governance, Data Management and Data Quality.<\/p>\n<p>In the past, Piotr worked for Deutsche Bank, HSBC and Philip Morris in several positions and covered different responsibilities to<br \/>\nmake the data as an asset.<\/p>\n<p>Currently, he is the Head of Data Governance within AVON Company, where he is responsible for Data Governance activities and a big fan of the Data Lineage &#038; DAMA<\/p>\n<\/div>\n\t\t \n         \n      <\/div><\/div>\n       \n  <\/div><\/div><\/div>\n        <div class='prelegents__box' data-box-id='19648'  id='19648'>\n        <div class='prelegents__wrapper'>\n    <div class='prelegents__content'><div class='prelegents__boximg'>\n        \n        \n     \n        <div data-toggle='modal' id='19648' data-target='#19648' ><img class='prelegents__img' src='https:\/\/bezpieczenstwopolskie.pl\/wp-content\/uploads\/2023\/03\/plawiak.png' alt='Robert P\u0142awiak' \/> <\/div>\n        \n      \n\t\t<\/div> <div class='prelegents__socials'><div class='prelegents__social'>\n\t\t  <a href='https:\/\/www.linkedin.com\/in\/robertplawiak' rel='nofollow'><img class='prelegents__icon' alt='in' src='\/wp-content\/plugins\/prelegenci\/linkedin-new.png'><\/a><\/div><\/div><div class='prelegents__texts'><p class='prelegents__name'>Robert P\u0142awiak<\/p><p class='prelegents__work'>CDIO \/ CTO, Polpharma<\/p>         \n                \n\t\t \t<\/div> \t  \t \n    <\/div>\n<\/div><div class='prelegents__modal modal fade' data-modal-id='19648' id='19648' role='dialog'>\n <button type='button' id='closeBtn' class='close-modal' data-dismiss='modal'>&times;<\/button>\n <div class='prelegents__modal-dialog'>\n    \n       \n      <div class='prelegents__modal-body'>\n         \n        <div class='prelegents__modal-content'>\n        <div class='prelegents__modal-note'><div class='prelegents__modal-boximg'><img class='prelegents__modal-img' src='https:\/\/bezpieczenstwopolskie.pl\/wp-content\/uploads\/2023\/03\/plawiak.png' alt='' \/><\/div><div class='prelegents__texts'><p class='prelegents__name'>Robert P\u0142awiak<\/p><p class='prelegents__work'>CDIO \/ CTO, Polpharma <\/p><\/div><\/div>\n\t\t\n\t\t<div class='prelegents__note'><p>Robert P\u0142awiak \u2013 Since November 2022 as Chief Digital&amp;Technology&amp;Information Office in Polpharma, Poland. He is responsible for all aspects of digitalization, and technology areas of IT&amp;OT processes in the most significant pharma manufactures. In the last four years (2018-2022), as the President and Group CIO, he implemented many changes in business processes in the pharmaceutical and healthcare industry. He contributed to the construction of a new system for the distribution of vaccines against COVID-19 in Poland, and optimized business processes based on implementing and modernizing IT solutions, including WMS, TMS, and ERP. In the Pelion Group, he was responsible for M&amp;A processes and completed the transfer of the management of the Swedish pharmacy network and the IT ecosystem to Poland.<br \/>\nAdditionally, Robert is involved in expanding NGO in Poland as President of the IT LEADER CLUB POLSKA foundation. During the last ten years, was established well knows IT Academy for public sector employees that can graduate MBA level. He is a graduate of the computer systems course at the Military Technical Academy in Warsaw and MBA studies at the Warsaw School of Economics. In 2022 he finished studies at Cambridge University School in the field of Digital Disruption Transformation and Strategy. He has broad management and leadership experience reaching nearly 20 years in insurance, banking, leasing, pharmacy, and healthcare. It was gained by managing computerization processes and projects, cybersecurity, and building and deploying IT strategy in insurance and financial state institutions in Poland.<br \/>\nIn his career so far, Robert P\u0142awiak was related, among others, to the PZU Group (PZU SA, PZU \u017bycie SA), the EFL Group, Bank Handlowy S.A., Inteligo Financial Services S.A., EFG Eurobank Ergasias S.A. (PolbankEFG brand), FunduszMikro Sp. z o.o. , FM BANK S.A., Raiffeisen Bank Poland S.A. He is also an active member of the PMI International&amp;Polska, ISACA, and ISSA associations, and an active speaker at many IT conferences in Poland organized by PMI, ISACA, ISSA, Puls Biznesu, Rzeczpospolita. In the above companies, Robert P\u0142awiak was developing and implementing IT strategies and team transformations and digital transformations in technology divisions subordinated to him. He was leading and acquiring IT projects on an international scale. Moreover, he was responsible for optimization and increasing cost efficiency in IT. As Chief Information Officer in the EFL Group, he was responsible for the development and implementation of the IT strategy, and IT transformation in the years 2017-2020, as well as the construction and implementation of the corporate architecture strategy and IT sourcing in the companies that are part of the EFL Group.<\/p>\n<\/div>\n\t\t \n         \n      <\/div><\/div>\n       \n  <\/div><\/div><\/div>\n        <div class='prelegents__box' data-box-id='19722'  id='19722'>\n        <div class='prelegents__wrapper'>\n    <div class='prelegents__content'><div class='prelegents__boximg'>\n        \n        \n     \n        <div data-toggle='modal' id='19722' data-target='#19722' ><img class='prelegents__img' src='https:\/\/bezpieczenstwopolskie.pl\/wp-content\/uploads\/2023\/10\/rogalinska-300x300-1.png' alt='Dominika Rogali\u0144ska' \/> <\/div>\n        \n      \n\t\t<\/div> <div class='prelegents__socials'><div class='linkedind-lost'><\/div><\/div><div class='prelegents__texts'><p class='prelegents__name'>Dominika Rogali\u0144ska<\/p><p class='prelegents__work'>Dyrektor Departamentu Innowacji, G\u0142\u00f3wny Urz\u0105d Statystyczny<\/p>         \n                \n\t\t \t<\/div> \t  \t \n    <\/div>\n<\/div><div class='prelegents__modal modal fade' data-modal-id='19722' id='19722' role='dialog'>\n <button type='button' id='closeBtn' class='close-modal' data-dismiss='modal'>&times;<\/button>\n <div class='prelegents__modal-dialog'>\n    \n       \n      <div class='prelegents__modal-body'>\n         \n        <div class='prelegents__modal-content'>\n        <div class='prelegents__modal-note'><div class='prelegents__modal-boximg'><img class='prelegents__modal-img' src='https:\/\/bezpieczenstwopolskie.pl\/wp-content\/uploads\/2023\/10\/rogalinska-300x300-1.png' alt='' \/><\/div><div class='prelegents__texts'><p class='prelegents__name'>Dominika Rogali\u0144ska<\/p><p class='prelegents__work'>Dyrektor Departamentu Innowacji, G\u0142\u00f3wny Urz\u0105d Statystyczny <\/p><\/div><\/div>\n\t\t\n\t\t<div class='prelegents__note'><p>Dominika Rogalinska, has held managerial positions at Statistics Poland since 2007 \u2013 most recently, from June 2023, as Director of the Innovation Department. She has many years of experience in the implementation of statistical surveys, methodological and conceptual work on the development of spatial statistics. In addition, she coordinates the implementation of innovation in Polish official statistics through modernization projects and internal development programs, such as recently launched Data Science Academy.<br \/>\nShe holds a Master\u2019s degree in economics from the University of Warsaw, and is a PhD candidate at the Warsaw School of Economics. Dominika Rogali\u0144ska is a member of the Committee for Spatial Economy and Regional Planning of the Polish Academy of Science.<\/p>\n<\/div>\n\t\t \n         \n      <\/div><\/div>\n       \n  <\/div><\/div><\/div>\n        <div class='prelegents__box' data-box-id='19706'  id='19706'>\n        <div class='prelegents__wrapper'>\n    <div class='prelegents__content'><div class='prelegents__boximg'>\n        \n        \n     \n        <div data-toggle='modal' id='19706' data-target='#19706' ><img class='prelegents__img' src='https:\/\/bezpieczenstwopolskie.pl\/wp-content\/uploads\/2023\/09\/rowinski300x300.png' alt='Piotr R\u00f3wi\u0144ski' \/> <\/div>\n        \n      \n\t\t<\/div> <div class='prelegents__socials'><div class='linkedind-lost'><\/div><\/div><div class='prelegents__texts'><p class='prelegents__name'>Piotr R\u00f3wi\u0144ski<\/p><p class='prelegents__work'>Partner, ESG Risk Management Leader, PwC<\/p>         \n                \n\t\t \t<\/div> \t  \t \n    <\/div>\n<\/div><div class='prelegents__modal modal fade' data-modal-id='19706' id='19706' role='dialog'>\n <button type='button' id='closeBtn' class='close-modal' data-dismiss='modal'>&times;<\/button>\n <div class='prelegents__modal-dialog'>\n    \n       \n      <div class='prelegents__modal-body'>\n         \n        <div class='prelegents__modal-content'>\n        <div class='prelegents__modal-note'><div class='prelegents__modal-boximg'><img class='prelegents__modal-img' src='https:\/\/bezpieczenstwopolskie.pl\/wp-content\/uploads\/2023\/09\/rowinski300x300.png' alt='' \/><\/div><div class='prelegents__texts'><p class='prelegents__name'>Piotr R\u00f3wi\u0144ski<\/p><p class='prelegents__work'>Partner, ESG Risk Management Leader, PwC <\/p><\/div><\/div>\n\t\t\n\t\t<div class='prelegents__note'><\/div>\n\t\t \n         \n      <\/div><\/div>\n       \n  <\/div><\/div><\/div>\n        <div class='prelegents__box' data-box-id='19707'  id='19707'>\n        <div class='prelegents__wrapper'>\n    <div class='prelegents__content'><div class='prelegents__boximg'>\n        \n        \n     \n        <div data-toggle='modal' id='19707' data-target='#19707' ><img class='prelegents__img' src='https:\/\/bezpieczenstwopolskie.pl\/wp-content\/uploads\/2024\/01\/rychter-300x300-1-1.png' alt='Tomasz Rychter' \/> <\/div>\n        \n      \n\t\t<\/div> <div class='prelegents__socials'><div class='linkedind-lost'><\/div><\/div><div class='prelegents__texts'><p class='prelegents__name'>Tomasz Rychter<\/p><p class='prelegents__work'>Director of the Innovation and Quality Division, Centralny O\u015brodek Informatyki<\/p>         \n                \n\t\t \t<\/div> \t  \t \n    <\/div>\n<\/div><div class='prelegents__modal modal fade' data-modal-id='19707' id='19707' role='dialog'>\n <button type='button' id='closeBtn' class='close-modal' data-dismiss='modal'>&times;<\/button>\n <div class='prelegents__modal-dialog'>\n    \n       \n      <div class='prelegents__modal-body'>\n         \n        <div class='prelegents__modal-content'>\n        <div class='prelegents__modal-note'><div class='prelegents__modal-boximg'><img class='prelegents__modal-img' src='https:\/\/bezpieczenstwopolskie.pl\/wp-content\/uploads\/2024\/01\/rychter-300x300-1-1.png' alt='' \/><\/div><div class='prelegents__texts'><p class='prelegents__name'>Tomasz Rychter<\/p><p class='prelegents__work'>Director of the Innovation and Quality Division, Centralny O\u015brodek Informatyki <\/p><\/div><\/div>\n\t\t\n\t\t<div class='prelegents__note'><\/div>\n\t\t \n         \n      <\/div><\/div>\n       \n  <\/div><\/div><\/div>\n        <div class='prelegents__box' data-box-id='19674'  id='19674'>\n        <div class='prelegents__wrapper'>\n    <div class='prelegents__content'><div class='prelegents__boximg'>\n        \n        \n     \n        <div data-toggle='modal' id='19674' data-target='#19674' ><img class='prelegents__img' src='https:\/\/bezpieczenstwopolskie.pl\/wp-content\/uploads\/2024\/01\/surma-crop-1.jpg' alt='dr hab. in\u017c. Jerzy Surma' \/> <\/div>\n        \n      \n\t\t<\/div> <div class='prelegents__socials'><div class='linkedind-lost'><\/div><\/div><div class='prelegents__texts'><p class='prelegents__name'>dr hab. in\u017c. Jerzy Surma<\/p><p class='prelegents__work'>Institute of Information Technology and Digital Economy, Szko\u0142a G\u0142\u00f3wna Handlowa<\/p>         \n                \n\t\t \t<\/div> \t  \t \n    <\/div>\n<\/div><div class='prelegents__modal modal fade' data-modal-id='19674' id='19674' role='dialog'>\n <button type='button' id='closeBtn' class='close-modal' data-dismiss='modal'>&times;<\/button>\n <div class='prelegents__modal-dialog'>\n    \n       \n      <div class='prelegents__modal-body'>\n         \n        <div class='prelegents__modal-content'>\n        <div class='prelegents__modal-note'><div class='prelegents__modal-boximg'><img class='prelegents__modal-img' src='https:\/\/bezpieczenstwopolskie.pl\/wp-content\/uploads\/2024\/01\/surma-crop-1.jpg' alt='' \/><\/div><div class='prelegents__texts'><p class='prelegents__name'>dr hab. in\u017c. Jerzy Surma<\/p><p class='prelegents__work'>Institute of Information Technology and Digital Economy, Szko\u0142a G\u0142\u00f3wna Handlowa <\/p><\/div><\/div>\n\t\t\n\t\t<div class='prelegents__note'><\/div>\n\t\t \n         \n      <\/div><\/div>\n       \n  <\/div><\/div><\/div>\n        <div class='prelegents__box' data-box-id='19708'  id='19708'>\n        <div class='prelegents__wrapper'>\n    <div class='prelegents__content'><div class='prelegents__boximg'>\n        \n        \n     \n        <div data-toggle='modal' id='19708' data-target='#19708' ><img class='prelegents__img' src='https:\/\/bezpieczenstwopolskie.pl\/wp-content\/uploads\/2024\/01\/Karim-Sylla-2.jpg' alt='Karim Sylla' \/> <\/div>\n        \n      \n\t\t<\/div> <div class='prelegents__socials'><div class='linkedind-lost'><\/div><\/div><div class='prelegents__texts'><p class='prelegents__name'>Karim Sylla<\/p><p class='prelegents__work'>Director of Analytics & Data Science, Grupa \u017babka<\/p>         \n                \n\t\t \t<\/div> \t  \t \n    <\/div>\n<\/div><div class='prelegents__modal modal fade' data-modal-id='19708' id='19708' role='dialog'>\n <button type='button' id='closeBtn' class='close-modal' data-dismiss='modal'>&times;<\/button>\n <div class='prelegents__modal-dialog'>\n    \n       \n      <div class='prelegents__modal-body'>\n         \n        <div class='prelegents__modal-content'>\n        <div class='prelegents__modal-note'><div class='prelegents__modal-boximg'><img class='prelegents__modal-img' src='https:\/\/bezpieczenstwopolskie.pl\/wp-content\/uploads\/2024\/01\/Karim-Sylla-2.jpg' alt='' \/><\/div><div class='prelegents__texts'><p class='prelegents__name'>Karim Sylla<\/p><p class='prelegents__work'>Director of Analytics & Data Science, Grupa \u017babka <\/p><\/div><\/div>\n\t\t\n\t\t<div class='prelegents__note'><\/div>\n\t\t \n         \n      <\/div><\/div>\n       \n  <\/div><\/div><\/div>\n        <div class='prelegents__box' data-box-id='19628'  id='19628'>\n        <div class='prelegents__wrapper'>\n    <div class='prelegents__content'><div class='prelegents__boximg'>\n        \n        \n     \n        <div data-toggle='modal' id='19628' data-target='#19628' ><img class='prelegents__img' src='https:\/\/bezpieczenstwopolskie.pl\/wp-content\/uploads\/2023\/03\/szarata300x300.png' alt='prof. dr hab. in\u017c. Andrzej Szarata' \/> <\/div>\n        \n      \n\t\t<\/div> <div class='prelegents__socials'><div class='linkedind-lost'><\/div><\/div><div class='prelegents__texts'><p class='prelegents__name'>prof. dr hab. in\u017c. Andrzej Szarata<\/p><p class='prelegents__work'>Rector, Politechnika Krakowska<\/p>         \n                \n\t\t \t<\/div> \t  \t \n    <\/div>\n<\/div><div class='prelegents__modal modal fade' data-modal-id='19628' id='19628' role='dialog'>\n <button type='button' id='closeBtn' class='close-modal' data-dismiss='modal'>&times;<\/button>\n <div class='prelegents__modal-dialog'>\n    \n       \n      <div class='prelegents__modal-body'>\n         \n        <div class='prelegents__modal-content'>\n        <div class='prelegents__modal-note'><div class='prelegents__modal-boximg'><img class='prelegents__modal-img' src='https:\/\/bezpieczenstwopolskie.pl\/wp-content\/uploads\/2023\/03\/szarata300x300.png' alt='' \/><\/div><div class='prelegents__texts'><p class='prelegents__name'>prof. dr hab. in\u017c. Andrzej Szarata<\/p><p class='prelegents__work'>Rector, Politechnika Krakowska <\/p><\/div><\/div>\n\t\t\n\t\t<div class='prelegents__note'><p>Prof. Andrzej Szarata \u2013 Rector of the Cracow University of Technology, former Dean of the Civil Engineering Faculty. Doctoral dissertation (2006) was devoted to Park and Ride modelling and was first scientific analysis of such system in Poland. Habilitation monograph (2014) is focused on induced demand modelling and its application in estimation of functional effectiveness of transport infrastructure investments. Member of the Scientific Council in: The Building Research Institute and The Railway Institute, The General Directorate for National Roads and Motorways and Metro Warszawskie. The author of over 100 scientific papers covering many transportation issues: city and regional transport policy, induced demand modelling, modal split modelling, efficiency estimation of transport investments, high speed rail development, regional transport system and parking lot analysis. Main field of interest is transport policy and developing transportation models on agglomeration and regional level. He is author or co-author of over 300 projects related to development of transport system at local, regional and national level (also EU projects).<\/p>\n<\/div>\n\t\t \n         \n      <\/div><\/div>\n       \n  <\/div><\/div><\/div>\n        <div class='prelegents__box' data-box-id='19710'  id='19710'>\n        <div class='prelegents__wrapper'>\n    <div class='prelegents__content'><div class='prelegents__boximg'>\n        \n        \n     \n        <div data-toggle='modal' id='19710' data-target='#19710' ><img class='prelegents__img' src='https:\/\/bezpieczenstwopolskie.pl\/wp-content\/uploads\/2023\/09\/szaszkiewicz300x300-1.png' alt='Lucyna Szaszkiewicz' \/> <\/div>\n        \n      \n\t\t<\/div> <div class='prelegents__socials'><div class='linkedind-lost'><\/div><\/div><div class='prelegents__texts'><p class='prelegents__name'>Lucyna Szaszkiewicz<\/p><p class='prelegents__work'>CEO & Co-Founder, 1strike<\/p>         \n                \n\t\t \t<\/div> \t  \t \n    <\/div>\n<\/div><div class='prelegents__modal modal fade' data-modal-id='19710' id='19710' role='dialog'>\n <button type='button' id='closeBtn' class='close-modal' data-dismiss='modal'>&times;<\/button>\n <div class='prelegents__modal-dialog'>\n    \n       \n      <div class='prelegents__modal-body'>\n         \n        <div class='prelegents__modal-content'>\n        <div class='prelegents__modal-note'><div class='prelegents__modal-boximg'><img class='prelegents__modal-img' src='https:\/\/bezpieczenstwopolskie.pl\/wp-content\/uploads\/2023\/09\/szaszkiewicz300x300-1.png' alt='' \/><\/div><div class='prelegents__texts'><p class='prelegents__name'>Lucyna Szaszkiewicz<\/p><p class='prelegents__work'>CEO & Co-Founder, 1strike <\/p><\/div><\/div>\n\t\t\n\t\t<div class='prelegents__note'><\/div>\n\t\t \n         \n      <\/div><\/div>\n       \n  <\/div><\/div><\/div>\n        <div class='prelegents__box' data-box-id='19605'  id='19605'>\n        <div class='prelegents__wrapper'>\n    <div class='prelegents__content'><div class='prelegents__boximg'>\n        \n        \n     \n        <div data-toggle='modal' id='19605' data-target='#19605' ><img class='prelegents__img' src='https:\/\/bezpieczenstwopolskie.pl\/wp-content\/uploads\/2024\/01\/Blazej-Szczecki.jpg' alt='B\u0142a\u017cej Szczecki' \/> <\/div>\n        \n      \n\t\t<\/div> <div class='prelegents__socials'><div class='prelegents__social'>\n\t\t  <a href='https:\/\/www.linkedin.com\/in\/blazej-szczecki-31261b1\/' rel='nofollow'><img class='prelegents__icon' alt='in' src='\/wp-content\/plugins\/prelegenci\/linkedin-new.png'><\/a><\/div><\/div><div class='prelegents__texts'><p class='prelegents__name'>B\u0142a\u017cej Szczecki<\/p><p class='prelegents__work'>Deputy CEO supervising Banking Operations and IT Division, Bank Pekao SA<\/p>         \n                \n\t\t \t<\/div> \t  \t \n    <\/div>\n<\/div><div class='prelegents__modal modal fade' data-modal-id='19605' id='19605' role='dialog'>\n <button type='button' id='closeBtn' class='close-modal' data-dismiss='modal'>&times;<\/button>\n <div class='prelegents__modal-dialog'>\n    \n       \n      <div class='prelegents__modal-body'>\n         \n        <div class='prelegents__modal-content'>\n        <div class='prelegents__modal-note'><div class='prelegents__modal-boximg'><img class='prelegents__modal-img' src='https:\/\/bezpieczenstwopolskie.pl\/wp-content\/uploads\/2024\/01\/Blazej-Szczecki.jpg' alt='' \/><\/div><div class='prelegents__texts'><p class='prelegents__name'>B\u0142a\u017cej Szczecki<\/p><p class='prelegents__work'>Deputy CEO supervising Banking Operations and IT Division, Bank Pekao SA <\/p><\/div><\/div>\n\t\t\n\t\t<div class='prelegents__note'><p>Vice President of the Management Board supervising Banking Operations and IT Division<\/p>\n<p>Professionally associated with the Pekao Group since 2004. From 2018 till 2021 he has served as the Chief Transformation Officer and subsequently as the Chief Strategy Officer of Bank Pekao, responsible a.o. for the digital and operational transformation, as well as for the coordination of the work on the strategy of the Bank. From 2017 till 2018 he was responsible for the Transformation and Services Division, where he managed a.o. IT and Operations of the Bank. In 2010- 2017 he was Member of the Management Board of Pekao Leasing Sp. z o.o., where he assumed responsibility for IT, operations, insurance business, and customer service.<\/p>\n<p>Previously, from 2004 till 2010 he held various leadership roles in the Corporate Banking Division of Bank Pekao,including participation in the taskforce preparing the merger of Bank Pekao with the BPH Bank. Before joining Bank Pekao, he worked as consultant for McKinsey and Co. in Frankfurt (Main) in Germany. He also served as a research associate at the University in Frankfurt (Oder) and in Giessen (Germany), as well as professional experience at Dresdner Bank. Since 2017 he has served as the Chairman of the Supervisory Board of Centrum Kart. In addition, from 2017 till 2020 he was also the Vice-chairmen of the Supervisory Board of Pekao Financial Services.<\/p>\n<p>From 2017, Chairman of the Supervisory Board of Centrum Kart S.A. From 2017 to August 2020, in the Supervisory Board of Pekao Financial Services Sp. z o.o. he was the Deputy Chairman and Secretary of the Supervisory Board. He was reappointed to the Supervisory Board of Pekao Financial Services Sp. z o.o. in March 2021 and serves as the Chairman of the company&#8217;s Supervisory Board.<\/p>\n<p>He has a Ph.D degree in economics from the European University Viadrina Frankfurt (Oder), he graduated from the Faculty of Economics at the European University Viadrina Frankfurt (Oder). He participated in numerous courses and trainings in Poland and abroad, a.o. Unifuture in cooperation with the Institute for Management Development (IMD) in Lausanne (Switzerland).<\/p>\n<\/div>\n\t\t \n         \n      <\/div><\/div>\n       \n  <\/div><\/div><\/div>\n        <div class='prelegents__box' data-box-id='19675'  id='19675'>\n        <div class='prelegents__wrapper'>\n    <div class='prelegents__content'><div class='prelegents__boximg'>\n        \n        \n     \n        <div data-toggle='modal' id='19675' data-target='#19675' ><img class='prelegents__img' src='https:\/\/bezpieczenstwopolskie.pl\/wp-content\/uploads\/2024\/01\/maziukiewicz-crop-1.jpg' alt='Agnieszka Szopa-Maziukiewicz' \/> <\/div>\n        \n      \n\t\t<\/div> <div class='prelegents__socials'><div class='linkedind-lost'><\/div><\/div><div class='prelegents__texts'><p class='prelegents__name'>Agnieszka Szopa-Maziukiewicz<\/p><p class='prelegents__work'>CEO of Digital Fingerprints & Managing Director of IT Area at BIK<\/p>         \n                \n\t\t \t<\/div> \t  \t \n    <\/div>\n<\/div><div class='prelegents__modal modal fade' data-modal-id='19675' id='19675' role='dialog'>\n <button type='button' id='closeBtn' class='close-modal' data-dismiss='modal'>&times;<\/button>\n <div class='prelegents__modal-dialog'>\n    \n       \n      <div class='prelegents__modal-body'>\n         \n        <div class='prelegents__modal-content'>\n        <div class='prelegents__modal-note'><div class='prelegents__modal-boximg'><img class='prelegents__modal-img' src='https:\/\/bezpieczenstwopolskie.pl\/wp-content\/uploads\/2024\/01\/maziukiewicz-crop-1.jpg' alt='' \/><\/div><div class='prelegents__texts'><p class='prelegents__name'>Agnieszka Szopa-Maziukiewicz<\/p><p class='prelegents__work'>CEO of Digital Fingerprints & Managing Director of IT Area at BIK <\/p><\/div><\/div>\n\t\t\n\t\t<div class='prelegents__note'><\/div>\n\t\t \n         \n      <\/div><\/div>\n       \n  <\/div><\/div><\/div>\n        <div class='prelegents__box' data-box-id='19594'  id='19594'>\n        <div class='prelegents__wrapper'>\n    <div class='prelegents__content'><div class='prelegents__boximg'>\n        \n        \n     \n        <div data-toggle='modal' id='19594' data-target='#19594' ><img class='prelegents__img' src='https:\/\/bezpieczenstwopolskie.pl\/wp-content\/uploads\/2024\/01\/Pawel-Szymczak-foto-1.jpg' alt='Pawe\u0142 Szymczak' \/> <\/div>\n        \n      \n\t\t<\/div> <div class='prelegents__socials'><div class='prelegents__social'>\n\t\t  <a href='https:\/\/www.linkedin.com\/in\/pawe%C5%82-szymczak-355653142\/' rel='nofollow'><img class='prelegents__icon' alt='in' src='\/wp-content\/plugins\/prelegenci\/linkedin-new.png'><\/a><\/div><\/div><div class='prelegents__texts'><p class='prelegents__name'>Pawe\u0142 Szymczak<\/p><p class='prelegents__work'>Cybersecurity Expert<\/p>         \n                \n\t\t \t<\/div> \t  \t \n    <\/div>\n<\/div><div class='prelegents__modal modal fade' data-modal-id='19594' id='19594' role='dialog'>\n <button type='button' id='closeBtn' class='close-modal' data-dismiss='modal'>&times;<\/button>\n <div class='prelegents__modal-dialog'>\n    \n       \n      <div class='prelegents__modal-body'>\n         \n        <div class='prelegents__modal-content'>\n        <div class='prelegents__modal-note'><div class='prelegents__modal-boximg'><img class='prelegents__modal-img' src='https:\/\/bezpieczenstwopolskie.pl\/wp-content\/uploads\/2024\/01\/Pawel-Szymczak-foto-1.jpg' alt='' \/><\/div><div class='prelegents__texts'><p class='prelegents__name'>Pawe\u0142 Szymczak<\/p><p class='prelegents__work'>Cybersecurity Expert <\/p><\/div><\/div>\n\t\t\n\t\t<div class='prelegents__note'><\/div>\n\t\t \n         \n      <\/div><\/div>\n       \n  <\/div><\/div><\/div>\n        <div class='prelegents__box' data-box-id='19695'  id='19695'>\n        <div class='prelegents__wrapper'>\n    <div class='prelegents__content'><div class='prelegents__boximg'>\n        \n        \n     \n        <div data-toggle='modal' id='19695' data-target='#19695' ><img class='prelegents__img' src='https:\/\/bezpieczenstwopolskie.pl\/wp-content\/uploads\/2024\/01\/konrad-slusarczyk-300x300-1-1.png' alt='Konrad \t\u015alusarczyk' \/> <\/div>\n        \n      \n\t\t<\/div> <div class='prelegents__socials'><div class='linkedind-lost'><\/div><\/div><div class='prelegents__texts'><p class='prelegents__name'>Konrad \t\u015alusarczyk<\/p><p class='prelegents__work'>Director, Government Engagement CEE<\/p>         \n                \n\t\t \t<\/div> \t  \t \n    <\/div>\n<\/div><div class='prelegents__modal modal fade' data-modal-id='19695' id='19695' role='dialog'>\n <button type='button' id='closeBtn' class='close-modal' data-dismiss='modal'>&times;<\/button>\n <div class='prelegents__modal-dialog'>\n    \n       \n      <div class='prelegents__modal-body'>\n         \n        <div class='prelegents__modal-content'>\n        <div class='prelegents__modal-note'><div class='prelegents__modal-boximg'><img class='prelegents__modal-img' src='https:\/\/bezpieczenstwopolskie.pl\/wp-content\/uploads\/2024\/01\/konrad-slusarczyk-300x300-1-1.png' alt='' \/><\/div><div class='prelegents__texts'><p class='prelegents__name'>Konrad \t\u015alusarczyk<\/p><p class='prelegents__work'>Director, Government Engagement CEE <\/p><\/div><\/div>\n\t\t\n\t\t<div class='prelegents__note'><p>Konrad is in charge of Government Engagement &amp; Regulatory Affairs team in Central Eastern Europe responsible for advocacy efforts related to policy and regulatory payments landscape in CEE markets (PSD2, IFR, EV and others) and building relations with public administration and supervisory authorities.<\/p>\n<p>He has been working for the payment services industry since 2006, capturing full spectrum of market players both from private (leading Polish acquirer and commercial banks) and public sector throughout the ecosystem. Prior to working for Visa he held an expert positions in Polish Financial Supervision Authority and the National Bank of Poland where he was responsible for systemic oversight of payment schemes and systems.<\/p>\n<\/div>\n\t\t \n         \n      <\/div><\/div>\n       \n  <\/div><\/div><\/div>\n        <div class='prelegents__box' data-box-id='19724'  id='19724'>\n        <div class='prelegents__wrapper'>\n    <div class='prelegents__content'><div class='prelegents__boximg'>\n        \n        \n     \n        <div data-toggle='modal' id='19724' data-target='#19724' ><img class='prelegents__img' src='https:\/\/bezpieczenstwopolskie.pl\/wp-content\/uploads\/2023\/10\/edyta-taranuj-300x300-1.png' alt='Edyta Tararuj' \/> <\/div>\n        \n      \n\t\t<\/div> <div class='prelegents__socials'><div class='linkedind-lost'><\/div><\/div><div class='prelegents__texts'><p class='prelegents__name'>Edyta Tararuj<\/p><p class='prelegents__work'>Director of Product Development Office, PKO Bank Polski<\/p>         \n                \n\t\t \t<\/div> \t  \t \n    <\/div>\n<\/div><div class='prelegents__modal modal fade' data-modal-id='19724' id='19724' role='dialog'>\n <button type='button' id='closeBtn' class='close-modal' data-dismiss='modal'>&times;<\/button>\n <div class='prelegents__modal-dialog'>\n    \n       \n      <div class='prelegents__modal-body'>\n         \n        <div class='prelegents__modal-content'>\n        <div class='prelegents__modal-note'><div class='prelegents__modal-boximg'><img class='prelegents__modal-img' src='https:\/\/bezpieczenstwopolskie.pl\/wp-content\/uploads\/2023\/10\/edyta-taranuj-300x300-1.png' alt='' \/><\/div><div class='prelegents__texts'><p class='prelegents__name'>Edyta Tararuj<\/p><p class='prelegents__work'>Director of Product Development Office, PKO Bank Polski <\/p><\/div><\/div>\n\t\t\n\t\t<div class='prelegents__note'><\/div>\n\t\t \n         \n      <\/div><\/div>\n       \n  <\/div><\/div><\/div>\n        <div class='prelegents__box' data-box-id='19624'  id='19624'>\n        <div class='prelegents__wrapper'>\n    <div class='prelegents__content'><div class='prelegents__boximg'>\n        \n        \n     \n        <div data-toggle='modal' id='19624' data-target='#19624' ><img class='prelegents__img' src='https:\/\/bezpieczenstwopolskie.pl\/wp-content\/uploads\/2024\/01\/Aleksandra-Trojanowska-1.jpg' alt='Aleksandra Trojanowska' \/> <\/div>\n        \n      \n\t\t<\/div> <div class='prelegents__socials'><div class='prelegents__social'>\n\t\t  <a href='https:\/\/www.linkedin.com\/in\/aleksandraktrojanowska\/' rel='nofollow'><img class='prelegents__icon' alt='in' src='\/wp-content\/plugins\/prelegenci\/linkedin-new.png'><\/a><\/div><\/div><div class='prelegents__texts'><p class='prelegents__name'>Aleksandra Trojanowska<\/p><p class='prelegents__work'>Co-Founder & Managing Director, Algorable<\/p>         \n                \n\t\t \t<\/div> \t  \t \n    <\/div>\n<\/div><div class='prelegents__modal modal fade' data-modal-id='19624' id='19624' role='dialog'>\n <button type='button' id='closeBtn' class='close-modal' data-dismiss='modal'>&times;<\/button>\n <div class='prelegents__modal-dialog'>\n    \n       \n      <div class='prelegents__modal-body'>\n         \n        <div class='prelegents__modal-content'>\n        <div class='prelegents__modal-note'><div class='prelegents__modal-boximg'><img class='prelegents__modal-img' src='https:\/\/bezpieczenstwopolskie.pl\/wp-content\/uploads\/2024\/01\/Aleksandra-Trojanowska-1.jpg' alt='' \/><\/div><div class='prelegents__texts'><p class='prelegents__name'>Aleksandra Trojanowska<\/p><p class='prelegents__work'>Co-Founder & Managing Director, Algorable <\/p><\/div><\/div>\n\t\t\n\t\t<div class='prelegents__note'><\/div>\n\t\t \n         \n      <\/div><\/div>\n       \n  <\/div><\/div><\/div>\n        <div class='prelegents__box' data-box-id='19711'  id='19711'>\n        <div class='prelegents__wrapper'>\n    <div class='prelegents__content'><div class='prelegents__boximg'>\n        \n        \n     \n        <div data-toggle='modal' id='19711' data-target='#19711' ><img class='prelegents__img' src='https:\/\/bezpieczenstwopolskie.pl\/wp-content\/uploads\/2024\/01\/tymczyszyn-2.png' alt='Pawe\u0142 Tymczyszyn' \/> <\/div>\n        \n      \n\t\t<\/div> <div class='prelegents__socials'><div class='linkedind-lost'><\/div><\/div><div class='prelegents__texts'><p class='prelegents__name'>Pawe\u0142 Tymczyszyn<\/p><p class='prelegents__work'>Wiceprezes Zarz\u0105du nadzoruj\u0105cy obszar IT & RODO, Alior Bank<\/p>         \n                \n\t\t \t<\/div> \t  \t \n    <\/div>\n<\/div><div class='prelegents__modal modal fade' data-modal-id='19711' id='19711' role='dialog'>\n <button type='button' id='closeBtn' class='close-modal' data-dismiss='modal'>&times;<\/button>\n <div class='prelegents__modal-dialog'>\n    \n       \n      <div class='prelegents__modal-body'>\n         \n        <div class='prelegents__modal-content'>\n        <div class='prelegents__modal-note'><div class='prelegents__modal-boximg'><img class='prelegents__modal-img' src='https:\/\/bezpieczenstwopolskie.pl\/wp-content\/uploads\/2024\/01\/tymczyszyn-2.png' alt='' \/><\/div><div class='prelegents__texts'><p class='prelegents__name'>Pawe\u0142 Tymczyszyn<\/p><p class='prelegents__work'>Wiceprezes Zarz\u0105du nadzoruj\u0105cy obszar IT & RODO, Alior Bank <\/p><\/div><\/div>\n\t\t\n\t\t<div class='prelegents__note'><\/div>\n\t\t \n         \n      <\/div><\/div>\n       \n  <\/div><\/div><\/div>\n        <div class='prelegents__box' data-box-id='19572'  id='19572'>\n        <div class='prelegents__wrapper'>\n    <div class='prelegents__content'><div class='prelegents__boximg'>\n        \n        \n     \n        <div data-toggle='modal' id='19572' data-target='#19572' ><img class='prelegents__img' src='https:\/\/bezpieczenstwopolskie.pl\/wp-content\/uploads\/2022\/10\/walach300x300.png' alt='Szymon Wa\u0142ach' \/> <\/div>\n        \n      \n\t\t<\/div> <div class='prelegents__socials'><div class='prelegents__social'>\n\t\t  <a href='https:\/\/www.linkedin.com\/in\/szymon-walach-4a6311?originalSubdomain=pl' rel='nofollow'><img class='prelegents__icon' alt='in' src='\/wp-content\/plugins\/prelegenci\/linkedin-new.png'><\/a><\/div><\/div><div class='prelegents__texts'><p class='prelegents__name'>Szymon Wa\u0142ach<\/p><p class='prelegents__work'>Co-Chairman of the Founding Board \/ Vice President of the Management Board InPost<\/p>         \n                \n\t\t \t<\/div> \t  \t \n    <\/div>\n<\/div><div class='prelegents__modal modal fade' data-modal-id='19572' id='19572' role='dialog'>\n <button type='button' id='closeBtn' class='close-modal' data-dismiss='modal'>&times;<\/button>\n <div class='prelegents__modal-dialog'>\n    \n       \n      <div class='prelegents__modal-body'>\n         \n        <div class='prelegents__modal-content'>\n        <div class='prelegents__modal-note'><div class='prelegents__modal-boximg'><img class='prelegents__modal-img' src='https:\/\/bezpieczenstwopolskie.pl\/wp-content\/uploads\/2022\/10\/walach300x300.png' alt='' \/><\/div><div class='prelegents__texts'><p class='prelegents__name'>Szymon Wa\u0142ach<\/p><p class='prelegents__work'>Co-Chairman of the Founding Board \/ Vice President of the Management Board InPost <\/p><\/div><\/div>\n\t\t\n\t\t<div class='prelegents__note'><\/div>\n\t\t \n         \n      <\/div><\/div>\n       \n  <\/div><\/div><\/div>\n        <div class='prelegents__box' data-box-id='19696'  id='19696'>\n        <div class='prelegents__wrapper'>\n    <div class='prelegents__content'><div class='prelegents__boximg'>\n        \n        \n     \n        <div data-toggle='modal' id='19696' data-target='#19696' ><img class='prelegents__img' src='https:\/\/bezpieczenstwopolskie.pl\/wp-content\/uploads\/2024\/01\/woch-300x300-1-1.jpg' alt='Marcin\tWoch' \/> <\/div>\n        \n      \n\t\t<\/div> <div class='prelegents__socials'><div class='linkedind-lost'><\/div><\/div><div class='prelegents__texts'><p class='prelegents__name'>Marcin\tWoch<\/p><p class='prelegents__work'>Chief Executive Officer, Algolytics Technologies<\/p>         \n                \n\t\t \t<\/div> \t  \t \n    <\/div>\n<\/div><div class='prelegents__modal modal fade' data-modal-id='19696' id='19696' role='dialog'>\n <button type='button' id='closeBtn' class='close-modal' data-dismiss='modal'>&times;<\/button>\n <div class='prelegents__modal-dialog'>\n    \n       \n      <div class='prelegents__modal-body'>\n         \n        <div class='prelegents__modal-content'>\n        <div class='prelegents__modal-note'><div class='prelegents__modal-boximg'><img class='prelegents__modal-img' src='https:\/\/bezpieczenstwopolskie.pl\/wp-content\/uploads\/2024\/01\/woch-300x300-1-1.jpg' alt='' \/><\/div><div class='prelegents__texts'><p class='prelegents__name'>Marcin\tWoch<\/p><p class='prelegents__work'>Chief Executive Officer, Algolytics Technologies <\/p><\/div><\/div>\n\t\t\n\t\t<div class='prelegents__note'><\/div>\n\t\t \n         \n      <\/div><\/div>\n       \n  <\/div><\/div><\/div>\n        <div class='prelegents__box' data-box-id='19676'  id='19676'>\n        <div class='prelegents__wrapper'>\n    <div class='prelegents__content'><div class='prelegents__boximg'>\n        \n        \n     \n        <div data-toggle='modal' id='19676' data-target='#19676' ><img class='prelegents__img' src='https:\/\/bezpieczenstwopolskie.pl\/wp-content\/uploads\/2023\/07\/Ireneusz-Wochlik.jpg' alt='dr in\u017c. Ireneusz Wochlik' \/> <\/div>\n        \n      \n\t\t<\/div> <div class='prelegents__socials'><div class='linkedind-lost'><\/div><\/div><div class='prelegents__texts'><p class='prelegents__name'>dr in\u017c. Ireneusz Wochlik<\/p><p class='prelegents__work'>Doradca URE ds. transformacji cyfrowej, Cz\u0142onek Zarz\u0105du Fundacji AI LAW TECH<\/p>         \n                \n\t\t \t<\/div> \t  \t \n    <\/div>\n<\/div><div class='prelegents__modal modal fade' data-modal-id='19676' id='19676' role='dialog'>\n <button type='button' id='closeBtn' class='close-modal' data-dismiss='modal'>&times;<\/button>\n <div class='prelegents__modal-dialog'>\n    \n       \n      <div class='prelegents__modal-body'>\n         \n        <div class='prelegents__modal-content'>\n        <div class='prelegents__modal-note'><div class='prelegents__modal-boximg'><img class='prelegents__modal-img' src='https:\/\/bezpieczenstwopolskie.pl\/wp-content\/uploads\/2023\/07\/Ireneusz-Wochlik.jpg' alt='' \/><\/div><div class='prelegents__texts'><p class='prelegents__name'>dr in\u017c. Ireneusz Wochlik<\/p><p class='prelegents__work'>Doradca URE ds. transformacji cyfrowej, Cz\u0142onek Zarz\u0105du Fundacji AI LAW TECH <\/p><\/div><\/div>\n\t\t\n\t\t<div class='prelegents__note'><p><span style=\"font-weight: 400;\">Ireneusz Wochlik, PhD, is a biocybernetic specialist in the field of artificial intelligence and digital transformation. He is the co-founder and CEO of Aigorithmics sp. z o.o., a member of the board of the AI LAW TECH Foundation, and a lecturer as part of the Business.AI postgraduate studies: Technology, Law, Application of Artificial Intelligence. He is also a co-creator of the \u201cCybersecurity Management\u201d and \u201cChief Data Officer\u201d &#8211; postgraduate studies conducted by Kozminski University and a member of the Working Group on Artificial Intelligence (GRAI) at the Chancellery of the Prime Minister, where he is the leader of the Energy Subgroup.<\/span><\/p>\n<p>&nbsp;<\/p>\n<p><span style=\"font-weight: 400;\">From 1997 to 2016, he worked at the AGH University of Science and Technology at the Faculty of Electrical Engineering, Automatics, Computer Science, and Biomedical Engineering as an assistant professor. In 2005, he obtained a PhD in technical sciences and has since published the results of his scientific work in over 50 publications. He is also a co-author of the document &#8220;An Analysis of the Selected Aspects of the Draft Artificial Intelligence Act&#8221; (https:\/\/www.gov.pl\/web\/ai\/prawo), the report &#8220;The Potential of Artificial Intelligence in the Healthcare Sector&#8221; and the book &#8220;Meta\u015bwiat Prawne i Techniczne Aspekty Prze\u0142omowych Technologii&#8221;.<\/span><\/p>\n<p>&nbsp;<\/p>\n<p><span style=\"font-weight: 400;\">For over 20 years, he has been dealing with advanced data analysis based on Big Data, Machine Learning, and Deep Learning tools, as well as creating intelligent solutions to support businesses. He specializes in broadly understood digital transformation processes focused on the &#8220;data-driven&#8221; philosophy, using optimally selected technological solutions. He has also been a speaker and panelist at various scientific and business conferences.<\/span><\/p>\n<\/div>\n\t\t \n         \n      <\/div><\/div>\n       \n  <\/div><\/div><\/div>\n        <div class='prelegents__box' data-box-id='19677'  id='19677'>\n        <div class='prelegents__wrapper'>\n    <div class='prelegents__content'><div class='prelegents__boximg'>\n        \n        \n     \n        <div data-toggle='modal' id='19677' data-target='#19677' ><img class='prelegents__img' src='https:\/\/bezpieczenstwopolskie.pl\/wp-content\/uploads\/2023\/07\/wojtkiewicz.przemyslaw.400x-1-e1727358185692.webp' alt='Przemys\u0142aw Wojtkiewicz' \/> <\/div>\n        \n      \n\t\t<\/div> <div class='prelegents__socials'><div class='linkedind-lost'><\/div><\/div><div class='prelegents__texts'><p class='prelegents__name'>Przemys\u0142aw Wojtkiewicz<\/p><p class='prelegents__work'>Country Lead, Citrix<\/p>         \n                \n\t\t \t<\/div> \t  \t \n    <\/div>\n<\/div><div class='prelegents__modal modal fade' data-modal-id='19677' id='19677' role='dialog'>\n <button type='button' id='closeBtn' class='close-modal' data-dismiss='modal'>&times;<\/button>\n <div class='prelegents__modal-dialog'>\n    \n       \n      <div class='prelegents__modal-body'>\n         \n        <div class='prelegents__modal-content'>\n        <div class='prelegents__modal-note'><div class='prelegents__modal-boximg'><img class='prelegents__modal-img' src='https:\/\/bezpieczenstwopolskie.pl\/wp-content\/uploads\/2023\/07\/wojtkiewicz.przemyslaw.400x-1-e1727358185692.webp' alt='' \/><\/div><div class='prelegents__texts'><p class='prelegents__name'>Przemys\u0142aw Wojtkiewicz<\/p><p class='prelegents__work'>Country Lead, Citrix <\/p><\/div><\/div>\n\t\t\n\t\t<div class='prelegents__note'><\/div>\n\t\t \n         \n      <\/div><\/div>\n       \n  <\/div><\/div><\/div>\n        <div class='prelegents__box' data-box-id='19709'  id='19709'>\n        <div class='prelegents__wrapper'>\n    <div class='prelegents__content'><div class='prelegents__boximg'>\n        \n        \n     \n        <div data-toggle='modal' id='19709' data-target='#19709' ><img class='prelegents__img' src='https:\/\/bezpieczenstwopolskie.pl\/wp-content\/uploads\/2023\/09\/wrobel300x300.png' alt='Krystian Wr\u00f3bel' \/> <\/div>\n        \n      \n\t\t<\/div> <div class='prelegents__socials'><div class='linkedind-lost'><\/div><\/div><div class='prelegents__texts'><p class='prelegents__name'>Krystian Wr\u00f3bel<\/p><p class='prelegents__work'>Senior Data Science Analyst, Grupa NEUCA<\/p>         \n                \n\t\t \t<\/div> \t  \t \n    <\/div>\n<\/div><div class='prelegents__modal modal fade' data-modal-id='19709' id='19709' role='dialog'>\n <button type='button' id='closeBtn' class='close-modal' data-dismiss='modal'>&times;<\/button>\n <div class='prelegents__modal-dialog'>\n    \n       \n      <div class='prelegents__modal-body'>\n         \n        <div class='prelegents__modal-content'>\n        <div class='prelegents__modal-note'><div class='prelegents__modal-boximg'><img class='prelegents__modal-img' src='https:\/\/bezpieczenstwopolskie.pl\/wp-content\/uploads\/2023\/09\/wrobel300x300.png' alt='' \/><\/div><div class='prelegents__texts'><p class='prelegents__name'>Krystian Wr\u00f3bel<\/p><p class='prelegents__work'>Senior Data Science Analyst, Grupa NEUCA <\/p><\/div><\/div>\n\t\t\n\t\t<div class='prelegents__note'><p>Data Scientist with more than 5 years of experience in data analysis and developing machine learning algorithms. Currently working as a Senior Data Scientist at Neuca with main responsibilities focused on image analysis and forecasting. His professional experience at Neuca includes several succesfully developed and implemented prediction models and a complex algorithm for planogram compliance detection. Former member of a scientific team carrying out a project financed by Foundation for Polish Science, where the ultrafast system for image stabilization in biomedical imaging was created. A graduate of Medical Physics at Nicolaus Copernicus University in Toru\u0144 and PhD candidate specializing in the analysis of eye movements in the search for biomarkers of neurodegenerative diseases.<\/p>\n<\/div>\n\t\t \n         \n      <\/div><\/div>\n       \n  <\/div><\/div><\/div><\/div><div id=\"modalOverlay\" class=\"modal-overlay\"><\/div><\/div>\n<\/div>\n\t\t<\/div><\/div><\/div><\/div>","protected":false},"excerpt":{"rendered":"<p>dr Mariusz CholewaCo-Chairman of the Founding Board \/ CEO BIK &#038; President ACCIS &times; dr Mariusz CholewaCo-Chairman of the Founding Board \/ CEO BIK &#038; President ACCIS prof. dr hab&#8230;.<\/p>\n","protected":false},"author":1,"featured_media":0,"parent":0,"menu_order":0,"comment_status":"closed","ping_status":"closed","template":"","meta":{"_acf_changed":false,"inline_featured_image":false,"footnotes":""},"class_list":["post-21165","page","type-page","status-publish","hentry"],"acf":[],"yoast_head":"<!-- This site is optimized with the Yoast SEO plugin v26.5 - https:\/\/yoast.com\/wordpress\/plugins\/seo\/ -->\n<title>Speakers of 2nd Data Economy Congress - KONGRES BEZPIECZE\u0143STWO POLSKI - KBP RZESZ\u00d3W<\/title>\n<meta name=\"robots\" content=\"index, follow, max-snippet:-1, max-image-preview:large, max-video-preview:-1\" \/>\n<link rel=\"canonical\" href=\"https:\/\/bezpieczenstwopolskie.pl\/prelegenci-2-data-economy-congress\/\" \/>\n<meta property=\"og:locale\" content=\"en_US\" \/>\n<meta property=\"og:type\" content=\"article\" \/>\n<meta property=\"og:title\" content=\"Speakers of 2nd Data Economy Congress - KONGRES BEZPIECZE\u0143STWO POLSKI - KBP RZESZ\u00d3W\" \/>\n<meta property=\"og:description\" content=\"dr Mariusz CholewaCo-Chairman of the Founding Board \/ CEO BIK &amp; President ACCIS &times; dr Mariusz CholewaCo-Chairman of the Founding Board \/ CEO BIK &amp; President ACCIS prof. dr hab....\" \/>\n<meta property=\"og:url\" content=\"https:\/\/bezpieczenstwopolskie.pl\/prelegenci-2-data-economy-congress\/\" \/>\n<meta property=\"og:site_name\" content=\"KONGRES BEZPIECZE\u0143STWO POLSKI - KBP RZESZ\u00d3W\" \/>\n<meta property=\"article:publisher\" content=\"https:\/\/www.facebook.com\/bezpieczenstwopolski\" \/>\n<meta property=\"og:image\" content=\"https:\/\/bezpieczenstwopolskie.pl\/wp-content\/uploads\/2026\/01\/KBP-materialy-do-pobrania-2026-1h-v1-1080x1080-1.jpg\" \/>\n\t<meta property=\"og:image:width\" content=\"1080\" \/>\n\t<meta property=\"og:image:height\" content=\"1080\" \/>\n\t<meta property=\"og:image:type\" content=\"image\/jpeg\" \/>\n<meta name=\"twitter:card\" content=\"summary_large_image\" \/>\n<meta name=\"twitter:site\" content=\"@totalsecuritypl\" \/>\n<script type=\"application\/ld+json\" class=\"yoast-schema-graph\">{\"@context\":\"https:\/\/schema.org\",\"@graph\":[{\"@type\":\"WebPage\",\"@id\":\"https:\/\/bezpieczenstwopolskie.pl\/prelegenci-2-data-economy-congress\/\",\"url\":\"https:\/\/bezpieczenstwopolskie.pl\/prelegenci-2-data-economy-congress\/\",\"name\":\"Speakers of 2nd Data Economy Congress - KONGRES BEZPIECZE\u0143STWO POLSKI - KBP RZESZ\u00d3W\",\"isPartOf\":{\"@id\":\"https:\/\/bezpieczenstwopolskie.pl\/#website\"},\"datePublished\":\"2023-08-31T10:06:04+00:00\",\"breadcrumb\":{\"@id\":\"https:\/\/bezpieczenstwopolskie.pl\/prelegenci-2-data-economy-congress\/#breadcrumb\"},\"inLanguage\":\"en-US\",\"potentialAction\":[{\"@type\":\"ReadAction\",\"target\":[\"https:\/\/bezpieczenstwopolskie.pl\/prelegenci-2-data-economy-congress\/\"]}]},{\"@type\":\"BreadcrumbList\",\"@id\":\"https:\/\/bezpieczenstwopolskie.pl\/prelegenci-2-data-economy-congress\/#breadcrumb\",\"itemListElement\":[{\"@type\":\"ListItem\",\"position\":1,\"name\":\"Strona g\u0142\u00f3wna\",\"item\":\"https:\/\/bezpieczenstwopolskie.pl\/en\/\"},{\"@type\":\"ListItem\",\"position\":2,\"name\":\"Speakers of 2nd Data Economy Congress\"}]},{\"@type\":\"WebSite\",\"@id\":\"https:\/\/bezpieczenstwopolskie.pl\/#website\",\"url\":\"https:\/\/bezpieczenstwopolskie.pl\/\",\"name\":\"Kongres Bezpiecze\u0144stwo Polski - KBP RZESZ\u00d3W\",\"description\":\"\",\"publisher\":{\"@id\":\"https:\/\/bezpieczenstwopolskie.pl\/#organization\"},\"potentialAction\":[{\"@type\":\"SearchAction\",\"target\":{\"@type\":\"EntryPoint\",\"urlTemplate\":\"https:\/\/bezpieczenstwopolskie.pl\/?s={search_term_string}\"},\"query-input\":{\"@type\":\"PropertyValueSpecification\",\"valueRequired\":true,\"valueName\":\"search_term_string\"}}],\"inLanguage\":\"en-US\"},{\"@type\":\"Organization\",\"@id\":\"https:\/\/bezpieczenstwopolskie.pl\/#organization\",\"name\":\"Kongres Bezpiecze\u0144stwo Polski - KBP RZESZ\u00d3W\",\"url\":\"https:\/\/bezpieczenstwopolskie.pl\/\",\"logo\":{\"@type\":\"ImageObject\",\"inLanguage\":\"en-US\",\"@id\":\"https:\/\/bezpieczenstwopolskie.pl\/#\/schema\/logo\/image\/\",\"url\":\"https:\/\/bezpieczenstwopolskie.pl\/wp-content\/uploads\/2026\/01\/KBP-materialy-do-pobrania-2026-1h-v1-1080x1080-1.jpg\",\"contentUrl\":\"https:\/\/bezpieczenstwopolskie.pl\/wp-content\/uploads\/2026\/01\/KBP-materialy-do-pobrania-2026-1h-v1-1080x1080-1.jpg\",\"width\":1080,\"height\":1080,\"caption\":\"Kongres Bezpiecze\u0144stwo Polski - KBP RZESZ\u00d3W\"},\"image\":{\"@id\":\"https:\/\/bezpieczenstwopolskie.pl\/#\/schema\/logo\/image\/\"},\"sameAs\":[\"https:\/\/www.facebook.com\/bezpieczenstwopolski\",\"https:\/\/x.com\/totalsecuritypl\",\"https:\/\/www.linkedin.com\/company\/kongres-bezpiecze\u0144stwo-polski\/?viewAsMember=true\"]}]}<\/script>\n<!-- \/ Yoast SEO plugin. -->","yoast_head_json":{"title":"Speakers of 2nd Data Economy Congress - KONGRES BEZPIECZE\u0143STWO POLSKI - KBP RZESZ\u00d3W","robots":{"index":"index","follow":"follow","max-snippet":"max-snippet:-1","max-image-preview":"max-image-preview:large","max-video-preview":"max-video-preview:-1"},"canonical":"https:\/\/bezpieczenstwopolskie.pl\/prelegenci-2-data-economy-congress\/","og_locale":"en_US","og_type":"article","og_title":"Speakers of 2nd Data Economy Congress - KONGRES BEZPIECZE\u0143STWO POLSKI - KBP RZESZ\u00d3W","og_description":"dr Mariusz CholewaCo-Chairman of the Founding Board \/ CEO BIK & President ACCIS &times; dr Mariusz CholewaCo-Chairman of the Founding Board \/ CEO BIK & President ACCIS prof. dr hab....","og_url":"https:\/\/bezpieczenstwopolskie.pl\/prelegenci-2-data-economy-congress\/","og_site_name":"KONGRES BEZPIECZE\u0143STWO POLSKI - KBP RZESZ\u00d3W","article_publisher":"https:\/\/www.facebook.com\/bezpieczenstwopolski","og_image":[{"width":1080,"height":1080,"url":"https:\/\/bezpieczenstwopolskie.pl\/wp-content\/uploads\/2026\/01\/KBP-materialy-do-pobrania-2026-1h-v1-1080x1080-1.jpg","type":"image\/jpeg"}],"twitter_card":"summary_large_image","twitter_site":"@totalsecuritypl","schema":{"@context":"https:\/\/schema.org","@graph":[{"@type":"WebPage","@id":"https:\/\/bezpieczenstwopolskie.pl\/prelegenci-2-data-economy-congress\/","url":"https:\/\/bezpieczenstwopolskie.pl\/prelegenci-2-data-economy-congress\/","name":"Speakers of 2nd Data Economy Congress - KONGRES BEZPIECZE\u0143STWO POLSKI - KBP RZESZ\u00d3W","isPartOf":{"@id":"https:\/\/bezpieczenstwopolskie.pl\/#website"},"datePublished":"2023-08-31T10:06:04+00:00","breadcrumb":{"@id":"https:\/\/bezpieczenstwopolskie.pl\/prelegenci-2-data-economy-congress\/#breadcrumb"},"inLanguage":"en-US","potentialAction":[{"@type":"ReadAction","target":["https:\/\/bezpieczenstwopolskie.pl\/prelegenci-2-data-economy-congress\/"]}]},{"@type":"BreadcrumbList","@id":"https:\/\/bezpieczenstwopolskie.pl\/prelegenci-2-data-economy-congress\/#breadcrumb","itemListElement":[{"@type":"ListItem","position":1,"name":"Strona g\u0142\u00f3wna","item":"https:\/\/bezpieczenstwopolskie.pl\/en\/"},{"@type":"ListItem","position":2,"name":"Speakers of 2nd Data Economy Congress"}]},{"@type":"WebSite","@id":"https:\/\/bezpieczenstwopolskie.pl\/#website","url":"https:\/\/bezpieczenstwopolskie.pl\/","name":"Kongres Bezpiecze\u0144stwo Polski - KBP RZESZ\u00d3W","description":"","publisher":{"@id":"https:\/\/bezpieczenstwopolskie.pl\/#organization"},"potentialAction":[{"@type":"SearchAction","target":{"@type":"EntryPoint","urlTemplate":"https:\/\/bezpieczenstwopolskie.pl\/?s={search_term_string}"},"query-input":{"@type":"PropertyValueSpecification","valueRequired":true,"valueName":"search_term_string"}}],"inLanguage":"en-US"},{"@type":"Organization","@id":"https:\/\/bezpieczenstwopolskie.pl\/#organization","name":"Kongres Bezpiecze\u0144stwo Polski - KBP RZESZ\u00d3W","url":"https:\/\/bezpieczenstwopolskie.pl\/","logo":{"@type":"ImageObject","inLanguage":"en-US","@id":"https:\/\/bezpieczenstwopolskie.pl\/#\/schema\/logo\/image\/","url":"https:\/\/bezpieczenstwopolskie.pl\/wp-content\/uploads\/2026\/01\/KBP-materialy-do-pobrania-2026-1h-v1-1080x1080-1.jpg","contentUrl":"https:\/\/bezpieczenstwopolskie.pl\/wp-content\/uploads\/2026\/01\/KBP-materialy-do-pobrania-2026-1h-v1-1080x1080-1.jpg","width":1080,"height":1080,"caption":"Kongres Bezpiecze\u0144stwo Polski - KBP RZESZ\u00d3W"},"image":{"@id":"https:\/\/bezpieczenstwopolskie.pl\/#\/schema\/logo\/image\/"},"sameAs":["https:\/\/www.facebook.com\/bezpieczenstwopolski","https:\/\/x.com\/totalsecuritypl","https:\/\/www.linkedin.com\/company\/kongres-bezpiecze\u0144stwo-polski\/?viewAsMember=true"]}]}},"_links":{"self":[{"href":"https:\/\/bezpieczenstwopolskie.pl\/en\/wp-json\/wp\/v2\/pages\/21165","targetHints":{"allow":["GET"]}}],"collection":[{"href":"https:\/\/bezpieczenstwopolskie.pl\/en\/wp-json\/wp\/v2\/pages"}],"about":[{"href":"https:\/\/bezpieczenstwopolskie.pl\/en\/wp-json\/wp\/v2\/types\/page"}],"author":[{"embeddable":true,"href":"https:\/\/bezpieczenstwopolskie.pl\/en\/wp-json\/wp\/v2\/users\/1"}],"replies":[{"embeddable":true,"href":"https:\/\/bezpieczenstwopolskie.pl\/en\/wp-json\/wp\/v2\/comments?post=21165"}],"version-history":[{"count":0,"href":"https:\/\/bezpieczenstwopolskie.pl\/en\/wp-json\/wp\/v2\/pages\/21165\/revisions"}],"wp:attachment":[{"href":"https:\/\/bezpieczenstwopolskie.pl\/en\/wp-json\/wp\/v2\/media?parent=21165"}],"curies":[{"name":"wp","href":"https:\/\/api.w.org\/{rel}","templated":true}]}}