{"id":21172,"date":"2023-01-27T09:47:03","date_gmt":"2023-01-27T08:47:03","guid":{"rendered":"https:\/\/dataeconomycongress.pl\/competition\/"},"modified":"2025-05-14T10:34:28","modified_gmt":"2025-05-14T08:34:28","slug":"competition","status":"publish","type":"page","link":"https:\/\/bezpieczenstwopolskie.pl\/en\/competition\/","title":{"rendered":"Competition"},"content":{"rendered":"<div class=\"vgblk-rw-wrapper limit-wrapper\">\n<div id=\"pl-4719\"  class=\"panel-layout\" >\n<div id=\"pg-4719-0\"  class=\"panel-grid panel-no-style\"  data-style=\"{&quot;background_image_attachment&quot;:false,&quot;background_display&quot;:&quot;cover&quot;,&quot;background_image_size&quot;:&quot;full&quot;,&quot;background_image_opacity&quot;:&quot;100&quot;,&quot;border_thickness&quot;:&quot;1px&quot;,&quot;full_height&quot;:&quot;&quot;,&quot;bottom_margin&quot;:&quot;0px&quot;,&quot;cell_alignment&quot;:&quot;flex-start&quot;}\" >\n<div id=\"pgc-4719-0-0\"  class=\"panel-grid-cell\"  data-weight=\"1\" >\n<div id=\"panel-4719-0-0-0\" class=\"so-panel widget widget_custom_html panel-first-child\" data-index=\"0\" data-style=\"{&quot;background_image_attachment&quot;:false,&quot;background_display&quot;:&quot;tile&quot;,&quot;background_image_size&quot;:&quot;full&quot;,&quot;background_image_opacity&quot;:&quot;100&quot;,&quot;border_thickness&quot;:&quot;1px&quot;,&quot;margin&quot;:&quot;0px 0px 0px 0px&quot;}\" ><div class=\"textwidget custom-html-widget\">&lt;img src=&quot;https:\/\/bezpieczenstwopolskie.pl\/wp-content\/uploads\/2025\/03\/Diamentowe-tarcze-gold-NA-JASNE-TLO-e1741100581206.png&quot; \n     alt=&quot;Diamentowe tarcze silver&quot; \n     width=&quot;600&quot; height=&quot;100&quot; \n     style=&quot;display: block; margin: auto;&quot;&gt;\n<\/div><\/div>\n<div id=\"panel-4719-0-0-1\" class=\"so-panel widget widget_custom_html\" data-index=\"1\" data-style=\"{&quot;background_image_attachment&quot;:false,&quot;background_display&quot;:&quot;tile&quot;,&quot;background_image_size&quot;:&quot;full&quot;,&quot;background_image_opacity&quot;:&quot;100&quot;,&quot;border_thickness&quot;:&quot;1px&quot;}\" ><div class=\"textwidget custom-html-widget\">&lt;p style=&quot;text-align: justify;&quot;&gt;&lt;strong&gt;&lt;span style=&quot;font-weight: 400; color: #ffffff !important; font-size: 20px!important;&quot;&gt;Konkurs &ldquo;Diamentowe Tarcze&rdquo;&lt;\/span&gt;&lt;\/strong&gt;&lt;span style=&quot;font-weight: 400; color: #ffffff !important; font-size: 20px!important;&quot;&gt;&nbsp;to cykliczne wydarzenie, kt&oacute;re odbywa si\u0119 podczas wiosennych edycji kongresu. Wielka Gala, na kt&oacute;rej zostan\u0105 wy\u0142onieni Laureaci Konkursu za 2024 rok odb\u0119dzie si\u0119&nbsp;&lt;\/span&gt;&lt;strong&gt;&lt;span style=&quot;font-weight: 400; color: #ffffff !important; font-size: 20px!important;&quot;&gt;11 czerwca 2025 r. (godz. 20:00) w&nbsp;&lt;\/span&gt;&lt;\/strong&gt;&lt;strong&gt;&lt;span style=&quot;font-weight: 400; color: #ffffff !important; font-size: 20px!important;&quot;&gt;ZEN.COM EXPO Rzesz&oacute;w-Jasionka&lt;\/span&gt;&lt;\/strong&gt;&lt;strong&gt;&lt;span style=&quot;font-weight: 400; color: #ffffff !important; font-size: 20px!important;&quot;&gt;.&lt;\/span&gt;&lt;\/strong&gt;&lt;\/p&gt;\n&lt;p&gt;&lt;strong&gt;&lt;span style=&quot;font-weight: 400; color: #ffffff !important; font-size: 20px!important;&quot;&gt;Konkurs &bdquo;Diamentowe Tarcze&rdquo;&lt;\/span&gt;&lt;\/strong&gt;&lt;span style=&quot;font-weight: 400; color: #ffffff !important; font-size: 20px!important;&quot;&gt;&nbsp;to wyj\u0105tkowe wydarzenie, kt&oacute;re ma na celu uhonorowanie i docenienie wybitnych osi\u0105gni\u0119\u0107, innowacji oraz zaanga\u017cowania w obszarze bezpiecze\u0144stwa narodowego i obronno\u015bci kraju. To presti\u017cowe wyr&oacute;\u017cnienie gromadzi czo\u0142owych ekspert&oacute;w, lider&oacute;w i innowator&oacute;w, kt&oacute;rzy przyczyniaj\u0105 si\u0119 do wzmacniania ochrony pa\u0144stwa, podnoszenia standard&oacute;w bezpiecze\u0144stwa oraz rozwoju nowoczesnych technologii obronnych. Konkurs celebruje r&oacute;wnie\u017c zaanga\u017cowanie spo\u0142eczne i strategiczne inicjatywy na rzecz stabilno\u015bci oraz odporno\u015bci kraju wobec wsp&oacute;\u0142czesnych zagro\u017ce\u0144.&lt;\/span&gt;&lt;\/p&gt;\n&lt;div id=&quot;gtx-trans&quot; style=&quot;position: absolute; left: 623px; top: 47px;&quot;&gt;\n    &lt;div class=&quot;gtx-trans-icon&quot;&gt;&lt;br&gt;&lt;\/div&gt;\n&lt;\/div&gt;\n\n\n&lt;p style=&quot;text-align: center;&quot;&gt;&lt;strong&gt;&lt;u&gt;&lt;span style=&quot;font-weight: 400; color: #ffffff !important; font-size: 20px!important;&quot;&gt;Zg\u0142oszenia konkursowe s\u0105 bezp\u0142atne i b\u0119d\u0105 przyjmowane od 5 lutego do 18 kwietnia 2025 r.&lt;\/span&gt;&lt;\/u&gt;&lt;\/strong&gt;&lt;\/p&gt;<\/div><\/div>\n<div id=\"panel-4719-0-0-2\" class=\"so-panel widget widget_text\" data-index=\"2\" data-style=\"{&quot;widget_css&quot;:&quot;max-width:1000px;\\nmargin:0 auto;\\ndisplay: none;&quot;,&quot;background_image_attachment&quot;:false,&quot;background_display&quot;:&quot;tile&quot;,&quot;background_image_size&quot;:&quot;full&quot;,&quot;background_image_opacity&quot;:&quot;100&quot;,&quot;border_thickness&quot;:&quot;1px&quot;}\" >\n<div class=\"panel-widget-style panel-widget-style-for-4719-0-0-2\" >\n<div class=\"textwidget\">\n<p style=\"font-size: 25px; text-align: center; margin: 0; padding-top: 0px;\"><strong><br \/>\n<a class=\"konkurs-formularz\" style=\"background-color: #ff9a00; color: white; display: inline-block; padding: 0px 20px; padding-top: 0px; text-decoration: none; border-radius: 5px;\" href=\"#konkurs-formularz\">Zg\u0142o\u015b si\u0119<br \/>\n<\/a><br \/>\n<\/strong><\/p>\n<\/div><\/div>\n<\/div>\n<div id=\"panel-4719-0-0-3\" class=\"so-panel widget widget_custom_html\" data-index=\"3\" data-style=\"{&quot;background_image_attachment&quot;:false,&quot;background_display&quot;:&quot;tile&quot;,&quot;background_image_size&quot;:&quot;full&quot;,&quot;background_image_opacity&quot;:&quot;100&quot;,&quot;border_thickness&quot;:&quot;1px&quot;}\" ><div class=\"textwidget custom-html-widget\">&lt;h3 style=&quot;color: #ffffff;&quot;&gt;\n    Kategorie konkursowe\n&lt;\/h3&gt;\n<\/div><\/div>\n<div id=\"panel-4719-0-0-4\" class=\"so-panel widget panel-last-child\" data-index=\"4\" data-style=\"{&quot;background_image_attachment&quot;:false,&quot;background_display&quot;:&quot;tile&quot;,&quot;background_image_size&quot;:&quot;full&quot;,&quot;background_image_opacity&quot;:&quot;100&quot;,&quot;border_thickness&quot;:&quot;1px&quot;}\" ><\/div>\n<\/div>\n<\/div>\n<div id=\"pg-4719-1\"  class=\"panel-grid panel-no-style\"  data-style=\"{&quot;background_image_attachment&quot;:false,&quot;background_display&quot;:&quot;cover&quot;,&quot;background_image_size&quot;:&quot;full&quot;,&quot;background_image_opacity&quot;:&quot;100&quot;,&quot;border_thickness&quot;:&quot;1px&quot;,&quot;full_height&quot;:&quot;&quot;,&quot;bottom_margin&quot;:&quot;0px&quot;,&quot;cell_alignment&quot;:&quot;flex-start&quot;}\" >\n<div id=\"pgc-4719-1-0\"  class=\"panel-grid-cell\"  data-weight=\"1\" >\n<div id=\"panel-4719-1-0-0\" class=\"so-panel widget widget_text panel-first-child\" data-index=\"5\" data-style=\"{&quot;widget_css&quot;:&quot;max-width:1000px;\\nmargin:0 auto;&quot;,&quot;background_image_attachment&quot;:false,&quot;background_display&quot;:&quot;tile&quot;,&quot;background_image_size&quot;:&quot;full&quot;,&quot;background_image_opacity&quot;:&quot;100&quot;,&quot;border_thickness&quot;:&quot;1px&quot;}\" >\n<div class=\"panel-widget-style panel-widget-style-for-4719-1-0-0\" >\n<div class=\"textwidget\">\n<div class=\"icon-box\">\n<div class=\"ico-image\"><img loading=\"lazy\" decoding=\"async\" class=\"alignnone wp-image-32299\" src=\"https:\/\/bezpieczenstwopolskie.pl\/wp-content\/uploads\/2025\/01\/122-removebg-preview-e1738573296334-300x235.png\" alt=\"\" width=\"115\" height=\"90\" srcset=\"https:\/\/bezpieczenstwopolskie.pl\/wp-content\/uploads\/2025\/01\/122-removebg-preview-e1738573296334-300x235.png 300w, https:\/\/bezpieczenstwopolskie.pl\/wp-content\/uploads\/2025\/01\/122-removebg-preview-e1738573296334-315x247.png 315w, https:\/\/bezpieczenstwopolskie.pl\/wp-content\/uploads\/2025\/01\/122-removebg-preview-e1738573296334.png 372w\" sizes=\"auto, (max-width: 115px) 100vw, 115px\" \/><\/div>\n<div class=\"ico-conte\"><b style=\"color: orange;\">Pionier Bezpiecze\u0144stwa<\/b><br \/>\nNagroda honoruje cz\u0142owieka roku, kt\u00f3ry swoj\u0105 dzia\u0142alno\u015bci\u0105, osi\u0105gni\u0119ciami lub przyw\u00f3dztwem znacz\u0105co wp\u0142yn\u0105\u0142 na popraw\u0119 bezpiecze\u0144stwa w Polsce. Dla przedstawicieli rz\u0105du, wojska, organizacji pozarz\u0105dowych, ekspert\u00f3w bran\u017cowych oraz os\u00f3b zaanga\u017cowanych w dzia\u0142ania na rzecz bezpiecze\u0144stwa na poziomie lokalnym lub krajowym.<\/div>\n<\/div>\n<\/div><\/div>\n<\/div>\n<div id=\"panel-4719-1-0-1\" class=\"so-panel widget widget_text\" data-index=\"6\" data-style=\"{&quot;widget_css&quot;:&quot;max-width:1000px;\\nmargin:0 auto;&quot;,&quot;background_image_attachment&quot;:false,&quot;background_display&quot;:&quot;tile&quot;,&quot;background_image_size&quot;:&quot;full&quot;,&quot;background_image_opacity&quot;:&quot;100&quot;,&quot;border_thickness&quot;:&quot;1px&quot;}\" >\n<div class=\"panel-widget-style panel-widget-style-for-4719-1-0-1\" >\n<div class=\"textwidget\">\n<div class=\"icon-box\">\n<div class=\"ico-image\"><img loading=\"lazy\" decoding=\"async\" class=\"alignnone wp-image-32301\" src=\"https:\/\/bezpieczenstwopolskie.pl\/wp-content\/uploads\/2025\/01\/1222-removebg-preview-e1738573281918-150x150.png\" alt=\"\" width=\"115\" height=\"100\" srcset=\"https:\/\/bezpieczenstwopolskie.pl\/wp-content\/uploads\/2025\/01\/1222-removebg-preview-e1738573281918-300x260.png 300w, https:\/\/bezpieczenstwopolskie.pl\/wp-content\/uploads\/2025\/01\/1222-removebg-preview-e1738573281918-315x273.png 315w, https:\/\/bezpieczenstwopolskie.pl\/wp-content\/uploads\/2025\/01\/1222-removebg-preview-e1738573281918.png 339w\" sizes=\"auto, (max-width: 115px) 100vw, 115px\" \/><\/div>\n<div class=\"ico-conte\"><b style=\"color: orange;\">Lider Cyberbezpiecze\u0144stwa<\/b><br \/>\n<span style=\"color: white;\">Wyr\u00f3\u017cnienie dla osoby, kt\u00f3ra osi\u0105gn\u0119\u0142a znacz\u0105ce sukcesy w ochronie system\u00f3w IT, danych osobowych i przeciwdzia\u0142aniu cyberatakom, a tak\u017ce w promowaniu kultury bezpiecze\u0144stwa w \u015brodowisku cyfrowym. Dla ekspert\u00f3w IT, lider\u00f3w projekt\u00f3w cyberbezpiecze\u0144stwa, edukator\u00f3w, konsultant\u00f3w oraz os\u00f3b dzia\u0142aj\u0105cych na rzecz ochrony cyberprzestrzeni w sektorze prywatnym lub publicznym.<br \/>\n<\/span>\n<\/div>\n<\/div>\n<\/div><\/div>\n<\/div>\n<div id=\"panel-4719-1-0-2\" class=\"so-panel widget widget_text\" data-index=\"7\" data-style=\"{&quot;widget_css&quot;:&quot;max-width:1000px;\\nmargin:0 auto;&quot;,&quot;background_image_attachment&quot;:false,&quot;background_display&quot;:&quot;tile&quot;,&quot;background_image_size&quot;:&quot;full&quot;,&quot;background_image_opacity&quot;:&quot;100&quot;,&quot;border_thickness&quot;:&quot;1px&quot;}\" >\n<div class=\"panel-widget-style panel-widget-style-for-4719-1-0-2\" >\n<div class=\"textwidget\">\n<div class=\"icon-box\">\n<div class=\"ico-image\"><img loading=\"lazy\" decoding=\"async\" class=\"alignnone wp-image-32291\" src=\"https:\/\/bezpieczenstwopolskie.pl\/wp-content\/uploads\/2025\/01\/12223-removebg-preview-e1738573359597-300x275.png\" alt=\"\" width=\"115\" height=\"106\" srcset=\"https:\/\/bezpieczenstwopolskie.pl\/wp-content\/uploads\/2025\/01\/12223-removebg-preview-e1738573359597-300x275.png 300w, https:\/\/bezpieczenstwopolskie.pl\/wp-content\/uploads\/2025\/01\/12223-removebg-preview-e1738573359597-315x289.png 315w, https:\/\/bezpieczenstwopolskie.pl\/wp-content\/uploads\/2025\/01\/12223-removebg-preview-e1738573359597.png 330w\" sizes=\"auto, (max-width: 115px) 100vw, 115px\" \/><\/div>\n<div class=\"ico-conte\"><b style=\"color: orange;\">Lider Zarz\u0105dzania Kryzysowego<\/b><br \/>\nNagroda dla samorz\u0105d\u00f3w, s\u0142u\u017cb ratunkowych, agencji rz\u0105dowych, NGOs i firm z sektora zarz\u0105dzania kryzysowego, kt\u00f3re wyr\u00f3\u017cniaj\u0105 si\u0119 w planowaniu, koordynacji i zarz\u0105dzaniu sytuacjami kryzysowymi, np. w przypadku kl\u0119sk \u017cywio\u0142owych, zagro\u017ce\u0144 terrorystycznych czy pandemii.<\/div>\n<\/div>\n<\/div><\/div>\n<\/div>\n<div id=\"panel-4719-1-0-3\" class=\"so-panel widget widget_text\" data-index=\"8\" data-style=\"{&quot;widget_css&quot;:&quot;max-width:1000px;\\nmargin:0 auto;&quot;,&quot;background_image_attachment&quot;:false,&quot;background_display&quot;:&quot;tile&quot;,&quot;background_image_size&quot;:&quot;full&quot;,&quot;background_image_opacity&quot;:&quot;100&quot;,&quot;border_thickness&quot;:&quot;1px&quot;}\" >\n<div class=\"panel-widget-style panel-widget-style-for-4719-1-0-3\" >\n<div class=\"textwidget\">\n<div class=\"icon-box\">\n<div class=\"ico-image\"><img loading=\"lazy\" decoding=\"async\" class=\"alignnone wp-image-32293\" src=\"https:\/\/bezpieczenstwopolskie.pl\/wp-content\/uploads\/2025\/01\/122233-removebg-preview-e1738573335551-300x248.png\" alt=\"\" width=\"115\" height=\"95\" srcset=\"https:\/\/bezpieczenstwopolskie.pl\/wp-content\/uploads\/2025\/01\/122233-removebg-preview-e1738573335551-300x248.png 300w, https:\/\/bezpieczenstwopolskie.pl\/wp-content\/uploads\/2025\/01\/122233-removebg-preview-e1738573335551-315x260.png 315w, https:\/\/bezpieczenstwopolskie.pl\/wp-content\/uploads\/2025\/01\/122233-removebg-preview-e1738573335551.png 350w\" sizes=\"auto, (max-width: 115px) 100vw, 115px\" \/><\/div>\n<div class=\"ico-conte\"><b style=\"color: orange;\">Innowator Bezpiecze\u0144stwa*<\/b><br \/>\nNagroda dla dostawc\u00f3w rozwi\u0105za\u0144 dla sektora &#8211; produkt\u00f3w, us\u0142ug lub rozwi\u0105za\u0144 technologicznych, kt\u00f3re wprowadzi\u0142y znacz\u0105ce zmiany w sektorze bezpiecze\u0144stwa. Dla firm technologicznych, startup\u00f3w i instytucji badawczych.<\/div>\n<\/div>\n<\/div><\/div>\n<\/div>\n<div id=\"panel-4719-1-0-4\" class=\"so-panel widget widget_text\" data-index=\"9\" data-style=\"{&quot;widget_css&quot;:&quot;max-width:1000px;\\nmargin:0 auto;&quot;,&quot;background_image_attachment&quot;:false,&quot;background_display&quot;:&quot;tile&quot;,&quot;background_image_size&quot;:&quot;full&quot;,&quot;background_image_opacity&quot;:&quot;100&quot;,&quot;border_thickness&quot;:&quot;1px&quot;}\" >\n<div class=\"panel-widget-style panel-widget-style-for-4719-1-0-4\" >\n<div class=\"textwidget\">\n<div class=\"icon-box\">\n<div class=\"ico-image\"><img loading=\"lazy\" decoding=\"async\" class=\"alignnone wp-image-32788\" src=\"https:\/\/bezpieczenstwopolskie.pl\/wp-content\/uploads\/2025\/02\/5Bezpieczenstwo-Infrastruktury-Krytycznej-300x300.png\" alt=\"\" width=\"115\" height=\"115\" srcset=\"https:\/\/bezpieczenstwopolskie.pl\/wp-content\/uploads\/2025\/02\/5Bezpieczenstwo-Infrastruktury-Krytycznej-300x300.png 300w, https:\/\/bezpieczenstwopolskie.pl\/wp-content\/uploads\/2025\/02\/5Bezpieczenstwo-Infrastruktury-Krytycznej-150x150.png 150w, https:\/\/bezpieczenstwopolskie.pl\/wp-content\/uploads\/2025\/02\/5Bezpieczenstwo-Infrastruktury-Krytycznej-420x419.png 420w, https:\/\/bezpieczenstwopolskie.pl\/wp-content\/uploads\/2025\/02\/5Bezpieczenstwo-Infrastruktury-Krytycznej-315x314.png 315w, https:\/\/bezpieczenstwopolskie.pl\/wp-content\/uploads\/2025\/02\/5Bezpieczenstwo-Infrastruktury-Krytycznej.png 452w\" sizes=\"auto, (max-width: 115px) 100vw, 115px\" \/><\/div>\n<div class=\"ico-conte\"><b style=\"color: orange;\">Bezpiecze\u0144stwo Infrastruktury Krytycznej*<\/b><br \/>\nKategoria wyr\u00f3\u017cnia innowacyjne rozwi\u0105zania, technologie, strategie i inicjatywy, kt\u00f3re przyczyniaj\u0105 si\u0119 do zwi\u0119kszenia odporno\u015bci i ochrony kluczowych system\u00f3w. Do konkursu mog\u0105 zg\u0142asza\u0107 si\u0119 firmy, kt\u00f3re opracowa\u0142y nowatorskie metody zabezpiecze\u0144, wdro\u017cy\u0142y skuteczne systemy monitorowania i reagowania na zagro\u017cenia lub przyczyni\u0142y si\u0119 do podniesienia \u015bwiadomo\u015bci i przygotowania na incydenty kryzysowe. Dla sp\u00f3\u0142ek energetycznych, transportowych, telekomunikacyjnych, wodoci\u0105gowych oraz instytucji odpowiedzialnych za zdrowie i bezpiecze\u0144stwo publiczne.<\/div>\n<\/div>\n<\/div><\/div>\n<\/div>\n<div id=\"panel-4719-1-0-5\" class=\"so-panel widget widget_text\" data-index=\"10\" data-style=\"{&quot;widget_css&quot;:&quot;max-width:1000px;\\nmargin:0 auto;&quot;,&quot;background_image_attachment&quot;:false,&quot;background_display&quot;:&quot;tile&quot;,&quot;background_image_size&quot;:&quot;full&quot;,&quot;background_image_opacity&quot;:&quot;100&quot;,&quot;border_thickness&quot;:&quot;1px&quot;}\" >\n<div class=\"panel-widget-style panel-widget-style-for-4719-1-0-5\" >\n<div class=\"textwidget\">\n<div class=\"icon-box\">\n<div class=\"ico-image\"><img loading=\"lazy\" decoding=\"async\" class=\"alignnone wp-image-32295\" src=\"https:\/\/bezpieczenstwopolskie.pl\/wp-content\/uploads\/2025\/01\/1222332-removebg-preview-e1738573322623-300x258.png\" alt=\"\" width=\"115\" height=\"99\" srcset=\"https:\/\/bezpieczenstwopolskie.pl\/wp-content\/uploads\/2025\/01\/1222332-removebg-preview-e1738573322623-300x258.png 300w, https:\/\/bezpieczenstwopolskie.pl\/wp-content\/uploads\/2025\/01\/1222332-removebg-preview-e1738573322623.png 313w\" sizes=\"auto, (max-width: 115px) 100vw, 115px\" \/><\/div>\n<div class=\"ico-conte\"><b style=\"color: orange;\">Bezpiecze\u0144stwo Made in Poland*<\/b><br \/>\nWyr\u00f3\u017cnienie dla polskich podmiot\u00f3w, kt\u00f3re przyczyniaj\u0105 si\u0119 do budowy lokalnych, niezale\u017cnych od zewn\u0119trznych dostawc\u00f3w technologii system\u00f3w ochrony i bezpiecze\u0144stwa, a tak\u017ce tworz\u0105 innowacje oparte na krajowym know-how przyczyniaj\u0105c si\u0119 do rozwoju suwerenno\u015bci technologicznej dla bezpiecze\u0144stwa kraju.<\/div>\n<\/div>\n<\/div><\/div>\n<\/div>\n<div id=\"panel-4719-1-0-6\" class=\"so-panel widget widget_text\" data-index=\"11\" data-style=\"{&quot;widget_css&quot;:&quot;max-width:1000px;\\nmargin:0 auto;&quot;,&quot;background_image_attachment&quot;:false,&quot;background_display&quot;:&quot;tile&quot;,&quot;background_image_size&quot;:&quot;full&quot;,&quot;background_image_opacity&quot;:&quot;100&quot;,&quot;border_thickness&quot;:&quot;1px&quot;}\" >\n<div class=\"panel-widget-style panel-widget-style-for-4719-1-0-6\" >\n<div class=\"textwidget\">\n<div class=\"icon-box\">\n<div class=\"ico-image\"><img loading=\"lazy\" decoding=\"async\" class=\"alignnone wp-image-32297\" src=\"https:\/\/bezpieczenstwopolskie.pl\/wp-content\/uploads\/2025\/01\/12223322-removebg-preview-e1738573309519-300x260.png\" alt=\"\" width=\"115\" height=\"100\" srcset=\"https:\/\/bezpieczenstwopolskie.pl\/wp-content\/uploads\/2025\/01\/12223322-removebg-preview-e1738573309519-300x260.png 300w, https:\/\/bezpieczenstwopolskie.pl\/wp-content\/uploads\/2025\/01\/12223322-removebg-preview-e1738573309519.png 307w\" sizes=\"auto, (max-width: 115px) 100vw, 115px\" \/><\/div>\n<div class=\"ico-conte\"><b style=\"color: orange;\">Lider w Ochronie przed Dezinformacj\u0105<\/b><br \/>\nNagroda dla osoby lub organizacji, kt\u00f3ra przeciwdzia\u0142a rozprzestrzenianiu si\u0119 fake news\u00f3w, promuj\u0105c pozytywne warto\u015bci zwi\u0105zane z dba\u0142o\u015bci\u0105 o fakty i rzetelno\u015b\u0107 w internecie. Kategoria wyr\u00f3\u017cnia projekty, kampanie lub narz\u0119dzia technologiczne, kt\u00f3re zwi\u0119kszaj\u0105 \u015bwiadomo\u015b\u0107 spo\u0142eczn\u0105, promuj\u0105 odpowiedzialne korzystanie z informacji oraz wzmacniaj\u0105 zaufanie do wiarygodnych \u017ar\u00f3de\u0142.<\/div>\n<\/div>\n<p>&nbsp;<\/p>\n<p style=\"font-size: 14px; color: #ffffff;\">*organizator zastrzega sobie mo\u017cliwo\u015b\u0107 wr\u0119czenia nagr\u00f3d w kilku podkategoriach<\/p>\n<\/div><\/div>\n<\/div>\n<div id=\"panel-4719-1-0-7\" class=\"so-panel widget widget_custom_html\" data-index=\"12\" data-style=\"{&quot;widget_css&quot;:&quot;display: none;&quot;,&quot;background_image_attachment&quot;:false,&quot;background_display&quot;:&quot;tile&quot;,&quot;background_image_size&quot;:&quot;full&quot;,&quot;background_image_opacity&quot;:&quot;100&quot;,&quot;border_thickness&quot;:&quot;1px&quot;,&quot;margin&quot;:&quot;0px 0px 0px 0px&quot;}\" >\n<div class=\"panel-widget-style panel-widget-style-for-4719-1-0-7\" ><div class=\"textwidget custom-html-widget\">&lt;div style=&quot;margin-block: 1em; text-align:center;&quot; class=&quot;bt-b&quot;&gt;\n &lt;a class=&quot;dx-lin button-solid vamtam-button accent1&quot; href=&quot;#formularz&quot;&gt;&lt;span class=&quot;button-solid vantam-button&quot;&gt;We\u017a udzia\u0142 w konkursie&lt;\/span&gt;&lt;\/a&gt;\n &lt;\/div&gt;<\/div><\/div>\n<\/div>\n<div id=\"panel-4719-1-0-8\" class=\"so-panel widget widget_custom_html panel-last-child\" data-index=\"13\" data-style=\"{&quot;widget_css&quot;:&quot;display: none;&quot;,&quot;background_image_attachment&quot;:false,&quot;background_display&quot;:&quot;tile&quot;,&quot;background_image_size&quot;:&quot;full&quot;,&quot;background_image_opacity&quot;:&quot;100&quot;,&quot;border_thickness&quot;:&quot;1px&quot;,&quot;margin&quot;:&quot;0px 0px 0px 0px&quot;}\" >\n<div class=\"panel-widget-style panel-widget-style-for-4719-1-0-8\" ><div class=\"textwidget custom-html-widget\">&lt;a href=&quot;https:\/\/bezpieczenstwopolskie.pl\/wp-content\/uploads\/2025\/01\/Regulamin-konkursu-Diamentowe-Tarcze-2025.pdf&quot; target=&quot;_blank&quot; rel=&quot;noopener&quot;&gt;\n\t&lt;p&gt;&lt;strong&gt;REGULAMIN KONKURSU&lt;\/strong&gt;&lt;\/p&gt;\n&lt;\/a&gt;<\/div><\/div>\n<\/div>\n<\/div>\n<\/div>\n<div id=\"pg-4719-2\"  class=\"panel-grid panel-has-style\"  data-style=\"{&quot;row_css&quot;:&quot;margin-left: 0 !important;\\nmargin-right: 0 !important;&quot;,&quot;padding&quot;:&quot;30px 0px 0px 0px&quot;,&quot;background_image_attachment&quot;:false,&quot;background_display&quot;:&quot;tile&quot;,&quot;background_image_size&quot;:&quot;full&quot;,&quot;background_image_opacity&quot;:&quot;100&quot;,&quot;border_thickness&quot;:&quot;1px&quot;,&quot;full_height&quot;:&quot;&quot;,&quot;row_stretch&quot;:&quot;full-width-stretch&quot;,&quot;cell_alignment&quot;:&quot;flex-start&quot;}\" >\n<div class=\"siteorigin-panels-stretch panel-row-style panel-row-style-for-4719-2\" data-stretch-type=\"full-width-stretch\" >\n<div id=\"pgc-4719-2-0\"  class=\"panel-grid-cell panel-grid-cell-empty\"  data-weight=\"1\" ><\/div>\n<\/div>\n<\/div>\n<div id=\"pg-4719-3\"  class=\"panel-grid panel-has-style\"  data-style=\"{&quot;id&quot;:&quot;#formularz&quot;,&quot;row_css&quot;:&quot;display: none;&quot;,&quot;background_image_attachment&quot;:false,&quot;background_display&quot;:&quot;cover&quot;,&quot;background_image_size&quot;:&quot;full&quot;,&quot;background_image_opacity&quot;:&quot;100&quot;,&quot;border_thickness&quot;:&quot;1px&quot;,&quot;full_height&quot;:&quot;&quot;,&quot;cell_alignment&quot;:&quot;flex-start&quot;}\" >\n<div id=\"formularz\" class=\"panel-row-style panel-row-style-for-4719-3\" >\n<div id=\"pgc-4719-3-0\"  class=\"panel-grid-cell\"  data-style=\"{&quot;background_image_attachment&quot;:false,&quot;background_display&quot;:&quot;tile&quot;,&quot;background_image_size&quot;:&quot;full&quot;,&quot;background_image_opacity&quot;:&quot;100&quot;,&quot;border_thickness&quot;:&quot;1px&quot;,&quot;vertical_alignment&quot;:&quot;auto&quot;}\"  data-weight=\"1\" >\n<div id=\"panel-4719-3-0-0\" class=\"so-panel widget widget_custom_html panel-first-child\" data-index=\"14\" data-style=\"{&quot;class&quot;:&quot;konkurs-formularz&quot;,&quot;background_image_attachment&quot;:false,&quot;background_display&quot;:&quot;tile&quot;,&quot;background_image_size&quot;:&quot;full&quot;,&quot;background_image_opacity&quot;:&quot;100&quot;,&quot;border_thickness&quot;:&quot;1px&quot;}\" >\n<div class=\"konkurs-formularz panel-widget-style panel-widget-style-for-4719-3-0-0\" ><div class=\"textwidget custom-html-widget\">&lt;h3 style=&quot;text-align: center; font-style: italic;&quot;&gt;\n    &lt;strong&gt;\n        &lt;span style=&quot;font-weight: 400; color: #ffffff !important; font-size: 32px!important;&quot;&gt;\n            Termin mo\u017cliwo\u015bci nadsy\u0142ania zg\u0142osze\u0144: 18 kwietnia 2025 r.\n        &lt;\/span&gt;\n    &lt;\/strong&gt;\n    &lt;strong&gt;\n        &lt;span style=&quot;background-color:#ffffff;font-family:Montserrat,sans-serif;&quot;&gt;&lt;br&gt;&lt;\/span&gt;\n    &lt;\/strong&gt;\n    &lt;strong&gt;\n        &lt;span style=&quot;font-weight: 400; color: #ffffff !important;&quot;&gt;\n            Zg\u0142oszenie nominacji do konkursu jest bezp\u0142atne\n        &lt;\/span&gt;\n    &lt;\/strong&gt;\n&lt;\/h3&gt;\n\n&lt;br&gt;\n&lt;h4 style=&quot;text-align: center;&quot;&gt;&lt;strong&gt;&lt;span style=&quot;font-weight: 700; color: #ffffff !important;font-size:28px; &quot;&gt;Formularz Konkursowy&lt;\/span&gt;&lt;\/strong&gt;&lt;\/h4&gt;&lt;br&gt;\n&lt;h5 style=&quot;text-align: center; font-style: italic;&quot;&gt;\n    &lt;strong&gt;\n        &lt;span style=&quot;font-weight: 400; color: #ffffff !important;&quot;&gt;Zg\u0142o\u015b nominacj\u0119 do Konkursu&lt;\/span&gt;\n    &lt;\/strong&gt;\n&lt;\/h5&gt;\n&lt;h5 style=&quot;text-align: center; font-style: italic;&quot;&gt;\n    &lt;strong&gt;\n        &lt;span style=&quot;font-weight: 400; color: #ffffff !important;&quot;&gt;Diamentowe Tarcze za rok 2024&lt;\/span&gt;\n    &lt;\/strong&gt;\n&lt;\/h5&gt;\n\n&lt;br&gt;\n&lt;h5 style=&quot;text-align: center;&quot;&gt;&lt;strong&gt;&lt;span style=&quot;font-weight: 400; color: #ffffff !important; &quot;&gt;Wybierz kategori\u0119 i uzasadnij&lt;\/span&gt;&lt;\/strong&gt;&lt;\/h5&gt;\n<\/div><\/div>\n<\/div>\n<div id=\"panel-4719-3-0-1\" class=\"so-panel widget widget_custom_html\" data-index=\"15\" data-style=\"{&quot;id&quot;:&quot;konkurs-formularz&quot;,&quot;class&quot;:&quot;konkurs-formularz&quot;,&quot;background_image_attachment&quot;:false,&quot;background_display&quot;:&quot;tile&quot;,&quot;background_image_size&quot;:&quot;full&quot;,&quot;background_image_opacity&quot;:&quot;100&quot;,&quot;border_thickness&quot;:&quot;1px&quot;}\" >\n<div class=\"konkurs-formularz panel-widget-style panel-widget-style-for-4719-3-0-1\" id=\"konkurs-formularz\" ><div class=\"textwidget custom-html-widget\"><p class=\"wpcf7-contact-form-not-found\"><strong>Error:<\/strong> Contact form not found.<\/p><\/div><\/div>\n<\/div>\n<div id=\"panel-4719-3-0-2\" class=\"so-panel widget widget_custom_html panel-last-child\" data-index=\"16\" data-style=\"{&quot;background_image_attachment&quot;:false,&quot;background_display&quot;:&quot;tile&quot;,&quot;background_image_size&quot;:&quot;full&quot;,&quot;background_image_opacity&quot;:&quot;100&quot;,&quot;border_thickness&quot;:&quot;1px&quot;}\" ><div class=\"textwidget custom-html-widget\">\n\n&lt;p style=&quot;text-align: center;&quot;&gt;&lt;strong&gt;&lt;span style=&quot;font-weight: 400; color: #ffffff !important; font-size: 21px!important;&quot;&gt;Kontakt w sprawie konkursu:&lt;br&gt;\n\nJoanna Lipska&lt;br&gt;\nSenior Project Manager&lt;br&gt;\nFlagship Events Department&lt;br&gt;\nT: +48 536 800 813&lt;br&gt;\ne-mail: j.lipska@mmcpolska.pl&lt;\/span&gt;&lt;\/strong&gt;&lt;\/p&gt;<\/div><\/div>\n<\/div>\n<\/div>\n<\/div>\n<\/div>\n<\/div>\n<p><!-- .vgblk-rw-wrapper --><\/p>\n","protected":false},"excerpt":{"rendered":"<p>Zg\u0142o\u015b si\u0119 Pionier Bezpiecze\u0144stwa Nagroda honoruje cz\u0142owieka roku, kt\u00f3ry swoj\u0105 dzia\u0142alno\u015bci\u0105, osi\u0105gni\u0119ciami lub przyw\u00f3dztwem znacz\u0105co wp\u0142yn\u0105\u0142 na popraw\u0119 bezpiecze\u0144stwa w Polsce. Dla przedstawicieli rz\u0105du, wojska, organizacji pozarz\u0105dowych, ekspert\u00f3w bran\u017cowych oraz&#8230;<\/p>\n","protected":false},"author":7,"featured_media":0,"parent":0,"menu_order":0,"comment_status":"closed","ping_status":"closed","template":"","meta":{"_acf_changed":false,"inline_featured_image":false,"footnotes":""},"class_list":["post-21172","page","type-page","status-publish","hentry"],"acf":[],"yoast_head":"<!-- This site is optimized with the Yoast SEO plugin v26.5 - https:\/\/yoast.com\/wordpress\/plugins\/seo\/ -->\n<title>Competition - KONGRES BEZPIECZE\u0143STWO POLSKI - KBP RZESZ\u00d3W<\/title>\n<meta name=\"robots\" content=\"index, follow, max-snippet:-1, max-image-preview:large, max-video-preview:-1\" \/>\n<link rel=\"canonical\" href=\"https:\/\/bezpieczenstwopolskie.pl\/en\/competition\/\" \/>\n<meta property=\"og:locale\" content=\"en_US\" \/>\n<meta property=\"og:type\" content=\"article\" \/>\n<meta property=\"og:title\" content=\"Competition - KONGRES BEZPIECZE\u0143STWO POLSKI - KBP RZESZ\u00d3W\" \/>\n<meta property=\"og:description\" content=\"Zg\u0142o\u015b si\u0119 Pionier Bezpiecze\u0144stwa Nagroda honoruje cz\u0142owieka roku, kt\u00f3ry swoj\u0105 dzia\u0142alno\u015bci\u0105, osi\u0105gni\u0119ciami lub przyw\u00f3dztwem znacz\u0105co wp\u0142yn\u0105\u0142 na popraw\u0119 bezpiecze\u0144stwa w Polsce. Dla przedstawicieli rz\u0105du, wojska, organizacji pozarz\u0105dowych, ekspert\u00f3w bran\u017cowych oraz...\" \/>\n<meta property=\"og:url\" content=\"https:\/\/bezpieczenstwopolskie.pl\/en\/competition\/\" \/>\n<meta property=\"og:site_name\" content=\"KONGRES BEZPIECZE\u0143STWO POLSKI - KBP RZESZ\u00d3W\" \/>\n<meta property=\"article:publisher\" content=\"https:\/\/www.facebook.com\/bezpieczenstwopolski\" \/>\n<meta property=\"article:modified_time\" content=\"2025-05-14T08:34:28+00:00\" \/>\n<meta property=\"og:image\" content=\"https:\/\/bezpieczenstwopolskie.pl\/wp-content\/uploads\/2025\/01\/122-removebg-preview-e1738573296334-300x235.png\" \/>\n<meta name=\"twitter:card\" content=\"summary_large_image\" \/>\n<meta name=\"twitter:site\" content=\"@totalsecuritypl\" \/>\n<meta name=\"twitter:label1\" content=\"Est. reading time\" \/>\n\t<meta name=\"twitter:data1\" content=\"11 minutes\" \/>\n<script type=\"application\/ld+json\" class=\"yoast-schema-graph\">{\"@context\":\"https:\/\/schema.org\",\"@graph\":[{\"@type\":\"WebPage\",\"@id\":\"https:\/\/bezpieczenstwopolskie.pl\/en\/competition\/\",\"url\":\"https:\/\/bezpieczenstwopolskie.pl\/en\/competition\/\",\"name\":\"Competition - KONGRES BEZPIECZE\u0143STWO POLSKI - KBP RZESZ\u00d3W\",\"isPartOf\":{\"@id\":\"https:\/\/bezpieczenstwopolskie.pl\/#website\"},\"primaryImageOfPage\":{\"@id\":\"https:\/\/bezpieczenstwopolskie.pl\/en\/competition\/#primaryimage\"},\"image\":{\"@id\":\"https:\/\/bezpieczenstwopolskie.pl\/en\/competition\/#primaryimage\"},\"thumbnailUrl\":\"https:\/\/bezpieczenstwopolskie.pl\/wp-content\/uploads\/2025\/01\/122-removebg-preview-e1738573296334-300x235.png\",\"datePublished\":\"2023-01-27T08:47:03+00:00\",\"dateModified\":\"2025-05-14T08:34:28+00:00\",\"breadcrumb\":{\"@id\":\"https:\/\/bezpieczenstwopolskie.pl\/en\/competition\/#breadcrumb\"},\"inLanguage\":\"en-US\",\"potentialAction\":[{\"@type\":\"ReadAction\",\"target\":[\"https:\/\/bezpieczenstwopolskie.pl\/en\/competition\/\"]}]},{\"@type\":\"ImageObject\",\"inLanguage\":\"en-US\",\"@id\":\"https:\/\/bezpieczenstwopolskie.pl\/en\/competition\/#primaryimage\",\"url\":\"https:\/\/bezpieczenstwopolskie.pl\/wp-content\/uploads\/2025\/01\/122-removebg-preview-e1738573296334-300x235.png\",\"contentUrl\":\"https:\/\/bezpieczenstwopolskie.pl\/wp-content\/uploads\/2025\/01\/122-removebg-preview-e1738573296334-300x235.png\"},{\"@type\":\"BreadcrumbList\",\"@id\":\"https:\/\/bezpieczenstwopolskie.pl\/en\/competition\/#breadcrumb\",\"itemListElement\":[{\"@type\":\"ListItem\",\"position\":1,\"name\":\"Strona g\u0142\u00f3wna\",\"item\":\"https:\/\/bezpieczenstwopolskie.pl\/en\/\"},{\"@type\":\"ListItem\",\"position\":2,\"name\":\"Competition\"}]},{\"@type\":\"WebSite\",\"@id\":\"https:\/\/bezpieczenstwopolskie.pl\/#website\",\"url\":\"https:\/\/bezpieczenstwopolskie.pl\/\",\"name\":\"Kongres Bezpiecze\u0144stwo Polski - KBP RZESZ\u00d3W\",\"description\":\"\",\"publisher\":{\"@id\":\"https:\/\/bezpieczenstwopolskie.pl\/#organization\"},\"potentialAction\":[{\"@type\":\"SearchAction\",\"target\":{\"@type\":\"EntryPoint\",\"urlTemplate\":\"https:\/\/bezpieczenstwopolskie.pl\/?s={search_term_string}\"},\"query-input\":{\"@type\":\"PropertyValueSpecification\",\"valueRequired\":true,\"valueName\":\"search_term_string\"}}],\"inLanguage\":\"en-US\"},{\"@type\":\"Organization\",\"@id\":\"https:\/\/bezpieczenstwopolskie.pl\/#organization\",\"name\":\"Kongres Bezpiecze\u0144stwo Polski - KBP RZESZ\u00d3W\",\"url\":\"https:\/\/bezpieczenstwopolskie.pl\/\",\"logo\":{\"@type\":\"ImageObject\",\"inLanguage\":\"en-US\",\"@id\":\"https:\/\/bezpieczenstwopolskie.pl\/#\/schema\/logo\/image\/\",\"url\":\"https:\/\/bezpieczenstwopolskie.pl\/wp-content\/uploads\/2026\/01\/KBP-materialy-do-pobrania-2026-1h-v1-1080x1080-1.jpg\",\"contentUrl\":\"https:\/\/bezpieczenstwopolskie.pl\/wp-content\/uploads\/2026\/01\/KBP-materialy-do-pobrania-2026-1h-v1-1080x1080-1.jpg\",\"width\":1080,\"height\":1080,\"caption\":\"Kongres Bezpiecze\u0144stwo Polski - KBP RZESZ\u00d3W\"},\"image\":{\"@id\":\"https:\/\/bezpieczenstwopolskie.pl\/#\/schema\/logo\/image\/\"},\"sameAs\":[\"https:\/\/www.facebook.com\/bezpieczenstwopolski\",\"https:\/\/x.com\/totalsecuritypl\",\"https:\/\/www.linkedin.com\/company\/kongres-bezpiecze\u0144stwo-polski\/?viewAsMember=true\"]}]}<\/script>\n<!-- \/ Yoast SEO plugin. -->","yoast_head_json":{"title":"Competition - KONGRES BEZPIECZE\u0143STWO POLSKI - KBP RZESZ\u00d3W","robots":{"index":"index","follow":"follow","max-snippet":"max-snippet:-1","max-image-preview":"max-image-preview:large","max-video-preview":"max-video-preview:-1"},"canonical":"https:\/\/bezpieczenstwopolskie.pl\/en\/competition\/","og_locale":"en_US","og_type":"article","og_title":"Competition - KONGRES BEZPIECZE\u0143STWO POLSKI - KBP RZESZ\u00d3W","og_description":"Zg\u0142o\u015b si\u0119 Pionier Bezpiecze\u0144stwa Nagroda honoruje cz\u0142owieka roku, kt\u00f3ry swoj\u0105 dzia\u0142alno\u015bci\u0105, osi\u0105gni\u0119ciami lub przyw\u00f3dztwem znacz\u0105co wp\u0142yn\u0105\u0142 na popraw\u0119 bezpiecze\u0144stwa w Polsce. Dla przedstawicieli rz\u0105du, wojska, organizacji pozarz\u0105dowych, ekspert\u00f3w bran\u017cowych oraz...","og_url":"https:\/\/bezpieczenstwopolskie.pl\/en\/competition\/","og_site_name":"KONGRES BEZPIECZE\u0143STWO POLSKI - KBP RZESZ\u00d3W","article_publisher":"https:\/\/www.facebook.com\/bezpieczenstwopolski","article_modified_time":"2025-05-14T08:34:28+00:00","og_image":[{"url":"https:\/\/bezpieczenstwopolskie.pl\/wp-content\/uploads\/2025\/01\/122-removebg-preview-e1738573296334-300x235.png","type":"","width":"","height":""}],"twitter_card":"summary_large_image","twitter_site":"@totalsecuritypl","twitter_misc":{"Est. reading time":"11 minutes"},"schema":{"@context":"https:\/\/schema.org","@graph":[{"@type":"WebPage","@id":"https:\/\/bezpieczenstwopolskie.pl\/en\/competition\/","url":"https:\/\/bezpieczenstwopolskie.pl\/en\/competition\/","name":"Competition - KONGRES BEZPIECZE\u0143STWO POLSKI - KBP RZESZ\u00d3W","isPartOf":{"@id":"https:\/\/bezpieczenstwopolskie.pl\/#website"},"primaryImageOfPage":{"@id":"https:\/\/bezpieczenstwopolskie.pl\/en\/competition\/#primaryimage"},"image":{"@id":"https:\/\/bezpieczenstwopolskie.pl\/en\/competition\/#primaryimage"},"thumbnailUrl":"https:\/\/bezpieczenstwopolskie.pl\/wp-content\/uploads\/2025\/01\/122-removebg-preview-e1738573296334-300x235.png","datePublished":"2023-01-27T08:47:03+00:00","dateModified":"2025-05-14T08:34:28+00:00","breadcrumb":{"@id":"https:\/\/bezpieczenstwopolskie.pl\/en\/competition\/#breadcrumb"},"inLanguage":"en-US","potentialAction":[{"@type":"ReadAction","target":["https:\/\/bezpieczenstwopolskie.pl\/en\/competition\/"]}]},{"@type":"ImageObject","inLanguage":"en-US","@id":"https:\/\/bezpieczenstwopolskie.pl\/en\/competition\/#primaryimage","url":"https:\/\/bezpieczenstwopolskie.pl\/wp-content\/uploads\/2025\/01\/122-removebg-preview-e1738573296334-300x235.png","contentUrl":"https:\/\/bezpieczenstwopolskie.pl\/wp-content\/uploads\/2025\/01\/122-removebg-preview-e1738573296334-300x235.png"},{"@type":"BreadcrumbList","@id":"https:\/\/bezpieczenstwopolskie.pl\/en\/competition\/#breadcrumb","itemListElement":[{"@type":"ListItem","position":1,"name":"Strona g\u0142\u00f3wna","item":"https:\/\/bezpieczenstwopolskie.pl\/en\/"},{"@type":"ListItem","position":2,"name":"Competition"}]},{"@type":"WebSite","@id":"https:\/\/bezpieczenstwopolskie.pl\/#website","url":"https:\/\/bezpieczenstwopolskie.pl\/","name":"Kongres Bezpiecze\u0144stwo Polski - KBP RZESZ\u00d3W","description":"","publisher":{"@id":"https:\/\/bezpieczenstwopolskie.pl\/#organization"},"potentialAction":[{"@type":"SearchAction","target":{"@type":"EntryPoint","urlTemplate":"https:\/\/bezpieczenstwopolskie.pl\/?s={search_term_string}"},"query-input":{"@type":"PropertyValueSpecification","valueRequired":true,"valueName":"search_term_string"}}],"inLanguage":"en-US"},{"@type":"Organization","@id":"https:\/\/bezpieczenstwopolskie.pl\/#organization","name":"Kongres Bezpiecze\u0144stwo Polski - KBP RZESZ\u00d3W","url":"https:\/\/bezpieczenstwopolskie.pl\/","logo":{"@type":"ImageObject","inLanguage":"en-US","@id":"https:\/\/bezpieczenstwopolskie.pl\/#\/schema\/logo\/image\/","url":"https:\/\/bezpieczenstwopolskie.pl\/wp-content\/uploads\/2026\/01\/KBP-materialy-do-pobrania-2026-1h-v1-1080x1080-1.jpg","contentUrl":"https:\/\/bezpieczenstwopolskie.pl\/wp-content\/uploads\/2026\/01\/KBP-materialy-do-pobrania-2026-1h-v1-1080x1080-1.jpg","width":1080,"height":1080,"caption":"Kongres Bezpiecze\u0144stwo Polski - KBP RZESZ\u00d3W"},"image":{"@id":"https:\/\/bezpieczenstwopolskie.pl\/#\/schema\/logo\/image\/"},"sameAs":["https:\/\/www.facebook.com\/bezpieczenstwopolski","https:\/\/x.com\/totalsecuritypl","https:\/\/www.linkedin.com\/company\/kongres-bezpiecze\u0144stwo-polski\/?viewAsMember=true"]}]}},"_links":{"self":[{"href":"https:\/\/bezpieczenstwopolskie.pl\/en\/wp-json\/wp\/v2\/pages\/21172","targetHints":{"allow":["GET"]}}],"collection":[{"href":"https:\/\/bezpieczenstwopolskie.pl\/en\/wp-json\/wp\/v2\/pages"}],"about":[{"href":"https:\/\/bezpieczenstwopolskie.pl\/en\/wp-json\/wp\/v2\/types\/page"}],"author":[{"embeddable":true,"href":"https:\/\/bezpieczenstwopolskie.pl\/en\/wp-json\/wp\/v2\/users\/7"}],"replies":[{"embeddable":true,"href":"https:\/\/bezpieczenstwopolskie.pl\/en\/wp-json\/wp\/v2\/comments?post=21172"}],"version-history":[{"count":4,"href":"https:\/\/bezpieczenstwopolskie.pl\/en\/wp-json\/wp\/v2\/pages\/21172\/revisions"}],"predecessor-version":[{"id":37114,"href":"https:\/\/bezpieczenstwopolskie.pl\/en\/wp-json\/wp\/v2\/pages\/21172\/revisions\/37114"}],"wp:attachment":[{"href":"https:\/\/bezpieczenstwopolskie.pl\/en\/wp-json\/wp\/v2\/media?parent=21172"}],"curies":[{"name":"wp","href":"https:\/\/api.w.org\/{rel}","templated":true}]}}