{"id":22035,"date":"2024-02-08T11:37:23","date_gmt":"2024-02-08T10:37:23","guid":{"rendered":"https:\/\/dataeconomycongress.pl\/speakers-3-data-economy-congress\/"},"modified":"2026-03-09T14:14:36","modified_gmt":"2026-03-09T13:14:36","slug":"speakers","status":"publish","type":"page","link":"https:\/\/bezpieczenstwopolskie.pl\/en\/speakers\/","title":{"rendered":"Speakers"},"content":{"rendered":"<div id=\"pl-22035\"  class=\"panel-layout\" ><div id=\"pg-22035-0\"  class=\"panel-grid panel-no-style\" ><div id=\"pgc-22035-0-0\"  class=\"panel-grid-cell\" ><div id=\"panel-22035-0-0-0\" class=\"so-panel widget widget_text panel-first-child panel-last-child\" data-index=\"0\" >\t\t\t<div class=\"textwidget\"><div class=\"adv-3 all-rada\"><div class=\"prelegents\">\n        <div class='prelegents__box' data-box-id='28145'  id='28145'>\n        <div class='prelegents__wrapper'>\n    <div class='prelegents__content'><div class='prelegents__boximg'>\n        \n        \n     \n        <div data-toggle='modal' id='28145' data-target='#28145' ><img class='prelegents__img' src='https:\/\/bezpieczenstwopolskie.pl\/wp-content\/uploads\/2024\/08\/gawkowski.png' alt='Krzysztof Gawkowski' \/> <\/div>\n        \n      \n\t\t<\/div> <div class='prelegents__socials'><div class='linkedind-lost'><\/div><\/div><div class='prelegents__texts'><p class='prelegents__name'>Krzysztof Gawkowski<\/p><p class='prelegents__work'>Deputy Prime Minister, Minister of Digital Affairs, Government Plenipotentiary for Cybersecurity<\/p>         \n                \n\t\t \t<\/div> \t  \t \n    <\/div>\n<\/div><div class='prelegents__modal modal fade' data-modal-id='28145' id='28145' role='dialog'>\n <button type='button' id='closeBtn' class='close-modal' data-dismiss='modal'>&times;<\/button>\n <div class='prelegents__modal-dialog'>\n    \n       \n      <div class='prelegents__modal-body'>\n         \n        <div class='prelegents__modal-content'>\n        <div class='prelegents__modal-note'><div class='prelegents__modal-boximg'><img class='prelegents__modal-img' src='https:\/\/bezpieczenstwopolskie.pl\/wp-content\/uploads\/2024\/08\/gawkowski.png' alt='' \/><\/div><div class='prelegents__texts'><p class='prelegents__name'>Krzysztof Gawkowski<\/p><p class='prelegents__work'>Deputy Prime Minister, Minister of Digital Affairs, Government Plenipotentiary for Cybersecurity <\/p><\/div><\/div>\n\t\t\n\t\t<div class='prelegents__note'><\/div>\n\t\t \n         \n      <\/div><\/div>\n       \n  <\/div><\/div><\/div>\n        <div class='prelegents__box' data-box-id='36150'  id='36150'>\n        <div class='prelegents__wrapper'>\n    <div class='prelegents__content'><div class='prelegents__boximg'>\n        \n        \n     \n        <div data-toggle='modal' id='36150' data-target='#36150' ><img class='prelegents__img' src='https:\/\/bezpieczenstwopolskie.pl\/wp-content\/uploads\/2025\/05\/lasek300-1.png' alt='Maciej Lasek' \/> <\/div>\n        \n      \n\t\t<\/div> <div class='prelegents__socials'><div class='linkedind-lost'><\/div><\/div><div class='prelegents__texts'><p class='prelegents__name'>Maciej Lasek<\/p><p class='prelegents__work'>Secretary of State, Government Plenipotentiary for Central Motorway Port, Ministry of Infrastructure<\/p>         \n                \n\t\t \t<\/div> \t  \t \n    <\/div>\n<\/div><div class='prelegents__modal modal fade' data-modal-id='36150' id='36150' role='dialog'>\n <button type='button' id='closeBtn' class='close-modal' data-dismiss='modal'>&times;<\/button>\n <div class='prelegents__modal-dialog'>\n    \n       \n      <div class='prelegents__modal-body'>\n         \n        <div class='prelegents__modal-content'>\n        <div class='prelegents__modal-note'><div class='prelegents__modal-boximg'><img class='prelegents__modal-img' src='https:\/\/bezpieczenstwopolskie.pl\/wp-content\/uploads\/2025\/05\/lasek300-1.png' alt='' \/><\/div><div class='prelegents__texts'><p class='prelegents__name'>Maciej Lasek<\/p><p class='prelegents__work'>Secretary of State, Government Plenipotentiary for Central Motorway Port, Ministry of Infrastructure <\/p><\/div><\/div>\n\t\t\n\t\t<div class='prelegents__note'><p>Member of the Polish Parliament (Sejm), Secretary of State at the Ministry of Infrastructure,<br \/>\nGovernment Plenipotentiary for the Central Transport Hub.<br \/>\nAviation expert with over 25 years of experience; PhD in technical sciences from the Military<br \/>\nUniversity of Technology. Long-standing research staff member of the Institute of Aviation.<br \/>\nFrom 2002 to 2016 a member, later Deputy Chair, and since 2012 Chair of the State<br \/>\nCommission on Aircraft Accident Investigation.<br \/>\nSpecializes in transport safety issues, particularly aviation safety. Since 2010, academic<br \/>\nlecturer at the Warsaw University of Technology.<br \/>\nLicensed airplane and glider pilot, with First Class Glider Instructor qualifications and First<br \/>\nClass Test Pilot qualifications.<br \/>\nEditor-in-Chief of the scientific journal \u201cNiT \u2013 Science, Innovation, Technology\u201d from 2003 to<br \/>\n2007.<br \/>\nGraduate of the Faculty of Power and Aeronautical Engineering at the Warsaw University of<br \/>\nTechnology.<\/p>\n<\/div>\n\t\t \n         \n      <\/div><\/div>\n       \n  <\/div><\/div><\/div>\n        <div class='prelegents__box' data-box-id='34921'  id='34921'>\n        <div class='prelegents__wrapper'>\n    <div class='prelegents__content'><div class='prelegents__boximg'>\n        \n        \n     \n        <div data-toggle='modal' id='34921' data-target='#34921' ><img class='prelegents__img' src='https:\/\/bezpieczenstwopolskie.pl\/wp-content\/uploads\/2025\/04\/szyszko300.png' alt='Jan Szyszko' \/> <\/div>\n        \n      \n\t\t<\/div> <div class='prelegents__socials'><div class='linkedind-lost'><\/div><\/div><div class='prelegents__texts'><p class='prelegents__name'>Jan Szyszko<\/p><p class='prelegents__work'>Secretary of State, Ministry of the Funds and Regional Policy<\/p>         \n                \n\t\t \t<\/div> \t  \t \n    <\/div>\n<\/div><div class='prelegents__modal modal fade' data-modal-id='34921' id='34921' role='dialog'>\n <button type='button' id='closeBtn' class='close-modal' data-dismiss='modal'>&times;<\/button>\n <div class='prelegents__modal-dialog'>\n    \n       \n      <div class='prelegents__modal-body'>\n         \n        <div class='prelegents__modal-content'>\n        <div class='prelegents__modal-note'><div class='prelegents__modal-boximg'><img class='prelegents__modal-img' src='https:\/\/bezpieczenstwopolskie.pl\/wp-content\/uploads\/2025\/04\/szyszko300.png' alt='' \/><\/div><div class='prelegents__texts'><p class='prelegents__name'>Jan Szyszko<\/p><p class='prelegents__work'>Secretary of State, Ministry of the Funds and Regional Policy <\/p><\/div><\/div>\n\t\t\n\t\t<div class='prelegents__note'><p>From 2016-18, he served as European affairs analyst at Polityka Insight. Thereafter, worked as the evaluator and researcher of EC\u2019s policies in the fields of transport and communication at an international consultancy company.<br \/>\nCo-founder and board member of the Strategies 2050 Institute. At the Institute, he was responsible for research on Poland&#8217;s energy transition, the RRF and EU policies. In the 2023 parliamentary campaign, member of the staff of Poland 2050 and the Third Way responsible for communication.<br \/>\nAuthor and co-author of numerous reports summarising Poland&#8217;s achievements in the EU and the legislative activities of the EU institutions<br \/>\nHe has worked, among others, with the Batory Foundation, the In.Europa Institute and the Schuman Foundation.<br \/>\nGraduate of the College of Europe in Natolin, Dublin&#8217;s Trinity College and Charles University in Prague.<\/p>\n<\/div>\n\t\t \n         \n      <\/div><\/div>\n       \n  <\/div><\/div><\/div>\n        <div class='prelegents__box' data-box-id='41171'  id='41171'>\n        <div class='prelegents__wrapper'>\n    <div class='prelegents__content'><div class='prelegents__boximg'>\n        \n        \n     \n        <div data-toggle='modal' id='41171' data-target='#41171' ><img class='prelegents__img' src='https:\/\/bezpieczenstwopolskie.pl\/wp-content\/uploads\/2026\/01\/golota.png' alt='Konrad Go\u0142ota' \/> <\/div>\n        \n      \n\t\t<\/div> <div class='prelegents__socials'><div class='linkedind-lost'><\/div><\/div><div class='prelegents__texts'><p class='prelegents__name'>Konrad Go\u0142ota<\/p><p class='prelegents__work'>Undersecretary of State, Ministerstwo Aktyw\u00f3w Pa\u0144stwowych<\/p>         \n                \n\t\t \t<\/div> \t  \t \n    <\/div>\n<\/div><div class='prelegents__modal modal fade' data-modal-id='41171' id='41171' role='dialog'>\n <button type='button' id='closeBtn' class='close-modal' data-dismiss='modal'>&times;<\/button>\n <div class='prelegents__modal-dialog'>\n    \n       \n      <div class='prelegents__modal-body'>\n         \n        <div class='prelegents__modal-content'>\n        <div class='prelegents__modal-note'><div class='prelegents__modal-boximg'><img class='prelegents__modal-img' src='https:\/\/bezpieczenstwopolskie.pl\/wp-content\/uploads\/2026\/01\/golota.png' alt='' \/><\/div><div class='prelegents__texts'><p class='prelegents__name'>Konrad Go\u0142ota<\/p><p class='prelegents__work'>Undersecretary of State, Ministerstwo Aktyw\u00f3w Pa\u0144stwowych <\/p><\/div><\/div>\n\t\t\n\t\t<div class='prelegents__note'><\/div>\n\t\t \n         \n      <\/div><\/div>\n       \n  <\/div><\/div><\/div>\n        <div class='prelegents__box' data-box-id='34918'  id='34918'>\n        <div class='prelegents__wrapper'>\n    <div class='prelegents__content'><div class='prelegents__boximg'>\n        \n        \n     \n        <div data-toggle='modal' id='34918' data-target='#34918' ><img class='prelegents__img' src='https:\/\/bezpieczenstwopolskie.pl\/wp-content\/uploads\/2025\/04\/rosinski300-1.png' alt='dr Rafa\u0142 Rosi\u0144ski' \/> <\/div>\n        \n      \n\t\t<\/div> <div class='prelegents__socials'><div class='linkedind-lost'><\/div><\/div><div class='prelegents__texts'><p class='prelegents__name'>dr Rafa\u0142 Rosi\u0144ski<\/p><p class='prelegents__work'>Undersecretary of State, Ministry of Digitalisation<\/p>         \n                \n\t\t \t<\/div> \t  \t \n    <\/div>\n<\/div><div class='prelegents__modal modal fade' data-modal-id='34918' id='34918' role='dialog'>\n <button type='button' id='closeBtn' class='close-modal' data-dismiss='modal'>&times;<\/button>\n <div class='prelegents__modal-dialog'>\n    \n       \n      <div class='prelegents__modal-body'>\n         \n        <div class='prelegents__modal-content'>\n        <div class='prelegents__modal-note'><div class='prelegents__modal-boximg'><img class='prelegents__modal-img' src='https:\/\/bezpieczenstwopolskie.pl\/wp-content\/uploads\/2025\/04\/rosinski300-1.png' alt='' \/><\/div><div class='prelegents__texts'><p class='prelegents__name'>dr Rafa\u0142 Rosi\u0144ski<\/p><p class='prelegents__work'>Undersecretary of State, Ministry of Digitalisation <\/p><\/div><\/div>\n\t\t\n\t\t<div class='prelegents__note'><p><span style=\"font-weight: 400;\">Rafa\u0142 Rosi\u0144ski holds a doctorate in economics and worked at the Technical University of Koszalin, where he was vice-dean for student affairs. In 2008, he obtained his doctoral degree in economic sciences at the Faculty of Economics of the University of Gda\u0144sk. His scientific output includes more than 50 publications, including two monographs and several articles in foreign journals. In 2009, he was awarded the main prize &#8220;Golden Wings of Gazeta Prawna&#8221; for the best book in the category &#8220;taxes&#8221;. Previously, Rafa\u0142 Rosi\u0144ski was deputy Marshall of the West Pomeranian Voivodeship and a councillor of the Voivodeship Assembly for many years. Rafa\u0142 Rosi\u0144ski has been involved with the Polish Economic Society for more than 15 years; from 2020 to 2024 he was president of the Koszalin branch of the PTE, a member of the PTE National Board and a member of the PTE Scientific Council.<\/span><\/p>\n<\/div>\n\t\t \n         \n      <\/div><\/div>\n       \n  <\/div><\/div><\/div>\n        <div class='prelegents__box' data-box-id='42871'  id='42871'>\n        <div class='prelegents__wrapper'>\n    <div class='prelegents__content'><div class='prelegents__boximg'>\n        \n        \n     \n        <div data-toggle='modal' id='42871' data-target='#42871' > <img class='prelegents__img' src='\/wp-content\/plugins\/prelegenci\/avatar.jpg' alt='avatar' \/> <\/div>\n        \n      \n\t\t<\/div> <div class='prelegents__socials'><div class='linkedind-lost'><\/div><\/div><div class='prelegents__texts'><p class='prelegents__name'>Grzegorz Bartler<\/p><p class='prelegents__work'>Vice President of the Management Board, Asseco Poland<\/p>         \n                \n\t\t \t<\/div> \t  \t \n    <\/div>\n<\/div><div class='prelegents__modal modal fade' data-modal-id='42871' id='42871' role='dialog'>\n <button type='button' id='closeBtn' class='close-modal' data-dismiss='modal'>&times;<\/button>\n <div class='prelegents__modal-dialog'>\n    \n       \n      <div class='prelegents__modal-body'>\n         \n        <div class='prelegents__modal-content'>\n        <div class='prelegents__modal-note'><div class='prelegents__modal-boximg'><img class='prelegents__modal-img' src='\/wp-content\/plugins\/prelegenci\/avatar.jpg' alt='avatar' \/><\/div><div class='prelegents__texts'><p class='prelegents__name'>Grzegorz Bartler<\/p><p class='prelegents__work'>Vice President of the Management Board, Asseco Poland <\/p><\/div><\/div>\n\t\t\n\t\t<div class='prelegents__note'><\/div>\n\t\t \n         \n      <\/div><\/div>\n       \n  <\/div><\/div><\/div>\n        <div class='prelegents__box' data-box-id='27538'  id='27538'>\n        <div class='prelegents__wrapper'>\n    <div class='prelegents__content'><div class='prelegents__boximg'>\n        \n        \n     \n        <div data-toggle='modal' id='27538' data-target='#27538' ><img class='prelegents__img' src='https:\/\/bezpieczenstwopolskie.pl\/wp-content\/uploads\/2024\/06\/bartosiewicz-300x300-1.png' alt='dr in\u017c. Andrzej Bartosiewicz' \/> <\/div>\n        \n      \n\t\t<\/div> <div class='prelegents__socials'><div class='linkedind-lost'><\/div><\/div><div class='prelegents__texts'><p class='prelegents__name'>dr in\u017c. Andrzej Bartosiewicz<\/p><p class='prelegents__work'>CEO, Foundation CISO #Poland<\/p>         \n                \n\t\t \t<\/div> \t  \t \n    <\/div>\n<\/div><div class='prelegents__modal modal fade' data-modal-id='27538' id='27538' role='dialog'>\n <button type='button' id='closeBtn' class='close-modal' data-dismiss='modal'>&times;<\/button>\n <div class='prelegents__modal-dialog'>\n    \n       \n      <div class='prelegents__modal-body'>\n         \n        <div class='prelegents__modal-content'>\n        <div class='prelegents__modal-note'><div class='prelegents__modal-boximg'><img class='prelegents__modal-img' src='https:\/\/bezpieczenstwopolskie.pl\/wp-content\/uploads\/2024\/06\/bartosiewicz-300x300-1.png' alt='' \/><\/div><div class='prelegents__texts'><p class='prelegents__name'>dr in\u017c. Andrzej Bartosiewicz<\/p><p class='prelegents__work'>CEO, Foundation CISO #Poland <\/p><\/div><\/div>\n\t\t\n\t\t<div class='prelegents__note'><\/div>\n\t\t \n         \n      <\/div><\/div>\n       \n  <\/div><\/div><\/div>\n        <div class='prelegents__box' data-box-id='43607'  id='43607'>\n        <div class='prelegents__wrapper'>\n    <div class='prelegents__content'><div class='prelegents__boximg'>\n        \n        \n     \n        <div data-toggle='modal' id='43607' data-target='#43607' > <img class='prelegents__img' src='\/wp-content\/plugins\/prelegenci\/avatar.jpg' alt='avatar' \/> <\/div>\n        \n      \n\t\t<\/div> <div class='prelegents__socials'><div class='linkedind-lost'><\/div><\/div><div class='prelegents__texts'><p class='prelegents__name'>pp\u0142k dr in\u017c. Mariusz Bednarczyk<\/p><p class='prelegents__work'>Director of the Institute of Communication Systems, Department of Electronics, Wojskowa Akademia Techniczna<\/p>         \n                \n\t\t \t<\/div> \t  \t \n    <\/div>\n<\/div><div class='prelegents__modal modal fade' data-modal-id='43607' id='43607' role='dialog'>\n <button type='button' id='closeBtn' class='close-modal' data-dismiss='modal'>&times;<\/button>\n <div class='prelegents__modal-dialog'>\n    \n       \n      <div class='prelegents__modal-body'>\n         \n        <div class='prelegents__modal-content'>\n        <div class='prelegents__modal-note'><div class='prelegents__modal-boximg'><img class='prelegents__modal-img' src='\/wp-content\/plugins\/prelegenci\/avatar.jpg' alt='avatar' \/><\/div><div class='prelegents__texts'><p class='prelegents__name'>pp\u0142k dr in\u017c. Mariusz Bednarczyk<\/p><p class='prelegents__work'>Director of the Institute of Communication Systems, Department of Electronics, Wojskowa Akademia Techniczna <\/p><\/div><\/div>\n\t\t\n\t\t<div class='prelegents__note'><\/div>\n\t\t \n         \n      <\/div><\/div>\n       \n  <\/div><\/div><\/div>\n        <div class='prelegents__box' data-box-id='43475'  id='43475'>\n        <div class='prelegents__wrapper'>\n    <div class='prelegents__content'><div class='prelegents__boximg'>\n        \n        \n     \n        <div data-toggle='modal' id='43475' data-target='#43475' ><img class='prelegents__img' src='https:\/\/bezpieczenstwopolskie.pl\/wp-content\/uploads\/2026\/04\/blacha300.png' alt='\u0141ukasz Blacha' \/> <\/div>\n        \n      \n\t\t<\/div> <div class='prelegents__socials'><div class='linkedind-lost'><\/div><\/div><div class='prelegents__texts'><p class='prelegents__name'>\u0141ukasz Blacha<\/p><p class='prelegents__work'>Director of Investor Relations, Krakow Technology Park<\/p>         \n                \n\t\t \t<\/div> \t  \t \n    <\/div>\n<\/div><div class='prelegents__modal modal fade' data-modal-id='43475' id='43475' role='dialog'>\n <button type='button' id='closeBtn' class='close-modal' data-dismiss='modal'>&times;<\/button>\n <div class='prelegents__modal-dialog'>\n    \n       \n      <div class='prelegents__modal-body'>\n         \n        <div class='prelegents__modal-content'>\n        <div class='prelegents__modal-note'><div class='prelegents__modal-boximg'><img class='prelegents__modal-img' src='https:\/\/bezpieczenstwopolskie.pl\/wp-content\/uploads\/2026\/04\/blacha300.png' alt='' \/><\/div><div class='prelegents__texts'><p class='prelegents__name'>\u0141ukasz Blacha<\/p><p class='prelegents__work'>Director of Investor Relations, Krakow Technology Park <\/p><\/div><\/div>\n\t\t\n\t\t<div class='prelegents__note'><\/div>\n\t\t \n         \n      <\/div><\/div>\n       \n  <\/div><\/div><\/div>\n        <div class='prelegents__box' data-box-id='42860'  id='42860'>\n        <div class='prelegents__wrapper'>\n    <div class='prelegents__content'><div class='prelegents__boximg'>\n        \n        \n     \n        <div data-toggle='modal' id='42860' data-target='#42860' > <img class='prelegents__img' src='\/wp-content\/plugins\/prelegenci\/avatar.jpg' alt='avatar' \/> <\/div>\n        \n      \n\t\t<\/div> <div class='prelegents__socials'><div class='linkedind-lost'><\/div><\/div><div class='prelegents__texts'><p class='prelegents__name'>dr in\u017c. Anna Bober<\/p><p class='prelegents__work'>Deputy Chief Surveyor of the Country, Central Office of Geodesy and Cartography<\/p>         \n                \n\t\t \t<\/div> \t  \t \n    <\/div>\n<\/div><div class='prelegents__modal modal fade' data-modal-id='42860' id='42860' role='dialog'>\n <button type='button' id='closeBtn' class='close-modal' data-dismiss='modal'>&times;<\/button>\n <div class='prelegents__modal-dialog'>\n    \n       \n      <div class='prelegents__modal-body'>\n         \n        <div class='prelegents__modal-content'>\n        <div class='prelegents__modal-note'><div class='prelegents__modal-boximg'><img class='prelegents__modal-img' src='\/wp-content\/plugins\/prelegenci\/avatar.jpg' alt='avatar' \/><\/div><div class='prelegents__texts'><p class='prelegents__name'>dr in\u017c. Anna Bober<\/p><p class='prelegents__work'>Deputy Chief Surveyor of the Country, Central Office of Geodesy and Cartography <\/p><\/div><\/div>\n\t\t\n\t\t<div class='prelegents__note'><\/div>\n\t\t \n         \n      <\/div><\/div>\n       \n  <\/div><\/div><\/div>\n        <div class='prelegents__box' data-box-id='42952'  id='42952'>\n        <div class='prelegents__wrapper'>\n    <div class='prelegents__content'><div class='prelegents__boximg'>\n        \n        \n     \n        <div data-toggle='modal' id='42952' data-target='#42952' ><img class='prelegents__img' src='https:\/\/bezpieczenstwopolskie.pl\/wp-content\/uploads\/brzozowski.png' alt='Jacek Brzozowski' \/> <\/div>\n        \n      \n\t\t<\/div> <div class='prelegents__socials'><div class='linkedind-lost'><\/div><\/div><div class='prelegents__texts'><p class='prelegents__name'>Jacek Brzozowski<\/p><p class='prelegents__work'>Governor of the Podlaskie Province<\/p>         \n                \n\t\t \t<\/div> \t  \t \n    <\/div>\n<\/div><div class='prelegents__modal modal fade' data-modal-id='42952' id='42952' role='dialog'>\n <button type='button' id='closeBtn' class='close-modal' data-dismiss='modal'>&times;<\/button>\n <div class='prelegents__modal-dialog'>\n    \n       \n      <div class='prelegents__modal-body'>\n         \n        <div class='prelegents__modal-content'>\n        <div class='prelegents__modal-note'><div class='prelegents__modal-boximg'><img class='prelegents__modal-img' src='https:\/\/bezpieczenstwopolskie.pl\/wp-content\/uploads\/brzozowski.png' alt='' \/><\/div><div class='prelegents__texts'><p class='prelegents__name'>Jacek Brzozowski<\/p><p class='prelegents__work'>Governor of the Podlaskie Province <\/p><\/div><\/div>\n\t\t\n\t\t<div class='prelegents__note'><\/div>\n\t\t \n         \n      <\/div><\/div>\n       \n  <\/div><\/div><\/div>\n        <div class='prelegents__box' data-box-id='36088'  id='36088'>\n        <div class='prelegents__wrapper'>\n    <div class='prelegents__content'><div class='prelegents__boximg'>\n        \n        \n     \n        <div data-toggle='modal' id='36088' data-target='#36088' ><img class='prelegents__img' src='https:\/\/bezpieczenstwopolskie.pl\/wp-content\/uploads\/2025\/01\/chmielewski300.png' alt='gen. bryg. Mariusz Chmielewski' \/> <\/div>\n        \n      \n\t\t<\/div> <div class='prelegents__socials'><div class='linkedind-lost'><\/div><\/div><div class='prelegents__texts'><p class='prelegents__name'>gen. bryg. Mariusz Chmielewski<\/p><p class='prelegents__work'>Deputy Commander of the DKWOC Cyberspace Defense Forces Component<\/p>         \n                \n\t\t \t<\/div> \t  \t \n    <\/div>\n<\/div><div class='prelegents__modal modal fade' data-modal-id='36088' id='36088' role='dialog'>\n <button type='button' id='closeBtn' class='close-modal' data-dismiss='modal'>&times;<\/button>\n <div class='prelegents__modal-dialog'>\n    \n       \n      <div class='prelegents__modal-body'>\n         \n        <div class='prelegents__modal-content'>\n        <div class='prelegents__modal-note'><div class='prelegents__modal-boximg'><img class='prelegents__modal-img' src='https:\/\/bezpieczenstwopolskie.pl\/wp-content\/uploads\/2025\/01\/chmielewski300.png' alt='' \/><\/div><div class='prelegents__texts'><p class='prelegents__name'>gen. bryg. Mariusz Chmielewski<\/p><p class='prelegents__work'>Deputy Commander of the DKWOC Cyberspace Defense Forces Component <\/p><\/div><\/div>\n\t\t\n\t\t<div class='prelegents__note'><p><span style=\"font-weight: 400;\">A valued IT architect and scientist, involved in the construction of systems and research in the field of artificial intelligence, cybersecurity and decision support processes.\u00a0<\/span><\/p>\n<p><span style=\"font-weight: 400;\">Winner of over 100 prestigious awards granted by the national scientific community and international bodies in the area of significant inventions, including in the field of biomedicine and command support.\u00a0<\/span><\/p>\n<p><span style=\"font-weight: 400;\">He carries out industrial research and experimental development projects and research in the field of command support, computer simulation and the application of artificial intelligence methods in biomedicine at the Faculty of Cybernetics of the Military University of Technology.\u00a0<\/span><\/p>\n<p><span style=\"font-weight: 400;\">Responsible for the construction, implementation and maintenance of public and secret ICT services and systems of the Ministry of National Defense.\u00a0<\/span><\/p>\n<p><span style=\"font-weight: 400;\">In 2012, he defended his doctoral thesis with distinction in the field of the application of artificial intelligence methods and semantic analysis in the identification of crisis situations. Educator, propagator of knowledge in the field of computer science, conducting original classes in over 23 thematic modules in the field of software engineering, artificial intelligence, programming and cybersecurity.<\/span><\/p>\n<p>&nbsp;<\/p>\n<p><span style=\"font-weight: 400;\">EXPERIENCE<\/span><\/p>\n<p>&nbsp;<\/p>\n<p><span style=\"font-weight: 400;\">Deputy Commander of the Cyber Command (from 2022)<\/span><\/p>\n<p><span style=\"font-weight: 400;\">Deputy Director of the National Cyberspace Security Center until 2021)<\/span><\/p>\n<p><span style=\"font-weight: 400;\">Deputy Dean of the Faculty of Cybernetics, Military University of Technology (from 2017 to 2020)<\/span><\/p>\n<p><span style=\"font-weight: 400;\">Assistant Professor of the Faculty of Cybernetics, Military University of Technology 2012-2017<\/span><\/p>\n<p><span style=\"font-weight: 400;\">Assistant Professor of the Faculty of Cybernetics, Military University of Technology 2008 &#8211; 2012<\/span><\/p>\n<p><span style=\"font-weight: 400;\">Assistant Professor of the Faculty of Military Technology, Military University of Technology 2003 &#8211; 2008<\/span><\/p>\n<p>&nbsp;<\/p>\n<p><span style=\"font-weight: 400;\">EDUCATION<\/span><\/p>\n<p>&nbsp;<\/p>\n<p><span style=\"font-weight: 400;\">Military University of Technology, Faculty of Cybernetics, major: Computer Science 1998 &#8211; 2003<\/span><\/p>\n<p><span style=\"font-weight: 400;\">Military University of Technology, Faculty of Cybernetics, Postgraduate Pedagogical Studies 2005-2006<\/span><\/p>\n<p><span style=\"font-weight: 400;\">War Art Academies, Postgraduate Studies in Defense Policy, 2021-2022<\/span><\/p>\n<\/div>\n\t\t \n         \n      <\/div><\/div>\n       \n  <\/div><\/div><\/div>\n        <div class='prelegents__box' data-box-id='40781'  id='40781'>\n        <div class='prelegents__wrapper'>\n    <div class='prelegents__content'><div class='prelegents__boximg'>\n        \n        \n     \n        <div data-toggle='modal' id='40781' data-target='#40781' ><img class='prelegents__img' src='https:\/\/bezpieczenstwopolskie.pl\/wp-content\/uploads\/2025\/12\/chodowiec.png' alt='gen. bryg. Piotr Chodowiec' \/> <\/div>\n        \n      \n\t\t<\/div> <div class='prelegents__socials'><div class='linkedind-lost'><\/div><\/div><div class='prelegents__texts'><p class='prelegents__name'>gen. bryg. Piotr Chodowiec<\/p><p class='prelegents__work'>Head of the Management and Command Board \u2013 P6, Ministry of National Defense <\/p>         \n                \n\t\t \t<\/div> \t  \t \n    <\/div>\n<\/div><div class='prelegents__modal modal fade' data-modal-id='40781' id='40781' role='dialog'>\n <button type='button' id='closeBtn' class='close-modal' data-dismiss='modal'>&times;<\/button>\n <div class='prelegents__modal-dialog'>\n    \n       \n      <div class='prelegents__modal-body'>\n         \n        <div class='prelegents__modal-content'>\n        <div class='prelegents__modal-note'><div class='prelegents__modal-boximg'><img class='prelegents__modal-img' src='https:\/\/bezpieczenstwopolskie.pl\/wp-content\/uploads\/2025\/12\/chodowiec.png' alt='' \/><\/div><div class='prelegents__texts'><p class='prelegents__name'>gen. bryg. Piotr Chodowiec<\/p><p class='prelegents__work'>Head of the Management and Command Board \u2013 P6, Ministry of National Defense  <\/p><\/div><\/div>\n\t\t\n\t\t<div class='prelegents__note'><p>Brigadier General Piotr Chodowiec graduated from the High Military Signal School in Zegrze in the field of Operation of communication systems \/ Telecommunications and from the Warsaw University of Technology at the Faculty of Electronics and Information Technology. After graduating from the High Military Signal School in Zegrze, he began his service in the Command of the Warsaw Military District. Then he started his service at the 9 th Command Regiment holding successive positions from Platoon Leader, through Section Officer<br \/>\nto Company Commander. Thereafter, he was appointed to the position of Inspector in the Communications Investment Office.<br \/>\nFrom 2002 to 2014 he served in the General Directorate of Command and Communications J6 and Command and Communications Systems Planning Directorate J6, which he completed as the Chief of the Specialist Training Unit.<br \/>\nIn 2014 he assumed his duties as Chief of Operational Planning Team in the Cyber Security Centre of the Polish Armed Forces. Subsequently in 2015 he became the Deputy Commandant in the Cyber Operations Centre and was promoted to the rank of Colonel. From 2015 to 2016 he temporarily served as Commandant of the Cyber Operations Centre.<br \/>\nIn 2016 he was assigned to the Operational Command of the Armed Forces. Then he held Chief analyst role at the Department of Control. In 2018 he became the Deputy Director in the National Cryptology Centre, which was transformed into the National Centre for Cyberspace Security in 2019.<br \/>\nAfter completing his service in the National Centre for Cyberspace Security, he served in the Command of the Territorial Defence Forces. In 2019 he returned to the General Staff of the Polish Armed Forces as the Chief of Command and Control Directorate J6.<br \/>\nFrom 2022 to 2023 he performed his duties in the Cyber Security Training Centre<br \/>\nof Excellence.<br \/>\nIn 2024 he was reappointed to the post of Chief of Command and Control Directorate J6 and on 2nd May 2025 he was promoted to the rank of Brigadier General.<br \/>\nBrigadier General Piotr Chodowiec completed postgraduate studies at the National Defence University in the field of Information security (2006). Since 2020 he holds MBA postgraduate diploma from the Faculty of Cybernetics of the Military University of Technology in Cybersecurity management. In 2021 he completed postgraduate studies in Defence Policy at the War Studies University.<\/p>\n<\/div>\n\t\t \n         \n      <\/div><\/div>\n       \n  <\/div><\/div><\/div>\n        <div class='prelegents__box' data-box-id='43476'  id='43476'>\n        <div class='prelegents__wrapper'>\n    <div class='prelegents__content'><div class='prelegents__boximg'>\n        \n        \n     \n        <div data-toggle='modal' id='43476' data-target='#43476' > <img class='prelegents__img' src='\/wp-content\/plugins\/prelegenci\/avatar.jpg' alt='avatar' \/> <\/div>\n        \n      \n\t\t<\/div> <div class='prelegents__socials'><div class='linkedind-lost'><\/div><\/div><div class='prelegents__texts'><p class='prelegents__name'>Wiktor Cicho\u0144<\/p><p class='prelegents__work'>Branch Director, Industrial Development Agency, Inc., ARP S.A. Branch in Mielec<\/p>         \n                \n\t\t \t<\/div> \t  \t \n    <\/div>\n<\/div><div class='prelegents__modal modal fade' data-modal-id='43476' id='43476' role='dialog'>\n <button type='button' id='closeBtn' class='close-modal' data-dismiss='modal'>&times;<\/button>\n <div class='prelegents__modal-dialog'>\n    \n       \n      <div class='prelegents__modal-body'>\n         \n        <div class='prelegents__modal-content'>\n        <div class='prelegents__modal-note'><div class='prelegents__modal-boximg'><img class='prelegents__modal-img' src='\/wp-content\/plugins\/prelegenci\/avatar.jpg' alt='avatar' \/><\/div><div class='prelegents__texts'><p class='prelegents__name'>Wiktor Cicho\u0144<\/p><p class='prelegents__work'>Branch Director, Industrial Development Agency, Inc., ARP S.A. Branch in Mielec <\/p><\/div><\/div>\n\t\t\n\t\t<div class='prelegents__note'><\/div>\n\t\t \n         \n      <\/div><\/div>\n       \n  <\/div><\/div><\/div>\n        <div class='prelegents__box' data-box-id='37296'  id='37296'>\n        <div class='prelegents__wrapper'>\n    <div class='prelegents__content'><div class='prelegents__boximg'>\n        \n        \n     \n        <div data-toggle='modal' id='37296' data-target='#37296' ><img class='prelegents__img' src='https:\/\/bezpieczenstwopolskie.pl\/wp-content\/uploads\/2025\/05\/czernicki300-1.png' alt='dr Filip Czernicki' \/> <\/div>\n        \n      \n\t\t<\/div> <div class='prelegents__socials'><div class='linkedind-lost'><\/div><\/div><div class='prelegents__texts'><p class='prelegents__name'>dr Filip Czernicki<\/p><p class='prelegents__work'>CEO, CPK<\/p>         \n                \n\t\t \t<\/div> \t  \t \n    <\/div>\n<\/div><div class='prelegents__modal modal fade' data-modal-id='37296' id='37296' role='dialog'>\n <button type='button' id='closeBtn' class='close-modal' data-dismiss='modal'>&times;<\/button>\n <div class='prelegents__modal-dialog'>\n    \n       \n      <div class='prelegents__modal-body'>\n         \n        <div class='prelegents__modal-content'>\n        <div class='prelegents__modal-note'><div class='prelegents__modal-boximg'><img class='prelegents__modal-img' src='https:\/\/bezpieczenstwopolskie.pl\/wp-content\/uploads\/2025\/05\/czernicki300-1.png' alt='' \/><\/div><div class='prelegents__texts'><p class='prelegents__name'>dr Filip Czernicki<\/p><p class='prelegents__work'>CEO, CPK <\/p><\/div><\/div>\n\t\t\n\t\t<div class='prelegents__note'><p>Dr Filip Czernicki, President of the Management Board of CPK, is a doctor of law, legal advisor<br \/>\nand university lecturer specialising in aviation law, company law, non-governmental<br \/>\norganisation law, project management and business consulting.<br \/>\nHe has extensive experience in the aviation industry, having led strategic projects at Polish<br \/>\nAirports (PPL), including the expansion of Warsaw Chopin Airport and the development of<br \/>\nChopin Airport City. Dr Czernicki chaired the Supervisory Board of Szczecin Goleni\u00f3w Airport<br \/>\nand represented the launch of Modlin Airport. He also oversaw corporate governance and<br \/>\nimplemented project management at PPL. He is currently the chairman of the Supervisory<br \/>\nBoard of PPL.<br \/>\nDr Czernicki is a certified PRINCE2 project manager and the author of publications on aviation<br \/>\nlaw. He is also involved in the activities of social organisations and is the co-founder of a<br \/>\nnetwork of student legal clinics. He coordinates non-profit programmes and has created legal<br \/>\nsupport programmes for refugees from Ukraine. He coordinates pro bono programmes at the<br \/>\nDistrict Chamber of Legal Advisers in Warsaw and free legal aid for Ukrainian refugees within<br \/>\nthe European Lawyers in Lesvos (ELIL) organisation.<br \/>\nDr Czernicki graduated from the University of Warsaw and the School of German Law in<br \/>\ncooperation with the University of Bonn. He speaks English, German and Russian.<\/p>\n<\/div>\n\t\t \n         \n      <\/div><\/div>\n       \n  <\/div><\/div><\/div>\n        <div class='prelegents__box' data-box-id='42885'  id='42885'>\n        <div class='prelegents__wrapper'>\n    <div class='prelegents__content'><div class='prelegents__boximg'>\n        \n        \n     \n        <div data-toggle='modal' id='42885' data-target='#42885' ><img class='prelegents__img' src='https:\/\/bezpieczenstwopolskie.pl\/wp-content\/uploads\/2026\/03\/czernik300.png' alt='\u0141ukasz Czernik' \/> <\/div>\n        \n      \n\t\t<\/div> <div class='prelegents__socials'><div class='linkedind-lost'><\/div><\/div><div class='prelegents__texts'><p class='prelegents__name'>\u0141ukasz Czernik<\/p><p class='prelegents__work'>CEO & Founder, Proget<\/p>         \n                \n\t\t \t<\/div> \t  \t \n    <\/div>\n<\/div><div class='prelegents__modal modal fade' data-modal-id='42885' id='42885' role='dialog'>\n <button type='button' id='closeBtn' class='close-modal' data-dismiss='modal'>&times;<\/button>\n <div class='prelegents__modal-dialog'>\n    \n       \n      <div class='prelegents__modal-body'>\n         \n        <div class='prelegents__modal-content'>\n        <div class='prelegents__modal-note'><div class='prelegents__modal-boximg'><img class='prelegents__modal-img' src='https:\/\/bezpieczenstwopolskie.pl\/wp-content\/uploads\/2026\/03\/czernik300.png' alt='' \/><\/div><div class='prelegents__texts'><p class='prelegents__name'>\u0141ukasz Czernik<\/p><p class='prelegents__work'>CEO & Founder, Proget <\/p><\/div><\/div>\n\t\t\n\t\t<div class='prelegents__note'><p>Involved in cybersecurity since 2007. Founder and CEO of Proget, the only Polish manufacturer of MDM\/UEM solutions for managing mobile devices in any organization. Introduced the BlackBerry brand to the Polish market. Currently a strategic partner of SAMSUNG, with whom he conducts projects related to the development and use of new technologies in uniformed services. Privately, he is the president of the Stare Bielsko Volunteer Fire Department, where he has been active for over 31 years. Today, it is one of the most modernly equipped volunteer fire departments in Poland.<\/p>\n<\/div>\n\t\t \n         \n      <\/div><\/div>\n       \n  <\/div><\/div><\/div>\n        <div class='prelegents__box' data-box-id='43361'  id='43361'>\n        <div class='prelegents__wrapper'>\n    <div class='prelegents__content'><div class='prelegents__boximg'>\n        \n        \n     \n        <div data-toggle='modal' id='43361' data-target='#43361' ><img class='prelegents__img' src='https:\/\/bezpieczenstwopolskie.pl\/wp-content\/uploads\/2026\/03\/czulda300.png' alt='Robert Czulda' \/> <\/div>\n        \n      \n\t\t<\/div> <div class='prelegents__socials'><div class='linkedind-lost'><\/div><\/div><div class='prelegents__texts'><p class='prelegents__name'>Robert Czulda<\/p><p class='prelegents__work'>University professor, Department of Foreign Policy and Security Theory, School of International and Political Studies, University of \u0141\u00f3d\u017a<\/p>         \n                \n\t\t \t<\/div> \t  \t \n    <\/div>\n<\/div><div class='prelegents__modal modal fade' data-modal-id='43361' id='43361' role='dialog'>\n <button type='button' id='closeBtn' class='close-modal' data-dismiss='modal'>&times;<\/button>\n <div class='prelegents__modal-dialog'>\n    \n       \n      <div class='prelegents__modal-body'>\n         \n        <div class='prelegents__modal-content'>\n        <div class='prelegents__modal-note'><div class='prelegents__modal-boximg'><img class='prelegents__modal-img' src='https:\/\/bezpieczenstwopolskie.pl\/wp-content\/uploads\/2026\/03\/czulda300.png' alt='' \/><\/div><div class='prelegents__texts'><p class='prelegents__name'>Robert Czulda<\/p><p class='prelegents__work'>University professor, Department of Foreign Policy and Security Theory, School of International and Political Studies, University of \u0141\u00f3d\u017a <\/p><\/div><\/div>\n\t\t\n\t\t<div class='prelegents__note'><p>Professor at the University of \u0141\u00f3d\u017a, Department of Foreign Policy Theory and Security. Former research fellow at the University of Maryland (2017\u20132018, Fulbright Senior Award) and visiting lecturer in Iran, Taiwan, Brazil, Turkey, Indonesia, and the United States. His research focuses on international security, with particular emphasis on Iran. He serves as an analyst and commentator cooperating with Washington-based institutions, including the Stimson Center and Defense Info. Author of numerous analyses published in professional outlets such as \u201cPolska Zbrojna,\u201d \u201cDefence24,\u201d \u201cWojsko i Technika,\u201d \u201cUk\u0142ad Si\u0142,\u201d \u201cMilitary Technology,\u201d and \u201cEuropean Security &amp; Defence.\u201d Recipient of international scholarships, including the Lanckoro\u0144ski Foundation, and participant of the U.S. State Department\u2019s \u201cYoung Leaders Dialogue\u201d program.<\/p>\n<\/div>\n\t\t \n         \n      <\/div><\/div>\n       \n  <\/div><\/div><\/div>\n        <div class='prelegents__box' data-box-id='43362'  id='43362'>\n        <div class='prelegents__wrapper'>\n    <div class='prelegents__content'><div class='prelegents__boximg'>\n        \n        \n     \n        <div data-toggle='modal' id='43362' data-target='#43362' > <img class='prelegents__img' src='\/wp-content\/plugins\/prelegenci\/avatar.jpg' alt='avatar' \/> <\/div>\n        \n      \n\t\t<\/div> <div class='prelegents__socials'><div class='linkedind-lost'><\/div><\/div><div class='prelegents__texts'><p class='prelegents__name'>p\u0142k Wojciech Dalka<\/p><p class='prelegents__work'>Lead Specialist, Zarz\u0105d Planowania i Programowania Rozwoju SZ \u2013 P5 SG WP <\/p>         \n                \n\t\t \t<\/div> \t  \t \n    <\/div>\n<\/div><div class='prelegents__modal modal fade' data-modal-id='43362' id='43362' role='dialog'>\n <button type='button' id='closeBtn' class='close-modal' data-dismiss='modal'>&times;<\/button>\n <div class='prelegents__modal-dialog'>\n    \n       \n      <div class='prelegents__modal-body'>\n         \n        <div class='prelegents__modal-content'>\n        <div class='prelegents__modal-note'><div class='prelegents__modal-boximg'><img class='prelegents__modal-img' src='\/wp-content\/plugins\/prelegenci\/avatar.jpg' alt='avatar' \/><\/div><div class='prelegents__texts'><p class='prelegents__name'>p\u0142k Wojciech Dalka<\/p><p class='prelegents__work'>Lead Specialist, Zarz\u0105d Planowania i Programowania Rozwoju SZ \u2013 P5 SG WP  <\/p><\/div><\/div>\n\t\t\n\t\t<div class='prelegents__note'><p>Colonel Wojciech Dalka currently serves as the chief specialist in the Directorate<br \/>\nof Planning and Programming for the Development of the Armed Forces of the Republic of Poland &#8211; P5 in the General Staff of the Polish Armed Forces. Previously, he held the position of Head of the Military Equipment and Development Department in the Directorate of Missile Forces and Artillery in the Inspectorate of Land Forces &#8211; General Command HQ. He played a key role in shaping Poland&#8217;s artillery modernization strategy, overseeing the integration of advanced combat systems such as the 155 mm sph Krab and K9, RAK mortars, and rocket launchers.<\/p>\n<\/div>\n\t\t \n         \n      <\/div><\/div>\n       \n  <\/div><\/div><\/div>\n        <div class='prelegents__box' data-box-id='40990'  id='40990'>\n        <div class='prelegents__wrapper'>\n    <div class='prelegents__content'><div class='prelegents__boximg'>\n        \n        \n     \n        <div data-toggle='modal' id='40990' data-target='#40990' ><img class='prelegents__img' src='https:\/\/bezpieczenstwopolskie.pl\/wp-content\/uploads\/dabrowski.png' alt='Artur D\u0105browski' \/> <\/div>\n        \n      \n\t\t<\/div> <div class='prelegents__socials'><div class='linkedind-lost'><\/div><\/div><div class='prelegents__texts'><p class='prelegents__name'>Artur D\u0105browski<\/p><p class='prelegents__work'>Director of Offices: Personal Data and Information Security, Impel<\/p>         \n                \n\t\t \t<\/div> \t  \t \n    <\/div>\n<\/div><div class='prelegents__modal modal fade' data-modal-id='40990' id='40990' role='dialog'>\n <button type='button' id='closeBtn' class='close-modal' data-dismiss='modal'>&times;<\/button>\n <div class='prelegents__modal-dialog'>\n    \n       \n      <div class='prelegents__modal-body'>\n         \n        <div class='prelegents__modal-content'>\n        <div class='prelegents__modal-note'><div class='prelegents__modal-boximg'><img class='prelegents__modal-img' src='https:\/\/bezpieczenstwopolskie.pl\/wp-content\/uploads\/dabrowski.png' alt='' \/><\/div><div class='prelegents__texts'><p class='prelegents__name'>Artur D\u0105browski<\/p><p class='prelegents__work'>Director of Offices: Personal Data and Information Security, Impel <\/p><\/div><\/div>\n\t\t\n\t\t<div class='prelegents__note'><\/div>\n\t\t \n         \n      <\/div><\/div>\n       \n  <\/div><\/div><\/div>\n        <div class='prelegents__box' data-box-id='43603'  id='43603'>\n        <div class='prelegents__wrapper'>\n    <div class='prelegents__content'><div class='prelegents__boximg'>\n        \n        \n     \n        <div data-toggle='modal' id='43603' data-target='#43603' ><img class='prelegents__img' src='https:\/\/bezpieczenstwopolskie.pl\/wp-content\/uploads\/2026\/04\/dinges300.png' alt='Wojciech Dinges' \/> <\/div>\n        \n      \n\t\t<\/div> <div class='prelegents__socials'><div class='linkedind-lost'><\/div><\/div><div class='prelegents__texts'><p class='prelegents__name'>Wojciech Dinges<\/p><p class='prelegents__work'>Vice President, POLREGIO<\/p>         \n                \n\t\t \t<\/div> \t  \t \n    <\/div>\n<\/div><div class='prelegents__modal modal fade' data-modal-id='43603' id='43603' role='dialog'>\n <button type='button' id='closeBtn' class='close-modal' data-dismiss='modal'>&times;<\/button>\n <div class='prelegents__modal-dialog'>\n    \n       \n      <div class='prelegents__modal-body'>\n         \n        <div class='prelegents__modal-content'>\n        <div class='prelegents__modal-note'><div class='prelegents__modal-boximg'><img class='prelegents__modal-img' src='https:\/\/bezpieczenstwopolskie.pl\/wp-content\/uploads\/2026\/04\/dinges300.png' alt='' \/><\/div><div class='prelegents__texts'><p class='prelegents__name'>Wojciech Dinges<\/p><p class='prelegents__work'>Vice President, POLREGIO <\/p><\/div><\/div>\n\t\t\n\t\t<div class='prelegents__note'><\/div>\n\t\t \n         \n      <\/div><\/div>\n       \n  <\/div><\/div><\/div>\n        <div class='prelegents__box' data-box-id='36098'  id='36098'>\n        <div class='prelegents__wrapper'>\n    <div class='prelegents__content'><div class='prelegents__boximg'>\n        \n        \n     \n        <div data-toggle='modal' id='36098' data-target='#36098' ><img class='prelegents__img' src='https:\/\/bezpieczenstwopolskie.pl\/wp-content\/uploads\/2025\/04\/dominiak300-1.png' alt='dr Cezary Dominiak' \/> <\/div>\n        \n      \n\t\t<\/div> <div class='prelegents__socials'><div class='linkedind-lost'><\/div><\/div><div class='prelegents__texts'><p class='prelegents__name'>dr Cezary Dominiak<\/p><p class='prelegents__work'>CEO, Rosomak S.A.<\/p>         \n                \n\t\t \t<\/div> \t  \t \n    <\/div>\n<\/div><div class='prelegents__modal modal fade' data-modal-id='36098' id='36098' role='dialog'>\n <button type='button' id='closeBtn' class='close-modal' data-dismiss='modal'>&times;<\/button>\n <div class='prelegents__modal-dialog'>\n    \n       \n      <div class='prelegents__modal-body'>\n         \n        <div class='prelegents__modal-content'>\n        <div class='prelegents__modal-note'><div class='prelegents__modal-boximg'><img class='prelegents__modal-img' src='https:\/\/bezpieczenstwopolskie.pl\/wp-content\/uploads\/2025\/04\/dominiak300-1.png' alt='' \/><\/div><div class='prelegents__texts'><p class='prelegents__name'>dr Cezary Dominiak<\/p><p class='prelegents__work'>CEO, Rosomak S.A. <\/p><\/div><\/div>\n\t\t\n\t\t<div class='prelegents__note'><p>An experienced Manager and Expert in management and finance with over 30 years of experience in academic and business environments.<br \/>\nDoctor of Economics (Academy of Economics in Katowice, 1996), specializing in multi-criteria decision support. For his doctoral dissertation, he received the Prime Minister&#8217;s Award in the field of economics.<br \/>\nHe began his professional career as an assistant and later an adjunct at the University of Economics in Katowice, developing scientific and didactic activities.<br \/>\nHe combined his work at the University with consulting and expert activities, specializing in financial planning, investment project analysis, risk management and project management.<br \/>\nHe has held numerous executive positions and served on the supervisory boards of many companies.<br \/>\nSince 2013, he has been employed at Rosomak S.A. as the Director of the Department of Finance and Human Resources, Member of the Management Board. In November 2024, he was appointed CEO of the company.<\/p>\n<\/div>\n\t\t \n         \n      <\/div><\/div>\n       \n  <\/div><\/div><\/div>\n        <div class='prelegents__box' data-box-id='32002'  id='32002'>\n        <div class='prelegents__wrapper'>\n    <div class='prelegents__content'><div class='prelegents__boximg'>\n        \n        \n     \n        <div data-toggle='modal' id='32002' data-target='#32002' ><img class='prelegents__img' src='https:\/\/bezpieczenstwopolskie.pl\/wp-content\/uploads\/2025\/01\/dopierala300.png' alt='Andrzej Dopiera\u0142a' \/> <\/div>\n        \n      \n\t\t<\/div> <div class='prelegents__socials'><div class='linkedind-lost'><\/div><\/div><div class='prelegents__texts'><p class='prelegents__name'>Andrzej Dopiera\u0142a<\/p><p class='prelegents__work'>CEO of Asseco Data Systems and Vice President of Asseco Poland<\/p>         \n                \n\t\t \t<\/div> \t  \t \n    <\/div>\n<\/div><div class='prelegents__modal modal fade' data-modal-id='32002' id='32002' role='dialog'>\n <button type='button' id='closeBtn' class='close-modal' data-dismiss='modal'>&times;<\/button>\n <div class='prelegents__modal-dialog'>\n    \n       \n      <div class='prelegents__modal-body'>\n         \n        <div class='prelegents__modal-content'>\n        <div class='prelegents__modal-note'><div class='prelegents__modal-boximg'><img class='prelegents__modal-img' src='https:\/\/bezpieczenstwopolskie.pl\/wp-content\/uploads\/2025\/01\/dopierala300.png' alt='' \/><\/div><div class='prelegents__texts'><p class='prelegents__name'>Andrzej Dopiera\u0142a<\/p><p class='prelegents__work'>CEO of Asseco Data Systems and Vice President of Asseco Poland <\/p><\/div><\/div>\n\t\t\n\t\t<div class='prelegents__note'><p>&nbsp;<\/p>\n<p>A graduate of\u00a0the Warsaw University of\u00a0Technology, the Faculty of\u00a0Electrical Engineering, where he earned a\u00a0master&#8217;s degree in electrical engineering in 1988.<br \/>\nHe began his career in the United States as a\u00a0service engineer and as a\u00a0service director for Hogan Technical Services, an industrial electronics equipment repair and maintenance company. From 1989 to 1991, he worked for a\u00a0Canadian company that designs, manufactures and sells electronic equipment for the mining industry. From 1992 to 1993, he worked for Bull Poland and Digital Equipment Polska.<br \/>\n\u200d<br \/>\nFrom January 1994 to February 2006, he worked at HP Poland, serving successively as: the Director of\u00a0Marketing and Partner Channels (January 1994-May 1996), the Director of\u00a0the Computer Products Division (May 1996-July 1998) and the President of\u00a0the Management Board (July 1998 &#8211; February 2006). In 2006, he assumed the position of\u00a0the President of\u00a0the Management Board of\u00a0Oracle Poland. From June 2006 to November 2007, he was the Director of\u00a0Oracle Fusion Middleware in Central Europe. From September 2013 to June 2016, he served as a\u00a0Vice President of\u00a0the Management Board of\u00a0Asseco Poland responsible for the Infrastructure Division, Data Processing Center and ICT Department.<br \/>\n\u200d<br \/>\nSince January 4, 2016, he has been the Chairman of\u00a0the Management Board of\u00a0Asseco Data Systems, a\u00a0company formed by consolidating six Polish companies from the Asseco Group and the Infrastructure Division from Asseco Poland. Since October 1, 2017, he has served as a\u00a0Vice President of\u00a0the Management Board of\u00a0Asseco Poland. He is the Chairman of\u00a0the Supervisory Board at ComCERT, Pirios and National Defence Systems, and a\u00a0Vice Chairman of\u00a0the Supervisory Board at Asseco Cloud.<\/p>\n<\/div>\n\t\t \n         \n      <\/div><\/div>\n       \n  <\/div><\/div><\/div>\n        <div class='prelegents__box' data-box-id='28151'  id='28151'>\n        <div class='prelegents__wrapper'>\n    <div class='prelegents__content'><div class='prelegents__boximg'>\n        \n        \n     \n        <div data-toggle='modal' id='28151' data-target='#28151' ><img class='prelegents__img' src='https:\/\/bezpieczenstwopolskie.pl\/wp-content\/uploads\/2022\/12\/Krzysztof-Dyki-1-1.jpg' alt='Krzysztof Dyki' \/> <\/div>\n        \n      \n\t\t<\/div> <div class='prelegents__socials'><div class='prelegents__social'>\n\t\t  <a href='https:\/\/www.linkedin.com\/in\/krzysztof-dyki\/' rel='nofollow'><img class='prelegents__icon' alt='in' src='\/wp-content\/plugins\/prelegenci\/linkedin-new.png'><\/a><\/div><\/div><div class='prelegents__texts'><p class='prelegents__name'>Krzysztof Dyki<\/p><p class='prelegents__work'>Co-chairman of the KBP Program Council; Chair of the CISOs and CSOs Committee<\/p>         \n                \n\t\t \t<\/div> \t  \t \n    <\/div>\n<\/div><div class='prelegents__modal modal fade' data-modal-id='28151' id='28151' role='dialog'>\n <button type='button' id='closeBtn' class='close-modal' data-dismiss='modal'>&times;<\/button>\n <div class='prelegents__modal-dialog'>\n    \n       \n      <div class='prelegents__modal-body'>\n         \n        <div class='prelegents__modal-content'>\n        <div class='prelegents__modal-note'><div class='prelegents__modal-boximg'><img class='prelegents__modal-img' src='https:\/\/bezpieczenstwopolskie.pl\/wp-content\/uploads\/2022\/12\/Krzysztof-Dyki-1-1.jpg' alt='' \/><\/div><div class='prelegents__texts'><p class='prelegents__name'>Krzysztof Dyki<\/p><p class='prelegents__work'>Co-chairman of the KBP Program Council; Chair of the CISOs and CSOs Committee <\/p><\/div><\/div>\n\t\t\n\t\t<div class='prelegents__note'><p>Prior to becoming President of ComCERT S.A., he was, among other things, the author of software for state bodies protected under classified information regulations. He worked with government administration offices, joint government administrative bodies and public finance sector units, including state public-law institutions.<\/p>\n<p>In 2016-2017, co-founder and Member of the Board of Directors of Aplikacje Krytyczne, a company owned by the Ministry of Finance, which develops analytical information systems to support the Tax Administration and other state bodies in criminal-fiscal activities and countering financial irregularities. In 2017-2019, served as a Board Member of the Social Insurance Institution (ZUS), overseeing the maintenance and development of IT systems processing data of over 25 million ZUS clients and transactions valued at over PLN 300 billion annually. Responsible for the digital implementation of the 2017 pension reform and other national projects: centralization of social contribution payments (e-Skladka), digitization of employee files (e-Akta) and digitization of sick leave (e-ZLA).<\/p>\n<p>He served as a Member of the Digitization Council appointed by the Minister of Digitization, a Member of the Scientific Council of NASK, and an Advisor to the Steering Committee of the electronic ID card (e-ID) project &#8211; being appointed jointly by the Minister of Internal Affairs and Administration, the Minister of Digitization and the Minister of Health. He served as an advisor to the Presidents of selected state-owned companies. He is a member of the Scientific and Expert Council for Cyber Security at the Police Academy in Szczytno. He is a forensic expert qualified in the fields of IT, reverse engineering, cybersecurity, and IT copyright law.<\/p>\n<\/div>\n\t\t \n         \n      <\/div><\/div>\n       \n  <\/div><\/div><\/div>\n        <div class='prelegents__box' data-box-id='42956'  id='42956'>\n        <div class='prelegents__wrapper'>\n    <div class='prelegents__content'><div class='prelegents__boximg'>\n        \n        \n     \n        <div data-toggle='modal' id='42956' data-target='#42956' ><img class='prelegents__img' src='https:\/\/bezpieczenstwopolskie.pl\/wp-content\/uploads\/2026\/03\/faluszewski300.png' alt='Nazariusz Faluszewski' \/> <\/div>\n        \n      \n\t\t<\/div> <div class='prelegents__socials'><div class='linkedind-lost'><\/div><\/div><div class='prelegents__texts'><p class='prelegents__name'>Nazariusz Faluszewski<\/p><p class='prelegents__work'>Regional Sales Director - CEE & Turkey, One Identity<\/p>         \n                \n\t\t \t<\/div> \t  \t \n    <\/div>\n<\/div><div class='prelegents__modal modal fade' data-modal-id='42956' id='42956' role='dialog'>\n <button type='button' id='closeBtn' class='close-modal' data-dismiss='modal'>&times;<\/button>\n <div class='prelegents__modal-dialog'>\n    \n       \n      <div class='prelegents__modal-body'>\n         \n        <div class='prelegents__modal-content'>\n        <div class='prelegents__modal-note'><div class='prelegents__modal-boximg'><img class='prelegents__modal-img' src='https:\/\/bezpieczenstwopolskie.pl\/wp-content\/uploads\/2026\/03\/faluszewski300.png' alt='' \/><\/div><div class='prelegents__texts'><p class='prelegents__name'>Nazariusz Faluszewski<\/p><p class='prelegents__work'>Regional Sales Director - CEE & Turkey, One Identity <\/p><\/div><\/div>\n\t\t\n\t\t<div class='prelegents__note'><\/div>\n\t\t \n         \n      <\/div><\/div>\n       \n  <\/div><\/div><\/div>\n        <div class='prelegents__box' data-box-id='34207'  id='34207'>\n        <div class='prelegents__wrapper'>\n    <div class='prelegents__content'><div class='prelegents__boximg'>\n        \n        \n     \n        <div data-toggle='modal' id='34207' data-target='#34207' ><img class='prelegents__img' src='https:\/\/bezpieczenstwopolskie.pl\/wp-content\/uploads\/2024\/06\/Konrad-Fijolek-1.jpg' alt='Konrad Fijo\u0142ek' \/> <\/div>\n        \n      \n\t\t<\/div> <div class='prelegents__socials'><div class='linkedind-lost'><\/div><\/div><div class='prelegents__texts'><p class='prelegents__name'>Konrad Fijo\u0142ek<\/p><p class='prelegents__work'>Co-chairman of the KBP Program Council; Mayor of Rzesz\u00f3w<\/p>         \n                \n\t\t \t<\/div> \t  \t \n    <\/div>\n<\/div><div class='prelegents__modal modal fade' data-modal-id='34207' id='34207' role='dialog'>\n <button type='button' id='closeBtn' class='close-modal' data-dismiss='modal'>&times;<\/button>\n <div class='prelegents__modal-dialog'>\n    \n       \n      <div class='prelegents__modal-body'>\n         \n        <div class='prelegents__modal-content'>\n        <div class='prelegents__modal-note'><div class='prelegents__modal-boximg'><img class='prelegents__modal-img' src='https:\/\/bezpieczenstwopolskie.pl\/wp-content\/uploads\/2024\/06\/Konrad-Fijolek-1.jpg' alt='' \/><\/div><div class='prelegents__texts'><p class='prelegents__name'>Konrad Fijo\u0142ek<\/p><p class='prelegents__work'>Co-chairman of the KBP Program Council; Mayor of Rzesz\u00f3w <\/p><\/div><\/div>\n\t\t\n\t\t<div class='prelegents__note'><\/div>\n\t\t \n         \n      <\/div><\/div>\n       \n  <\/div><\/div><\/div>\n        <div class='prelegents__box' data-box-id='42971'  id='42971'>\n        <div class='prelegents__wrapper'>\n    <div class='prelegents__content'><div class='prelegents__boximg'>\n        \n        \n     \n        <div data-toggle='modal' id='42971' data-target='#42971' ><img class='prelegents__img' src='https:\/\/bezpieczenstwopolskie.pl\/wp-content\/uploads\/2026\/03\/frankowski.png' alt='Piotr Frankowski' \/> <\/div>\n        \n      \n\t\t<\/div> <div class='prelegents__socials'><div class='linkedind-lost'><\/div><\/div><div class='prelegents__texts'><p class='prelegents__name'>Piotr Frankowski<\/p><p class='prelegents__work'>Managing Director, Ayming Poland<\/p>         \n                \n\t\t \t<\/div> \t  \t \n    <\/div>\n<\/div><div class='prelegents__modal modal fade' data-modal-id='42971' id='42971' role='dialog'>\n <button type='button' id='closeBtn' class='close-modal' data-dismiss='modal'>&times;<\/button>\n <div class='prelegents__modal-dialog'>\n    \n       \n      <div class='prelegents__modal-body'>\n         \n        <div class='prelegents__modal-content'>\n        <div class='prelegents__modal-note'><div class='prelegents__modal-boximg'><img class='prelegents__modal-img' src='https:\/\/bezpieczenstwopolskie.pl\/wp-content\/uploads\/2026\/03\/frankowski.png' alt='' \/><\/div><div class='prelegents__texts'><p class='prelegents__name'>Piotr Frankowski<\/p><p class='prelegents__work'>Managing Director, Ayming Poland <\/p><\/div><\/div>\n\t\t\n\t\t<div class='prelegents__note'><\/div>\n\t\t \n         \n      <\/div><\/div>\n       \n  <\/div><\/div><\/div>\n        <div class='prelegents__box' data-box-id='42879'  id='42879'>\n        <div class='prelegents__wrapper'>\n    <div class='prelegents__content'><div class='prelegents__boximg'>\n        \n        \n     \n        <div data-toggle='modal' id='42879' data-target='#42879' ><img class='prelegents__img' src='https:\/\/bezpieczenstwopolskie.pl\/wp-content\/uploads\/2026\/03\/exatel.png' alt='Magdalena Gaj' \/> <\/div>\n        \n      \n\t\t<\/div> <div class='prelegents__socials'><div class='linkedind-lost'><\/div><\/div><div class='prelegents__texts'><p class='prelegents__name'>Magdalena Gaj<\/p><p class='prelegents__work'>CEO, Exatel<\/p>         \n                \n\t\t \t<\/div> \t  \t \n    <\/div>\n<\/div><div class='prelegents__modal modal fade' data-modal-id='42879' id='42879' role='dialog'>\n <button type='button' id='closeBtn' class='close-modal' data-dismiss='modal'>&times;<\/button>\n <div class='prelegents__modal-dialog'>\n    \n       \n      <div class='prelegents__modal-body'>\n         \n        <div class='prelegents__modal-content'>\n        <div class='prelegents__modal-note'><div class='prelegents__modal-boximg'><img class='prelegents__modal-img' src='https:\/\/bezpieczenstwopolskie.pl\/wp-content\/uploads\/2026\/03\/exatel.png' alt='' \/><\/div><div class='prelegents__texts'><p class='prelegents__name'>Magdalena Gaj<\/p><p class='prelegents__work'>CEO, Exatel <\/p><\/div><\/div>\n\t\t\n\t\t<div class='prelegents__note'><p>Legal counsel, manager, and expert in the fields of telecommunications, public policy, and digital security.<\/p>\n<p>She is a graduate of the Faculty of Law and Administration at Maria Curie-Sk\u0142odowska University and the Strategic Leadership Academy of the ICAN Institute.<br \/>\nShe has held key positions in public administration: she served as Undersecretary of State at the Ministry of Infrastructure and at the Ministry of Administration and Digitization, and from 2012 to 2016 she held the office of President of the Office of Electronic Communications. During that time, she led the digital switchover of terrestrial television, opened new frequency bands for mobile services, and strengthened consumer rights. She represented Poland at the EU and ITU forums, co-creating European policy on radio spectrum.<\/p>\n<p>In recent years, she managed the legal and advisory firm MMI Proconnect, and since 2024 she has been Vice Chair of the Supervisory Board of Poczta Polska.<\/p>\n<p>Since April 2025, she has served as President of the Management Board of EXATEL S.A., responsible for the company\u2019s strategic development, security services, critical communications, and modern network technologies.<\/p>\n<\/div>\n\t\t \n         \n      <\/div><\/div>\n       \n  <\/div><\/div><\/div>\n        <div class='prelegents__box' data-box-id='43942'  id='43942'>\n        <div class='prelegents__wrapper'>\n    <div class='prelegents__content'><div class='prelegents__boximg'>\n        \n        \n     \n        <div data-toggle='modal' id='43942' data-target='#43942' > <img class='prelegents__img' src='\/wp-content\/plugins\/prelegenci\/avatar.jpg' alt='avatar' \/> <\/div>\n        \n      \n\t\t<\/div> <div class='prelegents__socials'><div class='linkedind-lost'><\/div><\/div><div class='prelegents__texts'><p class='prelegents__name'>Marcin Ga\u0142uszkiewicz<\/p><p class='prelegents__work'>Director of the Department of Earth Observation, Navigation, and Communications, Polska Agencja Kosmiczna<\/p>         \n                \n\t\t \t<\/div> \t  \t \n    <\/div>\n<\/div><div class='prelegents__modal modal fade' data-modal-id='43942' id='43942' role='dialog'>\n <button type='button' id='closeBtn' class='close-modal' data-dismiss='modal'>&times;<\/button>\n <div class='prelegents__modal-dialog'>\n    \n       \n      <div class='prelegents__modal-body'>\n         \n        <div class='prelegents__modal-content'>\n        <div class='prelegents__modal-note'><div class='prelegents__modal-boximg'><img class='prelegents__modal-img' src='\/wp-content\/plugins\/prelegenci\/avatar.jpg' alt='avatar' \/><\/div><div class='prelegents__texts'><p class='prelegents__name'>Marcin Ga\u0142uszkiewicz<\/p><p class='prelegents__work'>Director of the Department of Earth Observation, Navigation, and Communications, Polska Agencja Kosmiczna <\/p><\/div><\/div>\n\t\t\n\t\t<div class='prelegents__note'><\/div>\n\t\t \n         \n      <\/div><\/div>\n       \n  <\/div><\/div><\/div>\n        <div class='prelegents__box' data-box-id='42959'  id='42959'>\n        <div class='prelegents__wrapper'>\n    <div class='prelegents__content'><div class='prelegents__boximg'>\n        \n        \n     \n        <div data-toggle='modal' id='42959' data-target='#42959' > <img class='prelegents__img' src='\/wp-content\/plugins\/prelegenci\/avatar.jpg' alt='avatar' \/> <\/div>\n        \n      \n\t\t<\/div> <div class='prelegents__socials'><div class='linkedind-lost'><\/div><\/div><div class='prelegents__texts'><p class='prelegents__name'>Jaros\u0142aw Garstka<\/p><p class='prelegents__work'>Chief Commander, Railway Security Guard<\/p>         \n                \n\t\t \t<\/div> \t  \t \n    <\/div>\n<\/div><div class='prelegents__modal modal fade' data-modal-id='42959' id='42959' role='dialog'>\n <button type='button' id='closeBtn' class='close-modal' data-dismiss='modal'>&times;<\/button>\n <div class='prelegents__modal-dialog'>\n    \n       \n      <div class='prelegents__modal-body'>\n         \n        <div class='prelegents__modal-content'>\n        <div class='prelegents__modal-note'><div class='prelegents__modal-boximg'><img class='prelegents__modal-img' src='\/wp-content\/plugins\/prelegenci\/avatar.jpg' alt='avatar' \/><\/div><div class='prelegents__texts'><p class='prelegents__name'>Jaros\u0142aw Garstka<\/p><p class='prelegents__work'>Chief Commander, Railway Security Guard <\/p><\/div><\/div>\n\t\t\n\t\t<div class='prelegents__note'><\/div>\n\t\t \n         \n      <\/div><\/div>\n       \n  <\/div><\/div><\/div>\n        <div class='prelegents__box' data-box-id='28494'  id='28494'>\n        <div class='prelegents__wrapper'>\n    <div class='prelegents__content'><div class='prelegents__boximg'>\n        \n        \n     \n        <div data-toggle='modal' id='28494' data-target='#28494' ><img class='prelegents__img' src='https:\/\/bezpieczenstwopolskie.pl\/wp-content\/uploads\/2024\/10\/gawecka300.png' alt='Agnieszka Gaw\u0119cka-Kopytko' \/> <\/div>\n        \n      \n\t\t<\/div> <div class='prelegents__socials'><div class='linkedind-lost'><\/div><\/div><div class='prelegents__texts'><p class='prelegents__name'>Agnieszka Gaw\u0119cka-Kopytko<\/p><p class='prelegents__work'>Manager of the Business Continuity and Crisis Resilience Management Team, Security Division, TAURON Polish Energy<\/p>         \n                \n\t\t \t<\/div> \t  \t \n    <\/div>\n<\/div><div class='prelegents__modal modal fade' data-modal-id='28494' id='28494' role='dialog'>\n <button type='button' id='closeBtn' class='close-modal' data-dismiss='modal'>&times;<\/button>\n <div class='prelegents__modal-dialog'>\n    \n       \n      <div class='prelegents__modal-body'>\n         \n        <div class='prelegents__modal-content'>\n        <div class='prelegents__modal-note'><div class='prelegents__modal-boximg'><img class='prelegents__modal-img' src='https:\/\/bezpieczenstwopolskie.pl\/wp-content\/uploads\/2024\/10\/gawecka300.png' alt='' \/><\/div><div class='prelegents__texts'><p class='prelegents__name'>Agnieszka Gaw\u0119cka-Kopytko<\/p><p class='prelegents__work'>Manager of the Business Continuity and Crisis Resilience Management Team, Security Division, TAURON Polish Energy <\/p><\/div><\/div>\n\t\t\n\t\t<div class='prelegents__note'><\/div>\n\t\t \n         \n      <\/div><\/div>\n       \n  <\/div><\/div><\/div>\n        <div class='prelegents__box' data-box-id='28226'  id='28226'>\n        <div class='prelegents__wrapper'>\n    <div class='prelegents__content'><div class='prelegents__boximg'>\n        \n        \n     \n        <div data-toggle='modal' id='28226' data-target='#28226' ><img class='prelegents__img' src='https:\/\/bezpieczenstwopolskie.pl\/wp-content\/uploads\/2024\/09\/gesiak.png' alt='Przemys\u0142aw G\u0119siak' \/> <\/div>\n        \n      \n\t\t<\/div> <div class='prelegents__socials'><div class='linkedind-lost'><\/div><\/div><div class='prelegents__texts'><p class='prelegents__name'>Przemys\u0142aw G\u0119siak<\/p><p class='prelegents__work'>Team Lead, Plus MCX Network Team, Plus<\/p>         \n                \n\t\t \t<\/div> \t  \t \n    <\/div>\n<\/div><div class='prelegents__modal modal fade' data-modal-id='28226' id='28226' role='dialog'>\n <button type='button' id='closeBtn' class='close-modal' data-dismiss='modal'>&times;<\/button>\n <div class='prelegents__modal-dialog'>\n    \n       \n      <div class='prelegents__modal-body'>\n         \n        <div class='prelegents__modal-content'>\n        <div class='prelegents__modal-note'><div class='prelegents__modal-boximg'><img class='prelegents__modal-img' src='https:\/\/bezpieczenstwopolskie.pl\/wp-content\/uploads\/2024\/09\/gesiak.png' alt='' \/><\/div><div class='prelegents__texts'><p class='prelegents__name'>Przemys\u0142aw G\u0119siak<\/p><p class='prelegents__work'>Team Lead, Plus MCX Network Team, Plus <\/p><\/div><\/div>\n\t\t\n\t\t<div class='prelegents__note'><p>A graduate of the Faculty of Electronics and Telecommunications of the Wroclaw University of Science and Technology and postgraduate studies in Project Management at the Warsaw School of Economics. He gained professional experience in specialist and managerial positions in telecommunications companies Telefonia Dialog and Polkomtel. Currently, he serves as the Team Manager and Leader of the project &#8220;Construction of an LTE Critical Communication Network&#8221; using the 420MHz band.<\/p>\n<\/div>\n\t\t \n         \n      <\/div><\/div>\n       \n  <\/div><\/div><\/div>\n        <div class='prelegents__box' data-box-id='43368'  id='43368'>\n        <div class='prelegents__wrapper'>\n    <div class='prelegents__content'><div class='prelegents__boximg'>\n        \n        \n     \n        <div data-toggle='modal' id='43368' data-target='#43368' > <img class='prelegents__img' src='\/wp-content\/plugins\/prelegenci\/avatar.jpg' alt='avatar' \/> <\/div>\n        \n      \n\t\t<\/div> <div class='prelegents__socials'><div class='linkedind-lost'><\/div><\/div><div class='prelegents__texts'><p class='prelegents__name'>kmdr Andrzej Godecki<\/p><p class='prelegents__work'>DKWOC<\/p>         \n                \n\t\t \t<\/div> \t  \t \n    <\/div>\n<\/div><div class='prelegents__modal modal fade' data-modal-id='43368' id='43368' role='dialog'>\n <button type='button' id='closeBtn' class='close-modal' data-dismiss='modal'>&times;<\/button>\n <div class='prelegents__modal-dialog'>\n    \n       \n      <div class='prelegents__modal-body'>\n         \n        <div class='prelegents__modal-content'>\n        <div class='prelegents__modal-note'><div class='prelegents__modal-boximg'><img class='prelegents__modal-img' src='\/wp-content\/plugins\/prelegenci\/avatar.jpg' alt='avatar' \/><\/div><div class='prelegents__texts'><p class='prelegents__name'>kmdr Andrzej Godecki<\/p><p class='prelegents__work'>DKWOC <\/p><\/div><\/div>\n\t\t\n\t\t<div class='prelegents__note'><\/div>\n\t\t \n         \n      <\/div><\/div>\n       \n  <\/div><\/div><\/div>\n        <div class='prelegents__box' data-box-id='43613'  id='43613'>\n        <div class='prelegents__wrapper'>\n    <div class='prelegents__content'><div class='prelegents__boximg'>\n        \n        \n     \n        <div data-toggle='modal' id='43613' data-target='#43613' ><img class='prelegents__img' src='https:\/\/bezpieczenstwopolskie.pl\/wp-content\/uploads\/2026\/04\/golonka300.png' alt='S\u0142awomir Golonka' \/> <\/div>\n        \n      \n\t\t<\/div> <div class='prelegents__socials'><div class='linkedind-lost'><\/div><\/div><div class='prelegents__texts'><p class='prelegents__name'>S\u0142awomir Golonka<\/p><p class='prelegents__work'>Chair of the Critical Infrastructure Committee, Krajowa Izba Gospodarcza<\/p>         \n                \n\t\t \t<\/div> \t  \t \n    <\/div>\n<\/div><div class='prelegents__modal modal fade' data-modal-id='43613' id='43613' role='dialog'>\n <button type='button' id='closeBtn' class='close-modal' data-dismiss='modal'>&times;<\/button>\n <div class='prelegents__modal-dialog'>\n    \n       \n      <div class='prelegents__modal-body'>\n         \n        <div class='prelegents__modal-content'>\n        <div class='prelegents__modal-note'><div class='prelegents__modal-boximg'><img class='prelegents__modal-img' src='https:\/\/bezpieczenstwopolskie.pl\/wp-content\/uploads\/2026\/04\/golonka300.png' alt='' \/><\/div><div class='prelegents__texts'><p class='prelegents__name'>S\u0142awomir Golonka<\/p><p class='prelegents__work'>Chair of the Critical Infrastructure Committee, Krajowa Izba Gospodarcza <\/p><\/div><\/div>\n\t\t\n\t\t<div class='prelegents__note'><p><span style=\"font-weight: 400;\">A graduate of the Foreign Trade Faculty at SGPiS (SGH), with an individual study program under the supervision of Leszek Balcerowicz. He is fluent in English, German, and Russian. He began his career as an assistant at the Institute of Planning and Economic Policy at SGH, then held director and managerial positions at IGLOPOL S.A., Brinkmann &amp; Landwehrmann Investment Banking, and III NFI S.A. He was the First Vice President of the Management Board of Polkomtel S.A., where he was responsible for building the GSM market leader from the ground up and introducing the PLUS GSM brand. He held supervisory roles at the Gda\u0144sk Refinery, CPN S.A., and PKN ORLEN S.A., and, as First Vice President of the Management Board of PKN ORLEN, he was responsible for marketing, sales, logistics, and strategy. He carried out key development projects such as the rebranding of ORLEN stations, the acquisition of BP stations,\u00a0<\/span><\/p>\n<\/div>\n\t\t \n         \n      <\/div><\/div>\n       \n  <\/div><\/div><\/div>\n        <div class='prelegents__box' data-box-id='43953'  id='43953'>\n        <div class='prelegents__wrapper'>\n    <div class='prelegents__content'><div class='prelegents__boximg'>\n        \n        \n     \n        <div data-toggle='modal' id='43953' data-target='#43953' ><img class='prelegents__img' src='https:\/\/bezpieczenstwopolskie.pl\/wp-content\/uploads\/2026\/04\/gorka.png' alt='gen. bryg. Marcin G\u00f3rka' \/> <\/div>\n        \n      \n\t\t<\/div> <div class='prelegents__socials'><div class='linkedind-lost'><\/div><\/div><div class='prelegents__texts'><p class='prelegents__name'>gen. bryg. Marcin G\u00f3rka<\/p><p class='prelegents__work'>Director of the Innovation Department, Ministry of National Defense<\/p>         \n                \n\t\t \t<\/div> \t  \t \n    <\/div>\n<\/div><div class='prelegents__modal modal fade' data-modal-id='43953' id='43953' role='dialog'>\n <button type='button' id='closeBtn' class='close-modal' data-dismiss='modal'>&times;<\/button>\n <div class='prelegents__modal-dialog'>\n    \n       \n      <div class='prelegents__modal-body'>\n         \n        <div class='prelegents__modal-content'>\n        <div class='prelegents__modal-note'><div class='prelegents__modal-boximg'><img class='prelegents__modal-img' src='https:\/\/bezpieczenstwopolskie.pl\/wp-content\/uploads\/2026\/04\/gorka.png' alt='' \/><\/div><div class='prelegents__texts'><p class='prelegents__name'>gen. bryg. Marcin G\u00f3rka<\/p><p class='prelegents__work'>Director of the Innovation Department, Ministry of National Defense <\/p><\/div><\/div>\n\t\t\n\t\t<div class='prelegents__note'><p><span style=\"font-weight: 400;\">Brigadier General Marcin G\u00f3rka is the Director of the Department of Innovation in the Ministry of National Defense of the Republic of Poland. He is responsible for technology development and innovation policy and represents the Polish MoD in multiple national and international forums, including the European Defence Agency Steering Board in Research &amp; Technology Directors formation, NATO Science and Technology Board and NATO DIANA Board of Directors. BG Marcin G\u00f3rka also serves as the Minister of National Defense\u2019s Plenipotentiary for Space. In this capacity his duties include the provision of space technology and policy advise and expertise to the Minister and supervision of the implementation of the space operational domain in the Polish Armed Forces (PAF).<\/span><\/p>\n<p><span style=\"font-weight: 400;\">BG Marcin G\u00f3rka entered the Polish Armed Forces as an officer in 1996, after earning his MSc. Eng. in satellite navigation systems from the Military Academy of Technology in Warsaw. Since then, he served in numerous position in the PAF, as well is NATO Structures, related to satellite imagery intelligence and development of space capabilities. In 2013 he was appointed as the Commander of the newly-created Imagery Intelligence Centre, a position he held until 2018, and was responsible for the overall implementation of satellite imagery intelligence capability in the Polish Armed Forces. Before his current position he served as the Vice-President of the Polish Space Agency, responsible for defense and security affairs.<\/span><\/p>\n<\/div>\n\t\t \n         \n      <\/div><\/div>\n       \n  <\/div><\/div><\/div>\n        <div class='prelegents__box' data-box-id='43617'  id='43617'>\n        <div class='prelegents__wrapper'>\n    <div class='prelegents__content'><div class='prelegents__boximg'>\n        \n        \n     \n        <div data-toggle='modal' id='43617' data-target='#43617' ><img class='prelegents__img' src='https:\/\/bezpieczenstwopolskie.pl\/wp-content\/uploads\/2026\/04\/grey300.png' alt='Robert Grey' \/> <\/div>\n        \n      \n\t\t<\/div> <div class='prelegents__socials'><div class='linkedind-lost'><\/div><\/div><div class='prelegents__texts'><p class='prelegents__name'>Robert Grey<\/p><p class='prelegents__work'>Chancellor, University of Warsaw<\/p>         \n                \n\t\t \t<\/div> \t  \t \n    <\/div>\n<\/div><div class='prelegents__modal modal fade' data-modal-id='43617' id='43617' role='dialog'>\n <button type='button' id='closeBtn' class='close-modal' data-dismiss='modal'>&times;<\/button>\n <div class='prelegents__modal-dialog'>\n    \n       \n      <div class='prelegents__modal-body'>\n         \n        <div class='prelegents__modal-content'>\n        <div class='prelegents__modal-note'><div class='prelegents__modal-boximg'><img class='prelegents__modal-img' src='https:\/\/bezpieczenstwopolskie.pl\/wp-content\/uploads\/2026\/04\/grey300.png' alt='' \/><\/div><div class='prelegents__texts'><p class='prelegents__name'>Robert Grey<\/p><p class='prelegents__work'>Chancellor, University of Warsaw <\/p><\/div><\/div>\n\t\t\n\t\t<div class='prelegents__note'><p><b>Robert Grey<\/b><span style=\"font-weight: 400;\"> is the Chancellor of the University of Warsaw, a diplomat and senior public-sector executive, and a former Deputy Minister of Foreign Affairs with responsibility for economic diplomacy. He specialises in strategic cooperation between government, business, and academia, as well as in building partnerships that support the international expansion of Polish companies.<\/span><\/p>\n<p><span style=\"font-weight: 400;\">An expert in public\u2013private partnerships, institutional development, and modern governance, he places particular emphasis on the role of innovation and the application of artificial intelligence in management and economic policymaking. His work focuses on the design and implementation of solutions that foster economic growth, competitiveness, and the internationalisation of enterprises, drawing on experience across the public, academic, and international spheres.<\/span><\/p>\n<p><span style=\"font-weight: 400;\">He is a graduate of the University of Massachusetts and The New School University in New York, where he studied international relations and diplomacy with a specialisation in governance. He also holds an Executive MBA from the University of Warsaw and has completed advanced executive and leadership programmes at, among others, the MIT Sloan School of Management, Oxford Sa\u00efd Business School, and the Harvard Kennedy School.<\/span><\/p>\n<p>&nbsp;<\/p>\n<\/div>\n\t\t \n         \n      <\/div><\/div>\n       \n  <\/div><\/div><\/div>\n        <div class='prelegents__box' data-box-id='37607'  id='37607'>\n        <div class='prelegents__wrapper'>\n    <div class='prelegents__content'><div class='prelegents__boximg'>\n        \n        \n     \n        <div data-toggle='modal' id='37607' data-target='#37607' ><img class='prelegents__img' src='https:\/\/bezpieczenstwopolskie.pl\/wp-content\/uploads\/2025\/05\/hencel300.png' alt='Honorata Hencel' \/> <\/div>\n        \n      \n\t\t<\/div> <div class='prelegents__socials'><div class='linkedind-lost'><\/div><\/div><div class='prelegents__texts'><p class='prelegents__name'>Honorata Hencel<\/p><p class='prelegents__work'>Managing Director, Boeing Poland and Ukraine<\/p>         \n                \n\t\t \t<\/div> \t  \t \n    <\/div>\n<\/div><div class='prelegents__modal modal fade' data-modal-id='37607' id='37607' role='dialog'>\n <button type='button' id='closeBtn' class='close-modal' data-dismiss='modal'>&times;<\/button>\n <div class='prelegents__modal-dialog'>\n    \n       \n      <div class='prelegents__modal-body'>\n         \n        <div class='prelegents__modal-content'>\n        <div class='prelegents__modal-note'><div class='prelegents__modal-boximg'><img class='prelegents__modal-img' src='https:\/\/bezpieczenstwopolskie.pl\/wp-content\/uploads\/2025\/05\/hencel300.png' alt='' \/><\/div><div class='prelegents__texts'><p class='prelegents__name'>Honorata Hencel<\/p><p class='prelegents__work'>Managing Director, Boeing Poland and Ukraine <\/p><\/div><\/div>\n\t\t\n\t\t<div class='prelegents__note'><p>Honorata Hencel currently holds the role of the Managing Director for Boeing in Poland and Ukraine. She is responsible for integrating Boeing Global commercial and defense activities in the region of 2400 employees and 4 locations. She represents the company\u2019s interests in the government and industry meetings. She is also serving on the Board of Directors of American Chamber of Commerce in Poland and is a member of the American Chamber of Commerce in Ukraine. She is also a Board Member at the \u0141azarski Aviation Academy in Warsaw, Poland.<br \/>\nHonorata joined Boeing in August 2015 as Global Navigation Services manager, supporting the Global Data Management Department in Gdansk.<br \/>\nHencel is an accomplished technology and aviation industry and leader with 22 years experience leading large-scale multi-national teams working with airline operators, avionics manufacturers and software vendors in a highly regulated aviation domain. She is the Executive Sponsor for the Boeing Veterans in Europe and also served as the president of the Boeing Women Inspiring Leadership Europe chapter and co-founder of the regional aviation-cluster Aviation Hub Pomerania. In 2024, she has been awarded with the Distinguished Global Leader award by the Society of Women Engineers and INvolve YouTube 2024 Top 100 Women Executives title as well as international Strong Women in IT title in 2021 and 2023.<br \/>\nIn her previous position, she was responsible for seamless delivery of Information Technology services for 8,000 employees in the Europe, the United Kingdom, Israel and Ukraine. In that role, Hencel was responsible for understanding business needs, shaping strategy, and ensuring delivery of programs supporting business growth and optimization.<br \/>\nHencel graduated from the Economics Faculty at the University of Gdansk and E-Health Management in Rome Business School, and completed post-diploma studies in Staff Management at Gdansk University of Science and Technology, Airline and Travel Industries at the Greenwich School of Management London and Business, International Relations and Political Economy at the London School of Economics and Political Science. <\/p>\n<\/div>\n\t\t \n         \n      <\/div><\/div>\n       \n  <\/div><\/div><\/div>\n        <div class='prelegents__box' data-box-id='44014'  id='44014'>\n        <div class='prelegents__wrapper'>\n    <div class='prelegents__content'><div class='prelegents__boximg'>\n        \n        \n     \n        <div data-toggle='modal' id='44014' data-target='#44014' > <img class='prelegents__img' src='\/wp-content\/plugins\/prelegenci\/avatar.jpg' alt='avatar' \/> <\/div>\n        \n      \n\t\t<\/div> <div class='prelegents__socials'><div class='linkedind-lost'><\/div><\/div><div class='prelegents__texts'><p class='prelegents__name'>Andrzej Jarosz<\/p><p class='prelegents__work'>Director of the IT and Cybersecurity Department, Ma\u0142opolskie Railways<\/p>         \n                \n\t\t \t<\/div> \t  \t \n    <\/div>\n<\/div><div class='prelegents__modal modal fade' data-modal-id='44014' id='44014' role='dialog'>\n <button type='button' id='closeBtn' class='close-modal' data-dismiss='modal'>&times;<\/button>\n <div class='prelegents__modal-dialog'>\n    \n       \n      <div class='prelegents__modal-body'>\n         \n        <div class='prelegents__modal-content'>\n        <div class='prelegents__modal-note'><div class='prelegents__modal-boximg'><img class='prelegents__modal-img' src='\/wp-content\/plugins\/prelegenci\/avatar.jpg' alt='avatar' \/><\/div><div class='prelegents__texts'><p class='prelegents__name'>Andrzej Jarosz<\/p><p class='prelegents__work'>Director of the IT and Cybersecurity Department, Ma\u0142opolskie Railways <\/p><\/div><\/div>\n\t\t\n\t\t<div class='prelegents__note'><\/div>\n\t\t \n         \n      <\/div><\/div>\n       \n  <\/div><\/div><\/div>\n        <div class='prelegents__box' data-box-id='42861'  id='42861'>\n        <div class='prelegents__wrapper'>\n    <div class='prelegents__content'><div class='prelegents__boximg'>\n        \n        \n     \n        <div data-toggle='modal' id='42861' data-target='#42861' ><img class='prelegents__img' src='https:\/\/bezpieczenstwopolskie.pl\/wp-content\/uploads\/2026\/03\/jaworski300.png' alt='wiceadmira\u0142 Krzysztof Jaworski' \/> <\/div>\n        \n      \n\t\t<\/div> <div class='prelegents__socials'><div class='linkedind-lost'><\/div><\/div><div class='prelegents__texts'><p class='prelegents__name'>wiceadmira\u0142 Krzysztof Jaworski<\/p><p class='prelegents__work'>Commander of the Maritime Operations Center - Commander of the Maritime Component<\/p>         \n                \n\t\t \t<\/div> \t  \t \n    <\/div>\n<\/div><div class='prelegents__modal modal fade' data-modal-id='42861' id='42861' role='dialog'>\n <button type='button' id='closeBtn' class='close-modal' data-dismiss='modal'>&times;<\/button>\n <div class='prelegents__modal-dialog'>\n    \n       \n      <div class='prelegents__modal-body'>\n         \n        <div class='prelegents__modal-content'>\n        <div class='prelegents__modal-note'><div class='prelegents__modal-boximg'><img class='prelegents__modal-img' src='https:\/\/bezpieczenstwopolskie.pl\/wp-content\/uploads\/2026\/03\/jaworski300.png' alt='' \/><\/div><div class='prelegents__texts'><p class='prelegents__name'>wiceadmira\u0142 Krzysztof Jaworski<\/p><p class='prelegents__work'>Commander of the Maritime Operations Center - Commander of the Maritime Component <\/p><\/div><\/div>\n\t\t\n\t\t<div class='prelegents__note'><p>Rear Admiral (OF-7) Krzysztof  \u2018Kris\u2019 Jaworski  was born in 1966, and is a 1990 graduate of the Polish Naval Academy with the Master of Navigation and Naval Armament. Additionally, he holds master\u2019s degree in National Resource Strategy from the National Defense University in Washington, DC  (2015). Moreover,  RADM Jaworski graduated from the Naval War College in Newport, RI in 1998. He has had multiple command and staff positions throughout the last 31 years.<br \/>\nHis sea tours include commanding officer, Tarantul-class corvette; flotilla and squadron staff officer and chief of staff. Finally, in 2007 he was appointed as a commander of the Fast Patrol Boat Squadron and was promoted to Captain.<br \/>\nAshore, RADM Jaworski assumed duties as the senior naval advisor to the Chief of the General Staff of the Polish Armed Forces as well as served in Maritime Operational Division N-3, Polish Navy HQ.<br \/>\nHis operational deployment includes chief of staff, Deputy Support Operations, NATO Training Mission Afghanistan, Kabul. Afterwards, he was assigned as a Deputy<br \/>\nof Chief of Armament Directorate, Navy Inspectorate, General Command of the Polish Armed Forces.<br \/>\nHis staff assignments also include chief of staff, 8th Coastal Defense Flotilla, Swinoujscie (2015) as well as commander of 3rd Ships\u2019 Flotilla in Gdynia (2016) followed by his promotion to flag officer in November 2016.<br \/>\nHe assumed his current position as Maritime Component Commander in May 2018 and in August  he was promoted to the rank of Rear Admiral (upper half).<br \/>\nJaworski\u2019s awards and decorations include the Bronze Cross of Merit, Silver Long Service Medal, Afghanistan  Star, Gold Medal of Merit for National Defense,<br \/>\nGold Medal of the Armed Forces in the Service of the Fatherland, Non-Article 5 Medal, Pro Patria Medal and other various personal, unit and service awards.<br \/>\nRADM Jaworski and his wife have been happily married for more than 30 years<br \/>\nand have two adult sons. He is an active long-distance runner. He is interested<br \/>\nin maritime history, particularly the Polish Navy engagement during WW2.<\/p>\n<\/div>\n\t\t \n         \n      <\/div><\/div>\n       \n  <\/div><\/div><\/div>\n        <div class='prelegents__box' data-box-id='43620'  id='43620'>\n        <div class='prelegents__wrapper'>\n    <div class='prelegents__content'><div class='prelegents__boximg'>\n        \n        \n     \n        <div data-toggle='modal' id='43620' data-target='#43620' ><img class='prelegents__img' src='https:\/\/bezpieczenstwopolskie.pl\/wp-content\/uploads\/2026\/04\/jozefoski300.png' alt='Bartosz J\u00f3zefowski' \/> <\/div>\n        \n      \n\t\t<\/div> <div class='prelegents__socials'><div class='linkedind-lost'><\/div><\/div><div class='prelegents__texts'><p class='prelegents__name'>Bartosz J\u00f3zefowski<\/p><p class='prelegents__work'>Deputy Director of the Technology Park Department, Project Coordinator for FORT Krak\u00f3w, the Polish NATO DIANA Accelerator<\/p>         \n                \n\t\t \t<\/div> \t  \t \n    <\/div>\n<\/div><div class='prelegents__modal modal fade' data-modal-id='43620' id='43620' role='dialog'>\n <button type='button' id='closeBtn' class='close-modal' data-dismiss='modal'>&times;<\/button>\n <div class='prelegents__modal-dialog'>\n    \n       \n      <div class='prelegents__modal-body'>\n         \n        <div class='prelegents__modal-content'>\n        <div class='prelegents__modal-note'><div class='prelegents__modal-boximg'><img class='prelegents__modal-img' src='https:\/\/bezpieczenstwopolskie.pl\/wp-content\/uploads\/2026\/04\/jozefoski300.png' alt='' \/><\/div><div class='prelegents__texts'><p class='prelegents__name'>Bartosz J\u00f3zefowski<\/p><p class='prelegents__work'>Deputy Director of the Technology Park Department, Project Coordinator for FORT Krak\u00f3w, the Polish NATO DIANA Accelerator <\/p><\/div><\/div>\n\t\t\n\t\t<div class='prelegents__note'><\/div>\n\t\t \n         \n      <\/div><\/div>\n       \n  <\/div><\/div><\/div>\n        <div class='prelegents__box' data-box-id='44015'  id='44015'>\n        <div class='prelegents__wrapper'>\n    <div class='prelegents__content'><div class='prelegents__boximg'>\n        \n        \n     \n        <div data-toggle='modal' id='44015' data-target='#44015' > <img class='prelegents__img' src='\/wp-content\/plugins\/prelegenci\/avatar.jpg' alt='avatar' \/> <\/div>\n        \n      \n\t\t<\/div> <div class='prelegents__socials'><div class='linkedind-lost'><\/div><\/div><div class='prelegents__texts'><p class='prelegents__name'>Dariusz Kluska<\/p><p class='prelegents__work'>Director of the Department of Security, Information Protection, and Critical Infrastructure, TAURON Polska Energia<\/p>         \n                \n\t\t \t<\/div> \t  \t \n    <\/div>\n<\/div><div class='prelegents__modal modal fade' data-modal-id='44015' id='44015' role='dialog'>\n <button type='button' id='closeBtn' class='close-modal' data-dismiss='modal'>&times;<\/button>\n <div class='prelegents__modal-dialog'>\n    \n       \n      <div class='prelegents__modal-body'>\n         \n        <div class='prelegents__modal-content'>\n        <div class='prelegents__modal-note'><div class='prelegents__modal-boximg'><img class='prelegents__modal-img' src='\/wp-content\/plugins\/prelegenci\/avatar.jpg' alt='avatar' \/><\/div><div class='prelegents__texts'><p class='prelegents__name'>Dariusz Kluska<\/p><p class='prelegents__work'>Director of the Department of Security, Information Protection, and Critical Infrastructure, TAURON Polska Energia <\/p><\/div><\/div>\n\t\t\n\t\t<div class='prelegents__note'><\/div>\n\t\t \n         \n      <\/div><\/div>\n       \n  <\/div><\/div><\/div>\n        <div class='prelegents__box' data-box-id='44016'  id='44016'>\n        <div class='prelegents__wrapper'>\n    <div class='prelegents__content'><div class='prelegents__boximg'>\n        \n        \n     \n        <div data-toggle='modal' id='44016' data-target='#44016' ><img class='prelegents__img' src='https:\/\/bezpieczenstwopolskie.pl\/wp-content\/uploads\/2026\/04\/kowalczyk.png' alt='dr Emil Kowalczyk' \/> <\/div>\n        \n      \n\t\t<\/div> <div class='prelegents__socials'><div class='linkedind-lost'><\/div><\/div><div class='prelegents__texts'><p class='prelegents__name'>dr Emil Kowalczyk<\/p><p class='prelegents__work'>Defence&Security Program Director, Orange<\/p>         \n                \n\t\t \t<\/div> \t  \t \n    <\/div>\n<\/div><div class='prelegents__modal modal fade' data-modal-id='44016' id='44016' role='dialog'>\n <button type='button' id='closeBtn' class='close-modal' data-dismiss='modal'>&times;<\/button>\n <div class='prelegents__modal-dialog'>\n    \n       \n      <div class='prelegents__modal-body'>\n         \n        <div class='prelegents__modal-content'>\n        <div class='prelegents__modal-note'><div class='prelegents__modal-boximg'><img class='prelegents__modal-img' src='https:\/\/bezpieczenstwopolskie.pl\/wp-content\/uploads\/2026\/04\/kowalczyk.png' alt='' \/><\/div><div class='prelegents__texts'><p class='prelegents__name'>dr Emil Kowalczyk<\/p><p class='prelegents__work'>Defence&Security Program Director, Orange <\/p><\/div><\/div>\n\t\t\n\t\t<div class='prelegents__note'><p><span style=\"font-weight: 400;\">Emil Kowalczyk (PhD) has been involved in the telecommunications and technology industry for over a decade. He began his professional journey in Electrical Engineering and Computer Science at Ohio University (USA), where, under the National Science Foundation, he was responsible for innovative work in signal transmission.<\/span><\/p>\n<p><span style=\"font-weight: 400;\">He specializes in automation, robotics, and autonomy of telecommunication systems, as well as in creating solutions that support security, resilience, and digital transformation of the sector. He was responsible for developing standards and regulations for cloud processing under ITU-T\u2014the United Nations\u2019 specialized agency for the telecommunications market and ICT.<\/span><\/p>\n<p><span style=\"font-weight: 400;\">At Orange, he was responsible for delivering data-driven and machine learning-based products and services in the Intelligent\/Smarter Network area, as well as for delivering solutions for the EMEA region.<\/span><\/p>\n<p><span style=\"font-weight: 400;\">He is a supervisor of implementation PhD projects carried out at Orange Polska in collaboration with the Warsaw University of Technology and the Ministry of Education and Science.<\/span><\/p>\n<p><span style=\"font-weight: 400;\">Currently, he leads the Defence &amp; Security area under a dual-use model, collaborating with the defence sector, operators of critical infrastructure, the academic community, and Polish innovators. His specialization includes projects at the intersection of networks, security, and innovation, supported by AI\/ML\u2014particularly in communications resilience, data security, and ensuring continuity of system operations under increased risk at the interface between military\/state institutions and industrial infrastructure.<\/span><\/p>\n<\/div>\n\t\t \n         \n      <\/div><\/div>\n       \n  <\/div><\/div><\/div>\n        <div class='prelegents__box' data-box-id='31763'  id='31763'>\n        <div class='prelegents__wrapper'>\n    <div class='prelegents__content'><div class='prelegents__boximg'>\n        \n        \n     \n        <div data-toggle='modal' id='31763' data-target='#31763' ><img class='prelegents__img' src='https:\/\/bezpieczenstwopolskie.pl\/wp-content\/uploads\/2025\/01\/kraszewski300.png' alt='gen. rez. dr Jaros\u0142aw Kraszewski' \/> <\/div>\n        \n      \n\t\t<\/div> <div class='prelegents__socials'><div class='linkedind-lost'><\/div><\/div><div class='prelegents__texts'><p class='prelegents__name'>gen. rez. dr Jaros\u0142aw Kraszewski<\/p><p class='prelegents__work'>Chair of the Defence Horizon Committee; CEO, RBL Defence Polska<\/p>         \n                \n\t\t \t<\/div> \t  \t \n    <\/div>\n<\/div><div class='prelegents__modal modal fade' data-modal-id='31763' id='31763' role='dialog'>\n <button type='button' id='closeBtn' class='close-modal' data-dismiss='modal'>&times;<\/button>\n <div class='prelegents__modal-dialog'>\n    \n       \n      <div class='prelegents__modal-body'>\n         \n        <div class='prelegents__modal-content'>\n        <div class='prelegents__modal-note'><div class='prelegents__modal-boximg'><img class='prelegents__modal-img' src='https:\/\/bezpieczenstwopolskie.pl\/wp-content\/uploads\/2025\/01\/kraszewski300.png' alt='' \/><\/div><div class='prelegents__texts'><p class='prelegents__name'>gen. rez. dr Jaros\u0142aw Kraszewski<\/p><p class='prelegents__work'>Chair of the Defence Horizon Committee; CEO, RBL Defence Polska <\/p><\/div><\/div>\n\t\t\n\t\t<div class='prelegents__note'><\/div>\n\t\t \n         \n      <\/div><\/div>\n       \n  <\/div><\/div><\/div>\n        <div class='prelegents__box' data-box-id='42870'  id='42870'>\n        <div class='prelegents__wrapper'>\n    <div class='prelegents__content'><div class='prelegents__boximg'>\n        \n        \n     \n        <div data-toggle='modal' id='42870' data-target='#42870' > <img class='prelegents__img' src='\/wp-content\/plugins\/prelegenci\/avatar.jpg' alt='avatar' \/> <\/div>\n        \n      \n\t\t<\/div> <div class='prelegents__socials'><div class='linkedind-lost'><\/div><\/div><div class='prelegents__texts'><p class='prelegents__name'>Robert Kroplewski<\/p><p class='prelegents__work'>Expert in: new technologies, information society<\/p>         \n                \n\t\t \t<\/div> \t  \t \n    <\/div>\n<\/div><div class='prelegents__modal modal fade' data-modal-id='42870' id='42870' role='dialog'>\n <button type='button' id='closeBtn' class='close-modal' data-dismiss='modal'>&times;<\/button>\n <div class='prelegents__modal-dialog'>\n    \n       \n      <div class='prelegents__modal-body'>\n         \n        <div class='prelegents__modal-content'>\n        <div class='prelegents__modal-note'><div class='prelegents__modal-boximg'><img class='prelegents__modal-img' src='\/wp-content\/plugins\/prelegenci\/avatar.jpg' alt='avatar' \/><\/div><div class='prelegents__texts'><p class='prelegents__name'>Robert Kroplewski<\/p><p class='prelegents__work'>Expert in: new technologies, information society <\/p><\/div><\/div>\n\t\t\n\t\t<div class='prelegents__note'><\/div>\n\t\t \n         \n      <\/div><\/div>\n       \n  <\/div><\/div><\/div>\n        <div class='prelegents__box' data-box-id='43479'  id='43479'>\n        <div class='prelegents__wrapper'>\n    <div class='prelegents__content'><div class='prelegents__boximg'>\n        \n        \n     \n        <div data-toggle='modal' id='43479' data-target='#43479' ><img class='prelegents__img' src='https:\/\/bezpieczenstwopolskie.pl\/wp-content\/uploads\/2026\/04\/krystowski300.png' alt='Krzysztof Krystowski' \/> <\/div>\n        \n      \n\t\t<\/div> <div class='prelegents__socials'><div class='linkedind-lost'><\/div><\/div><div class='prelegents__texts'><p class='prelegents__name'>Krzysztof Krystowski<\/p><p class='prelegents__work'>Country Executive, Northrop Grumman; CEO, Silesian Aviation Cluster<\/p>         \n                \n\t\t \t<\/div> \t  \t \n    <\/div>\n<\/div><div class='prelegents__modal modal fade' data-modal-id='43479' id='43479' role='dialog'>\n <button type='button' id='closeBtn' class='close-modal' data-dismiss='modal'>&times;<\/button>\n <div class='prelegents__modal-dialog'>\n    \n       \n      <div class='prelegents__modal-body'>\n         \n        <div class='prelegents__modal-content'>\n        <div class='prelegents__modal-note'><div class='prelegents__modal-boximg'><img class='prelegents__modal-img' src='https:\/\/bezpieczenstwopolskie.pl\/wp-content\/uploads\/2026\/04\/krystowski300.png' alt='' \/><\/div><div class='prelegents__texts'><p class='prelegents__name'>Krzysztof Krystowski<\/p><p class='prelegents__work'>Country Executive, Northrop Grumman; CEO, Silesian Aviation Cluster <\/p><\/div><\/div>\n\t\t\n\t\t<div class='prelegents__note'><p><span style=\"font-weight: 400;\">Krzysztof Krystowski, country Director of Northrop Grumman Poland S.A. Responsible for executing the company\u2019s market strategy, business development plan and government relations in country.<\/span><\/p>\n<p><span style=\"font-weight: 400;\">Prior to joining Northrop Grumman, Krystowski served as vice president of the European Clusters Alliance, a pan-European organization representing more than 150,000 innovative European businesses. He is also president of the Polish Clusters Association and President of the Silesian Aviation Cluster.<\/span><\/p>\n<p><span style=\"font-weight: 400;\">He held senior leadership roles within the Polish aerospace and defense sector including, vice president of Leonardo Helicopters Poland; president of Polish Defence Holding (Bumar Group), and president, Avio Polska.<\/span><\/p>\n<p><span style=\"font-weight: 400;\">Before entering the defense industry, he served as deputy minister in the Polish Ministry of the Economy between 2003 to 2005.<\/span><\/p>\n<\/div>\n\t\t \n         \n      <\/div><\/div>\n       \n  <\/div><\/div><\/div>\n        <div class='prelegents__box' data-box-id='37683'  id='37683'>\n        <div class='prelegents__wrapper'>\n    <div class='prelegents__content'><div class='prelegents__boximg'>\n        \n        \n     \n        <div data-toggle='modal' id='37683' data-target='#37683' ><img class='prelegents__img' src='https:\/\/bezpieczenstwopolskie.pl\/wp-content\/uploads\/2025\/06\/kubas300-1.png' alt='Teresa Kubas-Hul' \/> <\/div>\n        \n      \n\t\t<\/div> <div class='prelegents__socials'><div class='linkedind-lost'><\/div><\/div><div class='prelegents__texts'><p class='prelegents__name'>Teresa Kubas-Hul<\/p><p class='prelegents__work'>Governor of Podkarpackie Province<\/p>         \n                \n\t\t \t<\/div> \t  \t \n    <\/div>\n<\/div><div class='prelegents__modal modal fade' data-modal-id='37683' id='37683' role='dialog'>\n <button type='button' id='closeBtn' class='close-modal' data-dismiss='modal'>&times;<\/button>\n <div class='prelegents__modal-dialog'>\n    \n       \n      <div class='prelegents__modal-body'>\n         \n        <div class='prelegents__modal-content'>\n        <div class='prelegents__modal-note'><div class='prelegents__modal-boximg'><img class='prelegents__modal-img' src='https:\/\/bezpieczenstwopolskie.pl\/wp-content\/uploads\/2025\/06\/kubas300-1.png' alt='' \/><\/div><div class='prelegents__texts'><p class='prelegents__name'>Teresa Kubas-Hul<\/p><p class='prelegents__work'>Governor of Podkarpackie Province <\/p><\/div><\/div>\n\t\t\n\t\t<div class='prelegents__note'><\/div>\n\t\t \n         \n      <\/div><\/div>\n       \n  <\/div><\/div><\/div>\n        <div class='prelegents__box' data-box-id='42862'  id='42862'>\n        <div class='prelegents__wrapper'>\n    <div class='prelegents__content'><div class='prelegents__boximg'>\n        \n        \n     \n        <div data-toggle='modal' id='42862' data-target='#42862' ><img class='prelegents__img' src='https:\/\/bezpieczenstwopolskie.pl\/wp-content\/uploads\/2026\/03\/kujawski300.png' alt='Mariusz Kujawski' \/> <\/div>\n        \n      \n\t\t<\/div> <div class='prelegents__socials'><div class='linkedind-lost'><\/div><\/div><div class='prelegents__texts'><p class='prelegents__name'>Mariusz Kujawski<\/p><p class='prelegents__work'>Vice President of the Management Board, ComCERT<\/p>         \n                \n\t\t \t<\/div> \t  \t \n    <\/div>\n<\/div><div class='prelegents__modal modal fade' data-modal-id='42862' id='42862' role='dialog'>\n <button type='button' id='closeBtn' class='close-modal' data-dismiss='modal'>&times;<\/button>\n <div class='prelegents__modal-dialog'>\n    \n       \n      <div class='prelegents__modal-body'>\n         \n        <div class='prelegents__modal-content'>\n        <div class='prelegents__modal-note'><div class='prelegents__modal-boximg'><img class='prelegents__modal-img' src='https:\/\/bezpieczenstwopolskie.pl\/wp-content\/uploads\/2026\/03\/kujawski300.png' alt='' \/><\/div><div class='prelegents__texts'><p class='prelegents__name'>Mariusz Kujawski<\/p><p class='prelegents__work'>Vice President of the Management Board, ComCERT <\/p><\/div><\/div>\n\t\t\n\t\t<div class='prelegents__note'><p>Since 2025, Vice President of the Management Board of ComCERT S.A., a company belonging to the Asseco Group, responsible for the development of cybersecurity services and projects.<br \/>\nIn 2020\u20132024, he served as a member of the management board (CIO) of Polska Wytw\u00f3rnia Papier\u00f3w Warto\u015bciowych S.A., where he was responsible for IT infrastructure, software development, cybersecurity, internal IT operations, and secure document production. In this role, he oversaw the national infrastructure for issuing driving licenses throughout Poland and the functioning of PWPW&#8217;s internal SOC.<br \/>\nPreviously, as Director of the Document Personalization Center at the Ministry of the Interior and Administration, he was responsible for the national infrastructure for issuing identity documents and the implementation of projects co-financed by the European Union in the field of security and digitization. Within the structures of the Ministry of the Interior and Administration, he also served as the Minister&#8217;s Plenipotentiary for Cybersecurity and Head of the ICT Infrastructure Security Department.<br \/>\nHe was the leader and manager of the national e-ID system project, one of the key digital initiatives of the public administration, which implemented a modern electronic ID card with an electronic signature function and secure authentication of citizens in e-government services.<\/p>\n<\/div>\n\t\t \n         \n      <\/div><\/div>\n       \n  <\/div><\/div><\/div>\n        <div class='prelegents__box' data-box-id='43482'  id='43482'>\n        <div class='prelegents__wrapper'>\n    <div class='prelegents__content'><div class='prelegents__boximg'>\n        \n        \n     \n        <div data-toggle='modal' id='43482' data-target='#43482' > <img class='prelegents__img' src='\/wp-content\/plugins\/prelegenci\/avatar.jpg' alt='avatar' \/> <\/div>\n        \n      \n\t\t<\/div> <div class='prelegents__socials'><div class='linkedind-lost'><\/div><\/div><div class='prelegents__texts'><p class='prelegents__name'>S\u0142awomir Ku\u0142akowski<\/p><p class='prelegents__work'>CEO, Polish Chamber of Manufacturers for National Defence <\/p>         \n                \n\t\t \t<\/div> \t  \t \n    <\/div>\n<\/div><div class='prelegents__modal modal fade' data-modal-id='43482' id='43482' role='dialog'>\n <button type='button' id='closeBtn' class='close-modal' data-dismiss='modal'>&times;<\/button>\n <div class='prelegents__modal-dialog'>\n    \n       \n      <div class='prelegents__modal-body'>\n         \n        <div class='prelegents__modal-content'>\n        <div class='prelegents__modal-note'><div class='prelegents__modal-boximg'><img class='prelegents__modal-img' src='\/wp-content\/plugins\/prelegenci\/avatar.jpg' alt='avatar' \/><\/div><div class='prelegents__texts'><p class='prelegents__name'>S\u0142awomir Ku\u0142akowski<\/p><p class='prelegents__work'>CEO, Polish Chamber of Manufacturers for National Defence  <\/p><\/div><\/div>\n\t\t\n\t\t<div class='prelegents__note'><\/div>\n\t\t \n         \n      <\/div><\/div>\n       \n  <\/div><\/div><\/div>\n        <div class='prelegents__box' data-box-id='42869'  id='42869'>\n        <div class='prelegents__wrapper'>\n    <div class='prelegents__content'><div class='prelegents__boximg'>\n        \n        \n     \n        <div data-toggle='modal' id='42869' data-target='#42869' ><img class='prelegents__img' src='https:\/\/bezpieczenstwopolskie.pl\/wp-content\/uploads\/2026\/03\/kuna300.png' alt='Przemys\u0142aw Kuna' \/> <\/div>\n        \n      \n\t\t<\/div> <div class='prelegents__socials'><div class='linkedind-lost'><\/div><\/div><div class='prelegents__texts'><p class='prelegents__name'>Przemys\u0142aw Kuna<\/p><p class='prelegents__work'>CEO, UKE<\/p>         \n                \n\t\t \t<\/div> \t  \t \n    <\/div>\n<\/div><div class='prelegents__modal modal fade' data-modal-id='42869' id='42869' role='dialog'>\n <button type='button' id='closeBtn' class='close-modal' data-dismiss='modal'>&times;<\/button>\n <div class='prelegents__modal-dialog'>\n    \n       \n      <div class='prelegents__modal-body'>\n         \n        <div class='prelegents__modal-content'>\n        <div class='prelegents__modal-note'><div class='prelegents__modal-boximg'><img class='prelegents__modal-img' src='https:\/\/bezpieczenstwopolskie.pl\/wp-content\/uploads\/2026\/03\/kuna300.png' alt='' \/><\/div><div class='prelegents__texts'><p class='prelegents__name'>Przemys\u0142aw Kuna<\/p><p class='prelegents__work'>CEO, UKE <\/p><\/div><\/div>\n\t\t\n\t\t<div class='prelegents__note'><p><span style=\"font-weight: 400;\">Przemys\u0142aw Kuna graduated Lublin University of Technology and Warsaw University of Technology. He completed PhD studies at the College of Management and Finance (Warsaw School of Economics). Held managerial positions in the telecoms sector for over 20 years. He joined TK Telekom\u2019s management board as member for operations in 2013. In November 2014, as expert in the ICT Department at the Ministry of the Interior, he coordinated technologically the launching of System of State Registers. Appointed Undersecretary of State at the Ministry of Internal Affairs for IT projects and developing state registers in 2015. He became Deputy Chair of National Chamber of Digital Economy in November 2016. In March 2024, he took up positions: NASK\u2019s Deputy Director and Nationwide Education Network\u2019s Director\u00a0<\/span><\/p>\n<\/div>\n\t\t \n         \n      <\/div><\/div>\n       \n  <\/div><\/div><\/div>\n        <div class='prelegents__box' data-box-id='43369'  id='43369'>\n        <div class='prelegents__wrapper'>\n    <div class='prelegents__content'><div class='prelegents__boximg'>\n        \n        \n     \n        <div data-toggle='modal' id='43369' data-target='#43369' > <img class='prelegents__img' src='\/wp-content\/plugins\/prelegenci\/avatar.jpg' alt='avatar' \/> <\/div>\n        \n      \n\t\t<\/div> <div class='prelegents__socials'><div class='linkedind-lost'><\/div><\/div><div class='prelegents__texts'><p class='prelegents__name'>Piotr Kurkowski<\/p><p class='prelegents__work'>Acting Deputy Director General, GDDKiA<\/p>         \n                \n\t\t \t<\/div> \t  \t \n    <\/div>\n<\/div><div class='prelegents__modal modal fade' data-modal-id='43369' id='43369' role='dialog'>\n <button type='button' id='closeBtn' class='close-modal' data-dismiss='modal'>&times;<\/button>\n <div class='prelegents__modal-dialog'>\n    \n       \n      <div class='prelegents__modal-body'>\n         \n        <div class='prelegents__modal-content'>\n        <div class='prelegents__modal-note'><div class='prelegents__modal-boximg'><img class='prelegents__modal-img' src='\/wp-content\/plugins\/prelegenci\/avatar.jpg' alt='avatar' \/><\/div><div class='prelegents__texts'><p class='prelegents__name'>Piotr Kurkowski<\/p><p class='prelegents__work'>Acting Deputy Director General, GDDKiA <\/p><\/div><\/div>\n\t\t\n\t\t<div class='prelegents__note'><\/div>\n\t\t \n         \n      <\/div><\/div>\n       \n  <\/div><\/div><\/div>\n        <div class='prelegents__box' data-box-id='43370'  id='43370'>\n        <div class='prelegents__wrapper'>\n    <div class='prelegents__content'><div class='prelegents__boximg'>\n        \n        \n     \n        <div data-toggle='modal' id='43370' data-target='#43370' > <img class='prelegents__img' src='\/wp-content\/plugins\/prelegenci\/avatar.jpg' alt='avatar' \/> <\/div>\n        \n      \n\t\t<\/div> <div class='prelegents__socials'><div class='linkedind-lost'><\/div><\/div><div class='prelegents__texts'><p class='prelegents__name'>Grzegorz Latosi\u0144ski<\/p><p class='prelegents__work'>Country Director Sales CEE, Poland, Palo Alto Networks<\/p>         \n                \n\t\t \t<\/div> \t  \t \n    <\/div>\n<\/div><div class='prelegents__modal modal fade' data-modal-id='43370' id='43370' role='dialog'>\n <button type='button' id='closeBtn' class='close-modal' data-dismiss='modal'>&times;<\/button>\n <div class='prelegents__modal-dialog'>\n    \n       \n      <div class='prelegents__modal-body'>\n         \n        <div class='prelegents__modal-content'>\n        <div class='prelegents__modal-note'><div class='prelegents__modal-boximg'><img class='prelegents__modal-img' src='\/wp-content\/plugins\/prelegenci\/avatar.jpg' alt='avatar' \/><\/div><div class='prelegents__texts'><p class='prelegents__name'>Grzegorz Latosi\u0144ski<\/p><p class='prelegents__work'>Country Director Sales CEE, Poland, Palo Alto Networks <\/p><\/div><\/div>\n\t\t\n\t\t<div class='prelegents__note'><\/div>\n\t\t \n         \n      <\/div><\/div>\n       \n  <\/div><\/div><\/div>\n        <div class='prelegents__box' data-box-id='32014'  id='32014'>\n        <div class='prelegents__wrapper'>\n    <div class='prelegents__content'><div class='prelegents__boximg'>\n        \n        \n     \n        <div data-toggle='modal' id='32014' data-target='#32014' ><img class='prelegents__img' src='https:\/\/bezpieczenstwopolskie.pl\/wp-content\/uploads\/2025\/01\/lot300.png' alt='Grzegorz Lot' \/> <\/div>\n        \n      \n\t\t<\/div> <div class='prelegents__socials'><div class='linkedind-lost'><\/div><\/div><div class='prelegents__texts'><p class='prelegents__name'>Grzegorz Lot<\/p><p class='prelegents__work'>CEO, TAURON Polska Energia<\/p>         \n                \n\t\t \t<\/div> \t  \t \n    <\/div>\n<\/div><div class='prelegents__modal modal fade' data-modal-id='32014' id='32014' role='dialog'>\n <button type='button' id='closeBtn' class='close-modal' data-dismiss='modal'>&times;<\/button>\n <div class='prelegents__modal-dialog'>\n    \n       \n      <div class='prelegents__modal-body'>\n         \n        <div class='prelegents__modal-content'>\n        <div class='prelegents__modal-note'><div class='prelegents__modal-boximg'><img class='prelegents__modal-img' src='https:\/\/bezpieczenstwopolskie.pl\/wp-content\/uploads\/2025\/01\/lot300.png' alt='' \/><\/div><div class='prelegents__texts'><p class='prelegents__name'>Grzegorz Lot<\/p><p class='prelegents__work'>CEO, TAURON Polska Energia <\/p><\/div><\/div>\n\t\t\n\t\t<div class='prelegents__note'><\/div>\n\t\t \n         \n      <\/div><\/div>\n       \n  <\/div><\/div><\/div>\n        <div class='prelegents__box' data-box-id='43623'  id='43623'>\n        <div class='prelegents__wrapper'>\n    <div class='prelegents__content'><div class='prelegents__boximg'>\n        \n        \n     \n        <div data-toggle='modal' id='43623' data-target='#43623' > <img class='prelegents__img' src='\/wp-content\/plugins\/prelegenci\/avatar.jpg' alt='avatar' \/> <\/div>\n        \n      \n\t\t<\/div> <div class='prelegents__socials'><div class='linkedind-lost'><\/div><\/div><div class='prelegents__texts'><p class='prelegents__name'>Maciej Machacz<\/p><p class='prelegents__work'>Technical Presales Manager - CEE & Turkey, One Identity<\/p>         \n                \n\t\t \t<\/div> \t  \t \n    <\/div>\n<\/div><div class='prelegents__modal modal fade' data-modal-id='43623' id='43623' role='dialog'>\n <button type='button' id='closeBtn' class='close-modal' data-dismiss='modal'>&times;<\/button>\n <div class='prelegents__modal-dialog'>\n    \n       \n      <div class='prelegents__modal-body'>\n         \n        <div class='prelegents__modal-content'>\n        <div class='prelegents__modal-note'><div class='prelegents__modal-boximg'><img class='prelegents__modal-img' src='\/wp-content\/plugins\/prelegenci\/avatar.jpg' alt='avatar' \/><\/div><div class='prelegents__texts'><p class='prelegents__name'>Maciej Machacz<\/p><p class='prelegents__work'>Technical Presales Manager - CEE & Turkey, One Identity <\/p><\/div><\/div>\n\t\t\n\t\t<div class='prelegents__note'><\/div>\n\t\t \n         \n      <\/div><\/div>\n       \n  <\/div><\/div><\/div>\n        <div class='prelegents__box' data-box-id='43371'  id='43371'>\n        <div class='prelegents__wrapper'>\n    <div class='prelegents__content'><div class='prelegents__boximg'>\n        \n        \n     \n        <div data-toggle='modal' id='43371' data-target='#43371' ><img class='prelegents__img' src='https:\/\/bezpieczenstwopolskie.pl\/wp-content\/uploads\/2026\/03\/mandas300.png' alt='Jacek Mandas' \/> <\/div>\n        \n      \n\t\t<\/div> <div class='prelegents__socials'><div class='linkedind-lost'><\/div><\/div><div class='prelegents__texts'><p class='prelegents__name'>Jacek Mandas<\/p><p class='prelegents__work'>Vice President of the Management Board, Creotech Instruments<\/p>         \n                \n\t\t \t<\/div> \t  \t \n    <\/div>\n<\/div><div class='prelegents__modal modal fade' data-modal-id='43371' id='43371' role='dialog'>\n <button type='button' id='closeBtn' class='close-modal' data-dismiss='modal'>&times;<\/button>\n <div class='prelegents__modal-dialog'>\n    \n       \n      <div class='prelegents__modal-body'>\n         \n        <div class='prelegents__modal-content'>\n        <div class='prelegents__modal-note'><div class='prelegents__modal-boximg'><img class='prelegents__modal-img' src='https:\/\/bezpieczenstwopolskie.pl\/wp-content\/uploads\/2026\/03\/mandas300.png' alt='' \/><\/div><div class='prelegents__texts'><p class='prelegents__name'>Jacek Mandas<\/p><p class='prelegents__work'>Vice President of the Management Board, Creotech Instruments <\/p><\/div><\/div>\n\t\t\n\t\t<div class='prelegents__note'><\/div>\n\t\t \n         \n      <\/div><\/div>\n       \n  <\/div><\/div><\/div>\n        <div class='prelegents__box' data-box-id='40986'  id='40986'>\n        <div class='prelegents__wrapper'>\n    <div class='prelegents__content'><div class='prelegents__boximg'>\n        \n        \n     \n        <div data-toggle='modal' id='40986' data-target='#40986' ><img class='prelegents__img' src='https:\/\/bezpieczenstwopolskie.pl\/wp-content\/uploads\/2025\/12\/marczynski.png' alt='Adam Marczy\u0144ski' \/> <\/div>\n        \n      \n\t\t<\/div> <div class='prelegents__socials'><div class='linkedind-lost'><\/div><\/div><div class='prelegents__texts'><p class='prelegents__name'>Adam Marczy\u0144ski<\/p><p class='prelegents__work'>Deputy Director of NASK, Director of Cybersecurity and Innovation, NASK-PIB<\/p>         \n                \n\t\t \t<\/div> \t  \t \n    <\/div>\n<\/div><div class='prelegents__modal modal fade' data-modal-id='40986' id='40986' role='dialog'>\n <button type='button' id='closeBtn' class='close-modal' data-dismiss='modal'>&times;<\/button>\n <div class='prelegents__modal-dialog'>\n    \n       \n      <div class='prelegents__modal-body'>\n         \n        <div class='prelegents__modal-content'>\n        <div class='prelegents__modal-note'><div class='prelegents__modal-boximg'><img class='prelegents__modal-img' src='https:\/\/bezpieczenstwopolskie.pl\/wp-content\/uploads\/2025\/12\/marczynski.png' alt='' \/><\/div><div class='prelegents__texts'><p class='prelegents__name'>Adam Marczy\u0144ski<\/p><p class='prelegents__work'>Deputy Director of NASK, Director of Cybersecurity and Innovation, NASK-PIB <\/p><\/div><\/div>\n\t\t\n\t\t<div class='prelegents__note'><\/div>\n\t\t \n         \n      <\/div><\/div>\n       \n  <\/div><\/div><\/div>\n        <div class='prelegents__box' data-box-id='43374'  id='43374'>\n        <div class='prelegents__wrapper'>\n    <div class='prelegents__content'><div class='prelegents__boximg'>\n        \n        \n     \n        <div data-toggle='modal' id='43374' data-target='#43374' > <img class='prelegents__img' src='\/wp-content\/plugins\/prelegenci\/avatar.jpg' alt='avatar' \/> <\/div>\n        \n      \n\t\t<\/div> <div class='prelegents__socials'><div class='linkedind-lost'><\/div><\/div><div class='prelegents__texts'><p class='prelegents__name'>gen. broni dr. in\u017c. pil. Tadeusz Mikutel<\/p><p class='prelegents__work'>Senior Specialist, Aviation Armament Division<\/p>         \n                \n\t\t \t<\/div> \t  \t \n    <\/div>\n<\/div><div class='prelegents__modal modal fade' data-modal-id='43374' id='43374' role='dialog'>\n <button type='button' id='closeBtn' class='close-modal' data-dismiss='modal'>&times;<\/button>\n <div class='prelegents__modal-dialog'>\n    \n       \n      <div class='prelegents__modal-body'>\n         \n        <div class='prelegents__modal-content'>\n        <div class='prelegents__modal-note'><div class='prelegents__modal-boximg'><img class='prelegents__modal-img' src='\/wp-content\/plugins\/prelegenci\/avatar.jpg' alt='avatar' \/><\/div><div class='prelegents__texts'><p class='prelegents__name'>gen. broni dr. in\u017c. pil. Tadeusz Mikutel<\/p><p class='prelegents__work'>Senior Specialist, Aviation Armament Division <\/p><\/div><\/div>\n\t\t\n\t\t<div class='prelegents__note'><\/div>\n\t\t \n         \n      <\/div><\/div>\n       \n  <\/div><\/div><\/div>\n        <div class='prelegents__box' data-box-id='43624'  id='43624'>\n        <div class='prelegents__wrapper'>\n    <div class='prelegents__content'><div class='prelegents__boximg'>\n        \n        \n     \n        <div data-toggle='modal' id='43624' data-target='#43624' > <img class='prelegents__img' src='\/wp-content\/plugins\/prelegenci\/avatar.jpg' alt='avatar' \/> <\/div>\n        \n      \n\t\t<\/div> <div class='prelegents__socials'><div class='linkedind-lost'><\/div><\/div><div class='prelegents__texts'><p class='prelegents__name'>Wojciech Milke<\/p><p class='prelegents__work'>Founder, ARX Modular<\/p>         \n                \n\t\t \t<\/div> \t  \t \n    <\/div>\n<\/div><div class='prelegents__modal modal fade' data-modal-id='43624' id='43624' role='dialog'>\n <button type='button' id='closeBtn' class='close-modal' data-dismiss='modal'>&times;<\/button>\n <div class='prelegents__modal-dialog'>\n    \n       \n      <div class='prelegents__modal-body'>\n         \n        <div class='prelegents__modal-content'>\n        <div class='prelegents__modal-note'><div class='prelegents__modal-boximg'><img class='prelegents__modal-img' src='\/wp-content\/plugins\/prelegenci\/avatar.jpg' alt='avatar' \/><\/div><div class='prelegents__texts'><p class='prelegents__name'>Wojciech Milke<\/p><p class='prelegents__work'>Founder, ARX Modular <\/p><\/div><\/div>\n\t\t\n\t\t<div class='prelegents__note'><\/div>\n\t\t \n         \n      <\/div><\/div>\n       \n  <\/div><\/div><\/div>\n        <div class='prelegents__box' data-box-id='44019'  id='44019'>\n        <div class='prelegents__wrapper'>\n    <div class='prelegents__content'><div class='prelegents__boximg'>\n        \n        \n     \n        <div data-toggle='modal' id='44019' data-target='#44019' > <img class='prelegents__img' src='\/wp-content\/plugins\/prelegenci\/avatar.jpg' alt='avatar' \/> <\/div>\n        \n      \n\t\t<\/div> <div class='prelegents__socials'><div class='linkedind-lost'><\/div><\/div><div class='prelegents__texts'><p class='prelegents__name'>Karolina Modzelewska<\/p><p class='prelegents__work'>Editor-in-Chief, Portal Obronny<\/p>         \n                \n\t\t \t<\/div> \t  \t \n    <\/div>\n<\/div><div class='prelegents__modal modal fade' data-modal-id='44019' id='44019' role='dialog'>\n <button type='button' id='closeBtn' class='close-modal' data-dismiss='modal'>&times;<\/button>\n <div class='prelegents__modal-dialog'>\n    \n       \n      <div class='prelegents__modal-body'>\n         \n        <div class='prelegents__modal-content'>\n        <div class='prelegents__modal-note'><div class='prelegents__modal-boximg'><img class='prelegents__modal-img' src='\/wp-content\/plugins\/prelegenci\/avatar.jpg' alt='avatar' \/><\/div><div class='prelegents__texts'><p class='prelegents__name'>Karolina Modzelewska<\/p><p class='prelegents__work'>Editor-in-Chief, Portal Obronny <\/p><\/div><\/div>\n\t\t\n\t\t<div class='prelegents__note'><\/div>\n\t\t \n         \n      <\/div><\/div>\n       \n  <\/div><\/div><\/div>\n        <div class='prelegents__box' data-box-id='42960'  id='42960'>\n        <div class='prelegents__wrapper'>\n    <div class='prelegents__content'><div class='prelegents__boximg'>\n        \n        \n     \n        <div data-toggle='modal' id='42960' data-target='#42960' > <img class='prelegents__img' src='\/wp-content\/plugins\/prelegenci\/avatar.jpg' alt='avatar' \/> <\/div>\n        \n      \n\t\t<\/div> <div class='prelegents__socials'><div class='linkedind-lost'><\/div><\/div><div class='prelegents__texts'><p class='prelegents__name'>dr Dariusz Nowak-Nova<\/p><p class='prelegents__work'>Director, Special Representative of the Minister of the Interior and Administration for Cybersecurity at the Ministry of the Interior and Administration, and Special Representative for Digitalization<\/p>         \n                \n\t\t \t<\/div> \t  \t \n    <\/div>\n<\/div><div class='prelegents__modal modal fade' data-modal-id='42960' id='42960' role='dialog'>\n <button type='button' id='closeBtn' class='close-modal' data-dismiss='modal'>&times;<\/button>\n <div class='prelegents__modal-dialog'>\n    \n       \n      <div class='prelegents__modal-body'>\n         \n        <div class='prelegents__modal-content'>\n        <div class='prelegents__modal-note'><div class='prelegents__modal-boximg'><img class='prelegents__modal-img' src='\/wp-content\/plugins\/prelegenci\/avatar.jpg' alt='avatar' \/><\/div><div class='prelegents__texts'><p class='prelegents__name'>dr Dariusz Nowak-Nova<\/p><p class='prelegents__work'>Director, Special Representative of the Minister of the Interior and Administration for Cybersecurity at the Ministry of the Interior and Administration, and Special Representative for Digitalization <\/p><\/div><\/div>\n\t\t\n\t\t<div class='prelegents__note'><\/div>\n\t\t \n         \n      <\/div><\/div>\n       \n  <\/div><\/div><\/div>\n        <div class='prelegents__box' data-box-id='41749'  id='41749'>\n        <div class='prelegents__wrapper'>\n    <div class='prelegents__content'><div class='prelegents__boximg'>\n        \n        \n     \n        <div data-toggle='modal' id='41749' data-target='#41749' ><img class='prelegents__img' src='https:\/\/bezpieczenstwopolskie.pl\/wp-content\/uploads\/2026\/01\/olsztynski300.png' alt='Andrzej Olszty\u0144ski' \/> <\/div>\n        \n      \n\t\t<\/div> <div class='prelegents__socials'><div class='linkedind-lost'><\/div><\/div><div class='prelegents__texts'><p class='prelegents__name'>Andrzej Olszty\u0144ski<\/p><p class='prelegents__work'>Director of Cybersecurity Division, GAZ-SYSTEM<\/p>         \n                \n\t\t \t<\/div> \t  \t \n    <\/div>\n<\/div><div class='prelegents__modal modal fade' data-modal-id='41749' id='41749' role='dialog'>\n <button type='button' id='closeBtn' class='close-modal' data-dismiss='modal'>&times;<\/button>\n <div class='prelegents__modal-dialog'>\n    \n       \n      <div class='prelegents__modal-body'>\n         \n        <div class='prelegents__modal-content'>\n        <div class='prelegents__modal-note'><div class='prelegents__modal-boximg'><img class='prelegents__modal-img' src='https:\/\/bezpieczenstwopolskie.pl\/wp-content\/uploads\/2026\/01\/olsztynski300.png' alt='' \/><\/div><div class='prelegents__texts'><p class='prelegents__name'>Andrzej Olszty\u0144ski<\/p><p class='prelegents__work'>Director of Cybersecurity Division, GAZ-SYSTEM <\/p><\/div><\/div>\n\t\t\n\t\t<div class='prelegents__note'><\/div>\n\t\t \n         \n      <\/div><\/div>\n       \n  <\/div><\/div><\/div>\n        <div class='prelegents__box' data-box-id='43375'  id='43375'>\n        <div class='prelegents__wrapper'>\n    <div class='prelegents__content'><div class='prelegents__boximg'>\n        \n        \n     \n        <div data-toggle='modal' id='43375' data-target='#43375' > <img class='prelegents__img' src='\/wp-content\/plugins\/prelegenci\/avatar.jpg' alt='avatar' \/> <\/div>\n        \n      \n\t\t<\/div> <div class='prelegents__socials'><div class='linkedind-lost'><\/div><\/div><div class='prelegents__texts'><p class='prelegents__name'>Sergiusz Parszowski<\/p><p class='prelegents__work'>Head of the Instin.pl Expert Team, President of the Security Observatory<\/p>         \n                \n\t\t \t<\/div> \t  \t \n    <\/div>\n<\/div><div class='prelegents__modal modal fade' data-modal-id='43375' id='43375' role='dialog'>\n <button type='button' id='closeBtn' class='close-modal' data-dismiss='modal'>&times;<\/button>\n <div class='prelegents__modal-dialog'>\n    \n       \n      <div class='prelegents__modal-body'>\n         \n        <div class='prelegents__modal-content'>\n        <div class='prelegents__modal-note'><div class='prelegents__modal-boximg'><img class='prelegents__modal-img' src='\/wp-content\/plugins\/prelegenci\/avatar.jpg' alt='avatar' \/><\/div><div class='prelegents__texts'><p class='prelegents__name'>Sergiusz Parszowski<\/p><p class='prelegents__work'>Head of the Instin.pl Expert Team, President of the Security Observatory <\/p><\/div><\/div>\n\t\t\n\t\t<div class='prelegents__note'><\/div>\n\t\t \n         \n      <\/div><\/div>\n       \n  <\/div><\/div><\/div>\n        <div class='prelegents__box' data-box-id='43625'  id='43625'>\n        <div class='prelegents__wrapper'>\n    <div class='prelegents__content'><div class='prelegents__boximg'>\n        \n        \n     \n        <div data-toggle='modal' id='43625' data-target='#43625' > <img class='prelegents__img' src='\/wp-content\/plugins\/prelegenci\/avatar.jpg' alt='avatar' \/> <\/div>\n        \n      \n\t\t<\/div> <div class='prelegents__socials'><div class='linkedind-lost'><\/div><\/div><div class='prelegents__texts'><p class='prelegents__name'>p\u0142k Leszek Paszkowski<\/p><p class='prelegents__work'>Head of the Geospatial Reconnaissance and Satellite Services Agency<\/p>         \n                \n\t\t \t<\/div> \t  \t \n    <\/div>\n<\/div><div class='prelegents__modal modal fade' data-modal-id='43625' id='43625' role='dialog'>\n <button type='button' id='closeBtn' class='close-modal' data-dismiss='modal'>&times;<\/button>\n <div class='prelegents__modal-dialog'>\n    \n       \n      <div class='prelegents__modal-body'>\n         \n        <div class='prelegents__modal-content'>\n        <div class='prelegents__modal-note'><div class='prelegents__modal-boximg'><img class='prelegents__modal-img' src='\/wp-content\/plugins\/prelegenci\/avatar.jpg' alt='avatar' \/><\/div><div class='prelegents__texts'><p class='prelegents__name'>p\u0142k Leszek Paszkowski<\/p><p class='prelegents__work'>Head of the Geospatial Reconnaissance and Satellite Services Agency <\/p><\/div><\/div>\n\t\t\n\t\t<div class='prelegents__note'><\/div>\n\t\t \n         \n      <\/div><\/div>\n       \n  <\/div><\/div><\/div>\n        <div class='prelegents__box' data-box-id='43483'  id='43483'>\n        <div class='prelegents__wrapper'>\n    <div class='prelegents__content'><div class='prelegents__boximg'>\n        \n        \n     \n        <div data-toggle='modal' id='43483' data-target='#43483' > <img class='prelegents__img' src='\/wp-content\/plugins\/prelegenci\/avatar.jpg' alt='avatar' \/> <\/div>\n        \n      \n\t\t<\/div> <div class='prelegents__socials'><div class='linkedind-lost'><\/div><\/div><div class='prelegents__texts'><p class='prelegents__name'>nadinsp. Andrzej Patrza\u0142ek<\/p><p class='prelegents__work'>Provincial Police Commander in Rzesz\u00f3w <\/p>         \n                \n\t\t \t<\/div> \t  \t \n    <\/div>\n<\/div><div class='prelegents__modal modal fade' data-modal-id='43483' id='43483' role='dialog'>\n <button type='button' id='closeBtn' class='close-modal' data-dismiss='modal'>&times;<\/button>\n <div class='prelegents__modal-dialog'>\n    \n       \n      <div class='prelegents__modal-body'>\n         \n        <div class='prelegents__modal-content'>\n        <div class='prelegents__modal-note'><div class='prelegents__modal-boximg'><img class='prelegents__modal-img' src='\/wp-content\/plugins\/prelegenci\/avatar.jpg' alt='avatar' \/><\/div><div class='prelegents__texts'><p class='prelegents__name'>nadinsp. Andrzej Patrza\u0142ek<\/p><p class='prelegents__work'>Provincial Police Commander in Rzesz\u00f3w  <\/p><\/div><\/div>\n\t\t\n\t\t<div class='prelegents__note'><\/div>\n\t\t \n         \n      <\/div><\/div>\n       \n  <\/div><\/div><\/div>\n        <div class='prelegents__box' data-box-id='43484'  id='43484'>\n        <div class='prelegents__wrapper'>\n    <div class='prelegents__content'><div class='prelegents__boximg'>\n        \n        \n     \n        <div data-toggle='modal' id='43484' data-target='#43484' > <img class='prelegents__img' src='\/wp-content\/plugins\/prelegenci\/avatar.jpg' alt='avatar' \/> <\/div>\n        \n      \n\t\t<\/div> <div class='prelegents__socials'><div class='linkedind-lost'><\/div><\/div><div class='prelegents__texts'><p class='prelegents__name'>Micha\u0142 Pawella<\/p><p class='prelegents__work'>Economic Advisor in the Department of Finance and Public Affairs, Supreme Audit Office (NIK); Chair of State Protection and Constitutional Order at the Institute of State Security, War Studies University<\/p>         \n                \n\t\t \t<\/div> \t  \t \n    <\/div>\n<\/div><div class='prelegents__modal modal fade' data-modal-id='43484' id='43484' role='dialog'>\n <button type='button' id='closeBtn' class='close-modal' data-dismiss='modal'>&times;<\/button>\n <div class='prelegents__modal-dialog'>\n    \n       \n      <div class='prelegents__modal-body'>\n         \n        <div class='prelegents__modal-content'>\n        <div class='prelegents__modal-note'><div class='prelegents__modal-boximg'><img class='prelegents__modal-img' src='\/wp-content\/plugins\/prelegenci\/avatar.jpg' alt='avatar' \/><\/div><div class='prelegents__texts'><p class='prelegents__name'>Micha\u0142 Pawella<\/p><p class='prelegents__work'>Economic Advisor in the Department of Finance and Public Affairs, Supreme Audit Office (NIK); Chair of State Protection and Constitutional Order at the Institute of State Security, War Studies University <\/p><\/div><\/div>\n\t\t\n\t\t<div class='prelegents__note'><\/div>\n\t\t \n         \n      <\/div><\/div>\n       \n  <\/div><\/div><\/div>\n        <div class='prelegents__box' data-box-id='36817'  id='36817'>\n        <div class='prelegents__wrapper'>\n    <div class='prelegents__content'><div class='prelegents__boximg'>\n        \n        \n     \n        <div data-toggle='modal' id='36817' data-target='#36817' ><img class='prelegents__img' src='https:\/\/bezpieczenstwopolskie.pl\/wp-content\/uploads\/2025\/05\/pawlowski.png' alt='Mateusz Paw\u0142owski' \/> <\/div>\n        \n      \n\t\t<\/div> <div class='prelegents__socials'><div class='linkedind-lost'><\/div><\/div><div class='prelegents__texts'><p class='prelegents__name'>Mateusz Paw\u0142owski<\/p><p class='prelegents__work'>CEO, Turrim<\/p>         \n                \n\t\t \t<\/div> \t  \t \n    <\/div>\n<\/div><div class='prelegents__modal modal fade' data-modal-id='36817' id='36817' role='dialog'>\n <button type='button' id='closeBtn' class='close-modal' data-dismiss='modal'>&times;<\/button>\n <div class='prelegents__modal-dialog'>\n    \n       \n      <div class='prelegents__modal-body'>\n         \n        <div class='prelegents__modal-content'>\n        <div class='prelegents__modal-note'><div class='prelegents__modal-boximg'><img class='prelegents__modal-img' src='https:\/\/bezpieczenstwopolskie.pl\/wp-content\/uploads\/2025\/05\/pawlowski.png' alt='' \/><\/div><div class='prelegents__texts'><p class='prelegents__name'>Mateusz Paw\u0142owski<\/p><p class='prelegents__work'>CEO, Turrim <\/p><\/div><\/div>\n\t\t\n\t\t<div class='prelegents__note'><\/div>\n\t\t \n         \n      <\/div><\/div>\n       \n  <\/div><\/div><\/div>\n        <div class='prelegents__box' data-box-id='31855'  id='31855'>\n        <div class='prelegents__wrapper'>\n    <div class='prelegents__content'><div class='prelegents__boximg'>\n        \n        \n     \n        <div data-toggle='modal' id='31855' data-target='#31855' ><img class='prelegents__img' src='https:\/\/bezpieczenstwopolskie.pl\/wp-content\/uploads\/2025\/01\/piec300.png' alt='st. bryg. dr in\u017c. Robert Piec' \/> <\/div>\n        \n      \n\t\t<\/div> <div class='prelegents__socials'><div class='linkedind-lost'><\/div><\/div><div class='prelegents__texts'><p class='prelegents__name'>st. bryg. dr in\u017c. Robert Piec<\/p><p class='prelegents__work'>Director of the Institute of Internal Security, Akademia Po\u017carnicza <\/p>         \n                \n\t\t \t<\/div> \t  \t \n    <\/div>\n<\/div><div class='prelegents__modal modal fade' data-modal-id='31855' id='31855' role='dialog'>\n <button type='button' id='closeBtn' class='close-modal' data-dismiss='modal'>&times;<\/button>\n <div class='prelegents__modal-dialog'>\n    \n       \n      <div class='prelegents__modal-body'>\n         \n        <div class='prelegents__modal-content'>\n        <div class='prelegents__modal-note'><div class='prelegents__modal-boximg'><img class='prelegents__modal-img' src='https:\/\/bezpieczenstwopolskie.pl\/wp-content\/uploads\/2025\/01\/piec300.png' alt='' \/><\/div><div class='prelegents__texts'><p class='prelegents__name'>st. bryg. dr in\u017c. Robert Piec<\/p><p class='prelegents__work'>Director of the Institute of Internal Security, Akademia Po\u017carnicza  <\/p><\/div><\/div>\n\t\t\n\t\t<div class='prelegents__note'><p>Director of the Institute of Internal Security, State Fire Service officer, academic teacher serving at the Fire University in Warsaw.<br \/>\nGraduate of the Main School of Fire Service. Doctor of technical sciences in the field of environmental engineering. He completed postgraduate studies in \u201cManagement in Emergency Situations\u201d at the Main School of Fire Service, \u2018Databases\u2019 at the University of Applied Computer Science and Management, and postgraduate studies with doctoral seminars in \u201cRisk Analysis\u201d at the Academy of Finance.<br \/>\nWorking within the structures of the National Firefighting and Rescue System, he participated in numerous rescue operations, such as flood rescue operations and activities related to flood damage restoration. Co-author of 2 patents and 5 utility models.<\/p>\n<\/div>\n\t\t \n         \n      <\/div><\/div>\n       \n  <\/div><\/div><\/div>\n        <div class='prelegents__box' data-box-id='28376'  id='28376'>\n        <div class='prelegents__wrapper'>\n    <div class='prelegents__content'><div class='prelegents__boximg'>\n        \n        \n     \n        <div data-toggle='modal' id='28376' data-target='#28376' ><img class='prelegents__img' src='https:\/\/bezpieczenstwopolskie.pl\/wp-content\/uploads\/2024\/09\/piotrowski-1-300x300-1.jpg' alt='Ryszard Piotrowski' \/> <\/div>\n        \n      \n\t\t<\/div> <div class='prelegents__socials'><div class='linkedind-lost'><\/div><\/div><div class='prelegents__texts'><p class='prelegents__name'>Ryszard Piotrowski<\/p><p class='prelegents__work'>Cybersecurity Coordinator, Marshal's Office of the Lower Silesian Voivodeship <\/p>         \n                \n\t\t \t<\/div> \t  \t \n    <\/div>\n<\/div><div class='prelegents__modal modal fade' data-modal-id='28376' id='28376' role='dialog'>\n <button type='button' id='closeBtn' class='close-modal' data-dismiss='modal'>&times;<\/button>\n <div class='prelegents__modal-dialog'>\n    \n       \n      <div class='prelegents__modal-body'>\n         \n        <div class='prelegents__modal-content'>\n        <div class='prelegents__modal-note'><div class='prelegents__modal-boximg'><img class='prelegents__modal-img' src='https:\/\/bezpieczenstwopolskie.pl\/wp-content\/uploads\/2024\/09\/piotrowski-1-300x300-1.jpg' alt='' \/><\/div><div class='prelegents__texts'><p class='prelegents__name'>Ryszard Piotrowski<\/p><p class='prelegents__work'>Cybersecurity Coordinator, Marshal's Office of the Lower Silesian Voivodeship  <\/p><\/div><\/div>\n\t\t\n\t\t<div class='prelegents__note'><\/div>\n\t\t \n         \n      <\/div><\/div>\n       \n  <\/div><\/div><\/div>\n        <div class='prelegents__box' data-box-id='42961'  id='42961'>\n        <div class='prelegents__wrapper'>\n    <div class='prelegents__content'><div class='prelegents__boximg'>\n        \n        \n     \n        <div data-toggle='modal' id='42961' data-target='#42961' ><img class='prelegents__img' src='https:\/\/bezpieczenstwopolskie.pl\/wp-content\/uploads\/2026\/03\/popek.png' alt='Grzegorz Popek' \/> <\/div>\n        \n      \n\t\t<\/div> <div class='prelegents__socials'><div class='linkedind-lost'><\/div><\/div><div class='prelegents__texts'><p class='prelegents__name'>Grzegorz Popek<\/p><p class='prelegents__work'>Business Development Manager, Primesoft Poland<\/p>         \n                \n\t\t \t<\/div> \t  \t \n    <\/div>\n<\/div><div class='prelegents__modal modal fade' data-modal-id='42961' id='42961' role='dialog'>\n <button type='button' id='closeBtn' class='close-modal' data-dismiss='modal'>&times;<\/button>\n <div class='prelegents__modal-dialog'>\n    \n       \n      <div class='prelegents__modal-body'>\n         \n        <div class='prelegents__modal-content'>\n        <div class='prelegents__modal-note'><div class='prelegents__modal-boximg'><img class='prelegents__modal-img' src='https:\/\/bezpieczenstwopolskie.pl\/wp-content\/uploads\/2026\/03\/popek.png' alt='' \/><\/div><div class='prelegents__texts'><p class='prelegents__name'>Grzegorz Popek<\/p><p class='prelegents__work'>Business Development Manager, Primesoft Poland <\/p><\/div><\/div>\n\t\t\n\t\t<div class='prelegents__note'><p>A business practitioner with over 30 years of proven success in scaling companies and<br \/>\nimplementing modern technologies, including digital transformation, IoT, and EAS solutions.<br \/>\nGrzegorz effectively combines operational expertise with the ability to develop value<br \/>\npropositions that successfully turn complex solutions into tangible business benefits.<\/p>\n<\/div>\n\t\t \n         \n      <\/div><\/div>\n       \n  <\/div><\/div><\/div>\n        <div class='prelegents__box' data-box-id='42864'  id='42864'>\n        <div class='prelegents__wrapper'>\n    <div class='prelegents__content'><div class='prelegents__boximg'>\n        \n        \n     \n        <div data-toggle='modal' id='42864' data-target='#42864' > <img class='prelegents__img' src='\/wp-content\/plugins\/prelegenci\/avatar.jpg' alt='avatar' \/> <\/div>\n        \n      \n\t\t<\/div> <div class='prelegents__socials'><div class='linkedind-lost'><\/div><\/div><div class='prelegents__texts'><p class='prelegents__name'>Anna Protasowicka<\/p><p class='prelegents__work'>Sales Director, Asseco<\/p>         \n                \n\t\t \t<\/div> \t  \t \n    <\/div>\n<\/div><div class='prelegents__modal modal fade' data-modal-id='42864' id='42864' role='dialog'>\n <button type='button' id='closeBtn' class='close-modal' data-dismiss='modal'>&times;<\/button>\n <div class='prelegents__modal-dialog'>\n    \n       \n      <div class='prelegents__modal-body'>\n         \n        <div class='prelegents__modal-content'>\n        <div class='prelegents__modal-note'><div class='prelegents__modal-boximg'><img class='prelegents__modal-img' src='\/wp-content\/plugins\/prelegenci\/avatar.jpg' alt='avatar' \/><\/div><div class='prelegents__texts'><p class='prelegents__name'>Anna Protasowicka<\/p><p class='prelegents__work'>Sales Director, Asseco <\/p><\/div><\/div>\n\t\t\n\t\t<div class='prelegents__note'><\/div>\n\t\t \n         \n      <\/div><\/div>\n       \n  <\/div><\/div><\/div>\n        <div class='prelegents__box' data-box-id='43376'  id='43376'>\n        <div class='prelegents__wrapper'>\n    <div class='prelegents__content'><div class='prelegents__boximg'>\n        \n        \n     \n        <div data-toggle='modal' id='43376' data-target='#43376' ><img class='prelegents__img' src='https:\/\/bezpieczenstwopolskie.pl\/wp-content\/uploads\/2026\/03\/pudlo300.png' alt='insp. Micha\u0142 Pud\u0142o' \/> <\/div>\n        \n      \n\t\t<\/div> <div class='prelegents__socials'><div class='linkedind-lost'><\/div><\/div><div class='prelegents__texts'><p class='prelegents__name'>insp. Micha\u0142 Pud\u0142o<\/p><p class='prelegents__work'>Deputy Director of the Central Bureau for Combating Cybercrime <\/p>         \n                \n\t\t \t<\/div> \t  \t \n    <\/div>\n<\/div><div class='prelegents__modal modal fade' data-modal-id='43376' id='43376' role='dialog'>\n <button type='button' id='closeBtn' class='close-modal' data-dismiss='modal'>&times;<\/button>\n <div class='prelegents__modal-dialog'>\n    \n       \n      <div class='prelegents__modal-body'>\n         \n        <div class='prelegents__modal-content'>\n        <div class='prelegents__modal-note'><div class='prelegents__modal-boximg'><img class='prelegents__modal-img' src='https:\/\/bezpieczenstwopolskie.pl\/wp-content\/uploads\/2026\/03\/pudlo300.png' alt='' \/><\/div><div class='prelegents__texts'><p class='prelegents__name'>insp. Micha\u0142 Pud\u0142o<\/p><p class='prelegents__work'>Deputy Director of the Central Bureau for Combating Cybercrime  <\/p><\/div><\/div>\n\t\t\n\t\t<div class='prelegents__note'><\/div>\n\t\t \n         \n      <\/div><\/div>\n       \n  <\/div><\/div><\/div>\n        <div class='prelegents__box' data-box-id='42965'  id='42965'>\n        <div class='prelegents__wrapper'>\n    <div class='prelegents__content'><div class='prelegents__boximg'>\n        \n        \n     \n        <div data-toggle='modal' id='42965' data-target='#42965' ><img class='prelegents__img' src='https:\/\/bezpieczenstwopolskie.pl\/wp-content\/uploads\/2026\/03\/rabsztyn.png' alt='Grzegorz Rabsztyn' \/> <\/div>\n        \n      \n\t\t<\/div> <div class='prelegents__socials'><div class='linkedind-lost'><\/div><\/div><div class='prelegents__texts'><p class='prelegents__name'>Grzegorz Rabsztyn<\/p><p class='prelegents__work'>Head of EIB Group Office in Poland, European Investment Bank<\/p>         \n                \n\t\t \t<\/div> \t  \t \n    <\/div>\n<\/div><div class='prelegents__modal modal fade' data-modal-id='42965' id='42965' role='dialog'>\n <button type='button' id='closeBtn' class='close-modal' data-dismiss='modal'>&times;<\/button>\n <div class='prelegents__modal-dialog'>\n    \n       \n      <div class='prelegents__modal-body'>\n         \n        <div class='prelegents__modal-content'>\n        <div class='prelegents__modal-note'><div class='prelegents__modal-boximg'><img class='prelegents__modal-img' src='https:\/\/bezpieczenstwopolskie.pl\/wp-content\/uploads\/2026\/03\/rabsztyn.png' alt='' \/><\/div><div class='prelegents__texts'><p class='prelegents__name'>Grzegorz Rabsztyn<\/p><p class='prelegents__work'>Head of EIB Group Office in Poland, European Investment Bank <\/p><\/div><\/div>\n\t\t\n\t\t<div class='prelegents__note'><p><span style=\"font-weight: 400;\">He has been in the banking sector for over 19 years. At the EIB, he was involved in various financing transactions and operations including securitization, risk sharing, and project finance.<\/span><span style=\"font-weight: 400;\"><br \/>\n<\/span><span style=\"font-weight: 400;\"> A graduate of the University of Warsaw and the Warsaw School of Economics, he completed a one-year scholarship at the Faculty of Law at Aarhus University in Denmark. <\/span><\/p>\n<\/div>\n\t\t \n         \n      <\/div><\/div>\n       \n  <\/div><\/div><\/div>\n        <div class='prelegents__box' data-box-id='42865'  id='42865'>\n        <div class='prelegents__wrapper'>\n    <div class='prelegents__content'><div class='prelegents__boximg'>\n        \n        \n     \n        <div data-toggle='modal' id='42865' data-target='#42865' ><img class='prelegents__img' src='https:\/\/bezpieczenstwopolskie.pl\/wp-content\/uploads\/2026\/03\/rogulski300.png' alt='Piotr Rogulski' \/> <\/div>\n        \n      \n\t\t<\/div> <div class='prelegents__socials'><div class='linkedind-lost'><\/div><\/div><div class='prelegents__texts'><p class='prelegents__name'>Piotr Rogulski<\/p><p class='prelegents__work'>Vice President of the Management Board, Asseco Cloud<\/p>         \n                \n\t\t \t<\/div> \t  \t \n    <\/div>\n<\/div><div class='prelegents__modal modal fade' data-modal-id='42865' id='42865' role='dialog'>\n <button type='button' id='closeBtn' class='close-modal' data-dismiss='modal'>&times;<\/button>\n <div class='prelegents__modal-dialog'>\n    \n       \n      <div class='prelegents__modal-body'>\n         \n        <div class='prelegents__modal-content'>\n        <div class='prelegents__modal-note'><div class='prelegents__modal-boximg'><img class='prelegents__modal-img' src='https:\/\/bezpieczenstwopolskie.pl\/wp-content\/uploads\/2026\/03\/rogulski300.png' alt='' \/><\/div><div class='prelegents__texts'><p class='prelegents__name'>Piotr Rogulski<\/p><p class='prelegents__work'>Vice President of the Management Board, Asseco Cloud <\/p><\/div><\/div>\n\t\t\n\t\t<div class='prelegents__note'><\/div>\n\t\t \n         \n      <\/div><\/div>\n       \n  <\/div><\/div><\/div>\n        <div class='prelegents__box' data-box-id='40988'  id='40988'>\n        <div class='prelegents__wrapper'>\n    <div class='prelegents__content'><div class='prelegents__boximg'>\n        \n        \n     \n        <div data-toggle='modal' id='40988' data-target='#40988' > <img class='prelegents__img' src='\/wp-content\/plugins\/prelegenci\/avatar.jpg' alt='avatar' \/> <\/div>\n        \n      \n\t\t<\/div> <div class='prelegents__socials'><div class='linkedind-lost'><\/div><\/div><div class='prelegents__texts'><p class='prelegents__name'>Piotr Ros\u0142aniec<\/p><p class='prelegents__work'>Director of the Crisis Management and BCMS Office, Polska Agencja \u017beglugi Powietrznej<\/p>         \n                \n\t\t \t<\/div> \t  \t \n    <\/div>\n<\/div><div class='prelegents__modal modal fade' data-modal-id='40988' id='40988' role='dialog'>\n <button type='button' id='closeBtn' class='close-modal' data-dismiss='modal'>&times;<\/button>\n <div class='prelegents__modal-dialog'>\n    \n       \n      <div class='prelegents__modal-body'>\n         \n        <div class='prelegents__modal-content'>\n        <div class='prelegents__modal-note'><div class='prelegents__modal-boximg'><img class='prelegents__modal-img' src='\/wp-content\/plugins\/prelegenci\/avatar.jpg' alt='avatar' \/><\/div><div class='prelegents__texts'><p class='prelegents__name'>Piotr Ros\u0142aniec<\/p><p class='prelegents__work'>Director of the Crisis Management and BCMS Office, Polska Agencja \u017beglugi Powietrznej <\/p><\/div><\/div>\n\t\t\n\t\t<div class='prelegents__note'><\/div>\n\t\t \n         \n      <\/div><\/div>\n       \n  <\/div><\/div><\/div>\n        <div class='prelegents__box' data-box-id='24071'  id='24071'>\n        <div class='prelegents__wrapper'>\n    <div class='prelegents__content'><div class='prelegents__boximg'>\n        \n        \n     \n        <div data-toggle='modal' id='24071' data-target='#24071' ><img class='prelegents__img' src='https:\/\/bezpieczenstwopolskie.pl\/wp-content\/uploads\/2024\/02\/sanocki300.png' alt='Adam Sanocki' \/> <\/div>\n        \n      \n\t\t<\/div> <div class='prelegents__socials'><div class='linkedind-lost'><\/div><\/div><div class='prelegents__texts'><p class='prelegents__name'>Adam Sanocki<\/p><p class='prelegents__work'>Member of the Management Board for Strategy and Marketing, Polish Airports<\/p>         \n                \n\t\t \t<\/div> \t  \t \n    <\/div>\n<\/div><div class='prelegents__modal modal fade' data-modal-id='24071' id='24071' role='dialog'>\n <button type='button' id='closeBtn' class='close-modal' data-dismiss='modal'>&times;<\/button>\n <div class='prelegents__modal-dialog'>\n    \n       \n      <div class='prelegents__modal-body'>\n         \n        <div class='prelegents__modal-content'>\n        <div class='prelegents__modal-note'><div class='prelegents__modal-boximg'><img class='prelegents__modal-img' src='https:\/\/bezpieczenstwopolskie.pl\/wp-content\/uploads\/2024\/02\/sanocki300.png' alt='' \/><\/div><div class='prelegents__texts'><p class='prelegents__name'>Adam Sanocki<\/p><p class='prelegents__work'>Member of the Management Board for Strategy and Marketing, Polish Airports <\/p><\/div><\/div>\n\t\t\n\t\t<div class='prelegents__note'><\/div>\n\t\t \n         \n      <\/div><\/div>\n       \n  <\/div><\/div><\/div>\n        <div class='prelegents__box' data-box-id='28511'  id='28511'>\n        <div class='prelegents__wrapper'>\n    <div class='prelegents__content'><div class='prelegents__boximg'>\n        \n        \n     \n        <div data-toggle='modal' id='28511' data-target='#28511' ><img class='prelegents__img' src='https:\/\/bezpieczenstwopolskie.pl\/wp-content\/uploads\/2024\/10\/sarnacka300.png' alt='Alina Sarnacka-\u0141uczyn' \/> <\/div>\n        \n      \n\t\t<\/div> <div class='prelegents__socials'><div class='linkedind-lost'><\/div><\/div><div class='prelegents__texts'><p class='prelegents__name'>Alina Sarnacka-\u0141uczyn<\/p><p class='prelegents__work'>PPP expert, Alina Sarnacka Consulting<\/p>         \n                \n\t\t \t<\/div> \t  \t \n    <\/div>\n<\/div><div class='prelegents__modal modal fade' data-modal-id='28511' id='28511' role='dialog'>\n <button type='button' id='closeBtn' class='close-modal' data-dismiss='modal'>&times;<\/button>\n <div class='prelegents__modal-dialog'>\n    \n       \n      <div class='prelegents__modal-body'>\n         \n        <div class='prelegents__modal-content'>\n        <div class='prelegents__modal-note'><div class='prelegents__modal-boximg'><img class='prelegents__modal-img' src='https:\/\/bezpieczenstwopolskie.pl\/wp-content\/uploads\/2024\/10\/sarnacka300.png' alt='' \/><\/div><div class='prelegents__texts'><p class='prelegents__name'>Alina Sarnacka-\u0141uczyn<\/p><p class='prelegents__work'>PPP expert, Alina Sarnacka Consulting <\/p><\/div><\/div>\n\t\t\n\t\t<div class='prelegents__note'><\/div>\n\t\t \n         \n      <\/div><\/div>\n       \n  <\/div><\/div><\/div>\n        <div class='prelegents__box' data-box-id='43379'  id='43379'>\n        <div class='prelegents__wrapper'>\n    <div class='prelegents__content'><div class='prelegents__boximg'>\n        \n        \n     \n        <div data-toggle='modal' id='43379' data-target='#43379' ><img class='prelegents__img' src='https:\/\/bezpieczenstwopolskie.pl\/wp-content\/uploads\/2026\/03\/sawko300.png' alt='Tomasz Sawko' \/> <\/div>\n        \n      \n\t\t<\/div> <div class='prelegents__socials'><div class='linkedind-lost'><\/div><\/div><div class='prelegents__texts'><p class='prelegents__name'>Tomasz Sawko<\/p><p class='prelegents__work'>Director of the Strategic Clients, Defense, and Security Division, Orange Poland<\/p>         \n                \n\t\t \t<\/div> \t  \t \n    <\/div>\n<\/div><div class='prelegents__modal modal fade' data-modal-id='43379' id='43379' role='dialog'>\n <button type='button' id='closeBtn' class='close-modal' data-dismiss='modal'>&times;<\/button>\n <div class='prelegents__modal-dialog'>\n    \n       \n      <div class='prelegents__modal-body'>\n         \n        <div class='prelegents__modal-content'>\n        <div class='prelegents__modal-note'><div class='prelegents__modal-boximg'><img class='prelegents__modal-img' src='https:\/\/bezpieczenstwopolskie.pl\/wp-content\/uploads\/2026\/03\/sawko300.png' alt='' \/><\/div><div class='prelegents__texts'><p class='prelegents__name'>Tomasz Sawko<\/p><p class='prelegents__work'>Director of the Strategic Clients, Defense, and Security Division, Orange Poland <\/p><\/div><\/div>\n\t\t\n\t\t<div class='prelegents__note'><\/div>\n\t\t \n         \n      <\/div><\/div>\n       \n  <\/div><\/div><\/div>\n        <div class='prelegents__box' data-box-id='43485'  id='43485'>\n        <div class='prelegents__wrapper'>\n    <div class='prelegents__content'><div class='prelegents__boximg'>\n        \n        \n     \n        <div data-toggle='modal' id='43485' data-target='#43485' ><img class='prelegents__img' src='https:\/\/bezpieczenstwopolskie.pl\/wp-content\/uploads\/2026\/04\/sienko300.png' alt='dr in\u017c. Rafa\u0142 Sie\u0144ko' \/> <\/div>\n        \n      \n\t\t<\/div> <div class='prelegents__socials'><div class='linkedind-lost'><\/div><\/div><div class='prelegents__texts'><p class='prelegents__name'>dr in\u017c. Rafa\u0142 Sie\u0144ko<\/p><p class='prelegents__work'>Department of Civil Engineering, Division of Reinforced and Prestressed Concrete Structures, Krak\u00f3w University of Technology<\/p>         \n                \n\t\t \t<\/div> \t  \t \n    <\/div>\n<\/div><div class='prelegents__modal modal fade' data-modal-id='43485' id='43485' role='dialog'>\n <button type='button' id='closeBtn' class='close-modal' data-dismiss='modal'>&times;<\/button>\n <div class='prelegents__modal-dialog'>\n    \n       \n      <div class='prelegents__modal-body'>\n         \n        <div class='prelegents__modal-content'>\n        <div class='prelegents__modal-note'><div class='prelegents__modal-boximg'><img class='prelegents__modal-img' src='https:\/\/bezpieczenstwopolskie.pl\/wp-content\/uploads\/2026\/04\/sienko300.png' alt='' \/><\/div><div class='prelegents__texts'><p class='prelegents__name'>dr in\u017c. Rafa\u0142 Sie\u0144ko<\/p><p class='prelegents__work'>Department of Civil Engineering, Division of Reinforced and Prestressed Concrete Structures, Krak\u00f3w University of Technology <\/p><\/div><\/div>\n\t\t\n\t\t<div class='prelegents__note'><p><span style=\"font-weight: 400;\">\u00a0Civil engineer, designer and building expert. Member of research and teaching staff at the Cracow University of Technology. Expert in structural health monitoring (SHM). His areas of interest include measurement techniques and their application in structural safety systems. He has designed over 150 monitoring systems for various types of geotechnical and building structures, either independently or as a co-author. These systems utilise DFOS fibre-optic techniques to measure various parameters over distances spanning tens of kilometres. He is the co-author of over 120 scientific publications, 15 patent applications and 5 patents.<\/span><span style=\"font-weight: 400;\"><br \/>\n<\/span><span style=\"font-weight: 400;\"> He is currently involved in work on the effective monitoring of critical infrastructure in Poland, including railways and gas pipelines. \u00a0 \u00a0 \u00a0 \u00a0 \u00a0 <\/span><\/p>\n<\/div>\n\t\t \n         \n      <\/div><\/div>\n       \n  <\/div><\/div><\/div>\n        <div class='prelegents__box' data-box-id='43488'  id='43488'>\n        <div class='prelegents__wrapper'>\n    <div class='prelegents__content'><div class='prelegents__boximg'>\n        \n        \n     \n        <div data-toggle='modal' id='43488' data-target='#43488' > <img class='prelegents__img' src='\/wp-content\/plugins\/prelegenci\/avatar.jpg' alt='avatar' \/> <\/div>\n        \n      \n\t\t<\/div> <div class='prelegents__socials'><div class='linkedind-lost'><\/div><\/div><div class='prelegents__texts'><p class='prelegents__name'>Adam Sierak<\/p><p class='prelegents__work'>Journalist, WNP.pl<\/p>         \n                \n\t\t \t<\/div> \t  \t \n    <\/div>\n<\/div><div class='prelegents__modal modal fade' data-modal-id='43488' id='43488' role='dialog'>\n <button type='button' id='closeBtn' class='close-modal' data-dismiss='modal'>&times;<\/button>\n <div class='prelegents__modal-dialog'>\n    \n       \n      <div class='prelegents__modal-body'>\n         \n        <div class='prelegents__modal-content'>\n        <div class='prelegents__modal-note'><div class='prelegents__modal-boximg'><img class='prelegents__modal-img' src='\/wp-content\/plugins\/prelegenci\/avatar.jpg' alt='avatar' \/><\/div><div class='prelegents__texts'><p class='prelegents__name'>Adam Sierak<\/p><p class='prelegents__work'>Journalist, WNP.pl <\/p><\/div><\/div>\n\t\t\n\t\t<div class='prelegents__note'><\/div>\n\t\t \n         \n      <\/div><\/div>\n       \n  <\/div><\/div><\/div>\n        <div class='prelegents__box' data-box-id='40857'  id='40857'>\n        <div class='prelegents__wrapper'>\n    <div class='prelegents__content'><div class='prelegents__boximg'>\n        \n        \n     \n        <div data-toggle='modal' id='40857' data-target='#40857' ><img class='prelegents__img' src='https:\/\/bezpieczenstwopolskie.pl\/wp-content\/uploads\/2025\/12\/strezynska300.png' alt='Anna Stre\u017cy\u0144ska' \/> <\/div>\n        \n      \n\t\t<\/div> <div class='prelegents__socials'><div class='linkedind-lost'><\/div><\/div><div class='prelegents__texts'><p class='prelegents__name'>Anna Stre\u017cy\u0144ska<\/p><p class='prelegents__work'>Director, Institute of Communications \u2013 National Research Institute<\/p>         \n                \n\t\t \t<\/div> \t  \t \n    <\/div>\n<\/div><div class='prelegents__modal modal fade' data-modal-id='40857' id='40857' role='dialog'>\n <button type='button' id='closeBtn' class='close-modal' data-dismiss='modal'>&times;<\/button>\n <div class='prelegents__modal-dialog'>\n    \n       \n      <div class='prelegents__modal-body'>\n         \n        <div class='prelegents__modal-content'>\n        <div class='prelegents__modal-note'><div class='prelegents__modal-boximg'><img class='prelegents__modal-img' src='https:\/\/bezpieczenstwopolskie.pl\/wp-content\/uploads\/2025\/12\/strezynska300.png' alt='' \/><\/div><div class='prelegents__texts'><p class='prelegents__name'>Anna Stre\u017cy\u0144ska<\/p><p class='prelegents__work'>Director, Institute of Communications \u2013 National Research Institute <\/p><\/div><\/div>\n\t\t\n\t\t<div class='prelegents__note'><\/div>\n\t\t \n         \n      <\/div><\/div>\n       \n  <\/div><\/div><\/div>\n        <div class='prelegents__box' data-box-id='43383'  id='43383'>\n        <div class='prelegents__wrapper'>\n    <div class='prelegents__content'><div class='prelegents__boximg'>\n        \n        \n     \n        <div data-toggle='modal' id='43383' data-target='#43383' > <img class='prelegents__img' src='\/wp-content\/plugins\/prelegenci\/avatar.jpg' alt='avatar' \/> <\/div>\n        \n      \n\t\t<\/div> <div class='prelegents__socials'><div class='linkedind-lost'><\/div><\/div><div class='prelegents__texts'><p class='prelegents__name'>Marcin Sugak<\/p><p class='prelegents__work'>KAM Enterprise and Mission Critical Networks, Central Europe and Nordics, EMEA NORTH, Ericsson<\/p>         \n                \n\t\t \t<\/div> \t  \t \n    <\/div>\n<\/div><div class='prelegents__modal modal fade' data-modal-id='43383' id='43383' role='dialog'>\n <button type='button' id='closeBtn' class='close-modal' data-dismiss='modal'>&times;<\/button>\n <div class='prelegents__modal-dialog'>\n    \n       \n      <div class='prelegents__modal-body'>\n         \n        <div class='prelegents__modal-content'>\n        <div class='prelegents__modal-note'><div class='prelegents__modal-boximg'><img class='prelegents__modal-img' src='\/wp-content\/plugins\/prelegenci\/avatar.jpg' alt='avatar' \/><\/div><div class='prelegents__texts'><p class='prelegents__name'>Marcin Sugak<\/p><p class='prelegents__work'>KAM Enterprise and Mission Critical Networks, Central Europe and Nordics, EMEA NORTH, Ericsson <\/p><\/div><\/div>\n\t\t\n\t\t<div class='prelegents__note'><\/div>\n\t\t \n         \n      <\/div><\/div>\n       \n  <\/div><\/div><\/div>\n        <div class='prelegents__box' data-box-id='42897'  id='42897'>\n        <div class='prelegents__wrapper'>\n    <div class='prelegents__content'><div class='prelegents__boximg'>\n        \n        \n     \n        <div data-toggle='modal' id='42897' data-target='#42897' > <img class='prelegents__img' src='\/wp-content\/plugins\/prelegenci\/avatar.jpg' alt='avatar' \/> <\/div>\n        \n      \n\t\t<\/div> <div class='prelegents__socials'><div class='linkedind-lost'><\/div><\/div><div class='prelegents__texts'><p class='prelegents__name'>st. bryg. Rafa\u0142 Szczypta<\/p><p class='prelegents__work'>Deputy Director of the Office for Counteracting Threats, National Fire Service Headquarters<\/p>         \n                \n\t\t \t<\/div> \t  \t \n    <\/div>\n<\/div><div class='prelegents__modal modal fade' data-modal-id='42897' id='42897' role='dialog'>\n <button type='button' id='closeBtn' class='close-modal' data-dismiss='modal'>&times;<\/button>\n <div class='prelegents__modal-dialog'>\n    \n       \n      <div class='prelegents__modal-body'>\n         \n        <div class='prelegents__modal-content'>\n        <div class='prelegents__modal-note'><div class='prelegents__modal-boximg'><img class='prelegents__modal-img' src='\/wp-content\/plugins\/prelegenci\/avatar.jpg' alt='avatar' \/><\/div><div class='prelegents__texts'><p class='prelegents__name'>st. bryg. Rafa\u0142 Szczypta<\/p><p class='prelegents__work'>Deputy Director of the Office for Counteracting Threats, National Fire Service Headquarters <\/p><\/div><\/div>\n\t\t\n\t\t<div class='prelegents__note'><\/div>\n\t\t \n         \n      <\/div><\/div>\n       \n  <\/div><\/div><\/div>\n        <div class='prelegents__box' data-box-id='42898'  id='42898'>\n        <div class='prelegents__wrapper'>\n    <div class='prelegents__content'><div class='prelegents__boximg'>\n        \n        \n     \n        <div data-toggle='modal' id='42898' data-target='#42898' > <img class='prelegents__img' src='\/wp-content\/plugins\/prelegenci\/avatar.jpg' alt='avatar' \/> <\/div>\n        \n      \n\t\t<\/div> <div class='prelegents__socials'><div class='linkedind-lost'><\/div><\/div><div class='prelegents__texts'><p class='prelegents__name'>Robert Szulc<\/p><p class='prelegents__work'>Editor-in-Chief, Strefa Obrony<\/p>         \n                \n\t\t \t<\/div> \t  \t \n    <\/div>\n<\/div><div class='prelegents__modal modal fade' data-modal-id='42898' id='42898' role='dialog'>\n <button type='button' id='closeBtn' class='close-modal' data-dismiss='modal'>&times;<\/button>\n <div class='prelegents__modal-dialog'>\n    \n       \n      <div class='prelegents__modal-body'>\n         \n        <div class='prelegents__modal-content'>\n        <div class='prelegents__modal-note'><div class='prelegents__modal-boximg'><img class='prelegents__modal-img' src='\/wp-content\/plugins\/prelegenci\/avatar.jpg' alt='avatar' \/><\/div><div class='prelegents__texts'><p class='prelegents__name'>Robert Szulc<\/p><p class='prelegents__work'>Editor-in-Chief, Strefa Obrony <\/p><\/div><\/div>\n\t\t\n\t\t<div class='prelegents__note'><\/div>\n\t\t \n         \n      <\/div><\/div>\n       \n  <\/div><\/div><\/div>\n        <div class='prelegents__box' data-box-id='44023'  id='44023'>\n        <div class='prelegents__wrapper'>\n    <div class='prelegents__content'><div class='prelegents__boximg'>\n        \n        \n     \n        <div data-toggle='modal' id='44023' data-target='#44023' ><img class='prelegents__img' src='https:\/\/bezpieczenstwopolskie.pl\/wp-content\/uploads\/2026\/04\/swidzinski.png' alt='Albert \u015awidzi\u0144ski' \/> <\/div>\n        \n      \n\t\t<\/div> <div class='prelegents__socials'><div class='linkedind-lost'><\/div><\/div><div class='prelegents__texts'><p class='prelegents__name'>Albert \u015awidzi\u0144ski<\/p><p class='prelegents__work'>Director of Analytics, Strategy&Future<\/p>         \n                \n\t\t \t<\/div> \t  \t \n    <\/div>\n<\/div><div class='prelegents__modal modal fade' data-modal-id='44023' id='44023' role='dialog'>\n <button type='button' id='closeBtn' class='close-modal' data-dismiss='modal'>&times;<\/button>\n <div class='prelegents__modal-dialog'>\n    \n       \n      <div class='prelegents__modal-body'>\n         \n        <div class='prelegents__modal-content'>\n        <div class='prelegents__modal-note'><div class='prelegents__modal-boximg'><img class='prelegents__modal-img' src='https:\/\/bezpieczenstwopolskie.pl\/wp-content\/uploads\/2026\/04\/swidzinski.png' alt='' \/><\/div><div class='prelegents__texts'><p class='prelegents__name'>Albert \u015awidzi\u0144ski<\/p><p class='prelegents__work'>Director of Analytics, Strategy&Future <\/p><\/div><\/div>\n\t\t\n\t\t<div class='prelegents__note'><p><span style=\"font-weight: 400;\">Director of Analysis at Strategy&amp;Future. He is a graduate of Collegium Civitas and the University of Warsaw, and also studied psychology at the University of Aberdeen.<\/span><span style=\"font-weight: 400;\"><br \/>\n<\/span><span style=\"font-weight: 400;\"> He previously served as Coordinator of the Wargaming and Simulation Program as well as the International Security and Defence Program at the Casimir Pulaski Foundation.<\/span><span style=\"font-weight: 400;\"><br \/>\n<\/span><span style=\"font-weight: 400;\"> His interests include MMA and the works of Zbigniew Herbert and Giuseppe Tomasi di Lampedusa. He is the author of the book \u201cOur Bomb: Does Poland Need a Nuclear Strategy?\u201d.<\/span><\/p>\n<\/div>\n\t\t \n         \n      <\/div><\/div>\n       \n  <\/div><\/div><\/div>\n        <div class='prelegents__box' data-box-id='43489'  id='43489'>\n        <div class='prelegents__wrapper'>\n    <div class='prelegents__content'><div class='prelegents__boximg'>\n        \n        \n     \n        <div data-toggle='modal' id='43489' data-target='#43489' > <img class='prelegents__img' src='\/wp-content\/plugins\/prelegenci\/avatar.jpg' alt='avatar' \/> <\/div>\n        \n      \n\t\t<\/div> <div class='prelegents__socials'><div class='linkedind-lost'><\/div><\/div><div class='prelegents__texts'><p class='prelegents__name'>dr hab. Tadeusz Truskolaski<\/p><p class='prelegents__work'>Mayor of Bia\u0142ystok<\/p>         \n                \n\t\t \t<\/div> \t  \t \n    <\/div>\n<\/div><div class='prelegents__modal modal fade' data-modal-id='43489' id='43489' role='dialog'>\n <button type='button' id='closeBtn' class='close-modal' data-dismiss='modal'>&times;<\/button>\n <div class='prelegents__modal-dialog'>\n    \n       \n      <div class='prelegents__modal-body'>\n         \n        <div class='prelegents__modal-content'>\n        <div class='prelegents__modal-note'><div class='prelegents__modal-boximg'><img class='prelegents__modal-img' src='\/wp-content\/plugins\/prelegenci\/avatar.jpg' alt='avatar' \/><\/div><div class='prelegents__texts'><p class='prelegents__name'>dr hab. Tadeusz Truskolaski<\/p><p class='prelegents__work'>Mayor of Bia\u0142ystok <\/p><\/div><\/div>\n\t\t\n\t\t<div class='prelegents__note'><\/div>\n\t\t \n         \n      <\/div><\/div>\n       \n  <\/div><\/div><\/div>\n        <div class='prelegents__box' data-box-id='41181'  id='41181'>\n        <div class='prelegents__wrapper'>\n    <div class='prelegents__content'><div class='prelegents__boximg'>\n        \n        \n     \n        <div data-toggle='modal' id='41181' data-target='#41181' ><img class='prelegents__img' src='https:\/\/bezpieczenstwopolskie.pl\/wp-content\/uploads\/2026\/01\/trzaskowski.png' alt='Zygmunt Rafa\u0142 Trzaskowski' \/> <\/div>\n        \n      \n\t\t<\/div> <div class='prelegents__socials'><div class='linkedind-lost'><\/div><\/div><div class='prelegents__texts'><p class='prelegents__name'>Zygmunt Rafa\u0142 Trzaskowski<\/p><p class='prelegents__work'>CEO, Hertz New Technologies<\/p>         \n                \n\t\t \t<\/div> \t  \t \n    <\/div>\n<\/div><div class='prelegents__modal modal fade' data-modal-id='41181' id='41181' role='dialog'>\n <button type='button' id='closeBtn' class='close-modal' data-dismiss='modal'>&times;<\/button>\n <div class='prelegents__modal-dialog'>\n    \n       \n      <div class='prelegents__modal-body'>\n         \n        <div class='prelegents__modal-content'>\n        <div class='prelegents__modal-note'><div class='prelegents__modal-boximg'><img class='prelegents__modal-img' src='https:\/\/bezpieczenstwopolskie.pl\/wp-content\/uploads\/2026\/01\/trzaskowski.png' alt='' \/><\/div><div class='prelegents__texts'><p class='prelegents__name'>Zygmunt Rafa\u0142 Trzaskowski<\/p><p class='prelegents__work'>CEO, Hertz New Technologies <\/p><\/div><\/div>\n\t\t\n\t\t<div class='prelegents__note'><\/div>\n\t\t \n         \n      <\/div><\/div>\n       \n  <\/div><\/div><\/div>\n        <div class='prelegents__box' data-box-id='41078'  id='41078'>\n        <div class='prelegents__wrapper'>\n    <div class='prelegents__content'><div class='prelegents__boximg'>\n        \n        \n     \n        <div data-toggle='modal' id='41078' data-target='#41078' > <img class='prelegents__img' src='\/wp-content\/plugins\/prelegenci\/avatar.jpg' alt='avatar' \/> <\/div>\n        \n      \n\t\t<\/div> <div class='prelegents__socials'><div class='linkedind-lost'><\/div><\/div><div class='prelegents__texts'><p class='prelegents__name'>dr in\u017c. Mariusz Ulicki<\/p><p class='prelegents__work'>Director of the Safety Management Department, Warsaw Stock Exchange <\/p>         \n                \n\t\t \t<\/div> \t  \t \n    <\/div>\n<\/div><div class='prelegents__modal modal fade' data-modal-id='41078' id='41078' role='dialog'>\n <button type='button' id='closeBtn' class='close-modal' data-dismiss='modal'>&times;<\/button>\n <div class='prelegents__modal-dialog'>\n    \n       \n      <div class='prelegents__modal-body'>\n         \n        <div class='prelegents__modal-content'>\n        <div class='prelegents__modal-note'><div class='prelegents__modal-boximg'><img class='prelegents__modal-img' src='\/wp-content\/plugins\/prelegenci\/avatar.jpg' alt='avatar' \/><\/div><div class='prelegents__texts'><p class='prelegents__name'>dr in\u017c. Mariusz Ulicki<\/p><p class='prelegents__work'>Director of the Safety Management Department, Warsaw Stock Exchange  <\/p><\/div><\/div>\n\t\t\n\t\t<div class='prelegents__note'><\/div>\n\t\t \n         \n      <\/div><\/div>\n       \n  <\/div><\/div><\/div>\n        <div class='prelegents__box' data-box-id='40769'  id='40769'>\n        <div class='prelegents__wrapper'>\n    <div class='prelegents__content'><div class='prelegents__boximg'>\n        \n        \n     \n        <div data-toggle='modal' id='40769' data-target='#40769' ><img class='prelegents__img' src='https:\/\/bezpieczenstwopolskie.pl\/wp-content\/uploads\/2025\/12\/utracki300.png' alt='p\u0142k Roman Utracki' \/> <\/div>\n        \n      \n\t\t<\/div> <div class='prelegents__socials'><div class='linkedind-lost'><\/div><\/div><div class='prelegents__texts'><p class='prelegents__name'>p\u0142k Roman Utracki<\/p><p class='prelegents__work'>Assistant, Office of the Minister of National Defence<\/p>         \n                \n\t\t \t<\/div> \t  \t \n    <\/div>\n<\/div><div class='prelegents__modal modal fade' data-modal-id='40769' id='40769' role='dialog'>\n <button type='button' id='closeBtn' class='close-modal' data-dismiss='modal'>&times;<\/button>\n <div class='prelegents__modal-dialog'>\n    \n       \n      <div class='prelegents__modal-body'>\n         \n        <div class='prelegents__modal-content'>\n        <div class='prelegents__modal-note'><div class='prelegents__modal-boximg'><img class='prelegents__modal-img' src='https:\/\/bezpieczenstwopolskie.pl\/wp-content\/uploads\/2025\/12\/utracki300.png' alt='' \/><\/div><div class='prelegents__texts'><p class='prelegents__name'>p\u0142k Roman Utracki<\/p><p class='prelegents__work'>Assistant, Office of the Minister of National Defence <\/p><\/div><\/div>\n\t\t\n\t\t<div class='prelegents__note'><\/div>\n\t\t \n         \n      <\/div><\/div>\n       \n  <\/div><\/div><\/div>\n        <div class='prelegents__box' data-box-id='43384'  id='43384'>\n        <div class='prelegents__wrapper'>\n    <div class='prelegents__content'><div class='prelegents__boximg'>\n        \n        \n     \n        <div data-toggle='modal' id='43384' data-target='#43384' ><img class='prelegents__img' src='https:\/\/bezpieczenstwopolskie.pl\/wp-content\/uploads\/2026\/03\/walowski300.png' alt='p\u0142k rez. Stefan Walowski' \/> <\/div>\n        \n      \n\t\t<\/div> <div class='prelegents__socials'><div class='linkedind-lost'><\/div><\/div><div class='prelegents__texts'><p class='prelegents__name'>p\u0142k rez. Stefan Walowski<\/p><p class='prelegents__work'>Technical Advisor, Supreme Audit Office, Department of National Security<\/p>         \n                \n\t\t \t<\/div> \t  \t \n    <\/div>\n<\/div><div class='prelegents__modal modal fade' data-modal-id='43384' id='43384' role='dialog'>\n <button type='button' id='closeBtn' class='close-modal' data-dismiss='modal'>&times;<\/button>\n <div class='prelegents__modal-dialog'>\n    \n       \n      <div class='prelegents__modal-body'>\n         \n        <div class='prelegents__modal-content'>\n        <div class='prelegents__modal-note'><div class='prelegents__modal-boximg'><img class='prelegents__modal-img' src='https:\/\/bezpieczenstwopolskie.pl\/wp-content\/uploads\/2026\/03\/walowski300.png' alt='' \/><\/div><div class='prelegents__texts'><p class='prelegents__name'>p\u0142k rez. Stefan Walowski<\/p><p class='prelegents__work'>Technical Advisor, Supreme Audit Office, Department of National Security <\/p><\/div><\/div>\n\t\t\n\t\t<div class='prelegents__note'><p>Stefan Walowski \u2013 colonel retaiered<br \/>\nDuring his military cariera, he held following positions: Commander of the 1 st SIGINT Center; Head of the Training and Exercise Division \u2013 A7 HQ ACC Ramstein; Deputy Head of the Reconnaissance and EW Division \u2013 A2 Air Force Command; Deputy Head of the Reconnaissance and EW Division \u2013 J2 od the Operational Command of the Polish Armed Forces.<br \/>\nHe was graduaated from the Higher Officer\u2019s School of Missile and Artillery Forces; the Warsaw School of Economics; the Joint Service Command and Staff College (UK); King\u2019s College London (UK); the National Defence University.<br \/>\nAfter completing his military service, he worked at the Polish Armament Group and from 2017 at the Supreme Audit Office, where in the years 2023-2025 he served as deputy director of the Department of National Defence.<\/p>\n<\/div>\n\t\t \n         \n      <\/div><\/div>\n       \n  <\/div><\/div><\/div>\n        <div class='prelegents__box' data-box-id='42900'  id='42900'>\n        <div class='prelegents__wrapper'>\n    <div class='prelegents__content'><div class='prelegents__boximg'>\n        \n        \n     \n        <div data-toggle='modal' id='42900' data-target='#42900' ><img class='prelegents__img' src='https:\/\/bezpieczenstwopolskie.pl\/wp-content\/uploads\/2026\/03\/wencel300.png' alt='Wojciech Wencel' \/> <\/div>\n        \n      \n\t\t<\/div> <div class='prelegents__socials'><div class='linkedind-lost'><\/div><\/div><div class='prelegents__texts'><p class='prelegents__name'>Wojciech Wencel<\/p><p class='prelegents__work'>CEO, Summ-IT<\/p>         \n                \n\t\t \t<\/div> \t  \t \n    <\/div>\n<\/div><div class='prelegents__modal modal fade' data-modal-id='42900' id='42900' role='dialog'>\n <button type='button' id='closeBtn' class='close-modal' data-dismiss='modal'>&times;<\/button>\n <div class='prelegents__modal-dialog'>\n    \n       \n      <div class='prelegents__modal-body'>\n         \n        <div class='prelegents__modal-content'>\n        <div class='prelegents__modal-note'><div class='prelegents__modal-boximg'><img class='prelegents__modal-img' src='https:\/\/bezpieczenstwopolskie.pl\/wp-content\/uploads\/2026\/03\/wencel300.png' alt='' \/><\/div><div class='prelegents__texts'><p class='prelegents__name'>Wojciech Wencel<\/p><p class='prelegents__work'>CEO, Summ-IT <\/p><\/div><\/div>\n\t\t\n\t\t<div class='prelegents__note'><p>Wojciech Wencel is the CEO and founder of summ-it, a data management and IT<br \/>\ntransformation expert. He holds an Executive MBA from Aalto University in Helsinki, and<br \/>\ndegrees in project management and technical studies from Pozna\u0144 universities. He is<br \/>\ncurrently pursuing a PhD focused on autonomous databases. Wojciech has held roles such<br \/>\nas Project and Service Manager in international organizations, overseeing a global service of<br \/>\n9,500 databases in a \u201cfollow the sun\u201d model. He has led the implementation of innovative IT<br \/>\nsolutions for clients<br \/>\nin manufacturing, banking, retail, and the public sector. Known for his determination<br \/>\nand effectiveness, he consistently delivers results in even the most complex projects<\/p>\n<\/div>\n\t\t \n         \n      <\/div><\/div>\n       \n  <\/div><\/div><\/div>\n        <div class='prelegents__box' data-box-id='43391'  id='43391'>\n        <div class='prelegents__wrapper'>\n    <div class='prelegents__content'><div class='prelegents__boximg'>\n        \n        \n     \n        <div data-toggle='modal' id='43391' data-target='#43391' > <img class='prelegents__img' src='\/wp-content\/plugins\/prelegenci\/avatar.jpg' alt='avatar' \/> <\/div>\n        \n      \n\t\t<\/div> <div class='prelegents__socials'><div class='linkedind-lost'><\/div><\/div><div class='prelegents__texts'><p class='prelegents__name'>Pawe\u0142 Witkowski<\/p><p class='prelegents__work'>Director, Olsztyn Shared Services Center<\/p>         \n                \n\t\t \t<\/div> \t  \t \n    <\/div>\n<\/div><div class='prelegents__modal modal fade' data-modal-id='43391' id='43391' role='dialog'>\n <button type='button' id='closeBtn' class='close-modal' data-dismiss='modal'>&times;<\/button>\n <div class='prelegents__modal-dialog'>\n    \n       \n      <div class='prelegents__modal-body'>\n         \n        <div class='prelegents__modal-content'>\n        <div class='prelegents__modal-note'><div class='prelegents__modal-boximg'><img class='prelegents__modal-img' src='\/wp-content\/plugins\/prelegenci\/avatar.jpg' alt='avatar' \/><\/div><div class='prelegents__texts'><p class='prelegents__name'>Pawe\u0142 Witkowski<\/p><p class='prelegents__work'>Director, Olsztyn Shared Services Center <\/p><\/div><\/div>\n\t\t\n\t\t<div class='prelegents__note'><\/div>\n\t\t \n         \n      <\/div><\/div>\n       \n  <\/div><\/div><\/div>\n        <div class='prelegents__box' data-box-id='44026'  id='44026'>\n        <div class='prelegents__wrapper'>\n    <div class='prelegents__content'><div class='prelegents__boximg'>\n        \n        \n     \n        <div data-toggle='modal' id='44026' data-target='#44026' ><img class='prelegents__img' src='https:\/\/bezpieczenstwopolskie.pl\/wp-content\/uploads\/2026\/04\/zajaczkowski.png' alt='Micha\u0142 Zaj\u0105czkowski' \/> <\/div>\n        \n      \n\t\t<\/div> <div class='prelegents__socials'><div class='linkedind-lost'><\/div><\/div><div class='prelegents__texts'><p class='prelegents__name'>Micha\u0142 Zaj\u0105czkowski<\/p><p class='prelegents__work'>Managing Director, Kyndryl Poland<\/p>         \n                \n\t\t \t<\/div> \t  \t \n    <\/div>\n<\/div><div class='prelegents__modal modal fade' data-modal-id='44026' id='44026' role='dialog'>\n <button type='button' id='closeBtn' class='close-modal' data-dismiss='modal'>&times;<\/button>\n <div class='prelegents__modal-dialog'>\n    \n       \n      <div class='prelegents__modal-body'>\n         \n        <div class='prelegents__modal-content'>\n        <div class='prelegents__modal-note'><div class='prelegents__modal-boximg'><img class='prelegents__modal-img' src='https:\/\/bezpieczenstwopolskie.pl\/wp-content\/uploads\/2026\/04\/zajaczkowski.png' alt='' \/><\/div><div class='prelegents__texts'><p class='prelegents__name'>Micha\u0142 Zaj\u0105czkowski<\/p><p class='prelegents__work'>Managing Director, Kyndryl Poland <\/p><\/div><\/div>\n\t\t\n\t\t<div class='prelegents__note'><p><span style=\"font-weight: 400;\">Micha\u0142 Zajaczkowski is a manager with extensive experience and a recognized leader in the IT industry. He currently heads Kyndryl Poland as Managing Director. Previously, he served as Regional Vice President of Sales at OpenText, responsible for business development and team management in selected markets. He also gained his expertise while working at Hewlett Packard Enterprise, where he held key management positions for the company&#8217;s growth, allowing him to broaden his knowledge of management and business strategy. <\/span><\/p>\n<p><span style=\"font-weight: 400;\">His over 27 years of experience spans sectors such as public administration, finance, telecommunications, media, and manufacturing \u2013 both in Poland and throughout Central and Eastern Europe. Micha\u0142 stands out for his ability to effectively motivate teams, implement innovative ideas, and efficiently manage change. His work promoting the digital development of Polish companies and the promotion of modern technologies makes him one of the most respected IT experts in the country.<\/span><\/p>\n<\/div>\n\t\t \n         \n      <\/div><\/div>\n       \n  <\/div><\/div><\/div>\n        <div class='prelegents__box' data-box-id='37711'  id='37711'>\n        <div class='prelegents__wrapper'>\n    <div class='prelegents__content'><div class='prelegents__boximg'>\n        \n        \n     \n        <div data-toggle='modal' id='37711' data-target='#37711' ><img class='prelegents__img' src='https:\/\/bezpieczenstwopolskie.pl\/wp-content\/uploads\/2025\/06\/zdzikot300.png' alt='Tomasz Zdzikot' \/> <\/div>\n        \n      \n\t\t<\/div> <div class='prelegents__socials'><div class='linkedind-lost'><\/div><\/div><div class='prelegents__texts'><p class='prelegents__name'>Tomasz Zdzikot<\/p><p class='prelegents__work'>Deputy Chairman of the Security and Defense Council to the President of the Republic of Poland, Chairman of the SET Foundation Council<\/p>         \n                \n\t\t \t<\/div> \t  \t \n    <\/div>\n<\/div><div class='prelegents__modal modal fade' data-modal-id='37711' id='37711' role='dialog'>\n <button type='button' id='closeBtn' class='close-modal' data-dismiss='modal'>&times;<\/button>\n <div class='prelegents__modal-dialog'>\n    \n       \n      <div class='prelegents__modal-body'>\n         \n        <div class='prelegents__modal-content'>\n        <div class='prelegents__modal-note'><div class='prelegents__modal-boximg'><img class='prelegents__modal-img' src='https:\/\/bezpieczenstwopolskie.pl\/wp-content\/uploads\/2025\/06\/zdzikot300.png' alt='' \/><\/div><div class='prelegents__texts'><p class='prelegents__name'>Tomasz Zdzikot<\/p><p class='prelegents__work'>Deputy Chairman of the Security and Defense Council to the President of the Republic of Poland, Chairman of the SET Foundation Council <\/p><\/div><\/div>\n\t\t\n\t\t<div class='prelegents__note'><p>Attorney at Law, member of the Warsaw Bar Association. Graduate of postgraduate studies as well as MBA and DBA programs in cybersecurity at the Military University of Technology and the Naval Academy, and a number of other programs, including at IESE Business School. From 2015 to 2018 Undersecretary of State and then Secretary of State at the Ministry of the Interior and Administration. From January 2018 to April 2020. Secretary of State at the Ministry of Defense, also serving as the Ministry of Defense Plenipotentiary for Cybersecurity. From April 2020 to August 2022, he was President of the Management Board of Poczta Polska S.A. Thereafter, Vice President and President of the Management Board of KGHM Polska Mied\u017a. S.A. (2022-2024). From 2021 to 2023, he was Chairman of the Ministry of Defense&#8217;s Team of Public Advisors on Cybersecurity. In December 2021, appointed by Polish President Andrzej Duda to the Security and Defense Council, and in July 2024, in parallel, also to the Council for Strategic Development Projects. From 2025 Chairman of the Council of the SET Security-Energy-Technology Foundation, a Polish think-tank working on national security.<\/p>\n<\/div>\n\t\t \n         \n      <\/div><\/div>\n       \n  <\/div><\/div><\/div>\n        <div class='prelegents__box' data-box-id='44030'  id='44030'>\n        <div class='prelegents__wrapper'>\n    <div class='prelegents__content'><div class='prelegents__boximg'>\n        \n        \n     \n        <div data-toggle='modal' id='44030' data-target='#44030' > <img class='prelegents__img' src='\/wp-content\/plugins\/prelegenci\/avatar.jpg' alt='avatar' \/> <\/div>\n        \n      \n\t\t<\/div> <div class='prelegents__socials'><div class='linkedind-lost'><\/div><\/div><div class='prelegents__texts'><p class='prelegents__name'>Piotr \u017belazek<\/p><p class='prelegents__work'>Director of Sales and Marketing, Hertz New Technologies<\/p>         \n                \n\t\t \t<\/div> \t  \t \n    <\/div>\n<\/div><div class='prelegents__modal modal fade' data-modal-id='44030' id='44030' role='dialog'>\n <button type='button' id='closeBtn' class='close-modal' data-dismiss='modal'>&times;<\/button>\n <div class='prelegents__modal-dialog'>\n    \n       \n      <div class='prelegents__modal-body'>\n         \n        <div class='prelegents__modal-content'>\n        <div class='prelegents__modal-note'><div class='prelegents__modal-boximg'><img class='prelegents__modal-img' src='\/wp-content\/plugins\/prelegenci\/avatar.jpg' alt='avatar' \/><\/div><div class='prelegents__texts'><p class='prelegents__name'>Piotr \u017belazek<\/p><p class='prelegents__work'>Director of Sales and Marketing, Hertz New Technologies <\/p><\/div><\/div>\n\t\t\n\t\t<div class='prelegents__note'><\/div>\n\t\t \n         \n      <\/div><\/div>\n       \n  <\/div><\/div><\/div><\/div><div id=\"modalOverlay\" class=\"modal-overlay\"><\/div><\/div>\n<div id=\"gtx-trans\" style=\"position: absolute; left: 243px; top: 31px;\">\n<div class=\"gtx-trans-icon\"><\/div>\n<\/div>\n<\/div>\n\t\t<\/div><\/div><\/div><\/div>","protected":false},"excerpt":{"rendered":"<p>Krzysztof GawkowskiDeputy Prime Minister, Minister of Digital Affairs, Government Plenipotentiary for Cybersecurity &times; Krzysztof GawkowskiDeputy Prime Minister, Minister of Digital Affairs, Government Plenipotentiary for Cybersecurity Maciej LasekSecretary of State, Government&#8230;<\/p>\n","protected":false},"author":7,"featured_media":0,"parent":0,"menu_order":0,"comment_status":"closed","ping_status":"closed","template":"","meta":{"_acf_changed":false,"inline_featured_image":false,"footnotes":""},"class_list":["post-22035","page","type-page","status-publish","hentry"],"acf":[],"yoast_head":"<!-- This site is optimized with the Yoast SEO plugin v26.5 - https:\/\/yoast.com\/wordpress\/plugins\/seo\/ -->\n<title>Speakers - KONGRES BEZPIECZE\u0143STWO POLSKI - KBP RZESZ\u00d3W<\/title>\n<meta name=\"robots\" content=\"index, follow, max-snippet:-1, max-image-preview:large, max-video-preview:-1\" \/>\n<link rel=\"canonical\" href=\"https:\/\/bezpieczenstwopolskie.pl\/en\/speakers\/\" \/>\n<meta property=\"og:locale\" content=\"en_US\" \/>\n<meta property=\"og:type\" content=\"article\" \/>\n<meta property=\"og:title\" content=\"Speakers - KONGRES BEZPIECZE\u0143STWO POLSKI - KBP RZESZ\u00d3W\" \/>\n<meta property=\"og:description\" content=\"Krzysztof GawkowskiDeputy Prime Minister, Minister of Digital Affairs, Government Plenipotentiary for Cybersecurity &times; Krzysztof GawkowskiDeputy Prime Minister, Minister of Digital Affairs, Government Plenipotentiary for Cybersecurity Maciej LasekSecretary of State, Government...\" \/>\n<meta property=\"og:url\" content=\"https:\/\/bezpieczenstwopolskie.pl\/en\/speakers\/\" \/>\n<meta property=\"og:site_name\" content=\"KONGRES BEZPIECZE\u0143STWO POLSKI - KBP RZESZ\u00d3W\" \/>\n<meta property=\"article:publisher\" content=\"https:\/\/www.facebook.com\/bezpieczenstwopolski\" \/>\n<meta property=\"article:modified_time\" content=\"2026-03-09T13:14:36+00:00\" \/>\n<meta property=\"og:image\" content=\"https:\/\/bezpieczenstwopolskie.pl\/wp-content\/uploads\/2026\/01\/KBP-materialy-do-pobrania-2026-1h-ENG-v1-1080x1080-1.jpg\" \/>\n\t<meta property=\"og:image:width\" content=\"1080\" \/>\n\t<meta property=\"og:image:height\" content=\"1080\" \/>\n\t<meta property=\"og:image:type\" content=\"image\/jpeg\" \/>\n<meta name=\"twitter:card\" content=\"summary_large_image\" \/>\n<meta name=\"twitter:image\" content=\"https:\/\/bezpieczenstwopolskie.pl\/wp-content\/uploads\/2026\/01\/KBP-materialy-do-pobrania-2026-1h-ENG-v1-1080x1080-1.jpg\" \/>\n<meta name=\"twitter:site\" content=\"@totalsecuritypl\" \/>\n<meta name=\"twitter:label1\" content=\"Est. reading time\" \/>\n\t<meta name=\"twitter:data1\" content=\"14 minutes\" \/>\n<script type=\"application\/ld+json\" class=\"yoast-schema-graph\">{\"@context\":\"https:\/\/schema.org\",\"@graph\":[{\"@type\":\"WebPage\",\"@id\":\"https:\/\/bezpieczenstwopolskie.pl\/en\/speakers\/\",\"url\":\"https:\/\/bezpieczenstwopolskie.pl\/en\/speakers\/\",\"name\":\"Speakers - KONGRES BEZPIECZE\u0143STWO POLSKI - KBP RZESZ\u00d3W\",\"isPartOf\":{\"@id\":\"https:\/\/bezpieczenstwopolskie.pl\/#website\"},\"primaryImageOfPage\":{\"@id\":\"https:\/\/bezpieczenstwopolskie.pl\/en\/speakers\/#primaryimage\"},\"image\":{\"@id\":\"https:\/\/bezpieczenstwopolskie.pl\/en\/speakers\/#primaryimage\"},\"thumbnailUrl\":\"https:\/\/bezpieczenstwopolskie.pl\/wp-content\/uploads\/2024\/08\/gawkowski.png\",\"datePublished\":\"2024-02-08T10:37:23+00:00\",\"dateModified\":\"2026-03-09T13:14:36+00:00\",\"breadcrumb\":{\"@id\":\"https:\/\/bezpieczenstwopolskie.pl\/en\/speakers\/#breadcrumb\"},\"inLanguage\":\"en-US\",\"potentialAction\":[{\"@type\":\"ReadAction\",\"target\":[\"https:\/\/bezpieczenstwopolskie.pl\/en\/speakers\/\"]}]},{\"@type\":\"ImageObject\",\"inLanguage\":\"en-US\",\"@id\":\"https:\/\/bezpieczenstwopolskie.pl\/en\/speakers\/#primaryimage\",\"url\":\"https:\/\/bezpieczenstwopolskie.pl\/wp-content\/uploads\/2024\/08\/gawkowski.png\",\"contentUrl\":\"https:\/\/bezpieczenstwopolskie.pl\/wp-content\/uploads\/2024\/08\/gawkowski.png\"},{\"@type\":\"BreadcrumbList\",\"@id\":\"https:\/\/bezpieczenstwopolskie.pl\/en\/speakers\/#breadcrumb\",\"itemListElement\":[{\"@type\":\"ListItem\",\"position\":1,\"name\":\"Strona g\u0142\u00f3wna\",\"item\":\"https:\/\/bezpieczenstwopolskie.pl\/en\/\"},{\"@type\":\"ListItem\",\"position\":2,\"name\":\"Speakers\"}]},{\"@type\":\"WebSite\",\"@id\":\"https:\/\/bezpieczenstwopolskie.pl\/#website\",\"url\":\"https:\/\/bezpieczenstwopolskie.pl\/\",\"name\":\"Kongres Bezpiecze\u0144stwo Polski - KBP RZESZ\u00d3W\",\"description\":\"\",\"publisher\":{\"@id\":\"https:\/\/bezpieczenstwopolskie.pl\/#organization\"},\"potentialAction\":[{\"@type\":\"SearchAction\",\"target\":{\"@type\":\"EntryPoint\",\"urlTemplate\":\"https:\/\/bezpieczenstwopolskie.pl\/?s={search_term_string}\"},\"query-input\":{\"@type\":\"PropertyValueSpecification\",\"valueRequired\":true,\"valueName\":\"search_term_string\"}}],\"inLanguage\":\"en-US\"},{\"@type\":\"Organization\",\"@id\":\"https:\/\/bezpieczenstwopolskie.pl\/#organization\",\"name\":\"Kongres Bezpiecze\u0144stwo Polski - KBP RZESZ\u00d3W\",\"url\":\"https:\/\/bezpieczenstwopolskie.pl\/\",\"logo\":{\"@type\":\"ImageObject\",\"inLanguage\":\"en-US\",\"@id\":\"https:\/\/bezpieczenstwopolskie.pl\/#\/schema\/logo\/image\/\",\"url\":\"https:\/\/bezpieczenstwopolskie.pl\/wp-content\/uploads\/2026\/01\/KBP-materialy-do-pobrania-2026-1h-v1-1080x1080-1.jpg\",\"contentUrl\":\"https:\/\/bezpieczenstwopolskie.pl\/wp-content\/uploads\/2026\/01\/KBP-materialy-do-pobrania-2026-1h-v1-1080x1080-1.jpg\",\"width\":1080,\"height\":1080,\"caption\":\"Kongres Bezpiecze\u0144stwo Polski - KBP RZESZ\u00d3W\"},\"image\":{\"@id\":\"https:\/\/bezpieczenstwopolskie.pl\/#\/schema\/logo\/image\/\"},\"sameAs\":[\"https:\/\/www.facebook.com\/bezpieczenstwopolski\",\"https:\/\/x.com\/totalsecuritypl\",\"https:\/\/www.linkedin.com\/company\/kongres-bezpiecze\u0144stwo-polski\/?viewAsMember=true\"]}]}<\/script>\n<!-- \/ Yoast SEO plugin. -->","yoast_head_json":{"title":"Speakers - KONGRES BEZPIECZE\u0143STWO POLSKI - KBP RZESZ\u00d3W","robots":{"index":"index","follow":"follow","max-snippet":"max-snippet:-1","max-image-preview":"max-image-preview:large","max-video-preview":"max-video-preview:-1"},"canonical":"https:\/\/bezpieczenstwopolskie.pl\/en\/speakers\/","og_locale":"en_US","og_type":"article","og_title":"Speakers - KONGRES BEZPIECZE\u0143STWO POLSKI - KBP RZESZ\u00d3W","og_description":"Krzysztof GawkowskiDeputy Prime Minister, Minister of Digital Affairs, Government Plenipotentiary for Cybersecurity &times; Krzysztof GawkowskiDeputy Prime Minister, Minister of Digital Affairs, Government Plenipotentiary for Cybersecurity Maciej LasekSecretary of State, Government...","og_url":"https:\/\/bezpieczenstwopolskie.pl\/en\/speakers\/","og_site_name":"KONGRES BEZPIECZE\u0143STWO POLSKI - KBP RZESZ\u00d3W","article_publisher":"https:\/\/www.facebook.com\/bezpieczenstwopolski","article_modified_time":"2026-03-09T13:14:36+00:00","og_image":[{"width":1080,"height":1080,"url":"https:\/\/bezpieczenstwopolskie.pl\/wp-content\/uploads\/2026\/01\/KBP-materialy-do-pobrania-2026-1h-ENG-v1-1080x1080-1.jpg","type":"image\/jpeg"}],"twitter_card":"summary_large_image","twitter_image":"https:\/\/bezpieczenstwopolskie.pl\/wp-content\/uploads\/2026\/01\/KBP-materialy-do-pobrania-2026-1h-ENG-v1-1080x1080-1.jpg","twitter_site":"@totalsecuritypl","twitter_misc":{"Est. reading time":"14 minutes"},"schema":{"@context":"https:\/\/schema.org","@graph":[{"@type":"WebPage","@id":"https:\/\/bezpieczenstwopolskie.pl\/en\/speakers\/","url":"https:\/\/bezpieczenstwopolskie.pl\/en\/speakers\/","name":"Speakers - KONGRES BEZPIECZE\u0143STWO POLSKI - KBP RZESZ\u00d3W","isPartOf":{"@id":"https:\/\/bezpieczenstwopolskie.pl\/#website"},"primaryImageOfPage":{"@id":"https:\/\/bezpieczenstwopolskie.pl\/en\/speakers\/#primaryimage"},"image":{"@id":"https:\/\/bezpieczenstwopolskie.pl\/en\/speakers\/#primaryimage"},"thumbnailUrl":"https:\/\/bezpieczenstwopolskie.pl\/wp-content\/uploads\/2024\/08\/gawkowski.png","datePublished":"2024-02-08T10:37:23+00:00","dateModified":"2026-03-09T13:14:36+00:00","breadcrumb":{"@id":"https:\/\/bezpieczenstwopolskie.pl\/en\/speakers\/#breadcrumb"},"inLanguage":"en-US","potentialAction":[{"@type":"ReadAction","target":["https:\/\/bezpieczenstwopolskie.pl\/en\/speakers\/"]}]},{"@type":"ImageObject","inLanguage":"en-US","@id":"https:\/\/bezpieczenstwopolskie.pl\/en\/speakers\/#primaryimage","url":"https:\/\/bezpieczenstwopolskie.pl\/wp-content\/uploads\/2024\/08\/gawkowski.png","contentUrl":"https:\/\/bezpieczenstwopolskie.pl\/wp-content\/uploads\/2024\/08\/gawkowski.png"},{"@type":"BreadcrumbList","@id":"https:\/\/bezpieczenstwopolskie.pl\/en\/speakers\/#breadcrumb","itemListElement":[{"@type":"ListItem","position":1,"name":"Strona g\u0142\u00f3wna","item":"https:\/\/bezpieczenstwopolskie.pl\/en\/"},{"@type":"ListItem","position":2,"name":"Speakers"}]},{"@type":"WebSite","@id":"https:\/\/bezpieczenstwopolskie.pl\/#website","url":"https:\/\/bezpieczenstwopolskie.pl\/","name":"Kongres Bezpiecze\u0144stwo Polski - KBP RZESZ\u00d3W","description":"","publisher":{"@id":"https:\/\/bezpieczenstwopolskie.pl\/#organization"},"potentialAction":[{"@type":"SearchAction","target":{"@type":"EntryPoint","urlTemplate":"https:\/\/bezpieczenstwopolskie.pl\/?s={search_term_string}"},"query-input":{"@type":"PropertyValueSpecification","valueRequired":true,"valueName":"search_term_string"}}],"inLanguage":"en-US"},{"@type":"Organization","@id":"https:\/\/bezpieczenstwopolskie.pl\/#organization","name":"Kongres Bezpiecze\u0144stwo Polski - KBP RZESZ\u00d3W","url":"https:\/\/bezpieczenstwopolskie.pl\/","logo":{"@type":"ImageObject","inLanguage":"en-US","@id":"https:\/\/bezpieczenstwopolskie.pl\/#\/schema\/logo\/image\/","url":"https:\/\/bezpieczenstwopolskie.pl\/wp-content\/uploads\/2026\/01\/KBP-materialy-do-pobrania-2026-1h-v1-1080x1080-1.jpg","contentUrl":"https:\/\/bezpieczenstwopolskie.pl\/wp-content\/uploads\/2026\/01\/KBP-materialy-do-pobrania-2026-1h-v1-1080x1080-1.jpg","width":1080,"height":1080,"caption":"Kongres Bezpiecze\u0144stwo Polski - KBP RZESZ\u00d3W"},"image":{"@id":"https:\/\/bezpieczenstwopolskie.pl\/#\/schema\/logo\/image\/"},"sameAs":["https:\/\/www.facebook.com\/bezpieczenstwopolski","https:\/\/x.com\/totalsecuritypl","https:\/\/www.linkedin.com\/company\/kongres-bezpiecze\u0144stwo-polski\/?viewAsMember=true"]}]}},"_links":{"self":[{"href":"https:\/\/bezpieczenstwopolskie.pl\/en\/wp-json\/wp\/v2\/pages\/22035","targetHints":{"allow":["GET"]}}],"collection":[{"href":"https:\/\/bezpieczenstwopolskie.pl\/en\/wp-json\/wp\/v2\/pages"}],"about":[{"href":"https:\/\/bezpieczenstwopolskie.pl\/en\/wp-json\/wp\/v2\/types\/page"}],"author":[{"embeddable":true,"href":"https:\/\/bezpieczenstwopolskie.pl\/en\/wp-json\/wp\/v2\/users\/7"}],"replies":[{"embeddable":true,"href":"https:\/\/bezpieczenstwopolskie.pl\/en\/wp-json\/wp\/v2\/comments?post=22035"}],"version-history":[{"count":11,"href":"https:\/\/bezpieczenstwopolskie.pl\/en\/wp-json\/wp\/v2\/pages\/22035\/revisions"}],"predecessor-version":[{"id":42874,"href":"https:\/\/bezpieczenstwopolskie.pl\/en\/wp-json\/wp\/v2\/pages\/22035\/revisions\/42874"}],"wp:attachment":[{"href":"https:\/\/bezpieczenstwopolskie.pl\/en\/wp-json\/wp\/v2\/media?parent=22035"}],"curies":[{"name":"wp","href":"https:\/\/api.w.org\/{rel}","templated":true}]}}