{"id":40892,"date":"2025-12-09T09:27:05","date_gmt":"2025-12-09T08:27:05","guid":{"rendered":"https:\/\/bezpieczenstwopolskie.pl\/?page_id=40892"},"modified":"2025-12-09T09:31:03","modified_gmt":"2025-12-09T08:31:03","slug":"agenda-kbp-2025","status":"publish","type":"page","link":"https:\/\/bezpieczenstwopolskie.pl\/en\/agenda-kbp-2025\/","title":{"rendered":"AGENDA KBP RZESZ\u00d3W 2025"},"content":{"rendered":"<div class=\"vgblk-rw-wrapper limit-wrapper\">\n<div class=\"wp-block-siteorigin-panels-layout-block\">\n<div id=\"pl-27893\" class=\"panel-layout\">\n<img decoding=\"async\" class=\"aligncenter size-full wp-image-17213\" src=\"https:\/\/bezpieczenstwopolskie.pl\/wp-content\/uploads\/2025\/05\/logo-kbp-eng.png\n\" alt=\"\" width=\"200\" height=\"\"><\/p>\n<div id=\"pg-27893-0\" class=\"panel-grid panel-no-style\">\n<div id=\"pgc-27893-0-0\" class=\"panel-grid-cell\">\n<div id=\"panel-27893-0-0-0\" class=\"so-panel widget widget_text panel-first-child\" data-index=\"0\">\n<div class=\"textwidget\">\n<h2 style=\"color: black; text-align: center;\"><\/h2>\n<h3 style=\"text-align: center;\"><strong style=\"color: #3d503a;\">POLAND SECURITY CONGRESS<\/strong><\/h3>\n<h4 style=\"color: black; text-align: center;\"><b>JUNE 11-12, 2025<br \/>\nZEN.COM EXPO RZESZ\u00d3W-JASIONKA<\/b><\/h4>\n<\/div>\n<\/div>\n<div id=\"program-kongresu\" class=\"panel-widget-style panel-widget-style-for-27893-0-0-9\"><!-- Moved ID here for anchor link --><\/p>\n<div class=\"textwidget\"><!-- Added onclick attribute to link button with JavaScript function --><br \/>\n<button>Print Program<\/button><\/div>\n<p><!-- Removed extra, unnecessary<\/div>\n\n\n--><\/p>\n<p><script>\n      function printPDF() {\n          var url = \"https:\/\/bezpieczenstwopolskie.pl\/wp-content\/uploads\/2025\/04\/Program-KBP-2025.pdf\";\n          var win = window.open(url, \"_blank\");\n          if (win) {\n              win.focus();\n          } else\n              alert(\"Cannot open window - it might have been blocked by the browser. Please allow pop-ups for this site.\");\n          }\n      }\n  <\/script><\/p>\n<style>\n      .button-container {  \n          text-align: center; \/* Centers inline\/inline-block elements inside *\/  \n          margin-top: 20px; \/* Optional margin for spacing *\/  \n          margin-bottom: 20px; \/* Optional margin for spacing *\/  \n      }  \n      .centered-button {  \n          display: inline-block; \/* Allows setting padding and behaves like a block, but inline *\/  \n          text-align: center !important; \/* Centering text inside the button (though may not be necessary for a link) *\/  \n          background-color: #122E66; \/* Background color *\/  \n          color: #FFFF00; \/* Text color *\/  \n          font-size: 20px; \/* Font size *\/  \n          padding: 20px 70px; \/* Internal spacing (top\/bottom, left\/right) *\/  \n          text-decoration: none; \/* Removes link underline *\/  \n          border-radius: 5px; \/* Rounded corners *\/  \n          font-weight: bold; \/* Bold text *\/  \n          width: auto;  \n     }  \n    .centered-button:visited  \n        background-color: #122E66;  \n        color: #FF9A00;  \n        border: 2px solid #122E66;  \n    }  \n      .centered-button:hover {  \n          background-color: #1a3f8a;  \n      }  \n  <\/style>\n<div class=\"button-container\"><a class=\"centered-button\" href=\"https:\/\/smartcityforum.pl\/program\/\">SMART CITY FORUM AGENDA<\/a><\/div>\n<\/div>\n<div class=\"tabs\">\n<div id=\"tab-1\" class=\"tab visible\">Day I<\/div>\n<div id=\"tab-2\" class=\"tab\">Day II<\/div>\n<\/div>\n<div id=\"panel-1\" class=\"panel panel-row-style visible\">\n<style>\n   .preagenda .day-box {          font-weight: bold;          margin: 20px 0;          font-size: 1.2em;        text-transform: uppercase;      }\n    .preagenda .ourpr-box {          display: flex;          align-items: center;          margin-bottom: 10px;      }\n   .preagenda .cont-pr {          flex: 1;          display: flex;          align-items: center;      }\n   .preagenda .pr-til {          font-weight: 400;          font-size: 1em;        text-transform: uppercase;      }\n   .preagenda .workshop-columns {          display: flex;          gap: 20px;          margin-top: 20px;      }\n    .preagenda .workshop-left,      .preagenda .workshop-right {          flex: 1;          display: flex;          flex-direction: column;          gap: 10px;      }\n         .preagenda .workshop-row {          display: flex;          justify-content: space-between;          align-items: flex-start;      }\n   .preagenda .workshop-left .ourpr-box,       .preagenda .workshop-right .ourpr-box {          flex: 1;      }\n       .preagenda .cont-pr ul {           list-style-type: disc; \/* Default bullet point *\/           margin-left: 20px; \/* Indentation for lists *\/       }\n    .preagenda .cont-pr ol {           list-style-type: decimal; \/* Numbering *\/           margin-left: 20px; \/* Indentation *\/       }\n   .preagenda .cont-pr li {           margin-bottom: 5px; \/* Spacing between list items *\/       }\n .orange-text {        color: #FF9A00;      }\n  <\/style>\n<div class=\"programs\">\n<div class=\"day-box orange-text\">DAY I<br \/>\n  JUNE 11, 2025<\/div>\n<div class=\"day-box\" style=\"background:#fff;color:black;margin-top:-25px;\">\n    MAIN STAGE<\/div>\n<div id=\"panel-11\" class=\"day-box orange_text\" style=\"background: linear-gradient(to right, #3D503A, #122E66) !important;color: #fff;\"> 10:00 &#8211; 12:20<br \/>\nCOMMON PATH<br \/>\n  SMART CITY FORUM &#038; POLAND SECURITY CONGRESS<\/div>\n<div class=\"ourpr-box\">\n<div class=\"time-pr1\">8:30 AM-10:00 AM<\/div>\n<div class=\"cont-pr\">\n<div class=\"pr-til\">Guest Registration<\/div>\n<\/p><\/div>\n<\/p><\/div>\n<div class=\"ourpr-box\">\n<div class=\"time-pr1\">10:00 AM-10:10 AM<\/div>\n<div class=\"cont-pr\">\n<div class=\"pr-til\">Official Opening of the Congress<\/div>\n<\/p><\/div>\n<\/p><\/div>\n<div class=\"ourpr-box\">\n<div class=\"time-pr1\">10:10 AM-10:25 AM<\/div>\n<div class=\"cont-pr\">\n<div class=\"pr-til\">Speech by the Co-Chairs of the Program Council<\/div>\n<\/p><\/div>\n<\/p><\/div>\n<\/p><\/div>\n<div class=\"prele-pr\">\n<ul style=\"list-style: none;\">\n<li>\u2756 <b> Konrad Fijo\u0142ek,<\/b>  Mayor of Rzesz\u00f3w City, Co-Chair of the KBP Program Council<\/li>\n<li>\u2756 <b> Krzysztof Dyki,<\/b>  President of the Management Board, ComCERT, Co-Chair of the KBP Program Council<\/li>\n<li>\u2756 <b> Rados\u0142aw Ma\u0107kiewicz,<\/b>  Director of the Central Informatics Center, Ministry of Digitalization, Co-Chair of the KBP Program Council<\/li>\n<\/ul>\n<\/div>\n<div class=\"day-box orange_text\">INAUGURAL BLOCK: NATIONAL SECURITY FORCES AND RESOURCES<\/div>\n<div class=\"ourpr-box\">\n<div class=\"time-pr1\">10:25 AM-10:45 AM<\/div>\n<div class=\"cont-pr\">\n<div class=\"pr-til\">Speech by Honorary Guests<\/div>\n<\/div>\n<\/div>\n<div class=\"prele-pr\">\n<ul style=\"list-style: none;\">\n<li>\u2756<b> W\u0142adys\u0142aw Kosiniak-Kamysz,<\/b> Deputy Prime Minister, Minister of National Defence <\/li>\n<li>\u2756<b> Krzysztof Gawkowski,<\/b> Deputy Prime Minister, Minister of Digitalization <\/li>\n<\/ul>\n<\/div>\n<div class=\"ourpr-box\">\n<div class=\"time-pr1\">10:45 AM-11:35 AM<\/div>\n<div class=\"cont-pr\">\n<div class=\"pr-til\" style=\"background-color: #d9ead3;\">STRATEGY FOR SECURITY<\/div>\n<\/p><\/div>\n<\/p><\/div>\n<div class=\"cont-pr\">\n<p>  Inaugural debate<\/p>\n<\/div>\n<div class=\"cont-pr\">\n<ul>\n<li>The role of the Republic of Poland in shaping the new geopolitical order in Central and Eastern Europe<\/li>\n<li>Geopolitics and hybrid threats \u2013 the impact of changing realities on national security<\/li>\n<li>Development strategy for the Polish defence and armaments industry based on Polish technologies<\/li>\n<li>Cybersecurity in the face of global economic and geopolitical tensions<\/li>\n<li>Poland\u2019s cooperation with NATO in the context of strengthening the eastern flank of the pact \u2013 our country\u2019s role on the international arena.<\/li>\n<li>The role of the USA in shaping security policy in Europe<\/li>\n<li>Security in Europe and Poland against the backdrop of Russia-Ukraine peace agreements<\/li>\n<li>Change in the approach to financing armed forces in Europe \u2013 %GDP for armed forces in Poland and other NATO countries<\/li>\n<li>The Three Seas Initiative and the Bucharest Nine in the context of the armed conflict in Ukraine<\/li>\n<\/ul>\n<\/div>\n<div class=\"cont-pr\">Speakers<\/div>\n<div class=\"prele-pr\">\n<ul style=\"list-style: none;\">\n<li>\u2756<b> W\u0142adys\u0142aw Kosiniak-Kamysz,<\/b> Deputy Prime Minister, Minister of National Defence<\/li>\n<li>\u2756<b> Krzysztof Gawkowski,<\/b> Deputy Prime Minister, Minister of Digitalization <\/li>\n<li>\u2756<b> Vasyl Bodnar,<\/b> Ambassador Extraordinary and Plenipotentiary of Ukraine to the Republic of Poland <\/li>\n<li>\u2756<b> Maj. Gen. Karol Molenda,<\/b> Commander of the Cyberspace Defence Forces Component<\/li>\n<li>\u2756<b> Cezary Stypu\u0142kowski,<\/b> President of the Management Board, Bank Pekao<\/li>\n<li>\u2756<b> Jan Rajchel,<\/b> President of the Government Agency for Strategic Reserves<\/li>\n<li>\u2756<b> Gen. Edward Gruszka,<\/b> Advisor in the Office of the Minister of National Defence<\/li>\n<\/ul>\n<\/div>\n<div class=\"cont-pr\">Moderator<\/div>\n<div class=\"prele-pr\">\n<ul style=\"list-style: none;\">\n<li>\u2756 <b>Patrycjusz Wy\u017cga,<\/b> Journalist, Wirtualna Polska &#038; Host of the \u201cdidaskalia\u201d podcast<\/li>\n<\/ul>\n<\/div>\n<div class=\"ourpr-box\">\n<div class=\"time-pr1\">11:35 AM-12:20 PM<\/div>\n<div class=\"cont-pr\">\n<div class=\"pr-til\" style=\"background-color: #d9ead3;\">BUILDING SOCIAL RESILIENCE TO CONTEMPORARY<br \/>\n  THREATS. THE ROLE OF LOCAL GOVERNMENTS IN CRISIS MANAGEMENT<\/div>\n<\/p><\/div>\n<\/p><\/div>\n<div class=\"cont-pr\">Debate<\/div>\n<div class=\"cont-pr\">\n<ul>\n<li>How safe are Polish cities? Is a safe city a smart city?<\/li>\n<li>Lessons from the past \u2013 are current cooperation mechanisms sufficient? Coordination of military and<br \/>\n  local government actions in the face of military and non-military threats<\/li>\n<li>Crisis management during floods and natural disasters \u2013 capabilities and limitations<\/li>\n<li>Food security<\/li>\n<li>Tasks of local governments in civil protection and civil defence \u2013 collective shelters<\/li>\n<li>Building social resilience \u2013 education and mobilization of society<\/li>\n<li>Disinformation as a 21st-century tool \u2013 how to create the best communication channels?<\/li>\n<\/ul>\n<\/div>\n<div class=\"prele-pr\">\n<div class=\"cont-pr\">Speakers<\/div>\n<ul style=\"list-style: none;\">\n<li>\u2756 <b>Wies\u0142aw Le\u015bniakiewicz,<\/b>  Undersecretary of State, Ministry of Interior and Administration*<\/li>\n<li>\u2756 <b>Adriana Porowska,<\/b> Minister for Civil Society of Poland<\/li>\n<li>\u2756 <b>Konrad Fijo\u0142ek,<\/b> Mayor of Rzesz\u00f3w City<\/li>\n<li>\u2756 <b>Agata Wojda,<\/b> Mayor of Kielce City<\/li>\n<li>\u2756 <b>Kordian Kolbiarz,<\/b> Mayor of Nysa<\/li>\n<li>\u2756 <b>Andrzej Dopiera\u0142a,<\/b> Vice President of Asseco Poland, President of Asseco Data Systems<\/li>\n<li>\u2756<b> Senior Brigadier Mariusz Lenartowicz,<\/b> Director of the Civil Protection Bureau, National Headquarters of the State Fire Service<\/li>\n<li>\u2756 <b>Teresa Kubas-Hul,<\/b> Voivode of Podkarpacie*<\/li>\n<\/ul>\n<\/div>\n<div class=\"cont-pr\">Moderator<\/div>\n<div class=\"prele-pr\">\n<ul style=\"list-style: none;\">\n<li>\u2756 <b>Patrycjusz Wy\u017cga,<\/b> Journalist, Wirtualna Polska &#038; Host of the \u201cdidaskalia\u201d podcast<\/li>\n<\/ul>\n<\/div>\n<div class=\"ourpr-box\">\n<div class=\"time-pr1\">12:20 PM-12:50 PM<\/div>\n<div class=\"cont-pr\">\n<div class=\"pr-til orange-text\">End of the inaugural part. Break<\/div>\n<\/p><\/div>\n<\/p><\/div>\n<div class=\"day-box orange_text\" style=\"background: #FF9900 !important;\">THEMATIC PATH<br \/>\n  OF THE POLAND SECURITY CONGRESS<\/div>\n<div class=\"column-container\" style=\"display: flex; width: 100%;\">\n<style>\n          body { font-family: sans-serif; color: #333; } \/* Basic font and color *\/\n          .timer {\n            background-color: #3D503A; \/* Setting background to the specified color *\/\n            color: white;             \/* White text color for better readability *\/\n            padding: 5px 8px;         \/* Adding internal margins (top\/bottom 5px, left\/right 8px) *\/\n            text-align: center;       \/* Centering text inside *\/\n            border-radius: 4px;       \/* Optionally: slight rounding of corners *\/\n            margin-bottom: 5px;       \/* Optionally: small spacing below the time element *\/\n            display: inline-block;    \/* For padding and other styles to work well *\/\n            min-width: 80px;          \/* Optionally: minimum width for consistent appearance *\/\n            font-weight: bold;        \/* Bold time *\/\n            margin-left: 8px;\n          }\n          <\/style>\n<p>      <!-- Column 1 (50%) - Technology Block --><\/p>\n<div class=\"column\" style=\"width: 50%; padding-right: 10px; box-sizing: border-box;\">\n<div class=\"day-box\" style=\"background:#fff;color:black;margin-top:-20px;margin-bottom:-20px;\">\n            MAIN STAGE<\/div>\n<div class=\"day-box\">BLOCK: TECHNOLOGY IN SECURITY<\/div>\n<div class=\"ourpr-box\">\n<div class=\"timer\">12:50 PM-1:10 PM<\/div>\n<div class=\"cont-pr\"> <!-- Combined div for time and til -->    <\/p>\n<div class=\"pr-til\" style=\"background-color: #d9ead3;\">LAW AND FINANCING IN THE IMPLEMENTATION OF SECURITY PROJECTS<\/div>\n<\/p><\/div>\n<\/p><\/div>\n<div class=\"cont-pr\">Introduction to the block \/ Debate <\/div>\n<div class=\"cont-pr\">\n<ul>\n<li>Financing cybersecurity requirements \u2013 financial engineering and funding security<\/li>\n<li>PPP \u2013 How can the private sector support the public sector?<\/li>\n<li>Legal changes needed for implementation and their execution (e.g., NIS-2 Directive, DORA, and CER)<\/li>\n<li>Legal and procurement aspects and business continuity<\/li>\n<li>Role of VC and PE funds<\/li>\n<\/ul>\n<\/div>\n<div class=\"prele-pr\">\n<div class=\"cont-pr\">Speakers<\/div>\n<ul style=\"list-style: none;\">\n<li>\u2756 <b>Agnieszka Kucharska,<\/b> IT\/OT\/CISO-Expert<\/li>\n<li>\u2756 <b>Stanis\u0142aw Kastory,<\/b> Co-founder &#038; Partner, Expeditions Fund <\/li>\n<li>\u2756 <b>Krzysztof Szubert,<\/b> Plenipotentiary of the Director for Commercialization and International Cooperation, National Institute of Telecommunications \u2013 State Research Institute<\/li>\n<\/ul>\n<\/div>\n<div class=\"cont-pr\">Moderator<\/div>\n<div class=\"prele-pr\">\n<ul style=\"list-style: none;\">\n<li>\u2756 <b>Mateusz Paw\u0142owski,<\/b> CEO, Turrim<\/li>\n<\/ul>\n<\/div>\n<div class=\"ourpr-box\">\n<div class=\"timer\">1:10 PM-1:25 PM<\/div>\n<div class=\"cont-pr\"> <!-- Combined div for time and til -->    <\/p>\n<div class=\"pr-til\" style=\"background-color: #d9ead3;\">NATO Cybersecurity \u2013 Opportunities and Challenges\n              <\/div>\n<\/p><\/div>\n<\/p><\/div>\n<div class=\"cont-pr\">Case study <\/div>\n<div class=\"prele-pr\">\n<ul style=\"list-style: none;\">\n<li>\u2756<b> Krzysztof Dyki,<\/b> President of the Management Board, ComCERT<\/li>\n<\/ul>\n<\/div>\n<div class=\"ourpr-box\">\n<div class=\"timer\" style=\"margin-top:-40px;\">1:25 PM-1:35 PM<\/div>\n<div class=\"cont-pr\">\n<div class=\"pr-til\" style=\"background-color: #d9ead3;\">Support for the development of innovative technologies<\/div>\n<\/p><\/div>\n<\/p><\/div>\n<div class=\"cont-pr\">Speech<\/div>\n<div class=\"prele-pr\">\n<ul style=\"list-style: none;\">\n<li>\u2756<b> Krzysztof Paszyk,<\/b> Minister of Development and Technology, Ministry of Development and Technology<\/li>\n<\/ul>\n<\/div>\n<div class=\"ourpr-box\">\n<div class=\"timer\">1:35 PM-2:25 PM<\/div>\n<div class=\"cont-pr\">\n<div class=\"pr-til\" style=\"background-color: #d9ead3;\">TECHNOLOGICAL SECURITY &#038; CYBERSECURITY<\/div>\n<\/p><\/div>\n<\/p><\/div>\n<div class=\"cont-pr\">Debate<\/div>\n<div class=\"cont-pr\">\n<ul>\n<li>Cybersecurity in the face of global economic and geopolitical tensions<\/li>\n<li>Poland\u2019s technological sovereignty. How can Poland develop domestic technological solutions to become independent from foreign suppliers?<\/li>\n<li>Attacks on data centers and the use of cloud technologies<\/li>\n<li>Advantage in cyberspace and harnessing its potential<\/li>\n<li>Development of autonomous cyber defense systems \u2013 cyber weapons, cyber army<\/li>\n<li>Polish technological thought and its role in international cooperation<\/li>\n<\/ul>\n<\/div>\n<div class=\"prele-pr\">\n<div class=\"cont-pr\">Speakers<\/div>\n<ul style=\"list-style: none;\">\n<li>\u2756 <b>Krzysztof Paszyk,<\/b> Minister of Development and Technology, Ministry of Development and Technology<\/li>\n<li>\u2756 <b>Brig. Gen. Mariusz Chmielewski,<\/b> Deputy Commander of the Cyberspace Defence Forces Component<\/li>\n<li>\u2756 <b>Piotr Ciepiela,<\/b> Global Security Architecture and Modern Technologies Leader, Partner, EY<\/li>\n<li>\u2756 <b>Rados\u0142aw Ma\u0107kiewicz,<\/b> Co-Chair of the KBP Program Council; Director of the Central Informatics Center<\/li>\n<li>\u2756 <b>Rados\u0142aw Nielek,<\/b> Director of NASK PIB<\/li>\n<li>\u2756 <b>Dariusz Piotrowski,<\/b> VP, Managing Director, Dell Technologies Poland<\/li>\n<li>\u2756 <b>Szymon Sobczak,<\/b> Deputy Director of Security Department, mBank<\/li>\n<li>\u2756 <b>Maciej Wyczesany,<\/b> President of the Management Board, Apator SA<\/li>\n<\/ul>\n<\/div>\n<div class=\"cont-pr\">Moderator<\/div>\n<div class=\"prele-pr\">\n<ul style=\"list-style: none;\">\n<li>\u2756 <b>Micha\u0142 Ciemi\u0119ga,<\/b> Advisor to the Board of the Association of Security Experts of the Republic of Poland for Cybersecurity and Artificial Intelligence\n              <\/li>\n<\/ul>\n<\/div>\n<div class=\"ourpr-box\">\n<div class=\"timer\">2:25 PM-2:35 PM<\/div>\n<div class=\"cont-pr\">\n<div class=\"pr-til\" style=\"background-color: #d9ead3;\">Cooperation between the state and financial sectors <br \/>in building social resilience to cyber threats\n            <\/div>\n<\/p><\/div>\n<\/p><\/div>\n<div class=\"cont-pr\">Case study<\/div>\n<div class=\"prele-pr\">\n<ul style=\"list-style: none;\">\n<li>\u2756 <b>Robert Sochacki,<\/b> Vice President of the Management Board, Bank Pekao\n            <\/li>\n<\/ul>\n<\/div>\n<div class=\"ourpr-box\">\n<div class=\"timer\">2:35 PM-2:45 PM<\/div>\n<div class=\"cont-pr\">\n<div class=\"pr-til\" style=\"background-color: #d9ead3;\">The war in Ukraine and its impact on business and customer security\n          <\/div>\n<\/p><\/div>\n<\/p><\/div>\n<div class=\"cont-pr\">Case study<\/div>\n<div class=\"prele-pr\">\n<ul style=\"list-style: none;\">\n<li>\u2756 <b>dr Tomasz \u0141u\u017cak,<\/b> Head of IT Security Solutions, Netia<\/li>\n<\/ul>\n<\/div>\n<div class=\"ourpr-box\">\n<div class=\"timer\">2:45 PM-3:05 PM<\/div>\n<p> <!-- This block has been moved up to maintain the chronology of the Technology block --><\/p>\n<div class=\"cont-pr\">\n<div class=\"pr-til\" style=\"background-color: #d9ead3;\">COOPERATION FOR E-SECURITY<\/div>\n<\/p><\/div>\n<\/p><\/div>\n<div class=\"cont-pr\">Debate 2+1<\/div>\n<div class=\"cont-pr\">\n<ul>\n<li>PPP cooperation in providing qualified electronic signatures for citizens<\/li>\n<li>Security of electronic signatures and the entire e-wallet<\/li>\n<\/ul>\n<\/div>\n<div class=\"prele-pr\">\n<div class=\"cont-pr\">Speakers<\/div>\n<ul style=\"list-style: none;\">\n<li>\u2756 <b>Rafa\u0142 Rosi\u0144ski,<\/b> Undersecretary of State,\tMinistry of Digitalization<\/li>\n<li>\u2756 <b>Artur Mi\u0119kina,<\/b> Director of Project Sales and e-Business Development, Asseco Data Systems<\/li>\n<\/ul>\n<\/div>\n<div class=\"prele-pr\">\n<div class=\"cont-pr\">Moderator<\/div>\n<ul style=\"list-style: none;\">\n<li>\u2756 <b>Agnieszka Gaw\u0119cka-Kopytko,<\/b> Head of Operational Management and Business Continuity Team in Business Continuity, IT and OT Management Area, Tauron Group<\/li>\n<\/ul>\n<\/div>\n<div class=\"day-box\">BLOCK: POLISH DEFENCE INDUSTRY TOWARDS NATIONAL STRENGTH \u2013 INNOVATIONS, CHALLENGES AND THE FUTURE OF DEFENCE<\/div>\n<div class=\"ourpr-box\">\n<div class=\"timer\">3:05 PM-3:15 PM<\/div>\n<div class=\"cont-pr\">\n<div class=\"pr-til\">Modern technologies in the defence sector \u2013 what innovations will shape the future of the defence industry? Academic perspective<\/div>\n<\/p><\/div>\n<\/p><\/div>\n<div class=\"cont-pr\">Presentation<\/div>\n<div class=\"prele-pr\">\n<ul style=\"list-style: none;\">\n<li>\u2756 <b>Prof. dr hab. in\u017c. dr h.c.\tJaros\u0142aw Wo\u0142ejszo,<\/b> Col. (res.), Chairman of the Scientific Council of the Discipline of Security Sciences, President Stanis\u0142aw Wojciechowski University of Kalisz<\/li>\n<\/ul>\n<\/div>\n<div class=\"ourpr-box\">\n<div class=\"timer\">3:15 PM-4:00 PM<\/div>\n<div class=\"cont-pr\">\n<div class=\"pr-til\" style=\"background-color: #d9ead3;\">POLISH DEFENCE INDUSTRY TOWARDS NATIONAL STRENGTH \u2013 INNOVATIONS, CHALLENGES AND THE FUTURE OF DEFENCE<\/div>\n<\/p><\/div>\n<\/p><\/div>\n<div class=\"cont-pr\">Debate<\/div>\n<div class=\"cont-pr\">\n<ul>\n<li>Defence companies in the face of contemporary challenges. How to meet the growing demands for security and innovation?<\/li>\n<li>Local content in the industry. What steps should be taken to increase local production in Poland? Strengthening the Polish defence industry through innovative military projects<\/li>\n<li>Benefits of PPP for the Polish defence industry \u2013 examples of successful projects<\/li>\n<li>The new arms race \u2013 how the quantity and modernity of armaments shape the balance of power in the world?<\/li>\n<li>The impact of global corporations on the development of the local Defence and Aerospace industry \u2013 investments, new technologies, and cooperation with the defence industry<\/li>\n<\/ul>\n<\/div>\n<div class=\"prele-pr\">\n<div class=\"cont-pr\">Speakers<\/div>\n<ul style=\"list-style: none;\">\n<li>\u2756 <b>Konrad Go\u0142ota,<\/b> Undersecretary of State, Ministry of State Assets*<\/li>\n<li>\u2756 <b>Micha\u0142 Szczerba,<\/b> Member of the Committee on Industry, Research and Energy in the European Parliament<\/li>\n<li>\u2756 <b>Pawe\u0142 Huras,<\/b> Manager &#038; Head of IDA Program for dual-use technology development, Polish Development Fund S.A.<\/li>\n<li>\u2756 <b>Andrzej Guzowski,<\/b> Director of the Defence Industry Department, Ministry of Development and Technology<\/li>\n<li>\u2756 <b>Gen. Jaros\u0142aw Kraszewski,<\/b> Member of the Board, RBL Defence Polska<\/li>\n<li>\u2756 <b>Representative of the PGZ Group Management Board*<\/b><\/li>\n<\/ul>\n<div class=\"cont-pr\">Moderator<\/div>\n<ul style=\"list-style: none;\">\n<li>\u2756 <b>August \u017bywczyk,<\/b> Vice President of the Management Board, Defence24<\/li>\n<\/ul>\n<\/div><\/div>\n<p>      <!-- Column 2 (50%) - Content from the second block, sorted --><\/p>\n<div class=\"column\" style=\"width: 50%; padding-left: 10px; box-sizing: border-box;\">\n<p>          <!-- 12:50 PM --><\/p>\n<div class=\"day-box\" style=\"background:#fff;color:black;margin-top:-20px;margin-bottom:-20px;margin-left:10px;\">\n    Conference Room 1, ground floor<\/div>\n<div class=\"day-box\" style=\"background-color: #8560DB;color:#fff; margin-top: 20px;margin-left:10px;\">DEFENCE HORIZON SESSION \u2013 DEFENCE INDUSTRY<\/div>\n<div class=\"ourpr-box\">\n<div class=\"timer\" style=\"background-color: #8560DB;\">12:50 PM-1:35 PM<\/div>\n<div class=\"cont-pr\">\n<div class=\"pr-til\" style=\"background-color: #D9D2E9;\">POTENTIAL FOR ECONOMIC COOPERATION BETWEEN POLAND<br \/> AND THE USA IN THE DEFENCE SECTOR<\/div>\n<\/p><\/div>\n<\/p><\/div>\n<div class=\"cont-pr\"> <!-- Container for discussion points -->    <\/p>\n<ul>\n<li>How to effectively develop cooperation between Poland and the USA in the defence sector?<\/li>\n<li>Strengthening security \u2013 USA on NATO\u2019s eastern flank<\/li>\n<li>Development of the Polish defence industry through the transfer of American technologies<\/li>\n<li>Improving interoperability of armed forces \u2013 military cooperation<\/li>\n<\/ul>\n<\/div>\n<div class=\"prele-pr\"> <!-- Separate container for speakers -->    <\/p>\n<div class=\"cont-pr\">Speakers<\/div>\n<ul style=\"list-style: none;\">\n<li>\u2756 <b>Maj. Gen. (Pilot) Cezary Wi\u015bniewski,<\/b> Deputy Commander General of the Armed Forces Branches<\/li>\n<li>\u2756 <b>Gen. Jaros\u0142aw Kraszewski,<\/b> Member of the Board, RBL Defence Polska<\/li>\n<li>\u2756 <b>Jacek Bartosiak,<\/b> CEO &#038; Founder, Strategy&#038;Future*<\/li>\n<li>\u2756 <b>Richard Bush,<\/b> Head of the Bureau, Office of Defense Cooperation, U.S. Embassy and Consulate in Poland*<\/li>\n<li>\u2756 <b>Lech Drab,<\/b> Director of the Department of Foreign Military Affairs, Ministry of National Defence*<\/li>\n<li>\u2756 <b>Brig. Gen. dr Artur Kuptel,<\/b> Head of the Armament Agency*<\/li>\n<li>\u2756 <b>Representative of AmCham<\/b><\/li>\n<\/ul>\n<\/div>\n<div class=\"prele-pr\"> <!-- Separate container for moderator -->    <\/p>\n<div class=\"cont-pr\">Moderator<\/div>\n<ul style=\"list-style: none;\">\n<li>\u2756 TBC<\/li>\n<\/ul>\n<\/div>\n<p>          <!-- 1:35 PM --><\/p>\n<div class=\"ourpr-box\">\n<div class=\"timer\" style=\"background-color: #8560DB;\">1:35 PM-2:25 PM<\/div>\n<div class=\"cont-pr\">\n<div class=\"pr-til\" style=\"background-color: #D9D2E9;\">LOCAL CONTENT IN THE DEFENCE INDUSTRY<\/div>\n<\/p><\/div>\n<\/p><\/div>\n<div class=\"cont-pr\"> <!-- Container for discussion points -->    <\/p>\n<ul>\n<li>Strengthening the Polish defence industry \u2013 the role of public institutions in promoting and financing local production<\/li>\n<li>Institutional support for the development of new technologies in the defence sector<\/li>\n<li>Increasing the share of local production in the Polish defence industry<\/li>\n<li>Strategic offset agreements for the Polish defence industry<\/li>\n<li>Building Poland\u2019s technological sovereignty<\/li>\n<li>Financing, i.e., funds for armaments<\/li>\n<li>Defence programs<\/li>\n<\/ul>\n<\/div>\n<div class=\"prele-pr\"> <!-- Separate container for speakers -->    <\/p>\n<div class=\"cont-pr\">Speakers<\/div>\n<ul style=\"list-style: none;\">\n<li>\u2756 <b>Jacek Libucha,<\/b> President of the Management Board, Wytw\u00f3rnia Sprz\u0119tu Komunikacyjnego PZL-\u015awidnik<\/li>\n<li>\u2756 <b>dr Katarzyna Rawska,<\/b> Expert on offset agreements<\/li>\n<li>\u2756 <b>Cezary Dominiak,<\/b> President of the Management Board, Rosomak S.A.<\/li>\n<li>\u2756 <b>Janusz Czaja,<\/b> Director of the Development and Research Office, Huta Stalowa Wola (HSW)<\/li>\n<li>\u2756 <b>Jakub Czu\u0142ba,<\/b> Member of the Board, Fabryka Broni \u201e\u0141ucznik\u201d<\/li>\n<li>\u2756 <b>Mateusz Zawistowski,<\/b> President of the Management Board, MS Towarzystwo Funduszy Inwestycyjnych<\/li>\n<li>\u2756 <b>Representative from the Ministry of National Defence*<\/b><\/li>\n<li>\u2756 <b>Marek Borejko,<\/b> President of the Management Board, PIT-Radwar*<\/li>\n<\/ul>\n<\/div>\n<div class=\"prele-pr\"> <!-- Separate container for moderator -->    <\/p>\n<div class=\"cont-pr\">Moderator<\/div>\n<ul style=\"list-style: none;\">\n<li>\u2756 <b>Lt. Gen. (ret.) Jaros\u0142aw Gromadzi\u0144ski,<\/b> President, Academy Defence24<\/li>\n<\/ul>\n<\/div>\n<div class=\"day-box\" style=\"background:#fff;color:black;margin-top:-20px;margin-bottom:-20px;margin-left:10px;\">\n            Conference Room 1, ground floor<\/div>\n<div class=\"day-box\" style=\"background-color: #F7B471;color:#fff; margin-top: 20px;margin-left:10px;\">SESSION #DISINFORMATION<\/div>\n<p>          <!-- 2:35 PM --><\/p>\n<div class=\"ourpr-box\">\n<div class=\"timer\" style=\"background-color: #F7B471;\">2:35 PM-3:15 PM<\/div>\n<div class=\"cont-pr\">\n<div class=\"pr-til\" style=\"background-color: #FCE5CD;\">In the shadow of lies \u2013 propaganda and disinformation as a 21st-century tool.<\/div>\n<\/p><\/div>\n<\/p><\/div>\n<div class=\"cont-pr\">\n            Debate\n          <\/div>\n<div class=\"cont-pr\">\n<ul>\n<li>Disinformation as a tool in hybrid warfare and attempts to combat it during a crisis<\/li>\n<li>The psychology of disinformation. How do false information shape citizens\u2019 decisions and attitudes?<\/li>\n<li>Countering disinformation<\/li>\n<li>The role of social media in shaping the image of services working for state security<\/li>\n<\/ul>\n<\/div>\n<div class=\"prele-pr\">\n<div class=\"cont-pr\">Speakers<\/div>\n<ul style=\"list-style: none;\">\n<li>\u2756 <b>Andrzej Dulka,<\/b> President of the Management Board, Polish Chamber of Information Technology and Telecommunications<\/li>\n<li>\u2756 <b>Piotr Litwin,<\/b> Analyst, Demagog<\/li>\n<li>\u2756 <b>Ryszard Piotrowski,<\/b> Cybersecurity Coordinator, Marshal\u2019s Office of the Lower Silesian Voivodeship<\/li>\n<li>\u2756 <b>dr hab. Agata Tyburska,<\/b> Professor at the Institute of Preventive Service, Faculty of Security and Legal Sciences, Police Academy in Szczytno, Police Academy in Szczytno <\/li>\n<li>\u2756<b> dr Klaudia Rosi\u0144ska,<\/b> Expert on countering disinformation and cybersecurity, pedagogue, Academy of Social and Media Culture in Toru\u0144, Polish National Security Society<\/li>\n<li>\u2756 <b>Miros\u0142aw Wr\u00f3blewski,<\/b> President, Personal Data Protection Office <\/li>\n<\/ul>\n<\/div>\n<div class=\"prele-pr\">\n<div class=\"cont-pr\">Moderator<\/div>\n<ul style=\"list-style: none;\">\n<li>\u2756<b>Mateusz Grzeszczuk,<\/b> Author and Host, Podr\u00f3\u017c bez Paszportu (Journey without a Passport)<\/li>\n<\/ul>\n<\/div>\n<div class=\"ourpr-box\">\n<div class=\"timer\" style=\"background-color: #F7B471;\">3:15 PM-3:25 PM<\/div>\n<div class=\"cont-pr\">\n<div class=\"pr-til\">Influence operations in Europe<\/div>\n<\/p><\/div>\n<\/div>\n<div class=\"cont-pr\">\nCase study\n<\/div>\n<div class=\"cont-pr\"><\/div>\n<div class=\"prele-pr\">\n<ul style=\"list-style: none;\">\n<li>\u2756<b> Magdalena Wilczy\u0144ska,<\/b>  Director of the Information Cyberspace Protection Division, NASK PIB<\/li>\n<\/ul>\n<\/div>\n<div class=\"ourpr-box\">\n<div class=\"timer\" style=\"background-color: #F7B471;\">3:25 PM-3:35 PM<\/div>\n<div class=\"cont-pr\">\n<div class=\"pr-til\"> The role of ICT sector resilience<\/div>\n<\/p><\/div>\n<\/p><\/div>\n<div class=\"cont-pr\">\nPresentation\n<\/div>\n<div class=\"cont-pr\"><\/div>\n<div class=\"prele-pr\">\n<ul style=\"list-style: none;\">\n<li>\u2756 <b>Andrzej Dulka,<\/b> President of the Management Board, Polish Chamber of Information Technology and Telecommunications\n  <\/li>\n<\/ul>\n<\/div>\n<p>                <meta charset=\"UTF-8\"><br \/>\n                <meta name=\"viewport\" content=\"width=device-width, initial-scale=1.0\"><\/p>\n<style>\n                  summary {\n                        display: block;\n                        cursor: pointer;\n                    }\n                    summary::-webkit-details-marker {\n                        display: none;\n                    }\n                    summary {\n                        list-style: none; \/* Firefox\/other *\/\n                    }  \/* Basic Flexbox layout for rows with time and content *\/\n                    .oupr-box-3 {\n                        display: flex;\n                        \/* align-items: stretch; *\/ \/* Can be uncommented if columns should have visually equal height *\/\n                    }  .time-pr3 {\n                        flex: 0 0 80px; \/* Fixed width for the time column *\/\n                        padding: 2px 5px; \/* Minimal padding *\/\n                        \/* Background, color, font-weight etc. removed. *\/\n                    } .cont-pr {\n                        flex-grow: 1; \/* Content column takes up the remaining space *\/\n                        padding: 2px 5px; \/* Minimal padding *\/\n                        \/* Background removed *\/\n                    }\n                     .prele-pr ul[style*=\"list-style: none\"] {\n                         list-style: none;\n                         padding-left: 0;\n                         margin-left: 0;\n                     }\n                    \/* Minimal styling for presentation title and section *\/\n                    .pr-til {\n                        font-weight: bold; \/* Kept for readability *\/\n                        margin-bottom: 5px;\n                    }\n                     .main-collapsible-summary {\n                         font-weight: bold; \/* Kept for readability *\/\n                         padding: 5px; \/* Minimal padding *\/\n                     }\n                      .main-collapsible-content {\n                          padding: 10px 0; \/* Top\/bottom padding for content *\/\n                      }\n                     \/* Removing padding from cont-pr in RARS summary *\/\n                     .ourpr-summary .cont-pr {\n                        padding: 0;\n                     }\n                    \/* Basic formatting for span in RARS summary *\/\n                    .ourpr-summary .cont-pr span {\n                         display: block;\n                         padding: 5px;\n                         text-align: center;\n                         text-transform: uppercase; \/* Kept from original *\/\n                     }\n                      .ourpr-summary .cont-pr span u {\n                          text-decoration: underline; \/* Kept from original *\/\n                          display: block;\n                          margin-top: 3px;\n                      }<\/p>\n<\/style>\n<div class=\"ourpr-box\">\n<div class=\"timer\" style=\"background-color:rgb(96, 150, 250);margin-top:-140px;\">1:30 PM-3:30 PM<\/div>\n<div class=\"cont-pr\" style=\"padding: 0;\">\n<div class=\"pr-til\" style=\"background-color:rgb(96, 150, 250); color:#fff; margin-top:-10px;\">\n                                                                       Challenges of the Government Agency for Strategic Reserves <br \/>in times of uncertainty. Procurement process procedures.                <b>RARS Workshop<\/b>                                       <span style=\"display: block; text-align: center; background-color:rgb(96, 150, 250);; color:#fff;font-weight: bold;margin-left:20px !important;\"><\/p>\n<p>   Room, 2nd floor<br \/>\n<a href=\"https:\/\/bezpieczenstwopolskie.pl\/warsztaty-rars\/\" style=\"color: white;\"><u>additional registration required<\/u><\/a>                        <\/span><\/div>\n<\/p><\/div>\n<\/p><\/div>\n<details class=\"main-collapsible-section\">\n<summary class=\"main-collapsible-summary\" style=\"color:#6096FA;text-align: right;\">\n                                        Expand to see more<br \/>\n<\/summary>\n<p>                                    <!-- This content will expand\/collapse UPON CLICKING THE RARS AGENDA --><\/p>\n<div class=\"ourpr-details-content\">\n                                       <!-- Section 1:30 PM-2:30 PM --><br \/>\n                                        <!-- Changed class to oupr-box-3 --><\/p>\n<div class=\"ourpr-box\" style=\"margin-top:-10px;\">\n<div class=\"timer\" style=\"margin-top:-430px; background-color: rgb(96, 150, 250);\">1:30 PM-2:30 PM<\/div>\n<div class=\"cont-pr\">\n<div class=\"pr-til\" style=\"background-color:rgb(96, 150, 250);color:#fff; margin-top:-10px;\">Challenges of the Government Agency for Strategic Reserves in times of uncertainty. Procurement process procedures. <\/div>\n<div class=\"prele-pr\">\n<ul>\n<li>Role and significance of the Government Agency for Strategic Reserves in the economy and national security<\/li>\n<li>Discussion of uncertainty factors, such as economic, political, or pandemic crises, and their impact on procurement processes.<\/li>\n<li>Procurement process procedures:<\/li>\n<ul>\n<li>Procurement planning<\/li>\n<li>Tenders and negotiations<\/li>\n<li>Contract execution supervision<\/li>\n<li>Risk management<\/li>\n<li> Increasing transparency of procurement processes<\/li>\n<\/ul>\n<p>                                                 Part 1 Introduction and presentation of the procurement process<br \/>\n                                                 Part 2 Client Grouping\/Segmentation<br \/> <!-- Or \"Client Packaging\" \/ \"Tailoring for Clients\" --><br \/>\n                                                 Part 3 Procedures and formalities \u2013 interactive workshops and Q&#038;A session\n                                            <\/p>\n<\/ul>\n<div class=\"cont-pr\">Speakers<\/div>\n<ul style=\"list-style: none;\">\n<li>\u2756 <b>Jacek Czech,<\/b> Director of the Digital Transformation Office, Government Agency for Strategic Reserves<\/li>\n<li>\u2756 <b>Agnieszka Szajkowska,<\/b> Director for Procurement Process, Government Agency for Strategic Reserves<\/li>\n<\/ul>\n<\/div><\/div>\n<\/p><\/div>\n<div class=\"ourpr-box\">\n<div class=\"timer\" style=\"                    background-color: rgb(96, 150, 250);\n            \">2:30 PM-3:30 PM<\/div>\n<div class=\"cont-pr\">\n<div class=\"pr-til\" style=\"background-color:rgb(96, 150, 250);color:#fff;\">Meetings with RARS representatives<\/div>\n<\/p><\/div>\n<\/p><\/div>\n<\/p><\/div>\n<\/details>\n<\/div><\/div>\n<div class=\"ourpr-box\">\n<div class=\"time-pr1\">4:00 PM<\/div>\n<div class=\"cont-pr\">\n<div class=\"pr-til orange-text\">END OF DAY I OF THE CONGRESS<\/div>\n<\/div>\n<\/div>\n<div class=\"ourpr-box\">\n<div class=\"cont-pr\">\n<div class=\"ourpr-box\" style=\"display: flex; justify-content: space-between; width: 100%; border-top: 2px solid #b70000; border-bottom: 2px solid #b70000; padding-top: 10px; background-image: url('https:\/\/bezpieczenstwopolskie.pl\/wp-content\/uploads\/2025\/01\/KBP-TLO-NEW.jpg'); background-size: cover; background-repeat: no-repeat; background-position: center; color: white; align-items: center;\">\n<div class=\"time-pr1\" style=\"background-color: #b70000;\">8:00 PM<\/div>\n<div class=\"pr-til\" style=\"flex: 1;\">Grand Gala (entry by personal invitation only) and announcement of the Diamond Shields Competition results (competition entries are free of charge)<\/div>\n<\/div>\n<\/div>\n<\/div>\n<\/div><\/div>\n<\/div>\n<div id=\"panel-2\" class=\"panel panel-row-style visible\">\n<section class=\"preagenda\">\n<div class=\"day-box orange-text\">DAY II<br \/>\n  JUNE 12, 2025<\/div>\n<div class=\"day-box\" style=\"background:#fff;color:black;margin-top:-25px;\">\n    MAIN STAGE<\/div>\n<div class=\"ourpr-box\">\n<div class=\"time-pr1\">8:00 AM-9:30 AM<\/div>\n<div class=\"cont-pr\">\n<div class=\"pr-til\">Guest Registration<\/div>\n<\/p><\/div>\n<\/p><\/div>\n<div class=\"day-box\">BLOCK: KEY SERVICES FOR SECURITY<\/div>\n<div class=\"ourpr-box\">\n<div class=\"time-pr1\">9:30 AM-9:40 AM<\/div>\n<div class=\"cont-pr\">\n<div class=\"pr-til\">Opening of Day II and Keynote Speech<\/div>\n<\/p><\/div>\n<\/p><\/div>\n<div class=\"ourpr-box\">\n<div class=\"time-pr1\">9:40 AM-10:00 AM<\/div>\n<div class=\"cont-pr\">\n<div class=\"pr-til\">Inaugural Speech<\/div>\n<\/p><\/div>\n<\/p><\/div>\n<div class=\"cont-pr\"><\/div>\n<div class=\"prele-pr\">\n<ul style=\"list-style: none;\">\n<li>\u2756<b> Dariusz Klimczak,<\/b>  Minister of Infrastructure*<\/li>\n<\/ul>\n<\/div>\n<div class=\"ourpr-box\">\n<div class=\"time-pr1\">10:00 AM-10:55 AM<\/div>\n<div class=\"cont-pr\">\n<div class=\"pr-til\" style=\"background-color: #d9ead3;\">CRITICAL INFRASTRUCTURE AS A NATIONAL SECURITY IMPERATIVE<\/div>\n<\/p><\/div>\n<\/p><\/div>\n<div class=\"cont-pr\">\n<p>  Debate<\/p><\/div>\n<div class=\"cont-pr\"> <!-- Container for discussion points --><\/p>\n<ul>\n<li>Ensuring the security of key service delivery in the face of modern threats<\/li>\n<li>Effective protection of critical facilities in the cyber sphere<\/li>\n<li>Investments in unmanned systems as an innovative system supporting security<\/li>\n<li>Railway modernization and transport security. Investments in railway infrastructure as key to supply chain continuity and mobility of strategic resources<\/li>\n<li>Intensification of air and water monitoring in rivers and lakes as well as in water supply networks<\/li>\n<li>Offshore wind farms and ensuring the security of critical infrastructure from the sea<\/li>\n<li>Amendment of the Crisis Management Act to implement the CER Directive and challenges related to the standardization of physical security of CI facilities<\/li>\n<\/ul>\n<\/div>\n<div class=\"prele-pr\"> <!-- Separate container for speakers and moderator --><\/p>\n<div class=\"cont-pr\">Speakers<\/div>\n<ul style=\"list-style: none;\">\n<li>\u2756 <b>Dariusz Klimczak,<\/b> Minister of Infrastructure*<\/li>\n<li>\u2756 <b>Piotr Hac,<\/b> Director of the Security Analysis Office, ORLEN<\/li>\n<li>\u2756 <b>Aleksandra Grygu\u0107,<\/b> Director of the Security and Protection Division, Business Continuity Management System Coordinator, Data Protection Officer, Municipal Water and Sewerage Company in Warsaw<\/li>\n<li>\u2756 <b>Marcin Lebiecki,<\/b> Vice President of the Management Board, Asseco Cloud<\/li>\n<li>\u2756 <b>Tomasz Paszkiewicz,<\/b> Director, Critical Infrastructure Protection and Resilience, EY Poland<\/li>\n<li>\u2756 <b>Witold Skomra,<\/b> Head of the Critical Infrastructure Protection Department, Government Centre for Security<\/li>\n<li>\u2756 <b>Dr Eng. \u0141ukasz Zaworski,<\/b> Member of the Management Board, Apator SA<\/li>\n<li>\u2756 <b>dr Filip Czernicki,<\/b> President of the Management Board, Centralny Port Komunikacyjny (CPK)<\/li>\n<\/ul>\n<div class=\"cont-pr\">Moderator<\/div>\n<ul style=\"list-style: none;\">\n<li>\u2756 <b>dr Damian Szlachter,<\/b> Expert on CI Protection, Polish National Security Society<\/li>\n<\/ul>\n<\/div>\n<div class=\"ourpr-box\">\n<div class=\"time-pr1\">10:55 AM-11:35 AM<\/div>\n<div class=\"cont-pr\">\n<div class=\"pr-til\" style=\"background-color: #d9ead3;\"> COMMUNICATIONS AND TELECOMMUNICATIONS SECURITY<\/div>\n<\/p><\/div>\n<\/p><\/div>\n<div class=\"cont-pr\">\n<p>  Debate<\/p><\/div>\n<div class=\"cont-pr\"> <!-- Container for discussion points --><\/p>\n<ul>\n<li>Telecommunications and digital network development \u2013 communication mechanisms and tools\n<ul>\n<li>AI and cloud computing for automation and operational efficiency<\/li>\n<li>Advanced satellite communication systems<\/li>\n<\/ul>\n<\/li>\n<li>Connectivity for critical infrastructure \u2013 building modern networks and their security<\/li>\n<li>Development of key projects in telecommunications and information technologies<\/li>\n<li>New generation networks \u2013 creation and implementation of 5G and future 6G standards\n<ul>\n<li>Infrastructure complexity, investment costs, regulations, and application in advanced IoT<\/li>\n<\/ul>\n<\/li>\n<\/ul>\n<\/div>\n<div class=\"prele-pr\"> <!-- Separate container for speakers and moderator --><\/p>\n<div class=\"cont-pr\">Speakers<\/div>\n<ul style=\"list-style: none;\">\n<li>\u2756 <b>Col. SG Mariusz Kijowski,<\/b> Director of the Communications and IT Bureau, Border Guard Headquarters<\/li>\n<li>\u2756 <b>Przemys\u0142aw G\u0119siak,<\/b> Manager of the Plus MCX Network Team, Polkomtel<\/li>\n<li>\u2756 <b>Jacek Oko,<\/b> President, UKE (Office of Electronic Communications)<\/li>\n<li>\u2756 <b>Piotr Markowicz,<\/b> Director of ICT Strategy and Business Development, Orange Polska<\/li>\n<li>\u2756 <b>Eng. Marek Magry\u015b,<\/b> Director, Cyfronet*<\/li>\n<li>\u2756 <b>Representative of Exatel<\/b><\/li>\n<\/ul>\n<div class=\"cont-pr\">Moderator<\/div>\n<ul style=\"list-style: none;\">\n<li>\u2756 <b>Representative of the Digital Poland Projects Centre*<\/b><\/li>\n<\/ul>\n<\/div>\n<div class=\"column-container\" style=\"display: flex; width: 100%;\">\n<style>\n          body { font-family: sans-serif; color: #333; } \/* Basic font and color *\/\n          .timer {\n            background-color: #3D503A; \/* Setting background to the given color *\/\n            color: white;             \/* White text color for better readability *\/\n            padding: 5px 8px;         \/* Adding internal margins (top\/bottom 5px, left\/right 8px) *\/\n            text-align: center;       \/* Centering text inside *\/\n            border-radius: 4px;       \/* Optional: slight rounding of corners *\/\n            margin-bottom: 5px;       \/* Optional: small space below the time element *\/\n            display: inline-block;    \/* So padding and other styles work well *\/\n            min-width: 80px;          \/* Optional: minimum width for consistent look *\/\n            font-weight: bold;        \/* Bold time *\/\n            margin-left: 8px;         \/* Added for consistency with example *\/\n          }<\/p>\n<\/style>\n<p>      <!-- Column 1 (50%) - Left side --><\/p>\n<div class=\"column\" style=\"width: 50%; padding-right: 10px; box-sizing: border-box;\">\n<div class=\"day-box\" style=\"background:#fff;color:black;margin-top:px;\">\n            MAIN STAGE<\/div>\n<div class=\"day-box\" style=\"margin-top:-20px;\">BLOCK: BANKING SECTOR FOR FINANCING SECURITY<\/div>\n<div class=\"ourpr-box\">\n<div class=\"timer\">11:35 AM-12:15 PM<\/div>\n<div class=\"cont-pr\" style=\"margin-right: 30px;\">\n<div class=\"pr-til\" style=\"background-color: #d9ead3;\">BANKING SECTOR FOR FINANCING SECURITY<\/div>\n<\/p><\/div>\n<\/p><\/div>\n<div class=\"cont-pr\">\n          Debate\n        <\/div>\n<div class=\"cont-pr\"> <!-- Container for discussion points --><\/p>\n<ul>\n<li>Financing the purchase of armaments and security-related investments<\/li>\n<li>Creating a banking fund \u2013 how to construct a mechanism for granting preferential loans to the defense sector?<\/li>\n<li>Credit conditions for banks \u2013 what requirements must applicants meet to obtain financing?<\/li>\n<li>Resilience of financial institutions in the face of crisis \u2013 legal barriers and challenges in the event of conflict<\/li>\n<\/ul>\n<\/div>\n<div class=\"prele-pr\"> <!-- Separate container for speakers and moderator --><\/p>\n<div class=\"cont-pr\">Speakers<\/div>\n<ul style=\"list-style: none;\">\n<li>\u2756 <b>Beata Frankiewicz-Boniecka,<\/b> Director of the Strategic Client Department, Bank Pekao<\/li>\n<li>\u2756 <b>Adam Filutowski,<\/b> Vice President of the Management Board, KredoBank SA<\/li>\n<li>\u2756 <b>Marek Kowalski,<\/b> Director of the Structured Finance and Real Estate Department, BNP Paribas Bank Polska SA<\/li>\n<li>\u2756 <b>Arkadiusz Lewicki,<\/b> Director, Coordinator of the Defense Financing Team, Polish Bank Association<\/li>\n<li>\u2756 <b>Micha\u0142 Sobolewski,<\/b> Vice President of the Management Board, PKO Bank Polski<\/li>\n<li>\u2756 <b>Grzegorz Rabsztyn,<\/b> Head of the EIB Group Warsaw Office at European Investment Bank (EIB)*<\/li>\n<li>\u2756 Representative, Ministry of Finance*<\/li>\n<li>\u2756 Representative, ING Bank \u015al\u0105ski*<\/li>\n<\/ul>\n<div class=\"cont-pr\">Moderator<\/div>\n<ul style=\"list-style: none;\">\n<li>TBC<\/li>\n<\/ul>\n<\/div>\n<div class=\"ourpr-box\">\n<div class=\"timer\">12:15 PM-12:30 PM<\/div>\n<div class=\"cont-pr\">\n<div class=\"pr-til\" style=\"background-color: #d9ead3;\">Resilience Architecture. How a Digital Bunker protects data when Ransomware paralyzes systems?<\/div>\n<\/p><\/div>\n<\/p><\/div>\n<div class=\"cont-pr\">\n          Case Study\n        <\/div>\n<div class=\"prele-pr\">\n<ul style=\"list-style: none;\">\n<li>\u2756 <b>Dominik \u017bochowski,<\/b> Co-Founder \/ President of the Board, ENGAVE\n                <\/li>\n<\/ul><\/div>\n<div class=\"ourpr-box\">\n<div class=\"timer\">12:30 PM-1:05 PM<\/div>\n<div class=\"cont-pr\">\n            <!-- orange-text class used as in input. Can be defined in CSS or replaced with inline style --><\/p>\n<div class=\"pr-til orange-text\">NETWORKING BREAK<\/div>\n<\/p><\/div>\n<\/p><\/div>\n<div class=\"day-box\">BLOCK: TRANSPORT &#038; ENERGY<\/div>\n<div class=\"ourpr-box\">\n<div class=\"timer\">1:05 PM-1:35 PM<\/div>\n<div class=\"cont-pr\">\n<div class=\"pr-til\" style=\"background-color: #d9ead3;\">THE ROLE OF THE AVIATION SECTOR IN POLAND \u2013 CHALLENGES AND OPPORTUNITIES IN THE CONTEXT OF SECURITY<\/div>\n<\/p><\/div>\n<\/p><\/div>\n<div class=\"cont-pr\">\n          Debate\n        <\/div>\n<div class=\"cont-pr\"> <!-- Container for discussion points --><\/p>\n<ul>\n<li>Development of the aviation sector in Poland and the possibilities of fully utilizing technological potential to improve security<\/li>\n<li>Procurement and tenders for the civil and military sectors<\/li>\n<li>The role of aviation infrastructure \u2013 modernization, logistics, and resilience to threats<\/li>\n<li>Podkarpacie aviation hub<\/li>\n<\/ul>\n<\/div>\n<div class=\"prele-pr\"> <!-- Separate container for speakers and moderator --><\/p>\n<div class=\"cont-pr\">Speakers<\/div>\n<ul style=\"list-style: none;\">\n<li>\u2756 <b>Piotr Ozga,<\/b> CISCO, Polish Aviation Group<\/li>\n<li>\u2756 <b>Maciej Lasek,<\/b> Secretary of State, Government Plenipotentiary for the Central Communication Port, Ministry of Infrastructure<\/li>\n<li>\u2756 <b>Dariusz Ku\u015b,<\/b> Member of the Management Board, Central Communication Port (CPK)<\/li>\n<li>\u2756 Representative of Pratt&#038;Whitney<\/li>\n<\/ul>\n<div class=\"cont-pr\">Moderator<\/div>\n<ul style=\"list-style: none;\">\n<li>\u2756 <b>Magdalena Jaworska-Ma\u0107kowiak,<\/b> President of the Polish Air Navigation Services Agency*<\/li>\n<\/ul>\n<\/div>\n<div class=\"ourpr-box\">\n<div class=\"timer\">1:35 PM-1:45 PM<\/div>\n<div class=\"cont-pr\">\n<div class=\"pr-til\">\n1:35 PM-1:45 PM When you are the target \u2013 practical application of Threat Intelligence during the Paris 2024 Olympic Games\n<\/div>\n<\/p><\/div>\n<\/p><\/div>\n<div class=\"cont-pr\">Case Study<\/div>\n<div class=\"prele-pr\">\n<ul style=\"list-style: none;\">\n<li>\u2756 <b>\u0141ukasz Lorczak,<\/b> Director of Cybersecurity Services Department, Atos Group<\/li>\n<\/ul>\n<\/div>\n<div class=\"ourpr-box\">\n<div class=\"timer\">1:45 PM-2:25 PM<\/div>\n<div class=\"cont-pr\">\n<div class=\"pr-til\" style=\"background-color: #d9ead3;\">ENERGY SECURITY OF POLAND<\/div>\n<\/p><\/div>\n<\/p><\/div>\n<div class=\"cont-pr\">\n          Debate\n        <\/div>\n<div class=\"cont-pr\"> <!-- Container for discussion points --><\/p>\n<ul>\n<li>Security and the strategy for transforming Polish energy<\/li>\n<li>Stability of gas supplies in the face of regional and global political tensions<\/li>\n<li>The future of nuclear energy and Poland&#8217;s security<\/li>\n<li>Increase and fragmentation of owners of renewable energy generation sources on land from a security perspective<\/li>\n<\/ul>\n<\/div>\n<div class=\"prele-pr\"> <!-- Separate container for speakers and moderator --><\/p>\n<div class=\"cont-pr\">Speakers<\/div>\n<ul style=\"list-style: none;\">\n<li>\u2756 <b>Mi\u0142osz Motyka,<\/b> Undersecretary of State, Ministry of Climate and Environment<\/li>\n<li>\u2756 <b>Representative of the Department of Nuclear Energy,<\/b> Ministry of Industry<\/li>\n<li>\u2756 <b>Representative of Tauron Polska Energia<\/b><\/li>\n<li>\u2756 <b>Wojciech Szyksznia,<\/b> Director of the Security Division, Polish Nuclear Power Plants<\/li>\n<li>\u2756 <b>prof. Jerzy Buzek,<\/b> Member of the European Parliament, President of the European Parliament in 2009-2012, Prime Minister of Poland in 1997-2001<\/li>\n<li>\u2756 <b>S\u0142awomir Staszak,<\/b> President of the Management Board, Energa*<\/li>\n<li>\u2756 <b>Piotr Wo\u017aniak,<\/b> Minister of Economy in 2005\u20132007, Undersecretary in the Ministry of Environment and Chief National Geologist in 2011\u20132013, President of PGNiG in 2016-2020*<\/li>\n<li>\u2756 <b>Beata Kurdelska,<\/b> President of the Management Board, PGNiG Retail Sales*<\/li>\n<\/ul>\n<div class=\"cont-pr\">Moderator<\/div>\n<ul style=\"list-style: none;\">\n<li>\u2756 <b>prof. Mariusz Ruszel,<\/b> President, I. \u0141ukasiewicz Institute for Energy Policy in Rzesz\u00f3w<\/li>\n<\/ul>\n<\/div>\n<div class=\"day-box\">BLOCK: GUARDIANS OF SECURITY \u2013 THE KEY ROLE OF UNIFORMED SERVICES IN THE PROTECTION AND DEFENSE OF THE COUNTRY<\/div>\n<div class=\"ourpr-box\">\n<div class=\"timer\">2:25 PM-2:35 PM<\/div>\n<div class=\"cont-pr\">\n<div class=\"pr-til\">Advanced IT solutions in intelligence analysis<\/div>\n<\/p><\/div>\n<\/p><\/div>\n<div class=\"cont-pr\">Presentation<\/div>\n<div class=\"prele-pr\">\n<ul style=\"list-style: none;\">\n<li>\u2756<b> Dariusz Darnowski,<\/b> Director of the International Organizations and Security Sector Solutions Division, Asseco Poland<\/li>\n<\/ul>\n<\/div>\n<div class=\"ourpr-box\">\n<div class=\"timer\">2:35 PM-3:30 PM<\/div>\n<div class=\"cont-pr\">\n<div class=\"pr-til\" style=\"background-color: #d9ead3;\">GUARDIANS OF SECURITY \u2013 THE KEY ROLE OF UNIFORMED SERVICES IN THE PROTECTION AND DEFENSE OF THE COUNTRY<\/div>\n<\/p><\/div>\n<\/p><\/div>\n<div class=\"cont-pr\">\n          Debate\n        <\/div>\n<div class=\"cont-pr\"> <!-- Container for discussion points --><\/p>\n<ul>\n<li>Uniformed services for the security of the Republic of Poland. In what direction are uniformed services heading to effectively protect Poland&#8217;s security?<\/li>\n<li>\u201cUndercover\u201d In the shadow of secret operations \u2013 the mission of Special Services in combating threats<\/li>\n<li>Experiences and conclusions from the Russia-Ukraine conflict for Poland&#8217;s security<\/li>\n<li>Cooperation of Fire Service actions with uniformed services. Cooperation as a factor increasing citizens&#8217; security<\/li>\n<li>Anti-terrorist security in times of increased threat \u2013 BRAVO level and resulting tasks<\/li>\n<li>Mandatory military service as a potential factor strengthening the State&#8217;s defense capabilities<\/li>\n<\/ul>\n<\/div>\n<div class=\"prele-pr\"> <!-- Separate container for speakers and moderator --><\/p>\n<div class=\"cont-pr\">Speakers<\/div>\n<ul style=\"list-style: none;\">\n<li>\u2756 <b>Gen. Brig. Maciej Materka,<\/b> Chairman of the Council, Frontline Foundation<\/li>\n<li>\u2756 <b>Andrzej Szewi\u0144ski,<\/b> Deputy Chairman of the Parliamentary National Defense Committee<\/li>\n<li>\u2756 <b>Brig. dr Barbara Szyku\u0142a-Piec,<\/b> Fire Academy<\/li>\n<li>\u2756 <b>Maj. Gen. dr in\u017c. S\u0142awomir Drumowicz,<\/b> Commander of the Special Forces Component*<\/li>\n<li>\u2756 <b>Chief Insp. Marek Boro\u0144,<\/b> Chief Commander of the Police*<\/li>\n<li>\u2756 <b>Gen. Brig. dr Jaros\u0142aw Str\u00f3\u017cyk,<\/b> Military Counterintelligence Service*<\/li>\n<li>\u2756 <b>Gen. Brig. Piotr Chodowiec,<\/b> Head of the Command and Control Directorate P6, General Staff of the Polish Armed Forces<\/li>\n<\/ul>\n<div class=\"cont-pr\">Moderator<\/div>\n<ul style=\"list-style: none;\">\n<li>\u2756 <b>Maj. (ret.) dr hab. in\u017c. Jaros\u0142aw Stelmach, prof. uczelni, <\/b> Apeiron University of Public and Individual Security<\/li>\n<\/ul>\n<\/div><\/div>\n<p> <!-- End of Column 1 --><\/p>\n<p>      <!-- Column 2 (50%) - Right side --><\/p>\n<div class=\"column\" style=\"width: 50%; padding-left: 10px; box-sizing: border-box;\">\n<div class=\"day-box\" style=\"background:#fff;color:black;margin-top:px;\">\n            CONFERENCE ROOM 1<\/div>\n<div class=\"day-box\" style=\"background-color: #8560DB;color:#fff; margin-top: -20px;\">Session<br \/>\n                  <br \/>DEFENCE HORIZON \u2013 DEFENSE INDUSTRY<\/div>\n<div class=\"ourpr-box\" style=\"margin-top:10px\">\n<div class=\"timer\" style=\"background-color: #8560DB;\">11:15 AM-12:10 PM<\/div>\n<div class=\"cont-pr\">\n<div class=\"pr-til\" style=\"background-color: #D9D2E9;\">INTERNATIONAL COOPERATION AND FOREIGN EXPANSION<\/div>\n<\/p><\/div>\n<\/p><\/div>\n<div class=\"cont-pr\" style=\"margin-left:8px;\">Debate<\/div>\n<div class=\"cont-pr\"> <!-- Container for discussion points --><\/p>\n<ul>\n<li>Promotion of Polish military equipment. Why do Polish officers not sufficiently promote Polish equipment abroad?<\/li>\n<li>Going abroad and the defense sector business in Poland. Why do Polish entities sell their solutions outside the country?<\/li>\n<li>Effective building of strategic partnerships and distribution networks<\/li>\n<\/ul>\n<\/div>\n<div class=\"prele-pr\"> <!-- Separate container for speakers and moderator --><\/p>\n<div class=\"cont-pr\">Speakers<\/div>\n<ul style=\"list-style: none;\">\n<li>\u2756 <b>Cezary Dominiak,<\/b> President of the Management Board, Rosomak S.A.<\/li>\n<li>\u2756 <b>Jakub Czu\u0142ba,<\/b> Member of the Management Board, Fabryka Broni \u201e\u0141ucznik\u201d (\u0141ucznik Arms Factory)<\/li>\n<li>\u2756 <b>Marek Borejko,<\/b> President of the Management Board, PIT-Radwar*<\/li>\n<li>\u2756 <b>Wojciech Kowalczyk,<\/b> President of the Management Board, General Director, Boryszew*<\/li>\n<li>\u2756 <b>Konrad Wojnarowski,<\/b> Undersecretary of State, Ministry of Funds and Regional Policy*<\/li>\n<li>\u2756 <b>S\u0142awomir Cichocki,<\/b> Director of the Armament Policy Department, Ministry of National Defence*<\/li>\n<\/ul>\n<div class=\"cont-pr\">Moderator<\/div>\n<ul style=\"list-style: none;\">\n<li>\u2756 <b>Maciej Borecki,<\/b> Defense sector expert<\/li>\n<\/ul>\n<\/div>\n<div class=\"ourpr-box\">\n<div class=\"timer\" style=\"background-color: #8560DB;\">12:10 PM-1:05 PM<\/div>\n<div class=\"cont-pr\">\n            <!-- orange-text class used as in input. Can be defined in CSS or replaced with inline style --><\/p>\n<div class=\"pr-til orange-text\">NETWORKING BREAK<\/div>\n<\/p><\/div>\n<\/p><\/div>\n<div class=\"ourpr-box\">\n<div class=\"timer\" style=\"background-color: #8560DB;\">1:05 PM-2:05 PM<\/div>\n<div class=\"cont-pr\">\n<div class=\"pr-til\" style=\"background-color: #D9D2E9;\">INNOVATIONS IN THE DEVELOPMENT OF THE DEFENSE INDUSTRY<\/div>\n<\/p><\/div>\n<\/p><\/div>\n<div class=\"cont-pr\" style=\"margin-left:8px;\">Debate<\/div>\n<div class=\"cont-pr\"> <!-- Container for discussion points --><\/p>\n<ul>\n<li>Searching for technologies in the civilian market. How can civilian technologies be adapted to the military sector?<\/li>\n<li>Development of dual-use technologies<\/li>\n<li>How can Polish universities support the development of innovative defense and armament technologies?<\/li>\n<li>How does the Ministry of National Defence (MON) support defense sector startups in developing defense technologies?<\/li>\n<\/ul>\n<\/div>\n<div class=\"prele-pr\"> <!-- Separate container for speakers and moderator --><\/p>\n<div class=\"cont-pr\">Speakers<\/div>\n<ul style=\"list-style: none;\">\n<li>\u2756 <b>prof. dr hab. in\u017c. Jaros\u0142aw S\u0119p,<\/b> Vice-Rector for Development and Cooperation, Rzesz\u00f3w University of Technology<\/li>\n<li>\u2756 <b>Rozalia Urbanek,<\/b> Investment Director, PFR Ventures<\/li>\n<li>\u2756 <b>Monika \u017baboklicka,<\/b> Director of the Logistics Chains Department, DB Port Szczecin<\/li>\n<li>\u2756 <b>dr Andrzej Kilian,<\/b> Co-Owner, Turrim<\/li>\n<li>\u2756 <b>Marek Karabu\u0142a,<\/b> President of the Management Board, Zak\u0142ady Mechaniczne Tarn\u00f3w* (Tarn\u00f3w Mechanical Works)<\/li>\n<li>\u2756 <b>Representative of Wroc\u0142aw University of Science and Technology<\/b><\/li>\n<li>\u2756 <b>Representative of WAT (Military University of Technology)<\/b><\/li>\n<\/ul>\n<div class=\"cont-pr\">Moderator<\/div>\n<ul style=\"list-style: none;\">\n<li>\u2756 <b>Jacek Marcin Raubo,<\/b> Head of Strategic Analysis Department, Defence24<\/li>\n<\/ul>\n<\/div><\/div>\n<\/p><\/div>\n<div class=\"ourpr-box\">\n<div class=\"time-pr1\">3:30 PM<\/div>\n<div class=\"cont-pr\">\n<div class=\"pr-til orange-text\">END OF THE CONGRESS<\/div>\n<\/p><\/div>\n<\/p><\/div>\n<p>  *The organizer reserves the right to make changes to the agenda.<\/p>\n<\/section>\n<\/div>\n<\/div>\n<p><!-- End div.programs --><\/p>\n<h2 class=\"wp-block-heading\"><\/h2>\n<\/div>\n<p><!-- Koniec .textwidget w panel-27893-0-0-3 --><\/p>\n<\/div>\n<p><!-- Koniec panel-27893-0-0-3 --><\/p>\n<\/div>\n<p><!-- Koniec pgc-27893-0-0 --><\/p>\n<p><!-- Koniec pg-27893-0 --><\/p>\n<p><!-- Koniec pl-27893 --><\/p>\n<p><!-- Koniec wp-block-siteorigin-panels-layout-block --><\/p>\n<div id=\"panel-27893-0-0-1-wrapper\">\n<style>\n      .day-box {  \n        font-weight: bold;  \n        margin: 20px 0;  \n        font-size: 1.2em;  \n      }  \n      .ourpr-box {  \n        align-items: center;  \n        margin-bottom: 10px;  \n        border-bottom: 1px solid #fff !important;  \n      }\n      .timer {  \n        width: 30px;  \n        font-weight: bold;  \n      }  \n      .time-pr {  \n        width: 150px;  \n        font-weight: bold;  \n      }  \n      .cont-pr {  \n        flex: 1;  \n        display: flex;  \n        align-items: center;  \n      }  \n      .pr-til {  \n        font-weight: 400;  \n        font-size: 1em;  \n      }  \n      .workshop-columns {  \n        display: flex;  \n        gap: 20px;  \n        margin-top: 20px;  \n      }  \n      .workshop-left,  \n      .workshop-right {  \n        flex: 1;  \n        display: flex;  \n        flex-direction: column;  \n        gap: 10px;  \n      }  \n      \/* Allows alignment of times between columns *\/  \n      .workshop-row {  \n        display: flex;  \n        justify-content: space-between;  \n        align-items: flex-start;  \n      }  \n      .workshop-left .ourpr-box,  \n      .workshop-right .ourpr-box {  \n        flex: 1;  \n      }  \n      .clickable-day { \/* We add style for the clickable day *\/  \n        cursor: pointer;  \n        user-select: none; \/* So that the text is not selected when clicking *\/  \n      }  \n      .agenda-list { \/* Class for the list that we will show\/hide *\/  \n        display: none; \/* Hidden by default *\/  \n      }  \n    <\/style>\n<p><!-- Day I - Clickable header --><\/p>\n<div class=\"day-box clickable-day\" style=\"margin-bottom: -20px; margin-top: -10px;\">Day I <span id=\"arrow-dzien1-calosc\">\u25b4<\/span> <!-- Expanded by default, arrow up --><\/div>\n<p><!-- CONTAINER FOR THE ENTIRE CONTENT OF DAY I (from both panels) --><\/p>\n<div id=\"agenda-dzien1-calosc\" class=\"agenda-list\" style=\"display: block;\"><!-- Expanded by default --><!-- CONTENT FROM THE FIRST PANEL (panel-27893-0-0-1) --><\/p>\n<div id=\"panel-27893-0-0-1\" class=\"widget_text so-panel widget widget_custom_html\" data-index=\"1\">\n<div class=\"textwidget custom-html-widget\"><!-- Removed external \n\n\n\n<style> and Day I header from here, as they are above --><\/p>\n<p>            <!-- List of events from the first panel --><\/p>\n<div class=\"day-box\" style=\"background: linear-gradient(to right, #3D503A, #122E66);border-bottom:#fff;\">\n              COMMON TRACK  \n              SMART CITY FORUM &#038;   POLAND SECURITY CONGRESS\n            <\/div>\n<div class=\"day-box\" style=\"background:#fff;color:black;margin-top:-25px;\">\n              MAIN STAGE\n            <\/div>\n<div class=\"ourpr-box\" style=\"margin-top:-15px;\">\n<div class=\"time-pr\"><span class=\"sp\" style=\"background-color: #ff9a00;\">8:30-10:10<\/span><\/div>\n<div class=\"cont-pr\">\n<div class=\"pr-til\" style=\"margin-bottom:-18px;\">Guest Registration<\/div>\n<\/p>\n<\/div>\n<\/div>\n<div class=\"ourpr-box\" style=\"margin-top:-15px;\">\n<div class=\"time-pr\"><span class=\"sp\" style=\"background-color: #ff9a00;\">10:00-10:10<\/span><\/div>\n<div class=\"cont-pr\">\n<div class=\"pr-til\" style=\"margin-bottom:-18px;\">Grand Opening of the Congress<\/div>\n<\/p>\n<\/div>\n<\/div>\n<div class=\"ourpr-box\" style=\"\">\n<div class=\"time-pr\"><span class=\"sp\" style=\"background-color: #ff9a00;\">10:10-10:25<\/span><\/div>\n<div class=\"cont-pr\">\n<div class=\"pr-til\" style=\"margin-bottom:-17px;\">Speech by the Co-Chairs of the Program Council<\/div>\n<\/p>\n<\/div>\n<\/div>\n<div class=\"ourpr-box\" style=\"background-color:#E6E6E6;\">\n<div class=\"cont-pr\">\n<div class=\"pr-til\" style=\"margin-bottom:-15px;\">INAUGURAL BLOCK: National security forces and resources<\/div>\n<\/div>\n<\/div>\n<div class=\"ourpr-box\" style=\"\">\n<div class=\"time-pr\"><span class=\"sp\" style=\"background-color: #ff9a00;\">10:25-10:45<\/span><\/div>\n<div class=\"cont-pr\">\n<div class=\"pr-til\" style=\"margin-bottom:-15px;\">Speech by Government Representatives<\/div>\n<\/p>\n<\/div>\n<\/div>\n<div class=\"ourpr-box\" style=\"\">\n<div class=\"time-pr\"><span class=\"sp\" style=\"background-color: #ff9a00;\">10:45-11:35<\/span><\/div>\n<div class=\"cont-pr\">\n<div class=\"pr-til\" style=\"margin-bottom:-17px;\">Strategy for security<\/div>\n<\/p>\n<\/div>\n<\/div>\n<div class=\"ourpr-box\" style=\"\">\n<div class=\"time-pr\"><span class=\"sp\" style=\"background-color: #ff9a00;\">11:35-12:20<\/span><\/div>\n<div class=\"cont-pr\">\n<div class=\"pr-til\" style=\"margin-bottom:-16px;\">Building social resilience to contemporary threats. The role of local governments in crisis management.<\/div>\n<\/p>\n<\/div>\n<\/div>\n<div class=\"ourpr-box\" style=\"background-color: #FF9A00;\">\n<div class=\"time-pr\"><span class=\"sp\" style=\"background-color: #ff9a00;\">12:20 \u2013 12:50<\/span><\/div>\n<div class=\"cont-pr\" style=\"background-color: #FF9A00;\">\n<div class=\"pr-til\" style=\"margin-bottom:-15px;color:#fff;margin-top:-4px;\">BREAK<\/div>\n<\/p>\n<\/div>\n<\/div>\n<div style=\"display: flex;margin-top: -20px;\">\n<div style=\"width: 50%;\">\n<div class=\"day-box\" style=\"color: #ff9a00 !important; background-color: #3d503a!important;\">\n                  THEMATIC TRACK    POLAND SECURITY CONGRESS\n                <\/div>\n<\/p>\n<\/div>\n<div style=\"width: 50%;\">\n<div class=\"day-box\" style=\"color: yellow !important; background-color: #122e66!important;\">\n                  THEMATIC TRACK  SMART CITY FORUM\n                <\/div>\n<\/p>\n<\/div>\n<\/div>\n<\/div>\n<p> <!-- End .textwidget custom-html-widget -->\n        <\/div>\n<p> <!-- End #panel-27893-0-0-1 --><\/p>\n<p>        <!-- CONTENT FROM THE SECOND PANEL (panel-27893-0-0-2) --><\/p>\n<div id=\"panel-27893-0-0-2\" class=\"so-panel widget widget_text\" data-index=\"2\">\n<div class=\"panel-widget-style panel-widget-style-for-27893-0-0-2\">\n<div class=\"textwidget\">\n              <!-- Original styles for this part (from the second panel) - untouched -->  \n              <!-- These styles will apply to elements from this second HTML block --><\/p>\n<style>\n                  \/* === Basic Styles === *\/  \n                  .agenda-container {  \n                      display: flex;  \n                      flex-wrap: wrap;  \n                      gap: 20px; \/* Gap between columns \/ end elements *\/  \n                      margin: 0 auto;  \n                      max-width: 1200px;  \n                      padding: 0 15px;  \n                      align-items: stretch; \/* Aligns column containers to the same height *\/  \n                  }  \n                  \/* Column containers *\/  \n                  .agenda-container .workshop-left,  \n                  .agenda-container .workshop-right,  \n                  .agenda-container .workshop-third {  \n                      display: flex;  \n                      flex-direction: column;  \n                      gap: 10px; \/* Gap between .workshop-item elements in a column *\/  \n                      min-width: 200px; \/* Minimum column width *\/  \n                  }  \n                  \/* Column headers *\/  \n                  .column-header {  \n                      font-weight: bold;  \n                      font-size: 1.1em;  \n                      margin-bottom: 10px;  \n                      padding: 10px 0;  \n                      border-bottom: 1px dashed #ccc;  \n                      text-align: center;  \n                  }\n                  .workshop-item {  \n                      display: flex; \/* Flex layout: time next to description *\/  \n                      align-items: stretch; \/* Stretch time and description to the same height *\/  \n                      overflow: hidden; \/* Prevents background \"overflow\" *\/  \n                      background-color: #fff; \/* Default white background for the entire item *\/  \n                      padding: 0px;  \n                  }  \n                  \/* Removes border for the last element in the container (column) *\/  \n                  .workshop-item:last-child {  \n                     border-bottom: none;  \n                  } \n                  .agenda-time-block {  \n                      font-weight: bold;  \n                      padding: 15px 15px; \/* Default padding *\/  \n                      background-color: #3D503A; \/* Default green *\/  \n                      color: #fff;  \n                      width: 100px; \/* Fixed width for side-by-side layout *\/  \n                      flex-shrink: 0; \/* Does not shrink *\/  \n                      text-align: center; \/* Default centered text *\/  \n                      display: flex; \/* Vertical\/horizontal text centering *\/  \n                      align-items: center;  \n                      justify-content: center;  \n                      box-sizing: border-box;  \n                  }  \n                  .agenda-desc-block {  \n                      padding: 15px 25px; \/* Default padding with a gap from the time *\/  \n                      background-color: #fff; \/* White background for description *\/  \n                      flex: 1; \/* Takes up the remaining space *\/  \n                      display: flex; \/* Vertical content centering *\/  \n                      align-items: center;  \n                      box-sizing: border-box;  \n                      text-align: left; \/* Align text to the left *\/  \n                  }\n                   .workshop-item.break .agenda-desc-block {  \n                      text-align: center;  \n                      font-style: italic;  \n                      color: #555;  \n                      background-color: #f8f8f8; \/* Light gray background for break description *\/  \n                      justify-content: center; \/* Centering the \"BREAK\" text *\/  \n                   }  \n                   .workshop-item.break .agenda-time-block {  \n                      background-color: #eee !important; \/* Light gray background for break time *\/  \n                      color: #333; \/* Darker text on a light background *\/  \n                   }<\/p>\n<p>                  .workshop-item--time-above {  \n                      display: block; \/* Change to block layout (elements one below the other) *\/  \n                      border-bottom: none; \/* Remove border from item container *\/  \n                      background-color: transparent; \/* Reset container background *\/  \n                  }\n              .timee {  \n                      width: 100%; \/* <<<--- TIME BLOCK TAKES FULL WIDTH ---<<< *\/\n                      border-bottom: 1px solid rgba(0,0,0,0.1); \/* Thin line below time *\/\n                      padding: 10px 15px; \/* Adjusted top\/bottom padding *\/\n                      \/* Reset flex styles not needed in block layout *\/\n                      display: block; \/* Make sure it's a block *\/\n                      text-align: center; \/* Center text in time block *\/\n                      flex-shrink: unset;\n                      align-items: unset;\n                      justify-content: unset;\n                      background-color: #3D503A;\n                      color: #fff;\n                      font-weight: bold;\n                  }\n  \n                  .workshop-item--time-above .agenda-desc-block {\n                      width: 100%; \/* Description also takes full width *\/\n                      padding: 15px 15px; \/* Reset left padding *\/\n                      \/* Reset flex styles not needed in block layout *\/\n                      display: block; \/* Make sure it's a block *\/\n                      flex: unset;\n                      text-align: left; \/* Description text defaults to left alignment *\/\n                      align-items: unset;\n                      background-color: #fff; \/* Make sure description has a white background *\/\n                  }\n  \n                   .workshop-item--time-above.break .agenda-time-block {\n                   }\n                   .workshop-item--time-above.break .agenda-desc-block {\n                      text-align: center; \/* Break text centered *\/\n                      background-color: #f8f8f8; \/* Light background for break description *\/\n                   }\n  \n                   .workshop-left .workshop-item--time-above:last-child .agenda-desc-block,\n                   .workshop-right .workshop-item--time-above:last-child .agenda-desc-block {\n                        border-bottom: none;\n                   }\n  \n  \n                   .workshop-third .agenda-time-block {\n                        background-color: #122e66 !important;\n                   }\n  \n                  .highlight-yellow {\n                      color: #FF9A00;\n                      font-weight: bold;\n                      text-align: center;\n                      width: 100%; \/* So span fills the container *\/\n                  }\n  \n                   \/* End elements *\/\n                   .workshop-end {\n                     display: flex;\n                     flex-wrap: wrap; \/* Allow elements to wrap *\/\n                     justify-content: space-between; \/* Distribution of elements *\/\n                     width: 100%; \/* Full width *\/\n                     border-top: 0px solid #000; \/* Line above *\/\n                     padding-top: 10px; \/* Gap from line *\/\n                     margin-top: 20px; \/* Gap from columns *\/\n                   }\n                   \/* Item in end element *\/\n                   .workshop-end .workshop-item {\n                        flex-basis: calc(50% - 10px); \/* Two elements side-by-side with a gap *\/\n                        border-bottom: none; \/* Remove default border *\/\n                        \/* Uses default display: flex (time next to description) *\/\n                   }\n                    \/* Description in end element *\/\n                    .workshop-end .agenda-desc-block {\n                       justify-content: center; \/* Centering \"END\" text *\/\n                       \/* Uses default flex: 1 *\/\n                    }\n                    .workshop-end .workshop-item:last-child .agenda-time-block {\n                 \n                    }\n  \n  \n                  \/* Gala *\/\n                  .workshop-end.gala {\n                     border-top: 2px solid #b70000; \/* Red line *\/\n                     border-bottom: 2px solid #b70000; \/* Red line *\/\n                     background-image: url('https:\/\/bezpieczenstwopolskie.pl\/wp-content\/uploads\/2025\/01\/KBP-TLO-NEW.jpg');\n                     background-size: cover;\n                     background-repeat: no-repeat;\n                     background-position: center;\n                     color: white; \/* Default white text for Gala *\/\n                     margin-top: 10px; \/* Reduced gap from previous .workshop-end *\/\n                  }\n                  \/* Item in Gala *\/\n                  .workshop-end.gala .workshop-item {\n                     flex-basis: 100%; \/* Gala takes full width *\/\n                     background-color: transparent; \/* Background from image *\/\n                  }\n                  \/* Time in Gala *\/\n                  .workshop-end.gala .agenda-time-block {\n                     background-color: #b70000 !important; \/* Red time background *\/\n                  }\n                  \/* Description in Gala *\/\n                   .workshop-end.gala .agenda-desc-block {\n                      color: white !important; \/* White description text *\/\n                      background-color: rgba(0,0,0,0.6); \/* Semi-transparent dark background for readability *\/\n                      justify-content: center; \/* Center text *\/\n                   }\n                   \/* Highlight in Gala *\/\n                   .workshop-end.gala .agenda-desc-block .highlight-yellow{\n                       color: white !important; \/* Override yellow to white *\/\n                   }\n              <\/style>\n<p>              <!-- Main agenda container (from the second panel) --><\/p>\n<section class=\"agenda-container\"><!-- Column 1 (25%) - TIME ABOVE DESCRIPTION Layout --><\/p>\n<div class=\"workshop-left workshop-container\" style=\"flex: 1; margin-top: -35px; margin-bottom: -35px;\">\n<div class=\"day-box\" style=\"background: #fff; color: black; margin-top: -5px;\">MAIN STAGE<\/div>\n<p><!-- Element with layout modifier --><\/p>\n<div class=\"workshop-item workshop-item--time-above\" style=\"margin-top: -35px; margin-bottom: -35px; background-color: #82a57c;\"><!-- Corrected color notation --><\/p>\n<div class=\"timee\">12:50-15:05<\/div>\n<div class=\"workshop-desc agenda-desc-block\" style=\"margin-top: 0px; margin-bottom: -5px; background-color: #cbf7c3;\">BLOCK: Technology<br \/>\nin security<\/div>\n<\/div>\n<p><!-- Element with layout modifier --><\/p>\n<div class=\"workshop-item workshop-item--time-above\" style=\"margin-bottom: -10px; margin-top: -10px;\">\n<div class=\"timee\">15:05-16:00<\/div>\n<div class=\"workshop-desc agenda-desc-block\" style=\"background-color: #cbf7c3;\">BLOCK: Polish defense industry towards national strength \u2013 innovations, challenges, and the future of defense<\/div>\n<\/div>\n<\/div>\n<p><!-- Column 2 (25%) - TIME ABOVE DESCRIPTION Layout --><\/p>\n<div class=\"workshop-right workshop-container\" style=\"flex: 1; margin-top: -35px; margin-bottom: -35px; border-bottom: none !important;\">\n<div class=\"day-box\" style=\"background: #fff; color: black; margin-top: -5px;\">CONFERENCE ROOM 1<\/div>\n<p><!-- Element with layout modifier --><\/p>\n<div class=\"workshop-item workshop-item--time-above\" style=\"margin-top: -35px; margin-bottom: -35px;\">\n<div class=\"timee\" style=\"background-color: #8560db;\">12:50-14:20<\/div>\n<div class=\"workshop-desc agenda-desc-block\" style=\"background-color: #d9d2e9;\">\n<div>\n<div class=\"session-category\" style=\"background-color: #d9d2e9; border-bottom: #fff;\">Session<\/div>\n<div class=\"session-main-title\"><b style=\"background-color: #d9d2e9; border-bottom: #fff !important;\">DEFENCE HORIZON - DEFENSE INDUSTRY<\/b><\/div>\n<\/div>\n<\/div>\n<\/div>\n<div style=\"margin-top: 25px;\"><!-- Removed class=\"w\" --><\/p>\n<div class=\"workshop-item workshop-item--time-above\"><!-- Corrected quotes --><\/p>\n<div class=\"timee\" style=\"background-color: #f7b471;\">14:35-15:35<\/div>\n<div class=\"workshop-desc agenda-desc-block\" style=\"margin-top: 0px; margin-bottom: 10px; background-color: #fce5cd;\">\n<div>\n<div class=\"session-category\" style=\"margin-top: -10px;\">Session<\/div>\n<div class=\"session-main-title\"><b>#DISINFORMATION<\/b><\/div>\n<\/div>\n<\/div>\n<\/div>\n<\/div>\n<\/div>\n<p><!-- Column 3 (50%) - DEFAULT Layout (TIME NEXT TO DESCRIPTION) --><\/p>\n<div class=\"workshop-third workshop-container\" style=\"flex: 2; margin-bottom: 0px;\">\n<div class=\"day-box\" style=\"background: #fff; color: black; margin-top: -40px;\">CONGRESS HALL<\/div>\n<div class=\"workshop-item\" style=\"margin-bottom: -0px; margin-top: -0px;\">\n<div class=\"workshop-time agenda-time-block\">12:45-13:50<\/div>\n<div class=\"workshop-desc agenda-desc-block\">BLOCK: Designing cities with residents in mind<\/div>\n<\/div>\n<div class=\"workshop-item\">\n<div class=\"workshop-time agenda-time-block\">13:50-15:00<\/div>\n<div class=\"workshop-desc agenda-desc-block\">BLOCK: Urbantech \u2013 tools for the technological evolution of cities<\/div>\n<\/div>\n<div class=\"workshop-item\" style=\"margin-bottom: -0px; margin-top: -0px;\">\n<div class=\"workshop-time agenda-time-block\">15:00-15:35<\/div>\n<div class=\"workshop-desc agenda-desc-block\">Local governments in readiness<\/div>\n<\/div>\n<\/div>\n<p><!-- End elements - DEFAULT Layout (TIME NEXT TO DESCRIPTION) --><\/p>\n<div class=\"workshop-end\">\n<div class=\"workshop-item\" style=\"margin-top: -16px;\">\n<div class=\"workshop-time agenda-time-block\">16:00<\/div>\n<div class=\"workshop-desc agenda-desc-block\"><span class=\"highlight-yellow\">END OF DAY I OF THE CONGRESS<\/span><\/div>\n<\/div>\n<div class=\"workshop-item\" style=\"margin-top: -18px; margin-left: -10px !important;\">\n<div class=\"workshop-time agenda-time-block\" style=\"background-color: #122e66;\">15:45<\/div>\n<div class=\"workshop-desc agenda-desc-block\"><span class=\"highlight-yellow\">END OF DAY I OF THE CONGRESS<\/span><\/div>\n<\/div>\n<\/div>\n<p><!-- Gala - DEFAULT Layout (TIME NEXT TO DESCRIPTION) --><\/p>\n<div class=\"workshop-end gala\">\n<div class=\"workshop-item\">\n<div class=\"workshop-time agenda-time-block\">20:00<\/div>\n<div class=\"workshop-desc agenda-desc-block\"><span class=\"highlight-yellow\">Grand Gala (entry by personal invitation only) and announcement of the Diamond Shields Competition and Smart City Awards (competition entries are free of charge)<\/span><\/div>\n<\/div>\n<\/div>\n<\/section>\n<p><!-- End .agenda-container --><\/p>\n<\/div>\n<p><!-- End .textwidget --><\/p>\n<\/div>\n<p><!-- End .panel-widget-style --><\/p>\n<\/div>\n<p><!-- End #panel-27893-0-0-2 --><\/p>\n<\/div>\n<p><!-- End #agenda-dzien1-calosc --><\/p>\n<div class=\"textwidget\"><!-- Original styles - remain untouched --><\/div>\n<style>\n         .agenda-container {  \n                 display: flex;         gap: 40px;     }  \n                 .agenda-container .workshop-left,     .agenda-container .workshop-right {         flex: 1;         display: flex;         flex-direction: column;         gap: 10px;     }  \n                   .day-box {         font-weight: bold;         margin: 20px 0;         font-size: 1.2em;         text-transform: uppercase;     }  \n                   .ourpr-box {         display: flex;         align-items: center;         margin-bottom: 10px;     }  \n                   .time-pr {         width: 150px;         font-weight: bold;     }  \n                    .cont-pr {         flex: 1;     }     .pr-til {         font-weight: 400;         font-size: 1em;         text-transform: uppercase;     }  \n                    .workshop-container {         display: flex;         flex-direction: column;     }  \n                     .workshop-title {         font-size: 1.5em;         font-weight: bold;         margin-bottom: 10px;     }  \n                     .workshop-item {         display: flex;         align-items: center;         padding: 0px 0;     border-bottom: 1px solid black;  \n      }     .workshop-time {         font-weight: bold;         padding: 15px 15px;         background-color: #3D503A;         color: #fff;         width: 100px;         text-align: center;  \n      } .workshop-desc {     padding: 5px 15px;     padding-left: 25px;     flex: 1; }     .highlight-yellow {         color: #FF9A00;         font-weight: bold;   text-align: center;  \n      }\n<\/style>\n<p><!-- DAY II - Header becomes clickable --><\/p>\n<div class=\"day-box workshop-title\" style=\"color: #fff; margin-bottom: 60PX; cursor: pointer; user-select: none;\">DAY II <span id=\"arrowDzien2\">\u25be<\/span><\/div>\n<p><!-- Content of Day II, hidden by default using inline style --><\/p>\n<div id=\"agendaDzien2Content\" style=\"display: none;\">\n<section class=\"agenda-container\">\n<div class=\"workshop-left workshop-container\" style=\"margin-top: -70px;\">\n<div class=\"day-box workshop-title\" style=\"color: #ff9120!important; background-color: #3d503a!important;\">POLAND SECURITY CONGRESS<\/div>\n<div style=\"display: flex; margin-top: -20px;\">\n<div style=\"width: 100%;\">\n<div class=\"day-box\" style=\"color: #333333 !important; background-color: #fff!important;\">MAIN STAGE<\/div>\n<\/div>\n<\/div>\n<div class=\"workshop-item\" style=\"border-bottom: none !important;\">\n<div class=\"workshop-time\">8:00-9:30<\/div>\n<div class=\"workshop-desc\" style=\"margin-bottom: -10px; border: none !important;\">Guest Registration<\/div>\n<p><!-- Corrected incorrect inline style --><\/p>\n<\/div>\n<div class=\"workshop-item\" style=\"border-bottom: none !important;\">\n<div class=\"workshop-time\">9:30-11:35<\/div>\n<div class=\"workshop-desc\" style=\"margin-bottom: -10px; border: none !important;\">BLOCK: Key services for security<\/div>\n<p><!-- Corrected incorrect inline style --><\/p>\n<\/div>\n<div class=\"workshop-item\" style=\"border-bottom: none !important;\">\n<div class=\"workshop-time\">9:30-10:00<\/div>\n<div class=\"workshop-desc\">Opening of Day II and Speeches by Honored Guests<\/div>\n<\/div>\n<div id=\"panel-some-id-2\" class=\"so-panel widget widget_text\" data-index=\"Y\">\n<div class=\"panel-widget-style panel-widget-style-for-some-id-2\">\n<div class=\"textwidget\">\n<style>\n                  \/* === Basic Styles === *\/  \n                  .agenda-container {  \n                      display: flex;  \n                      flex-wrap: wrap;  \n                      gap: 20px; \/* Gap between columns *\/  \n                      margin: 20px auto; \/* Added margin for separation *\/  \n                      max-width: 1200px;  \n                      padding: 0 15px;  \n                      align-items: stretch; \/* Aligns column containers *\/  \n                  }  \n                  \/* Column containers *\/  \n                  .agenda-container .workshop-left,  \n                  .agenda-container .workshop-right { \/* We target only these two classes *\/  \n                      display: flex;  \n                      flex-direction: column;  \n                      gap: 10px;  \n                      min-width: 200px;  \n                      box-sizing: border-box;  \n                      flex: 1 1 calc(50% - 10px); \/* Key: 50% width minus half the gap *\/  \n                  }  \n                  \/* Column headers *\/  \n                  .column-header {  \n                      font-weight: bold;  \n                      font-size: 1.1em;  \n                      margin-bottom: 10px;  \n                      padding: 10px 0;  \n                      border-bottom: 0px #fff !important;  \n                      text-align: center;  \n                  }  \n                  \/* === Styles for MODIFIER .workshop-item--time-above === *\/  \n                  .workshop-item--time-above {  \n                      display: block;  \n                      border-bottom: none;  \n                      background-color: transparent;  \n                  }  \n                  .timee {  \n                      width: 100%;  \n                      padding: 10px 15px;  \n                      display: block;  \n                      text-align: center;  \n                      background-color: #3D503A; \/* Green time background *\/  \n                      color: #fff;  \n                      font-weight: bold;  \n                      box-sizing: border-box;  \n                  }  \n                  .workshop-item--time-above .agenda-desc-block {  \n                      width: 100%;  \n                      border-bottom: 0px solid white !important; \/* Border under description *\/  \n                      padding: 15px 15px; \/* Padding remains *\/  \n                      \/* display: flex; *\/       \/* <<< REMOVED *\/\n                      \/* align-items: flex-start; *\/ \/* <<< REMOVED *\/\n                      display: block; \/* We make sure it's a block *\/\n                      min-height: 80px; \/* Minimum height can be adjusted *\/\n                      text-align: left;\n                      background-color: #fff;\n                      box-sizing: border-box;\n                  }\n                   \/* Remove bottom border from the description of the last element in columns *\/\n                   .workshop-left .workshop-item--time-above:last-child .agenda-desc-block,\n                   .workshop-right .workshop-item--time-above:last-child .agenda-desc-block {\n                        border-bottom: none;\n                   }\n  \n                  \/* Additional styles for bold text and breaks in text *\/\n                  .agenda-desc-block b {\n                      font-weight: bold;\n                  }\n              <\/style>\n<section class=\"agenda-container\">\n<div class=\"workshop-left workshop-container\" style=\"margin-top: -40px; margin-left: -20px;\">\n<div class=\"day-box\" style=\"background: #fff; color: black; margin-top: -0px;\">MAIN STAGE<\/div>\n<div class=\"workshop-item workshop-item--time-above\" style=\"margin-top: -34px;\">\n<div class=\"timee\">11:35-12:30<\/div>\n<div class=\"agenda-desc-block\" style=\"background-color: #cbf7c3;\">BLOCK: Banking sector for financing security<\/div>\n<\/div>\n<\/div>\n<div class=\"workshop-right workshop-container\" style=\"margin-top: -40px;\">\n<div class=\"day-box\" style=\"background: #fff; color: black; margin-top: -0px;\">CONFERENCE ROOM 1<\/div>\n<div class=\"workshop-item workshop-item--time-above\" style=\"margin-top: -35px;\">\n<div class=\"timee\" style=\"background-color: #8560db;\">11:15-12:10<\/div>\n<div class=\"agenda-desc-block\" style=\"background-color: #d9d2e9;\">\n<div>\n<div class=\"session-category\">Session<\/div>\n<div class=\"session-main-title\"><b>DEFENCE HORIZON - DEFENSE INDUSTRY<\/b><\/div>\n<div class=\"session-description\"><\/div>\n<\/div>\n<\/div>\n<\/div>\n<\/div>\n<\/section>\n<\/div>\n<\/div>\n<\/div>\n<div class=\"workshop-item\" style=\"margin-top: -40px; border-bottom: none !important;\">\n<div class=\"workshop-time\">12:30-13:05<\/div>\n<div class=\"workshop-desc highlight-yellow\">NETWORKING BREAK<\/div>\n<\/div>\n<div id=\"panel-some-id\" class=\"so-panel widget widget_text\" data-index=\"X\">\n<div class=\"panel-widget-style panel-widget-style-for-some-id\">\n<div class=\"textwidget\"><!-- Original nested styles - remain untouched --> <\/p>\n<style>\n                  \/* === Basic Styles === *\/  \n                  .agenda-container {  \n                      display: flex;  \n                      flex-wrap: wrap;  \n                      gap: 20px; \/* Gap between columns *\/  \n                      margin: 20px auto; \/* Added margin for separation *\/  \n                      max-width: 1200px;  \n                      padding: 0 15px;  \n                      align-items: stretch; \/* Aligns column containers *\/  \n                  }  \n                  \/* Column containers *\/  \n                  .agenda-container .workshop-left,  \n                  .agenda-container .workshop-right { \/* We target only these two classes *\/  \n                      display: flex;  \n                      flex-direction: column;  \n                      gap: 10px;  \n                      min-width: 200px;  \n                      box-sizing: border-box;  \n                      flex: 1 1 calc(50% - 10px); \/* Key: 50% width minus half the gap *\/  \n                  }  \n                  \/* Column headers *\/  \n                  .column-header {  \n                      font-weight: bold;  \n                      font-size: 1.1em;  \n                      margin-bottom: 10px;  \n                      padding: 10px 0;  \n                      border-bottom: 1px dashed #ccc;  \n                      text-align: center;  \n                  }  \n                  \/* === Styles for MODIFIER .workshop-item--time-above === *\/  \n                  .workshop-item--time-above {  \n                      display: block;  \n                      border-bottom: none;  \n                      background-color: transparent;  \n                  }  \n                  .timee {  \n                      width: 100%;  \n                      border-bottom: 1px solid rgba(0,0,0,0.1);  \n                      padding: 10px 15px;  \n                      display: block;  \n                      text-align: center;  \n                      background-color: #3D503A; \/* Green time background *\/  \n                      color: #fff;  \n                      font-weight: bold;  \n                      box-sizing: border-box;  \n                  }  \n                  .workshop-item--time-above .agenda-desc-block {  \n                      width: 100%;  \n                      border-bottom: 1px solid black; \/* Border under description *\/  \n                      padding: 15px 15px;  \n                      display: flex; \/* We use flex for vertical alignment *\/  \n                      align-items: center; \/* Vertical centering *\/  \n                      min-height: 50px; \/* Minimum height *\/  \n                      text-align: left;  \n                      background-color: #fff;  \n                      box-sizing: border-box;  \n                  }  \n                   \/* Remove bottom border from the description of the last element in columns *\/  \n                   .workshop-left .workshop-item--time-above:last-child .agenda-desc-block,  \n                   .workshop-right .workshop-item--time-above:last-child .agenda-desc-block {  \n                        border-bottom: none;  \n                   }\n                \/* Additional styles for bold text and breaks in text *\/  \n                  .agenda-desc-block b {  \n                      font-weight: bold;  \n                  }  \n              <\/style>\n<section class=\"agenda-container\">\n<div class=\"workshop-left workshop-container\" style=\"margin-left: -20px;\">\n<div class=\"day-box\" style=\"background: #fff; color: black; margin-top: -40px;\">MAIN STAGE<\/div>\n<div class=\"workshop-item workshop-item--time-above\" style=\"margin-top: -35px; background-color: #82a57c;\"><!-- Corrected color notation --><\/p>\n<div class=\"timee\">13:05-14:25<\/div>\n<div class=\"agenda-desc-block\" style=\"background-color: #cbf7c3;\">BLOCK: Transport &amp; energy<\/div>\n<\/div>\n<div class=\"workshop-item workshop-item--time-above\" style=\"margin-top: -20px; background-color: #82a57c;\"><!-- Corrected color notation --><\/p>\n<div class=\"timee\">14:25-15:30<\/div>\n<div class=\"agenda-desc-block\" style=\"background-color: #cbf7c3;\">BLOCK: Guardians of security \u2013 the key role of uniformed services in the protection and defense of the country<\/div>\n<\/div>\n<\/div>\n<div class=\"workshop-right workshop-container\">\n<div class=\"day-box\" style=\"background: #fff; color: black; margin-top: -40px;\">CONFERENCE ROOM 1<\/div>\n<div class=\"workshop-item workshop-item--time-above\" style=\"margin-top: -35px;\">\n<div class=\"timee\" style=\"background-color: #8560db;\">13:05-14:05<\/div>\n<div class=\"agenda-desc-block\" style=\"background-color: #d9d2e9;\">\n<div>\n<div class=\"session-category\">Session<\/div>\n<div class=\"session-main-title\"><b>DEFENCE HORIZON - DEFENSE INDUSTRY<\/b><\/div>\n<div class=\"session-description\"><\/div>\n<\/div>\n<\/div>\n<\/div>\n<\/div>\n<\/section>\n<\/div>\n<\/div>\n<\/div>\n<\/div>\n<p><!-- End .workshop-left --><\/p>\n<div class=\"workshop-right workshop-container\" style=\"margin-top: -70px;\">\n<div class=\"day-box workshop-title\" style=\"color: #ffff00!important; background-color: #122e66!important;\">SMART CITY FORUM<\/div>\n<div style=\"display: flex; margin-top: -20px;\">\n<div style=\"width: 100%;\">\n<div class=\"day-box\" style=\"color: #333333 !important; background-color: #fff!important;\">CONGRESS HALL<\/div>\n<\/div>\n<\/div>\n<div class=\"workshop-item\" style=\"border-bottom: none !important;\">\n<div class=\"workshop-time\" style=\"background-color: #122e66 !important;\">9:30-9:40<\/div>\n<div class=\"workshop-desc\">Opening of Day II<\/div>\n<\/div>\n<div class=\"workshop-item\" style=\"border-bottom: none !important;\">\n<div class=\"workshop-time\" style=\"background-color: #122e66 !important;\">9:40-10:45<\/div>\n<div class=\"workshop-desc\">BLOCK: New era of urban energy<\/div>\n<\/div>\n<div class=\"workshop-item\" style=\"border-bottom: none !important;\">\n<div class=\"workshop-time\" style=\"background-color: #122e66 !important;\">10:45-11:35<\/div>\n<div class=\"workshop-desc\">BLOCK: Data as the currency of the modern city<\/div>\n<\/div>\n<div class=\"workshop-item\" style=\"border-bottom: none !important;\">\n<div class=\"workshop-time\" style=\"background-color: #122e66 !important;\">12:10-12:45<\/div>\n<div class=\"workshop-desc highlight-yellow\">NETWORKING BREAK<\/div>\n<\/div>\n<div class=\"workshop-item\" style=\"border-bottom: none !important;\">\n<div class=\"workshop-time\" style=\"background-color: #122e66 !important;\">12:35-13:10<\/div>\n<div class=\"workshop-desc\">Regenerative and sustainable city<\/div>\n<\/div>\n<div class=\"workshop-item\" style=\"border-bottom: none !important;\">\n<div class=\"workshop-time\" style=\"background-color: #122e66 !important;\">13:10-14:05<\/div>\n<div class=\"workshop-desc\">Emission-free mobility \u2013 a city that leaves no trace<\/div>\n<\/div>\n<div class=\"workshop-item\" style=\"border-bottom: none !important;\">\n<div class=\"workshop-time\" style=\"background-color: #122e66 !important;\">14:05-14:55<\/div>\n<div class=\"workshop-desc\">Intelligent management \u2013 smart city in practice and contemporary city models<\/div>\n<\/div>\n<\/div>\n<p><!-- End .workshop-right --><\/p>\n<div class=\"workshop-end\" style=\"display: flex; justify-content: space-between; width: 100%; border-top: 2px solid #000; padding-top: 10px;\">\n<div class=\"workshop-item\" style=\"flex: 1; text-align: left; margin-top: -60px;\">\n<div class=\"workshop-time\">15:30<\/div>\n<div class=\"workshop-desc highlight-yellow\">END OF THE CONGRESS<\/div>\n<\/div>\n<div class=\"workshop-item\" style=\"flex: 1; text-align: right; padding-left: 20px; margin-top: -60px;\">\n<div class=\"workshop-time\" style=\"background-color: #122e66 !important;\">14:55<\/div>\n<div class=\"workshop-desc highlight-yellow\">END OF THE CONGRESS<\/div>\n<\/div>\n<\/div>\n<\/section>\n<\/div>\n<p><!-- End #agendaDzien2Content --><\/div>\n<p><!-- .vgblk-rw-wrapper --><\/p>\n","protected":false},"excerpt":{"rendered":"<p>POLAND SECURITY CONGRESS JUNE 11-12, 2025 ZEN.COM EXPO RZESZ\u00d3W-JASIONKA Print Program SMART CITY FORUM AGENDA Day I Day II DAY I JUNE 11, 2025 MAIN STAGE 10:00 &#8211; 12:20 COMMON&#8230;<\/p>\n","protected":false},"author":7,"featured_media":0,"parent":0,"menu_order":0,"comment_status":"closed","ping_status":"closed","template":"","meta":{"_acf_changed":false,"inline_featured_image":false,"footnotes":""},"class_list":["post-40892","page","type-page","status-publish","hentry"],"acf":[],"yoast_head":"<!-- This site is optimized with the Yoast SEO plugin v26.5 - https:\/\/yoast.com\/wordpress\/plugins\/seo\/ -->\n<title>AGENDA KBP RZESZ\u00d3W 2025 - KONGRES BEZPIECZE\u0143STWO POLSKI - KBP RZESZ\u00d3W<\/title>\n<meta name=\"robots\" content=\"index, follow, max-snippet:-1, max-image-preview:large, max-video-preview:-1\" \/>\n<link rel=\"canonical\" href=\"https:\/\/bezpieczenstwopolskie.pl\/en\/agenda-kbp-2025\/\" \/>\n<meta property=\"og:locale\" content=\"en_US\" \/>\n<meta property=\"og:type\" content=\"article\" \/>\n<meta property=\"og:title\" content=\"AGENDA KBP RZESZ\u00d3W 2025 - KONGRES BEZPIECZE\u0143STWO POLSKI - KBP RZESZ\u00d3W\" \/>\n<meta property=\"og:description\" content=\"POLAND SECURITY CONGRESS JUNE 11-12, 2025 ZEN.COM EXPO RZESZ\u00d3W-JASIONKA Print Program SMART CITY FORUM AGENDA Day I Day II DAY I JUNE 11, 2025 MAIN STAGE 10:00 &#8211; 12:20 COMMON...\" \/>\n<meta property=\"og:url\" content=\"https:\/\/bezpieczenstwopolskie.pl\/en\/agenda-kbp-2025\/\" \/>\n<meta property=\"og:site_name\" content=\"KONGRES BEZPIECZE\u0143STWO POLSKI - KBP RZESZ\u00d3W\" \/>\n<meta property=\"article:publisher\" content=\"https:\/\/www.facebook.com\/bezpieczenstwopolski\" \/>\n<meta property=\"article:modified_time\" content=\"2025-12-09T08:31:03+00:00\" \/>\n<meta property=\"og:image\" content=\"https:\/\/bezpieczenstwopolskie.pl\/wp-content\/uploads\/2024\/03\/1080x1080_tapetka-1-1024x735.jpg\" \/>\n<meta name=\"twitter:card\" content=\"summary_large_image\" \/>\n<meta name=\"twitter:site\" content=\"@totalsecuritypl\" \/>\n<meta name=\"twitter:label1\" content=\"Est. reading time\" \/>\n\t<meta name=\"twitter:data1\" content=\"24 minutes\" \/>\n<script type=\"application\/ld+json\" class=\"yoast-schema-graph\">{\"@context\":\"https:\/\/schema.org\",\"@graph\":[{\"@type\":\"WebPage\",\"@id\":\"https:\/\/bezpieczenstwopolskie.pl\/en\/agenda-kbp-2025\/\",\"url\":\"https:\/\/bezpieczenstwopolskie.pl\/en\/agenda-kbp-2025\/\",\"name\":\"AGENDA KBP RZESZ\u00d3W 2025 - KONGRES BEZPIECZE\u0143STWO POLSKI - KBP RZESZ\u00d3W\",\"isPartOf\":{\"@id\":\"https:\/\/bezpieczenstwopolskie.pl\/#website\"},\"datePublished\":\"2025-12-09T08:27:05+00:00\",\"dateModified\":\"2025-12-09T08:31:03+00:00\",\"breadcrumb\":{\"@id\":\"https:\/\/bezpieczenstwopolskie.pl\/en\/agenda-kbp-2025\/#breadcrumb\"},\"inLanguage\":\"en-US\",\"potentialAction\":[{\"@type\":\"ReadAction\",\"target\":[\"https:\/\/bezpieczenstwopolskie.pl\/en\/agenda-kbp-2025\/\"]}]},{\"@type\":\"BreadcrumbList\",\"@id\":\"https:\/\/bezpieczenstwopolskie.pl\/en\/agenda-kbp-2025\/#breadcrumb\",\"itemListElement\":[{\"@type\":\"ListItem\",\"position\":1,\"name\":\"Strona g\u0142\u00f3wna\",\"item\":\"https:\/\/bezpieczenstwopolskie.pl\/en\/\"},{\"@type\":\"ListItem\",\"position\":2,\"name\":\"AGENDA KBP RZESZ\u00d3W 2025\"}]},{\"@type\":\"WebSite\",\"@id\":\"https:\/\/bezpieczenstwopolskie.pl\/#website\",\"url\":\"https:\/\/bezpieczenstwopolskie.pl\/\",\"name\":\"Kongres Bezpiecze\u0144stwo Polski - KBP RZESZ\u00d3W\",\"description\":\"\",\"publisher\":{\"@id\":\"https:\/\/bezpieczenstwopolskie.pl\/#organization\"},\"potentialAction\":[{\"@type\":\"SearchAction\",\"target\":{\"@type\":\"EntryPoint\",\"urlTemplate\":\"https:\/\/bezpieczenstwopolskie.pl\/?s={search_term_string}\"},\"query-input\":{\"@type\":\"PropertyValueSpecification\",\"valueRequired\":true,\"valueName\":\"search_term_string\"}}],\"inLanguage\":\"en-US\"},{\"@type\":\"Organization\",\"@id\":\"https:\/\/bezpieczenstwopolskie.pl\/#organization\",\"name\":\"Kongres Bezpiecze\u0144stwo Polski - KBP RZESZ\u00d3W\",\"url\":\"https:\/\/bezpieczenstwopolskie.pl\/\",\"logo\":{\"@type\":\"ImageObject\",\"inLanguage\":\"en-US\",\"@id\":\"https:\/\/bezpieczenstwopolskie.pl\/#\/schema\/logo\/image\/\",\"url\":\"https:\/\/bezpieczenstwopolskie.pl\/wp-content\/uploads\/2026\/01\/KBP-materialy-do-pobrania-2026-1h-v1-1080x1080-1.jpg\",\"contentUrl\":\"https:\/\/bezpieczenstwopolskie.pl\/wp-content\/uploads\/2026\/01\/KBP-materialy-do-pobrania-2026-1h-v1-1080x1080-1.jpg\",\"width\":1080,\"height\":1080,\"caption\":\"Kongres Bezpiecze\u0144stwo Polski - KBP RZESZ\u00d3W\"},\"image\":{\"@id\":\"https:\/\/bezpieczenstwopolskie.pl\/#\/schema\/logo\/image\/\"},\"sameAs\":[\"https:\/\/www.facebook.com\/bezpieczenstwopolski\",\"https:\/\/x.com\/totalsecuritypl\",\"https:\/\/www.linkedin.com\/company\/kongres-bezpiecze\u0144stwo-polski\/?viewAsMember=true\"]}]}<\/script>\n<!-- \/ Yoast SEO plugin. -->","yoast_head_json":{"title":"AGENDA KBP RZESZ\u00d3W 2025 - KONGRES BEZPIECZE\u0143STWO POLSKI - KBP RZESZ\u00d3W","robots":{"index":"index","follow":"follow","max-snippet":"max-snippet:-1","max-image-preview":"max-image-preview:large","max-video-preview":"max-video-preview:-1"},"canonical":"https:\/\/bezpieczenstwopolskie.pl\/en\/agenda-kbp-2025\/","og_locale":"en_US","og_type":"article","og_title":"AGENDA KBP RZESZ\u00d3W 2025 - KONGRES BEZPIECZE\u0143STWO POLSKI - KBP RZESZ\u00d3W","og_description":"POLAND SECURITY CONGRESS JUNE 11-12, 2025 ZEN.COM EXPO RZESZ\u00d3W-JASIONKA Print Program SMART CITY FORUM AGENDA Day I Day II DAY I JUNE 11, 2025 MAIN STAGE 10:00 &#8211; 12:20 COMMON...","og_url":"https:\/\/bezpieczenstwopolskie.pl\/en\/agenda-kbp-2025\/","og_site_name":"KONGRES BEZPIECZE\u0143STWO POLSKI - KBP RZESZ\u00d3W","article_publisher":"https:\/\/www.facebook.com\/bezpieczenstwopolski","article_modified_time":"2025-12-09T08:31:03+00:00","og_image":[{"url":"https:\/\/bezpieczenstwopolskie.pl\/wp-content\/uploads\/2024\/03\/1080x1080_tapetka-1-1024x735.jpg","type":"","width":"","height":""}],"twitter_card":"summary_large_image","twitter_site":"@totalsecuritypl","twitter_misc":{"Est. reading time":"24 minutes"},"schema":{"@context":"https:\/\/schema.org","@graph":[{"@type":"WebPage","@id":"https:\/\/bezpieczenstwopolskie.pl\/en\/agenda-kbp-2025\/","url":"https:\/\/bezpieczenstwopolskie.pl\/en\/agenda-kbp-2025\/","name":"AGENDA KBP RZESZ\u00d3W 2025 - KONGRES BEZPIECZE\u0143STWO POLSKI - KBP RZESZ\u00d3W","isPartOf":{"@id":"https:\/\/bezpieczenstwopolskie.pl\/#website"},"datePublished":"2025-12-09T08:27:05+00:00","dateModified":"2025-12-09T08:31:03+00:00","breadcrumb":{"@id":"https:\/\/bezpieczenstwopolskie.pl\/en\/agenda-kbp-2025\/#breadcrumb"},"inLanguage":"en-US","potentialAction":[{"@type":"ReadAction","target":["https:\/\/bezpieczenstwopolskie.pl\/en\/agenda-kbp-2025\/"]}]},{"@type":"BreadcrumbList","@id":"https:\/\/bezpieczenstwopolskie.pl\/en\/agenda-kbp-2025\/#breadcrumb","itemListElement":[{"@type":"ListItem","position":1,"name":"Strona g\u0142\u00f3wna","item":"https:\/\/bezpieczenstwopolskie.pl\/en\/"},{"@type":"ListItem","position":2,"name":"AGENDA KBP RZESZ\u00d3W 2025"}]},{"@type":"WebSite","@id":"https:\/\/bezpieczenstwopolskie.pl\/#website","url":"https:\/\/bezpieczenstwopolskie.pl\/","name":"Kongres Bezpiecze\u0144stwo Polski - KBP RZESZ\u00d3W","description":"","publisher":{"@id":"https:\/\/bezpieczenstwopolskie.pl\/#organization"},"potentialAction":[{"@type":"SearchAction","target":{"@type":"EntryPoint","urlTemplate":"https:\/\/bezpieczenstwopolskie.pl\/?s={search_term_string}"},"query-input":{"@type":"PropertyValueSpecification","valueRequired":true,"valueName":"search_term_string"}}],"inLanguage":"en-US"},{"@type":"Organization","@id":"https:\/\/bezpieczenstwopolskie.pl\/#organization","name":"Kongres Bezpiecze\u0144stwo Polski - KBP RZESZ\u00d3W","url":"https:\/\/bezpieczenstwopolskie.pl\/","logo":{"@type":"ImageObject","inLanguage":"en-US","@id":"https:\/\/bezpieczenstwopolskie.pl\/#\/schema\/logo\/image\/","url":"https:\/\/bezpieczenstwopolskie.pl\/wp-content\/uploads\/2026\/01\/KBP-materialy-do-pobrania-2026-1h-v1-1080x1080-1.jpg","contentUrl":"https:\/\/bezpieczenstwopolskie.pl\/wp-content\/uploads\/2026\/01\/KBP-materialy-do-pobrania-2026-1h-v1-1080x1080-1.jpg","width":1080,"height":1080,"caption":"Kongres Bezpiecze\u0144stwo Polski - KBP RZESZ\u00d3W"},"image":{"@id":"https:\/\/bezpieczenstwopolskie.pl\/#\/schema\/logo\/image\/"},"sameAs":["https:\/\/www.facebook.com\/bezpieczenstwopolski","https:\/\/x.com\/totalsecuritypl","https:\/\/www.linkedin.com\/company\/kongres-bezpiecze\u0144stwo-polski\/?viewAsMember=true"]}]}},"_links":{"self":[{"href":"https:\/\/bezpieczenstwopolskie.pl\/en\/wp-json\/wp\/v2\/pages\/40892","targetHints":{"allow":["GET"]}}],"collection":[{"href":"https:\/\/bezpieczenstwopolskie.pl\/en\/wp-json\/wp\/v2\/pages"}],"about":[{"href":"https:\/\/bezpieczenstwopolskie.pl\/en\/wp-json\/wp\/v2\/types\/page"}],"author":[{"embeddable":true,"href":"https:\/\/bezpieczenstwopolskie.pl\/en\/wp-json\/wp\/v2\/users\/7"}],"replies":[{"embeddable":true,"href":"https:\/\/bezpieczenstwopolskie.pl\/en\/wp-json\/wp\/v2\/comments?post=40892"}],"version-history":[{"count":1,"href":"https:\/\/bezpieczenstwopolskie.pl\/en\/wp-json\/wp\/v2\/pages\/40892\/revisions"}],"predecessor-version":[{"id":40893,"href":"https:\/\/bezpieczenstwopolskie.pl\/en\/wp-json\/wp\/v2\/pages\/40892\/revisions\/40893"}],"wp:attachment":[{"href":"https:\/\/bezpieczenstwopolskie.pl\/en\/wp-json\/wp\/v2\/media?parent=40892"}],"curies":[{"name":"wp","href":"https:\/\/api.w.org\/{rel}","templated":true}]}}